{"id":284,"date":"2022-12-30T08:02:50","date_gmt":"2022-12-30T08:02:50","guid":{"rendered":"https:\/\/haz.hr\/?page_id=284"},"modified":"2023-01-02T13:19:29","modified_gmt":"2023-01-02T13:19:29","slug":"nacela","status":"publish","type":"page","link":"https:\/\/haz.hr\/en\/nacela\/","title":{"rendered":"Principles"},"content":{"rendered":"<div data-elementor-type=\"wp-page\" data-elementor-id=\"284\" class=\"elementor elementor-284\" data-elementor-post-type=\"page\">\n\t\t\t\t\t\t<section class=\"elementor-section elementor-top-section elementor-element elementor-element-46fd370e elementor-section-height-min-height elementor-section-boxed elementor-section-height-default elementor-section-items-middle\" data-id=\"46fd370e\" data-element_type=\"section\" data-e-type=\"section\" data-settings=\"{&quot;background_background&quot;:&quot;classic&quot;}\">\n\t\t\t\t\t\t\t<div class=\"elementor-background-overlay\"><\/div>\n\t\t\t\t\t\t\t<div class=\"elementor-container elementor-column-gap-default\">\n\t\t\t\t\t<div class=\"elementor-column elementor-col-100 elementor-top-column elementor-element elementor-element-70ebf293\" data-id=\"70ebf293\" data-element_type=\"column\" data-e-type=\"column\">\n\t\t\t<div class=\"elementor-widget-wrap elementor-element-populated\">\n\t\t\t\t\t\t<div class=\"elementor-element elementor-element-610a7c3b elementor-invisible elementor-widget elementor-widget-heading\" data-id=\"610a7c3b\" data-element_type=\"widget\" data-e-type=\"widget\" data-settings=\"{&quot;_animation&quot;:&quot;fadeInUp&quot;}\" data-widget_type=\"heading.default\">\n\t\t\t\t<div class=\"elementor-widget-container\">\n\t\t\t\t\t<h1 class=\"elementor-heading-title elementor-size-default\">Principles<\/h1>\t\t\t\t<\/div>\n\t\t\t\t<\/div>\n\t\t\t\t\t<\/div>\n\t\t<\/div>\n\t\t\t\t\t<\/div>\n\t\t<\/section>\n\t\t\t\t<section class=\"elementor-section elementor-top-section elementor-element elementor-element-5d79427 elementor-section-boxed elementor-section-height-default elementor-section-height-default\" data-id=\"5d79427\" data-element_type=\"section\" data-e-type=\"section\">\n\t\t\t\t\t\t<div class=\"elementor-container elementor-column-gap-default\">\n\t\t\t\t\t<div class=\"elementor-column elementor-col-100 elementor-top-column elementor-element elementor-element-1bc5409\" data-id=\"1bc5409\" data-element_type=\"column\" data-e-type=\"column\">\n\t\t\t<div class=\"elementor-widget-wrap elementor-element-populated\">\n\t\t\t\t\t\t<div class=\"elementor-element elementor-element-8048d13 elementor-widget elementor-widget-heading\" data-id=\"8048d13\" data-element_type=\"widget\" data-e-type=\"widget\" data-widget_type=\"heading.default\">\n\t\t\t\t<div class=\"elementor-widget-container\">\n\t\t\t\t\t<h2 class=\"elementor-heading-title elementor-size-default\">VJERUJEMO U HRVATSKU<\/h2>\t\t\t\t<\/div>\n\t\t\t\t<\/div>\n\t\t\t\t<div class=\"elementor-element elementor-element-234251c elementor-widget elementor-widget-text-editor\" data-id=\"234251c\" data-element_type=\"widget\" data-e-type=\"widget\" data-widget_type=\"text-editor.default\">\n\t\t\t\t<div class=\"elementor-widget-container\">\n\t\t\t\t\t\t\t\t\t<p>The Croatian Academic Community is a student and academic association that promotes the development of higher education, the preservation of cultural heritage and the gathering of people on democratic and state-building principles.<\/p>\t\t\t\t\t\t\t\t<\/div>\n\t\t\t\t<\/div>\n\t\t\t\t<div class=\"elementor-element elementor-element-6bdaf21 elementor-widget elementor-widget-heading\" data-id=\"6bdaf21\" data-element_type=\"widget\" data-e-type=\"widget\" data-widget_type=\"heading.default\">\n\t\t\t\t<div class=\"elementor-widget-container\">\n\t\t\t\t\t<h3 class=\"elementor-heading-title elementor-size-default\">Hrvatska<\/h3>\t\t\t\t<\/div>\n\t\t\t\t<\/div>\n\t\t\t\t<div class=\"elementor-element elementor-element-d190984 elementor-widget elementor-widget-text-editor\" data-id=\"d190984\" data-element_type=\"widget\" data-e-type=\"widget\" data-widget_type=\"text-editor.default\">\n\t\t\t\t<div class=\"elementor-widget-container\">\n\t\t\t\t\t\t\t\t\t<p>Vjerujemo u Hrvatsku, njezinu budu\u0107nost, sposobnosti i mjesto u zajednici suverenih demokratskih dr\u017eava. Promi\u010demo izgradnju sna\u017ene Hrvatske temeljene na pobjedi hrvatskog naroda i hrvatskih branitelja u oslobodila\u010dkom Domovinskom ratu. Za\u0161titu nacionalnih interesa, brigu za hrvatski narod u Bosni i Hercegovini, te za raseljenu Hrvatsku diljem svijeta, smatramo temeljima stvaranja suvremene Hrvatske i ishodi\u0161tem svakog nacionalno svjesnog dru\u0161tvenog djelovanja u budu\u0107nosti. Zala\u017eemo se za njegovanje hrvatskog jezika, za promicanje te \u010duvanje kulturne i politi\u010dke ba\u0161tine hrvatskog naroda kao i prirodne ba\u0161tine Republike Hrvatske. Na\u0161e vrijednosti su sloboda, demokracija, pluralizam mi\u0161ljenja, po\u0161tivanje razli\u010ditosti, za\u0161tita ljudskih prava i izgradnje pravne dr\u017eave. Europska smo zemlja, dio kr\u0161\u0107anske civilizacije te srednje-europskog i mediteranskog kulturnog kruga. Zala\u017eemo se za tradicionalne obiteljske vrijednosti koje su nas o\u010duvale kroz povijest, da svako ljudsko bi\u0107e ima pravo na \u017eivot, za ravnopravnost \u017eena i mu\u0161karaca, za me\u0111ugeneracijsku solidarnost i pravo svakog pojedinca da slobodno misli, govori i djeluje. Zala\u017eemo se za kulturu sje\u0107anja i protivimo se bilo kojem obliku totalitarnog sustava.<\/p>\t\t\t\t\t\t\t\t<\/div>\n\t\t\t\t<\/div>\n\t\t\t\t<div class=\"elementor-element elementor-element-dbf51d0 elementor-widget elementor-widget-heading\" data-id=\"dbf51d0\" data-element_type=\"widget\" data-e-type=\"widget\" data-widget_type=\"heading.default\">\n\t\t\t\t<div class=\"elementor-widget-container\">\n\t\t\t\t\t<h3 class=\"elementor-heading-title elementor-size-default\">Akademska<\/h3>\t\t\t\t<\/div>\n\t\t\t\t<\/div>\n\t\t\t\t<div class=\"elementor-element elementor-element-4b48d1c elementor-widget elementor-widget-text-editor\" data-id=\"4b48d1c\" data-element_type=\"widget\" data-e-type=\"widget\" data-widget_type=\"text-editor.default\">\n\t\t\t\t<div class=\"elementor-widget-container\">\n\t\t\t\t\t\t\t\t\t<p>Obrazovanje je budu\u0107nost. Zala\u017eemo se za visokoobrazovni sustav koji poti\u010de znanost i njezino povezivanje s gospodarstvom. Promi\u010demo ideju binarnog sustava koji je razvijen unutar europskog prostora visokog obrazovanja. Poti\u010demo mobilnosti studenata. Podr\u017eavamo programe razmjene poput Erasmus+. Sna\u017eno se zala\u017eemo za zastupanje studentskih interesa na visokim u\u010dili\u0161tima, za studentske udruge i za sna\u017eniju uklju\u010denost i sudjelovanje studenata u studentskim zborovima svih razina. Poti\u010demo cjelo\u017eivotno u\u010denje. \u017delimo da hrvatsko dru\u0161tvo uhvati korak sa svijetom u uporabi modernih dostignu\u0107a tehnolo\u0161ko-digitalne revolucije u industriji, u privatnom i u javnom sektoru. Temeljac na\u0161e zajednice je ideja o socijalno tr\u017ei\u0161nom gospodarstvu. Cilj ideje je uravnote\u017eiti na\u010dela slobode i solidarnosti, slu\u017eiti op\u0107em dobru da bi se postigla dru\u0161tvena kohezija hrvatskog naroda.<\/p>\t\t\t\t\t\t\t\t<\/div>\n\t\t\t\t<\/div>\n\t\t\t\t<div class=\"elementor-element elementor-element-0f91dfd elementor-widget elementor-widget-heading\" data-id=\"0f91dfd\" data-element_type=\"widget\" data-e-type=\"widget\" data-widget_type=\"heading.default\">\n\t\t\t\t<div class=\"elementor-widget-container\">\n\t\t\t\t\t<h3 class=\"elementor-heading-title elementor-size-default\">Zajednica<\/h3>\t\t\t\t<\/div>\n\t\t\t\t<\/div>\n\t\t\t\t<div class=\"elementor-element elementor-element-a218333 elementor-widget elementor-widget-text-editor\" data-id=\"a218333\" data-element_type=\"widget\" data-e-type=\"widget\" data-widget_type=\"text-editor.default\">\n\t\t\t\t<div class=\"elementor-widget-container\">\n\t\t\t\t\t\t\t\t\t<p>Prva smo nekomunisti\u010dka studentska organizacija, osnovana u listopadu 1990. Od tada okupljamo studente i akademske gra\u0111ane kao nestrana\u010dka, ali ne i apoliti\u010dna udruga. Dajemo svoj doprinos razvoju dijaloga, tolerancije i civilnog dru\u0161tva. Poti\u010demo anga\u017eman mladih, posebice studenata, kako bi artikulirali svoje interese, razvijali kriti\u010dko razmi\u0161ljanje i sudjelovali u javnim raspravama. Okupljamo akademske gra\u0111ane koji su bili anga\u017eirani kao studentski predstavnici i aktivisti u strukovnim udrugama ili u politi\u010dkim podmladcima. Ponosni smo na sinergiju studenata i akademskih gra\u0111ana koja postoji u na\u0161oj organizaciji. Raznolikost ljudi unutar na\u0161e zajednice daje nam posebnu dimenziju. Kao zajednica organiziramo seminare, okrugle stolove, predavanja i izlo\u017ebe, kulturne, obrazovne i znanstvene tematike. Omogu\u0107ujemo me\u0111usobno upoznavanje i nastojimo svojim radom \u0161iriti prostor slobode i odgovornosti. Sudjelujemo na \u0161portskim natjecanjima i neformalnim dru\u017eenjima. Sklapamo prijateljstva zasnovana na temeljnim vrijednostima. Njegujemo razli\u010ditosti. Pretvaramo raspr\u0161ena pojedina\u010dna nastojanja u snagu zajedni\u0161tva.<\/p>\t\t\t\t\t\t\t\t<\/div>\n\t\t\t\t<\/div>\n\t\t\t\t\t<\/div>\n\t\t<\/div>\n\t\t\t\t\t<\/div>\n\t\t<\/section>\n\t\t\t\t<\/div>","protected":false},"excerpt":{"rendered":"<p>Na\u010dela VJERUJEMO U HRVATSKU Hrvatska akademska zajednica je studentska i akademska udruga koja promi\u010de razvoj visokog obrazovanja, njegovanje kulturne ba\u0161tine te okupljanje ljudi na demokratskim i dr\u017eavotvornim na\u010delima. Hrvatska Vjerujemo [&hellip;]<\/p>\n","protected":false},"author":1,"featured_media":0,"parent":0,"menu_order":0,"comment_status":"closed","ping_status":"closed","template":"","meta":{"footnotes":""},"class_list":["post-284","page","type-page","status-publish","hentry"],"yoast_head":"<!-- This site is optimized with the Yoast SEO plugin v23.7 - https:\/\/yoast.com\/wordpress\/plugins\/seo\/ -->\n<title>Na\u010dela - HAZ<\/title>\n<meta name=\"robots\" content=\"index, follow, max-snippet:-1, max-image-preview:large, max-video-preview:-1\" \/>\n<link rel=\"canonical\" href=\"https:\/\/haz.hr\/en\/nacela\/\" \/>\n<meta property=\"og:locale\" content=\"en_GB\" \/>\n<meta property=\"og:type\" content=\"article\" \/>\n<meta property=\"og:title\" content=\"Na\u010dela - HAZ\" \/>\n<meta property=\"og:description\" content=\"Na\u010dela VJERUJEMO U HRVATSKU Hrvatska akademska zajednica je studentska i akademska udruga koja promi\u010de razvoj visokog obrazovanja, njegovanje kulturne ba\u0161tine te okupljanje ljudi na demokratskim i dr\u017eavotvornim na\u010delima. Hrvatska Vjerujemo [&hellip;]\" \/>\n<meta property=\"og:url\" content=\"https:\/\/haz.hr\/en\/nacela\/\" \/>\n<meta property=\"og:site_name\" content=\"HAZ\" \/>\n<meta property=\"article:modified_time\" content=\"2023-01-02T13:19:29+00:00\" \/>\n<meta name=\"twitter:card\" content=\"summary_large_image\" \/>\n<meta name=\"twitter:label1\" content=\"Est. reading time\" \/>\n\t<meta name=\"twitter:data1\" content=\"2 minutes\" \/>\n<script type=\"application\/ld+json\" class=\"yoast-schema-graph\">{\"@context\":\"https:\/\/schema.org\",\"@graph\":[{\"@type\":\"WebPage\",\"@id\":\"https:\/\/haz.hr\/nacela\/\",\"url\":\"https:\/\/haz.hr\/nacela\/\",\"name\":\"Na\u010dela - HAZ\",\"isPartOf\":{\"@id\":\"https:\/\/haz.hr\/#website\"},\"datePublished\":\"2022-12-30T08:02:50+00:00\",\"dateModified\":\"2023-01-02T13:19:29+00:00\",\"breadcrumb\":{\"@id\":\"https:\/\/haz.hr\/nacela\/#breadcrumb\"},\"inLanguage\":\"en-GB\",\"potentialAction\":[{\"@type\":\"ReadAction\",\"target\":[\"https:\/\/haz.hr\/nacela\/\"]}]},{\"@type\":\"BreadcrumbList\",\"@id\":\"https:\/\/haz.hr\/nacela\/#breadcrumb\",\"itemListElement\":[{\"@type\":\"ListItem\",\"position\":1,\"name\":\"Home\",\"item\":\"https:\/\/haz.hr\/\"},{\"@type\":\"ListItem\",\"position\":2,\"name\":\"Na\u010dela\"}]},{\"@type\":\"WebSite\",\"@id\":\"https:\/\/haz.hr\/#website\",\"url\":\"https:\/\/haz.hr\/\",\"name\":\"HAZ\",\"description\":\"Hrvatska akademska zajednica\",\"publisher\":{\"@id\":\"https:\/\/haz.hr\/#organization\"},\"potentialAction\":[{\"@type\":\"SearchAction\",\"target\":{\"@type\":\"EntryPoint\",\"urlTemplate\":\"https:\/\/haz.hr\/?s={search_term_string}\"},\"query-input\":{\"@type\":\"PropertyValueSpecification\",\"valueRequired\":true,\"valueName\":\"search_term_string\"}}],\"inLanguage\":\"en-GB\"},{\"@type\":\"Organization\",\"@id\":\"https:\/\/haz.hr\/#organization\",\"name\":\"HAZ\",\"url\":\"https:\/\/haz.hr\/\",\"logo\":{\"@type\":\"ImageObject\",\"inLanguage\":\"en-GB\",\"@id\":\"https:\/\/haz.hr\/#\/schema\/logo\/image\/\",\"url\":\"https:\/\/haz.hr\/wp-content\/uploads\/2022\/12\/cropped-HAZ_logo.png\",\"contentUrl\":\"https:\/\/haz.hr\/wp-content\/uploads\/2022\/12\/cropped-HAZ_logo.png\",\"width\":125,\"height\":76,\"caption\":\"HAZ\"},\"image\":{\"@id\":\"https:\/\/haz.hr\/#\/schema\/logo\/image\/\"}}]}<\/script>\n<!-- \/ Yoast SEO plugin. -->","yoast_head_json":{"title":"Na\u010dela - HAZ","robots":{"index":"index","follow":"follow","max-snippet":"max-snippet:-1","max-image-preview":"max-image-preview:large","max-video-preview":"max-video-preview:-1"},"canonical":"https:\/\/haz.hr\/en\/nacela\/","og_locale":"en_GB","og_type":"article","og_title":"Na\u010dela - HAZ","og_description":"Na\u010dela VJERUJEMO U HRVATSKU Hrvatska akademska zajednica je studentska i akademska udruga koja promi\u010de razvoj visokog obrazovanja, njegovanje kulturne ba\u0161tine te okupljanje ljudi na demokratskim i dr\u017eavotvornim na\u010delima. Hrvatska Vjerujemo [&hellip;]","og_url":"https:\/\/haz.hr\/en\/nacela\/","og_site_name":"HAZ","article_modified_time":"2023-01-02T13:19:29+00:00","twitter_card":"summary_large_image","twitter_misc":{"Est. reading time":"2 minutes"},"schema":{"@context":"https:\/\/schema.org","@graph":[{"@type":"WebPage","@id":"https:\/\/haz.hr\/nacela\/","url":"https:\/\/haz.hr\/nacela\/","name":"Na\u010dela - HAZ","isPartOf":{"@id":"https:\/\/haz.hr\/#website"},"datePublished":"2022-12-30T08:02:50+00:00","dateModified":"2023-01-02T13:19:29+00:00","breadcrumb":{"@id":"https:\/\/haz.hr\/nacela\/#breadcrumb"},"inLanguage":"en-GB","potentialAction":[{"@type":"ReadAction","target":["https:\/\/haz.hr\/nacela\/"]}]},{"@type":"BreadcrumbList","@id":"https:\/\/haz.hr\/nacela\/#breadcrumb","itemListElement":[{"@type":"ListItem","position":1,"name":"Home","item":"https:\/\/haz.hr\/"},{"@type":"ListItem","position":2,"name":"Na\u010dela"}]},{"@type":"WebSite","@id":"https:\/\/haz.hr\/#website","url":"https:\/\/haz.hr\/","name":"HAZ","description":"Croatian Academic Community","publisher":{"@id":"https:\/\/haz.hr\/#organization"},"potentialAction":[{"@type":"SearchAction","target":{"@type":"EntryPoint","urlTemplate":"https:\/\/haz.hr\/?s={search_term_string}"},"query-input":{"@type":"PropertyValueSpecification","valueRequired":true,"valueName":"search_term_string"}}],"inLanguage":"en-GB"},{"@type":"Organization","@id":"https:\/\/haz.hr\/#organization","name":"HAZ","url":"https:\/\/haz.hr\/","logo":{"@type":"ImageObject","inLanguage":"en-GB","@id":"https:\/\/haz.hr\/#\/schema\/logo\/image\/","url":"https:\/\/haz.hr\/wp-content\/uploads\/2022\/12\/cropped-HAZ_logo.png","contentUrl":"https:\/\/haz.hr\/wp-content\/uploads\/2022\/12\/cropped-HAZ_logo.png","width":125,"height":76,"caption":"HAZ"},"image":{"@id":"https:\/\/haz.hr\/#\/schema\/logo\/image\/"}}]}},"_links":{"self":[{"href":"https:\/\/haz.hr\/en\/wp-json\/wp\/v2\/pages\/284","targetHints":{"allow":["GET"]}}],"collection":[{"href":"https:\/\/haz.hr\/en\/wp-json\/wp\/v2\/pages"}],"about":[{"href":"https:\/\/haz.hr\/en\/wp-json\/wp\/v2\/types\/page"}],"author":[{"embeddable":true,"href":"https:\/\/haz.hr\/en\/wp-json\/wp\/v2\/users\/1"}],"replies":[{"embeddable":true,"href":"https:\/\/haz.hr\/en\/wp-json\/wp\/v2\/comments?post=284"}],"version-history":[{"count":19,"href":"https:\/\/haz.hr\/en\/wp-json\/wp\/v2\/pages\/284\/revisions"}],"predecessor-version":[{"id":736,"href":"https:\/\/haz.hr\/en\/wp-json\/wp\/v2\/pages\/284\/revisions\/736"}],"wp:attachment":[{"href":"https:\/\/haz.hr\/en\/wp-json\/wp\/v2\/media?parent=284"}],"curies":[{"name":"wp","href":"https:\/\/api.w.org\/{rel}","templated":true}]}}