{"id":347,"date":"2022-12-30T08:49:54","date_gmt":"2022-12-30T08:49:54","guid":{"rendered":"https:\/\/haz.hr\/?page_id=347"},"modified":"2023-01-02T13:20:49","modified_gmt":"2023-01-02T13:20:49","slug":"konstitutivnost-hrvatskog-naroda-u-bih","status":"publish","type":"page","link":"https:\/\/haz.hr\/en\/konstitutivnost-hrvatskog-naroda-u-bih\/","title":{"rendered":"The constituent status of the Croat people in BiH"},"content":{"rendered":"<div data-elementor-type=\"wp-page\" data-elementor-id=\"347\" class=\"elementor elementor-347\" data-elementor-post-type=\"page\">\n\t\t\t\t\t\t<section class=\"elementor-section elementor-top-section elementor-element elementor-element-8a2ef2e elementor-section-height-min-height elementor-section-boxed elementor-section-height-default elementor-section-items-middle\" data-id=\"8a2ef2e\" data-element_type=\"section\" data-e-type=\"section\" data-settings=\"{&quot;background_background&quot;:&quot;classic&quot;}\">\n\t\t\t\t\t\t\t<div class=\"elementor-background-overlay\"><\/div>\n\t\t\t\t\t\t\t<div class=\"elementor-container elementor-column-gap-default\">\n\t\t\t\t\t<div class=\"elementor-column elementor-col-100 elementor-top-column elementor-element elementor-element-bdb2353\" data-id=\"bdb2353\" data-element_type=\"column\" data-e-type=\"column\">\n\t\t\t<div class=\"elementor-widget-wrap elementor-element-populated\">\n\t\t\t\t\t\t<div class=\"elementor-element elementor-element-697c46b elementor-invisible elementor-widget elementor-widget-heading\" data-id=\"697c46b\" data-element_type=\"widget\" data-e-type=\"widget\" data-settings=\"{&quot;_animation&quot;:&quot;fadeInUp&quot;}\" data-widget_type=\"heading.default\">\n\t\t\t\t<div class=\"elementor-widget-container\">\n\t\t\t\t\t<h1 class=\"elementor-heading-title elementor-size-default\">The constituent status of the Croat people in BiH<\/h1>\t\t\t\t<\/div>\n\t\t\t\t<\/div>\n\t\t\t\t\t<\/div>\n\t\t<\/div>\n\t\t\t\t\t<\/div>\n\t\t<\/section>\n\t\t\t\t<section class=\"elementor-section elementor-top-section elementor-element elementor-element-17cd298 elementor-section-boxed elementor-section-height-default elementor-section-height-default\" data-id=\"17cd298\" data-element_type=\"section\" data-e-type=\"section\">\n\t\t\t\t\t\t<div class=\"elementor-container elementor-column-gap-default\">\n\t\t\t\t\t<div class=\"elementor-column elementor-col-100 elementor-top-column elementor-element elementor-element-502aa7f\" data-id=\"502aa7f\" data-element_type=\"column\" data-e-type=\"column\">\n\t\t\t<div class=\"elementor-widget-wrap elementor-element-populated\">\n\t\t\t\t\t\t<div class=\"elementor-element elementor-element-819adbe elementor-widget elementor-widget-text-editor\" data-id=\"819adbe\" data-element_type=\"widget\" data-e-type=\"widget\" data-widget_type=\"text-editor.default\">\n\t\t\t\t<div class=\"elementor-widget-container\">\n\t\t\t\t\t\t\t\t\t<p>Budu\u0107i da je ravnopravnost triju konstitutivnih naroda zajam\u010dena Mirovnim sporazumom o BiH potpisanim u Daytonu i ustavom BiH, Budu\u0107i da je po\u0161tivanje ovog na\u010dela u samim temeljima na ovim dokumentima konstituirane dr\u017eave,<\/p><p>Budu\u0107i da je nepo\u0161tivanje i zanemarivanje ovih temeljnih na\u010dela dovelo do oduzimanja politi\u010dkog subjektiviteta Hrvatskom narodu u BiH, Budu\u0107i da bez politi\u010dkog subjektiviteta nema na\u010dina realizacije politi\u010dke volje, pa time ni konstitutivnosti jednog od naroda BiH,<\/p><p>Budu\u0107i da je bitno upozoriti na propu\u0161tanje svih dosada\u0161njih prilika da se pravo Hrvatskog naroda da sam bira svoje politi\u010dke predstavnike za\u0161tititi vladavinom prava, Potaknuti sustavnim, dugotrajnim i planskim dekonstituiranjem Hrvata u Bosni i Hercegovini,<\/p><p>Imaju\u0107i u vidu politi\u010dke, gospodarske i sigurnosne implikacije takvog stanja za samu BiH, ali i za Republiku Hrvatsku te \u010ditavu JI Europu,<\/p><p>Zabrinuti zbog najava ukidanja konstitutivnosti i konstitutivnih prava Hrvata u BiH, Uvjereni u nu\u017enost i ostvarivost jednakopravnosti svih konstitutivnih naroda u Bosni i Hercegovini;<\/p><p>Odlu\u010dni u zastupanju prava svakog, pa i hrvatskog naroda, da sam izabire svoje predstavnike na svim razinama vlasti,<\/p><p>IX. Sabor Hrvatske akademske zajednice na zasjedanju odr\u017eanom 15. prosinca 2018. godine u Zagrebu, donosi<\/p>\t\t\t\t\t\t\t\t<\/div>\n\t\t\t\t<\/div>\n\t\t\t\t<div class=\"elementor-element elementor-element-45cc820 elementor-widget elementor-widget-heading\" data-id=\"45cc820\" data-element_type=\"widget\" data-e-type=\"widget\" data-widget_type=\"heading.default\">\n\t\t\t\t<div class=\"elementor-widget-container\">\n\t\t\t\t\t<h2 class=\"elementor-heading-title elementor-size-default\">Deklaraciju o konstitutivnosti hrvatskog naroda u Bosni i Hercegovini<\/h2>\t\t\t\t<\/div>\n\t\t\t\t<\/div>\n\t\t\t\t<div class=\"elementor-element elementor-element-ea58fff elementor-widget elementor-widget-text-editor\" data-id=\"ea58fff\" data-element_type=\"widget\" data-e-type=\"widget\" data-widget_type=\"text-editor.default\">\n\t\t\t\t<div class=\"elementor-widget-container\">\n\t\t\t\t\t\t\t\t\t<p>PODR\u017dAVAMO ustrajnu aktivnost hrvatskih politi\u010dkih predstavnika u Bosni i Hercegovini, okupljenih unutar Hrvatskog narodnog sabora, u borbi za povratak jednakopravnosti hrvatskog naroda, koja je izgubljena nasilnim i protupravnim derogiranjem njihovih kolektivnih prava koja su im zajam\u010dena Daytonskim mirovnim sporazumom i ugra\u0111ena u same temelje vi\u0161enacionalne i slo\u017eene dr\u017eave BiH; ohrabrujemo ih u nastojanjima za institucionalnim reformama temeljenim na na\u010delima federalizma, decentralizacije i legitimnog zastupanja;<\/p><p>POZDRAVLJAMO nastojanja predstavnika zakonodavne i izvr\u0161ne vlasti Republike Hrvatske, kao i zastupnika u Europskom parlamentu, usmjerena na za\u0161titu ravnopravnosti i povratak konstitutivnosti hrvatskog naroda u BiH, te njihov anga\u017eman u promoviranju i trasiranju pristupa BiH u euroatlantske integracije;<\/p><p>POZIVAMO REPUBLIKU HRVATSKU na nastavak zagovaranja jednakopravnosti i stvarne konstitutivnosti Hrvatskog naroda u BiH, poja\u010davanje svih mjera i aktivnosti usmjerenih na zaustavljanje njihova iseljavanja i nestanka Hrvata iz Bosne i Hercegovine; a naro\u010dito kroz pomo\u0107 obrazovnim, zdravstvenim i kulturnim institucijama, te poticanje investicija i zapo\u0161ljavanja i projekata prekograni\u010dne suradnje,<\/p><p>POZIVAMO PREDSTAVNIKE SVIH KONSTITUTIVNIH NARODA, posebice Bo\u0161njaka, da se distanciraju od politike koja stabilnost BiH vidi u dominaciji i supremaciji nad drugima, umjesto u primjeni na\u010dela jednakopravnosti i suradnje,<\/p><p>POZIVAMO INSTITUCIJE ME\u0110UNARODNE ZAJEDNICE na uravnote\u017een pristup u za\u0161titi jednakopravnosti i konstitutivnosti sva tri naroda i otklanjanje svih nametnutih rje\u0161enja koja su dovela do drasti\u010dnog ugro\u017eavanja ravnopravnosti triju naroda u BiH, na pru\u017eanje pomo\u0107i europskom putu BiH i uskra\u0107ivanje podr\u0161ke politikama koje, oduzimanjem, negiranjem i najavom ukidanja konstitutivnih prava, stvaraju politi\u010dki i svaki drugi disbalans, ja\u010daju dezintegracijske snage i slabe funkcionalnost BiH;<\/p><p>Pozivamo i sve \u010dlanove akademske zajednice, u Hrvatskoj i Bosni i Hercegovini, na osobno djelovanje u promoviranju vladavine prava, po\u0161tivanja ustava i zakona, jednakopravnosti konstitutivnih naroda, djelovanje na smanjivanju nepovjerenja, anga\u017eman na poticanju razumijevanja i tolerancije, kako bi BiH \u0161to prije ostvarila ideal demokratskog, funkcionalnog i pravednog dru\u0161tva.<\/p><p>Izvjestitelj: doc. dr. sc. Antonio Sesar, povjerenik Hrvatske akademske zajednice za Bosnu i Hercegovinu<\/p>\t\t\t\t\t\t\t\t<\/div>\n\t\t\t\t<\/div>\n\t\t\t\t\t<\/div>\n\t\t<\/div>\n\t\t\t\t\t<\/div>\n\t\t<\/section>\n\t\t\t\t<\/div>","protected":false},"excerpt":{"rendered":"<p>Konstitutivnost hrvatskog naroda u BiH Budu\u0107i da je ravnopravnost triju konstitutivnih naroda zajam\u010dena Mirovnim sporazumom o BiH potpisanim u Daytonu i ustavom BiH, Budu\u0107i da je po\u0161tivanje ovog na\u010dela u [&hellip;]<\/p>\n","protected":false},"author":1,"featured_media":0,"parent":0,"menu_order":0,"comment_status":"closed","ping_status":"closed","template":"","meta":{"footnotes":""},"class_list":["post-347","page","type-page","status-publish","hentry"],"yoast_head":"<!-- This site is optimized with the Yoast SEO plugin v23.7 - https:\/\/yoast.com\/wordpress\/plugins\/seo\/ -->\n<title>Konstitutivnost hrvatskog naroda u BiH - HAZ<\/title>\n<meta name=\"robots\" content=\"index, follow, max-snippet:-1, max-image-preview:large, max-video-preview:-1\" \/>\n<link rel=\"canonical\" href=\"https:\/\/haz.hr\/en\/konstitutivnost-hrvatskog-naroda-u-bih\/\" \/>\n<meta property=\"og:locale\" content=\"en_GB\" \/>\n<meta property=\"og:type\" content=\"article\" \/>\n<meta property=\"og:title\" content=\"Konstitutivnost hrvatskog naroda u BiH - HAZ\" \/>\n<meta property=\"og:description\" content=\"Konstitutivnost hrvatskog naroda u BiH Budu\u0107i da je ravnopravnost triju konstitutivnih naroda zajam\u010dena Mirovnim sporazumom o BiH potpisanim u Daytonu i ustavom BiH, Budu\u0107i da je po\u0161tivanje ovog na\u010dela u [&hellip;]\" \/>\n<meta property=\"og:url\" content=\"https:\/\/haz.hr\/en\/konstitutivnost-hrvatskog-naroda-u-bih\/\" \/>\n<meta property=\"og:site_name\" content=\"HAZ\" \/>\n<meta property=\"article:modified_time\" content=\"2023-01-02T13:20:49+00:00\" \/>\n<meta name=\"twitter:card\" content=\"summary_large_image\" \/>\n<meta name=\"twitter:label1\" content=\"Est. reading time\" \/>\n\t<meta name=\"twitter:data1\" content=\"3 minutes\" \/>\n<script type=\"application\/ld+json\" class=\"yoast-schema-graph\">{\"@context\":\"https:\/\/schema.org\",\"@graph\":[{\"@type\":\"WebPage\",\"@id\":\"https:\/\/haz.hr\/konstitutivnost-hrvatskog-naroda-u-bih\/\",\"url\":\"https:\/\/haz.hr\/konstitutivnost-hrvatskog-naroda-u-bih\/\",\"name\":\"Konstitutivnost hrvatskog naroda u BiH - HAZ\",\"isPartOf\":{\"@id\":\"https:\/\/haz.hr\/#website\"},\"datePublished\":\"2022-12-30T08:49:54+00:00\",\"dateModified\":\"2023-01-02T13:20:49+00:00\",\"breadcrumb\":{\"@id\":\"https:\/\/haz.hr\/konstitutivnost-hrvatskog-naroda-u-bih\/#breadcrumb\"},\"inLanguage\":\"en-GB\",\"potentialAction\":[{\"@type\":\"ReadAction\",\"target\":[\"https:\/\/haz.hr\/konstitutivnost-hrvatskog-naroda-u-bih\/\"]}]},{\"@type\":\"BreadcrumbList\",\"@id\":\"https:\/\/haz.hr\/konstitutivnost-hrvatskog-naroda-u-bih\/#breadcrumb\",\"itemListElement\":[{\"@type\":\"ListItem\",\"position\":1,\"name\":\"Home\",\"item\":\"https:\/\/haz.hr\/\"},{\"@type\":\"ListItem\",\"position\":2,\"name\":\"Konstitutivnost hrvatskog naroda u BiH\"}]},{\"@type\":\"WebSite\",\"@id\":\"https:\/\/haz.hr\/#website\",\"url\":\"https:\/\/haz.hr\/\",\"name\":\"HAZ\",\"description\":\"Hrvatska akademska zajednica\",\"publisher\":{\"@id\":\"https:\/\/haz.hr\/#organization\"},\"potentialAction\":[{\"@type\":\"SearchAction\",\"target\":{\"@type\":\"EntryPoint\",\"urlTemplate\":\"https:\/\/haz.hr\/?s={search_term_string}\"},\"query-input\":{\"@type\":\"PropertyValueSpecification\",\"valueRequired\":true,\"valueName\":\"search_term_string\"}}],\"inLanguage\":\"en-GB\"},{\"@type\":\"Organization\",\"@id\":\"https:\/\/haz.hr\/#organization\",\"name\":\"HAZ\",\"url\":\"https:\/\/haz.hr\/\",\"logo\":{\"@type\":\"ImageObject\",\"inLanguage\":\"en-GB\",\"@id\":\"https:\/\/haz.hr\/#\/schema\/logo\/image\/\",\"url\":\"https:\/\/haz.hr\/wp-content\/uploads\/2022\/12\/cropped-HAZ_logo.png\",\"contentUrl\":\"https:\/\/haz.hr\/wp-content\/uploads\/2022\/12\/cropped-HAZ_logo.png\",\"width\":125,\"height\":76,\"caption\":\"HAZ\"},\"image\":{\"@id\":\"https:\/\/haz.hr\/#\/schema\/logo\/image\/\"}}]}<\/script>\n<!-- \/ Yoast SEO plugin. -->","yoast_head_json":{"title":"Konstitutivnost hrvatskog naroda u BiH - HAZ","robots":{"index":"index","follow":"follow","max-snippet":"max-snippet:-1","max-image-preview":"max-image-preview:large","max-video-preview":"max-video-preview:-1"},"canonical":"https:\/\/haz.hr\/en\/konstitutivnost-hrvatskog-naroda-u-bih\/","og_locale":"en_GB","og_type":"article","og_title":"Konstitutivnost hrvatskog naroda u BiH - HAZ","og_description":"Konstitutivnost hrvatskog naroda u BiH Budu\u0107i da je ravnopravnost triju konstitutivnih naroda zajam\u010dena Mirovnim sporazumom o BiH potpisanim u Daytonu i ustavom BiH, Budu\u0107i da je po\u0161tivanje ovog na\u010dela u [&hellip;]","og_url":"https:\/\/haz.hr\/en\/konstitutivnost-hrvatskog-naroda-u-bih\/","og_site_name":"HAZ","article_modified_time":"2023-01-02T13:20:49+00:00","twitter_card":"summary_large_image","twitter_misc":{"Est. reading time":"3 minutes"},"schema":{"@context":"https:\/\/schema.org","@graph":[{"@type":"WebPage","@id":"https:\/\/haz.hr\/konstitutivnost-hrvatskog-naroda-u-bih\/","url":"https:\/\/haz.hr\/konstitutivnost-hrvatskog-naroda-u-bih\/","name":"Konstitutivnost hrvatskog naroda u BiH - HAZ","isPartOf":{"@id":"https:\/\/haz.hr\/#website"},"datePublished":"2022-12-30T08:49:54+00:00","dateModified":"2023-01-02T13:20:49+00:00","breadcrumb":{"@id":"https:\/\/haz.hr\/konstitutivnost-hrvatskog-naroda-u-bih\/#breadcrumb"},"inLanguage":"en-GB","potentialAction":[{"@type":"ReadAction","target":["https:\/\/haz.hr\/konstitutivnost-hrvatskog-naroda-u-bih\/"]}]},{"@type":"BreadcrumbList","@id":"https:\/\/haz.hr\/konstitutivnost-hrvatskog-naroda-u-bih\/#breadcrumb","itemListElement":[{"@type":"ListItem","position":1,"name":"Home","item":"https:\/\/haz.hr\/"},{"@type":"ListItem","position":2,"name":"Konstitutivnost hrvatskog naroda u BiH"}]},{"@type":"WebSite","@id":"https:\/\/haz.hr\/#website","url":"https:\/\/haz.hr\/","name":"HAZ","description":"Croatian Academic Community","publisher":{"@id":"https:\/\/haz.hr\/#organization"},"potentialAction":[{"@type":"SearchAction","target":{"@type":"EntryPoint","urlTemplate":"https:\/\/haz.hr\/?s={search_term_string}"},"query-input":{"@type":"PropertyValueSpecification","valueRequired":true,"valueName":"search_term_string"}}],"inLanguage":"en-GB"},{"@type":"Organization","@id":"https:\/\/haz.hr\/#organization","name":"HAZ","url":"https:\/\/haz.hr\/","logo":{"@type":"ImageObject","inLanguage":"en-GB","@id":"https:\/\/haz.hr\/#\/schema\/logo\/image\/","url":"https:\/\/haz.hr\/wp-content\/uploads\/2022\/12\/cropped-HAZ_logo.png","contentUrl":"https:\/\/haz.hr\/wp-content\/uploads\/2022\/12\/cropped-HAZ_logo.png","width":125,"height":76,"caption":"HAZ"},"image":{"@id":"https:\/\/haz.hr\/#\/schema\/logo\/image\/"}}]}},"_links":{"self":[{"href":"https:\/\/haz.hr\/en\/wp-json\/wp\/v2\/pages\/347","targetHints":{"allow":["GET"]}}],"collection":[{"href":"https:\/\/haz.hr\/en\/wp-json\/wp\/v2\/pages"}],"about":[{"href":"https:\/\/haz.hr\/en\/wp-json\/wp\/v2\/types\/page"}],"author":[{"embeddable":true,"href":"https:\/\/haz.hr\/en\/wp-json\/wp\/v2\/users\/1"}],"replies":[{"embeddable":true,"href":"https:\/\/haz.hr\/en\/wp-json\/wp\/v2\/comments?post=347"}],"version-history":[{"count":8,"href":"https:\/\/haz.hr\/en\/wp-json\/wp\/v2\/pages\/347\/revisions"}],"predecessor-version":[{"id":742,"href":"https:\/\/haz.hr\/en\/wp-json\/wp\/v2\/pages\/347\/revisions\/742"}],"wp:attachment":[{"href":"https:\/\/haz.hr\/en\/wp-json\/wp\/v2\/media?parent=347"}],"curies":[{"name":"wp","href":"https:\/\/api.w.org\/{rel}","templated":true}]}}