{"id":364,"date":"2022-12-30T09:08:07","date_gmt":"2022-12-30T09:08:07","guid":{"rendered":"https:\/\/haz.hr\/?page_id=364"},"modified":"2023-01-02T13:21:46","modified_gmt":"2023-01-02T13:21:46","slug":"deklaracija-hrvatske-akademske-zajednice-o-ukrajini","status":"publish","type":"page","link":"https:\/\/haz.hr\/en\/deklaracija-hrvatske-akademske-zajednice-o-ukrajini\/","title":{"rendered":"Declaration of the Croatian Academic Community on Ukraine"},"content":{"rendered":"<div data-elementor-type=\"wp-page\" data-elementor-id=\"364\" class=\"elementor elementor-364\" data-elementor-post-type=\"page\">\n\t\t\t\t\t\t<section class=\"elementor-section elementor-top-section elementor-element elementor-element-1c52219 elementor-section-height-min-height elementor-section-boxed elementor-section-height-default elementor-section-items-middle\" data-id=\"1c52219\" data-element_type=\"section\" data-e-type=\"section\" data-settings=\"{&quot;background_background&quot;:&quot;classic&quot;}\">\n\t\t\t\t\t\t\t<div class=\"elementor-background-overlay\"><\/div>\n\t\t\t\t\t\t\t<div class=\"elementor-container elementor-column-gap-default\">\n\t\t\t\t\t<div class=\"elementor-column elementor-col-100 elementor-top-column elementor-element elementor-element-97e5f18\" data-id=\"97e5f18\" data-element_type=\"column\" data-e-type=\"column\">\n\t\t\t<div class=\"elementor-widget-wrap elementor-element-populated\">\n\t\t\t\t\t\t<div class=\"elementor-element elementor-element-03733d1 elementor-invisible elementor-widget elementor-widget-heading\" data-id=\"03733d1\" data-element_type=\"widget\" data-e-type=\"widget\" data-settings=\"{&quot;_animation&quot;:&quot;fadeInUp&quot;}\" data-widget_type=\"heading.default\">\n\t\t\t\t<div class=\"elementor-widget-container\">\n\t\t\t\t\t<h1 class=\"elementor-heading-title elementor-size-default\">Declaration of the Croatian Academic Community on Ukraine<\/h1>\t\t\t\t<\/div>\n\t\t\t\t<\/div>\n\t\t\t\t\t<\/div>\n\t\t<\/div>\n\t\t\t\t\t<\/div>\n\t\t<\/section>\n\t\t\t\t<section class=\"elementor-section elementor-top-section elementor-element elementor-element-8fa60f2 elementor-section-boxed elementor-section-height-default elementor-section-height-default\" data-id=\"8fa60f2\" data-element_type=\"section\" data-e-type=\"section\">\n\t\t\t\t\t\t<div class=\"elementor-container elementor-column-gap-default\">\n\t\t\t\t\t<div class=\"elementor-column elementor-col-100 elementor-top-column elementor-element elementor-element-f4c0c50\" data-id=\"f4c0c50\" data-element_type=\"column\" data-e-type=\"column\">\n\t\t\t<div class=\"elementor-widget-wrap elementor-element-populated\">\n\t\t\t\t\t\t<div class=\"elementor-element elementor-element-21eb35d elementor-widget elementor-widget-heading\" data-id=\"21eb35d\" data-element_type=\"widget\" data-e-type=\"widget\" data-widget_type=\"heading.default\">\n\t\t\t\t<div class=\"elementor-widget-container\">\n\t\t\t\t\t<h2 class=\"elementor-heading-title elementor-size-default\">Glavni odbor Hrvatske akademske zajednice donosi<\/h2>\t\t\t\t<\/div>\n\t\t\t\t<\/div>\n\t\t\t\t<div class=\"elementor-element elementor-element-6c71441 elementor-widget elementor-widget-heading\" data-id=\"6c71441\" data-element_type=\"widget\" data-e-type=\"widget\" data-widget_type=\"heading.default\">\n\t\t\t\t<div class=\"elementor-widget-container\">\n\t\t\t\t\t<h3 class=\"elementor-heading-title elementor-size-default\">DEKLARACIJU HRVATSKE AKADEMSKE ZAJEDNICE O UKRAJINI<\/h3>\t\t\t\t<\/div>\n\t\t\t\t<\/div>\n\t\t\t\t<div class=\"elementor-element elementor-element-3805a8b elementor-widget elementor-widget-text-editor\" data-id=\"3805a8b\" data-element_type=\"widget\" data-e-type=\"widget\" data-widget_type=\"text-editor.default\">\n\t\t\t\t<div class=\"elementor-widget-container\">\n\t\t\t\t\t\t\t\t\t<p><strong>Pozivaju\u0107i se na:<\/strong><\/p><ul><li>usvajanje Deklaracije o Ukrajini, koju je na temelju prijedloga (\u010dl. 81. Ustava Republike Hrvatske i \u010dl. 163. i 164. Poslovnika Hrvatskog sabora) Odbora za vanjsku politiku Hrvatskog sabora, donio Hrvatski sabor na 10. sjednici, 25. velja\u010de 2022.;<\/li><li>Ugovor o prijateljstvu i suradnji Republike Hrvatske i Ukrajine od 24. listopada 2002.;<\/li><li>Zajedni\u010dku deklaraciju o europskoj perspektivi Ukrajine, koja je stupila na snagu 8. prosinca 2021.;<\/li><\/ul><p>\u00a0<\/p><p><strong>prisje\u0107aju\u0107i se<\/strong>\u00a0\u010dinjenice da je Ukrajina bila me\u0111u prvim dr\u017eavama koje su priznale neovisnu i samostalnu Republiku Hrvatsku 11. prosinca 1991., kao \u0161to je i Republika Hrvatska bila me\u0111u prvim dr\u017eavama koje su priznale dr\u017eavnu neovisnost Ukrajine 5. prosinca 1991.;<\/p><p><strong>isti\u010du\u0107i<\/strong>\u00a0da Republika Hrvatska i Ukrajina imaju brojne povijesne, politi\u010dke, dru\u0161tvene i sli\u010dnosti te da dijele zajedni\u010dke, europske demokratske vrijednosti i civilizacijske tekovine;<\/p><p><strong>isti\u010du\u0107i i zabrinutost<\/strong>\u00a0za ugro\u017eene \u017eivote mladih ukrajinskih studenata, znanstvenika i akademskih gra\u0111ana koji se nalaze u svojoj domovini, ali i za sve one koji se trenutno nalaze u Hrvatskoj koja je u punom kapacitetu pokazala svesrdnu ruku pomo\u0107i i omogu\u0107ila im siguran boravak i nastavak studija;<\/p><p><strong>uzimaju\u0107i u obzir<\/strong>\u00a0posljedice razorne i nesmiljene ruske agresije na slobodnu i neovisnu Republiku Ukrajinu, pri \u010demu \u0107e najve\u0107e \u017ertve sukoba biti civili \u010diji su \u017eivoti smrtno ugro\u017eeni na \u010ditavom ratom zahva\u0107enom podru\u010dju;<\/p><p><strong>imaju\u0107i na umu<\/strong>\u00a0narav i temeljna na\u010dela postojanja Hrvatske akademske zajednice, koja podrazumijevaju promicanje kolektivnih ljudskih vrijednosti slobode, demokracije, pluralizma mi\u0161ljenja, po\u0161tivanja razli\u010ditosti, za\u0161tite ljudskih prava, izgradnje pravne dr\u017eave te protivljenje bilo kojem obliku totalitarnog sustava;<\/p><p><strong>pozdravljaju\u0107i<\/strong>\u00a0dosada\u0161nje napore Vlade Republike Hrvatske te ostalih zemalja i institucija Europske unije u svesrdnoj materijalnoj i nematerijalnoj pomo\u0107i Ukrajini u obrani od agresije,<\/p>\t\t\t\t\t\t\t\t<\/div>\n\t\t\t\t<\/div>\n\t\t\t\t<div class=\"elementor-element elementor-element-abf52f6 elementor-widget elementor-widget-heading\" data-id=\"abf52f6\" data-element_type=\"widget\" data-e-type=\"widget\" data-widget_type=\"heading.default\">\n\t\t\t\t<div class=\"elementor-widget-container\">\n\t\t\t\t\t<h3 class=\"elementor-heading-title elementor-size-default\">GLAVNI ODBOR HRVATSKE AKADEMSKE ZAJEDNICE, NA SJEDNICI ODR\u017dANOJ 11 O\u017dUJKA 2022. GODINE U ZAGREBU, DONOSI DEKLARACIJU HRVATSKE AKADEMSKE ZAJEDNICE O UKRAJINI<\/h3>\t\t\t\t<\/div>\n\t\t\t\t<\/div>\n\t\t\t\t<div class=\"elementor-element elementor-element-449c79a elementor-widget elementor-widget-text-editor\" data-id=\"449c79a\" data-element_type=\"widget\" data-e-type=\"widget\" data-widget_type=\"text-editor.default\">\n\t\t\t\t<div class=\"elementor-widget-container\">\n\t\t\t\t\t\t\t\t\t<p>I. Hrvatska akademska zajednica najo\u0161trije osu\u0111uje iracionalnu rusku agresiju na Ukrajinu kojom se direktno ugrozio teritorijalni integriret i suverenitet jedne neovisne zemlje te poziva da se sukob \u010dim prije zavr\u0161i, a da Rusija povu\u010de svoje snage s ukrajinskog dr\u017eavnog teritorija;<\/p><p>II. Hrvatska akademska zajednica daje punu podr\u0161ku i potporu samostalnosti, teritorijalnom integritetu i suverenitetu me\u0111unarodno priznate i prijateljske zemlje Ukrajine;<\/p><p>III. Hrvatska akademska zajednica pozdravlja djelovanje Radne skupine za suradnju Republike Hrvatske i Ukrajine \u010diji je cilj unaprije\u0111enje me\u0111usobnih odnosa te prijenos iskustava iz procesa mirne reintegracije hrvatskog Podunavlja kojim je 15. sije\u010dnja 1998. godine, Hrvatska povratila ratom oduzete dijelove u vlastiti ustavno-pravni poredak;<\/p><p>IV. Hrvatska akademska zajednica izra\u017eava punu solidarnost i brigu za ukrajinski narod koji u ovim trenutcima rata trpi najve\u0107e posljedice razorne i nesmiljene ruske agresije te poziva Vladu Republike Hrvatske da u\u010dini sve \u0161to je u njenoj mo\u0107i da omogu\u0107i \u0161to kvalitetniji prihvat brojnih ljudi iz ratom pogo\u0111enih podru\u010dja;<\/p><p>V. Hrvatska akademska zajednica poziva i svoje \u010dlanice i \u010dlanove da u \u0161to ve\u0107oj mjeri sudjeluju u humanitarnoj pomo\u0107i ukrajinskom narodu koji po\u010dinje stizati na teritorij Republike Hrvatske;<\/p><p>VI. Hrvatska akademska zajednica zajedni\u010dki iznosi uvjerenje kako je potrebno \u010dim prije poduzeti sve mjere da se instrumentima za mirno rje\u0161avanje sporova okon\u010da rat te da Ukrajina, koja je va\u017ean strate\u0161ki i sigurnosni faktor Europe, postane mjesto blagostanja i normalnih uvjeta za \u017eivot koji \u0107e po\u010divati na me\u0111usobnom dijalogu i razumijevanju svih naroda;<\/p><p>VII. Hrvatska akademska zajednica poziva i sve me\u0111unarodno-pravne faktore da usmjere svoje napore kako bi pomogli Ukrajini da se izbori za vlastitu neovisnost i ostvari temeljni ideal za koji su i hrvatski branitelji polo\u017eili svoj \u017eivot na oltar Domovine, a to je sloboda koja nema cijenu.<\/p><p>Autor teksta Deklaracije: Ante Batisti\u0107, M.Sc. (Ured za me\u0111unarodnu suradnju Hrvatske akademske zajednice)<\/p>\t\t\t\t\t\t\t\t<\/div>\n\t\t\t\t<\/div>\n\t\t\t\t\t<\/div>\n\t\t<\/div>\n\t\t\t\t\t<\/div>\n\t\t<\/section>\n\t\t\t\t<\/div>","protected":false},"excerpt":{"rendered":"<p>Deklaracija Hrvatske akademske zajednice o Ukrajini Glavni odbor Hrvatske akademske zajednice donosi DEKLARACIJU HRVATSKE AKADEMSKE ZAJEDNICE O UKRAJINI Pozivaju\u0107i se na: usvajanje Deklaracije o Ukrajini, koju je na temelju prijedloga [&hellip;]<\/p>\n","protected":false},"author":1,"featured_media":0,"parent":0,"menu_order":0,"comment_status":"closed","ping_status":"closed","template":"","meta":{"footnotes":""},"class_list":["post-364","page","type-page","status-publish","hentry"],"yoast_head":"<!-- This site is optimized with the Yoast SEO plugin v23.7 - https:\/\/yoast.com\/wordpress\/plugins\/seo\/ -->\n<title>Deklaracija Hrvatske akademske zajednice o Ukrajini - HAZ<\/title>\n<meta name=\"robots\" content=\"index, follow, max-snippet:-1, max-image-preview:large, max-video-preview:-1\" \/>\n<link rel=\"canonical\" href=\"https:\/\/haz.hr\/en\/deklaracija-hrvatske-akademske-zajednice-o-ukrajini\/\" \/>\n<meta property=\"og:locale\" content=\"en_GB\" \/>\n<meta property=\"og:type\" content=\"article\" \/>\n<meta property=\"og:title\" content=\"Deklaracija Hrvatske akademske zajednice o Ukrajini - HAZ\" \/>\n<meta property=\"og:description\" content=\"Deklaracija Hrvatske akademske zajednice o Ukrajini Glavni odbor Hrvatske akademske zajednice donosi DEKLARACIJU HRVATSKE AKADEMSKE ZAJEDNICE O UKRAJINI Pozivaju\u0107i se na: usvajanje Deklaracije o Ukrajini, koju je na temelju prijedloga [&hellip;]\" \/>\n<meta property=\"og:url\" content=\"https:\/\/haz.hr\/en\/deklaracija-hrvatske-akademske-zajednice-o-ukrajini\/\" \/>\n<meta property=\"og:site_name\" content=\"HAZ\" \/>\n<meta property=\"article:modified_time\" content=\"2023-01-02T13:21:46+00:00\" \/>\n<meta name=\"twitter:card\" content=\"summary_large_image\" \/>\n<meta name=\"twitter:label1\" content=\"Est. reading time\" \/>\n\t<meta name=\"twitter:data1\" content=\"3 minutes\" \/>\n<script type=\"application\/ld+json\" class=\"yoast-schema-graph\">{\"@context\":\"https:\/\/schema.org\",\"@graph\":[{\"@type\":\"WebPage\",\"@id\":\"https:\/\/haz.hr\/deklaracija-hrvatske-akademske-zajednice-o-ukrajini\/\",\"url\":\"https:\/\/haz.hr\/deklaracija-hrvatske-akademske-zajednice-o-ukrajini\/\",\"name\":\"Deklaracija Hrvatske akademske zajednice o Ukrajini - HAZ\",\"isPartOf\":{\"@id\":\"https:\/\/haz.hr\/#website\"},\"datePublished\":\"2022-12-30T09:08:07+00:00\",\"dateModified\":\"2023-01-02T13:21:46+00:00\",\"breadcrumb\":{\"@id\":\"https:\/\/haz.hr\/deklaracija-hrvatske-akademske-zajednice-o-ukrajini\/#breadcrumb\"},\"inLanguage\":\"en-GB\",\"potentialAction\":[{\"@type\":\"ReadAction\",\"target\":[\"https:\/\/haz.hr\/deklaracija-hrvatske-akademske-zajednice-o-ukrajini\/\"]}]},{\"@type\":\"BreadcrumbList\",\"@id\":\"https:\/\/haz.hr\/deklaracija-hrvatske-akademske-zajednice-o-ukrajini\/#breadcrumb\",\"itemListElement\":[{\"@type\":\"ListItem\",\"position\":1,\"name\":\"Home\",\"item\":\"https:\/\/haz.hr\/\"},{\"@type\":\"ListItem\",\"position\":2,\"name\":\"Deklaracija Hrvatske akademske zajednice o Ukrajini\"}]},{\"@type\":\"WebSite\",\"@id\":\"https:\/\/haz.hr\/#website\",\"url\":\"https:\/\/haz.hr\/\",\"name\":\"HAZ\",\"description\":\"Hrvatska akademska zajednica\",\"publisher\":{\"@id\":\"https:\/\/haz.hr\/#organization\"},\"potentialAction\":[{\"@type\":\"SearchAction\",\"target\":{\"@type\":\"EntryPoint\",\"urlTemplate\":\"https:\/\/haz.hr\/?s={search_term_string}\"},\"query-input\":{\"@type\":\"PropertyValueSpecification\",\"valueRequired\":true,\"valueName\":\"search_term_string\"}}],\"inLanguage\":\"en-GB\"},{\"@type\":\"Organization\",\"@id\":\"https:\/\/haz.hr\/#organization\",\"name\":\"HAZ\",\"url\":\"https:\/\/haz.hr\/\",\"logo\":{\"@type\":\"ImageObject\",\"inLanguage\":\"en-GB\",\"@id\":\"https:\/\/haz.hr\/#\/schema\/logo\/image\/\",\"url\":\"https:\/\/haz.hr\/wp-content\/uploads\/2022\/12\/cropped-HAZ_logo.png\",\"contentUrl\":\"https:\/\/haz.hr\/wp-content\/uploads\/2022\/12\/cropped-HAZ_logo.png\",\"width\":125,\"height\":76,\"caption\":\"HAZ\"},\"image\":{\"@id\":\"https:\/\/haz.hr\/#\/schema\/logo\/image\/\"}}]}<\/script>\n<!-- \/ Yoast SEO plugin. -->","yoast_head_json":{"title":"Deklaracija Hrvatske akademske zajednice o Ukrajini - HAZ","robots":{"index":"index","follow":"follow","max-snippet":"max-snippet:-1","max-image-preview":"max-image-preview:large","max-video-preview":"max-video-preview:-1"},"canonical":"https:\/\/haz.hr\/en\/deklaracija-hrvatske-akademske-zajednice-o-ukrajini\/","og_locale":"en_GB","og_type":"article","og_title":"Deklaracija Hrvatske akademske zajednice o Ukrajini - HAZ","og_description":"Deklaracija Hrvatske akademske zajednice o Ukrajini Glavni odbor Hrvatske akademske zajednice donosi DEKLARACIJU HRVATSKE AKADEMSKE ZAJEDNICE O UKRAJINI Pozivaju\u0107i se na: usvajanje Deklaracije o Ukrajini, koju je na temelju prijedloga [&hellip;]","og_url":"https:\/\/haz.hr\/en\/deklaracija-hrvatske-akademske-zajednice-o-ukrajini\/","og_site_name":"HAZ","article_modified_time":"2023-01-02T13:21:46+00:00","twitter_card":"summary_large_image","twitter_misc":{"Est. reading time":"3 minutes"},"schema":{"@context":"https:\/\/schema.org","@graph":[{"@type":"WebPage","@id":"https:\/\/haz.hr\/deklaracija-hrvatske-akademske-zajednice-o-ukrajini\/","url":"https:\/\/haz.hr\/deklaracija-hrvatske-akademske-zajednice-o-ukrajini\/","name":"Deklaracija Hrvatske akademske zajednice o Ukrajini - HAZ","isPartOf":{"@id":"https:\/\/haz.hr\/#website"},"datePublished":"2022-12-30T09:08:07+00:00","dateModified":"2023-01-02T13:21:46+00:00","breadcrumb":{"@id":"https:\/\/haz.hr\/deklaracija-hrvatske-akademske-zajednice-o-ukrajini\/#breadcrumb"},"inLanguage":"en-GB","potentialAction":[{"@type":"ReadAction","target":["https:\/\/haz.hr\/deklaracija-hrvatske-akademske-zajednice-o-ukrajini\/"]}]},{"@type":"BreadcrumbList","@id":"https:\/\/haz.hr\/deklaracija-hrvatske-akademske-zajednice-o-ukrajini\/#breadcrumb","itemListElement":[{"@type":"ListItem","position":1,"name":"Home","item":"https:\/\/haz.hr\/"},{"@type":"ListItem","position":2,"name":"Deklaracija Hrvatske akademske zajednice o Ukrajini"}]},{"@type":"WebSite","@id":"https:\/\/haz.hr\/#website","url":"https:\/\/haz.hr\/","name":"HAZ","description":"Croatian Academic Community","publisher":{"@id":"https:\/\/haz.hr\/#organization"},"potentialAction":[{"@type":"SearchAction","target":{"@type":"EntryPoint","urlTemplate":"https:\/\/haz.hr\/?s={search_term_string}"},"query-input":{"@type":"PropertyValueSpecification","valueRequired":true,"valueName":"search_term_string"}}],"inLanguage":"en-GB"},{"@type":"Organization","@id":"https:\/\/haz.hr\/#organization","name":"HAZ","url":"https:\/\/haz.hr\/","logo":{"@type":"ImageObject","inLanguage":"en-GB","@id":"https:\/\/haz.hr\/#\/schema\/logo\/image\/","url":"https:\/\/haz.hr\/wp-content\/uploads\/2022\/12\/cropped-HAZ_logo.png","contentUrl":"https:\/\/haz.hr\/wp-content\/uploads\/2022\/12\/cropped-HAZ_logo.png","width":125,"height":76,"caption":"HAZ"},"image":{"@id":"https:\/\/haz.hr\/#\/schema\/logo\/image\/"}}]}},"_links":{"self":[{"href":"https:\/\/haz.hr\/en\/wp-json\/wp\/v2\/pages\/364","targetHints":{"allow":["GET"]}}],"collection":[{"href":"https:\/\/haz.hr\/en\/wp-json\/wp\/v2\/pages"}],"about":[{"href":"https:\/\/haz.hr\/en\/wp-json\/wp\/v2\/types\/page"}],"author":[{"embeddable":true,"href":"https:\/\/haz.hr\/en\/wp-json\/wp\/v2\/users\/1"}],"replies":[{"embeddable":true,"href":"https:\/\/haz.hr\/en\/wp-json\/wp\/v2\/comments?post=364"}],"version-history":[{"count":13,"href":"https:\/\/haz.hr\/en\/wp-json\/wp\/v2\/pages\/364\/revisions"}],"predecessor-version":[{"id":748,"href":"https:\/\/haz.hr\/en\/wp-json\/wp\/v2\/pages\/364\/revisions\/748"}],"wp:attachment":[{"href":"https:\/\/haz.hr\/en\/wp-json\/wp\/v2\/media?parent=364"}],"curies":[{"name":"wp","href":"https:\/\/api.w.org\/{rel}","templated":true}]}}