{"id":81,"date":"2022-12-29T10:16:54","date_gmt":"2022-12-29T10:16:54","guid":{"rendered":"https:\/\/haz.hr\/?page_id=81"},"modified":"2026-08-06T15:30:29","modified_gmt":"2026-08-06T15:30:29","slug":"novosti","status":"publish","type":"page","link":"https:\/\/haz.hr\/en\/novosti\/","title":{"rendered":"News"},"content":{"rendered":"<div data-elementor-type=\"wp-page\" data-elementor-id=\"81\" class=\"elementor elementor-81\" data-elementor-post-type=\"page\">\n\t\t\t\t\t\t<section class=\"elementor-section elementor-top-section elementor-element elementor-element-6ee7ffe3 elementor-section-height-min-height elementor-section-boxed elementor-section-height-default elementor-section-items-middle\" data-id=\"6ee7ffe3\" data-element_type=\"section\" data-e-type=\"section\" data-settings=\"{&quot;background_background&quot;:&quot;classic&quot;}\">\n\t\t\t\t\t\t\t<div class=\"elementor-background-overlay\"><\/div>\n\t\t\t\t\t\t\t<div class=\"elementor-container elementor-column-gap-default\">\n\t\t\t\t\t<div class=\"elementor-column elementor-col-100 elementor-top-column elementor-element elementor-element-40e48ff9\" data-id=\"40e48ff9\" data-element_type=\"column\" data-e-type=\"column\">\n\t\t\t<div class=\"elementor-widget-wrap elementor-element-populated\">\n\t\t\t\t\t\t<div class=\"elementor-element elementor-element-4da4971d elementor-invisible elementor-widget elementor-widget-heading\" data-id=\"4da4971d\" data-element_type=\"widget\" data-e-type=\"widget\" data-settings=\"{&quot;_animation&quot;:&quot;fadeInUp&quot;}\" data-widget_type=\"heading.default\">\n\t\t\t\t<div class=\"elementor-widget-container\">\n\t\t\t\t\t<h1 class=\"elementor-heading-title elementor-size-default\">News<\/h1>\t\t\t\t<\/div>\n\t\t\t\t<\/div>\n\t\t\t\t\t<\/div>\n\t\t<\/div>\n\t\t\t\t\t<\/div>\n\t\t<\/section>\n\t\t\t\t<section class=\"elementor-section elementor-top-section elementor-element elementor-element-2c96619e elementor-section-boxed elementor-section-height-default elementor-section-height-default\" data-id=\"2c96619e\" data-element_type=\"section\" data-e-type=\"section\" data-settings=\"{&quot;background_background&quot;:&quot;classic&quot;}\">\n\t\t\t\t\t\t<div class=\"elementor-container elementor-column-gap-default\">\n\t\t\t\t\t<div class=\"elementor-column elementor-col-100 elementor-top-column elementor-element elementor-element-da024af\" data-id=\"da024af\" data-element_type=\"column\" data-e-type=\"column\">\n\t\t\t<div class=\"elementor-widget-wrap elementor-element-populated\">\n\t\t\t\t\t\t<div class=\"elementor-element elementor-element-dbd8431 elementor-widget elementor-widget-elementskit-blog-posts\" data-id=\"dbd8431\" data-element_type=\"widget\" data-e-type=\"widget\" data-widget_type=\"elementskit-blog-posts.default\">\n\t\t\t\t<div class=\"elementor-widget-container\">\n\t\t\t\t\t<div class=\"ekit-wid-con\" >        <div id=\"post-items--dbd8431\" class=\"row post-items\" data-masonry-config=\"true\">\n                    <div class=\"col-lg-4 col-md-6\">\n\n                                    <div class=\"elementskit-post-image-card\">\n                        <div class=\"elementskit-entry-header\">\n                                                            <a href=\"https:\/\/haz.hr\/en\/2026\/08\/06\/haz-na-summer-universityju-u-varsavi-ostvario-zapazen-uspjeh\/\" class=\"elementskit-entry-thumb\">\n                                    <img decoding=\"async\" src=\"https:\/\/haz.hr\/wp-content\/uploads\/2026\/08\/WhatsApp-Image-2026-08-06-at-15.52.00-1-e1786029823344-768x525.jpeg\" alt=\"HAZ na Summer Universityju u Var\u0161avi ostvario zapa\u017een uspjeh\">\n                                <\/a><!-- .elementskit-entry-thumb END -->\n                                                                                                    <div class=\"elementskit-meta-lists elementskit-style-tag\">\n                                        <div class=\"elementskit-single-meta triangle_left\"><span class=\"elementskit-meta-wraper\"><strong>06<\/strong>Cabbage<\/span><\/div>\n                                    <\/div>\n                                                                                            \n                                                            <div class=\"elementskit-meta-categories\">\n                                    <span class=\"elementskit-meta-wraper\">\n                                        <span><a href=\"https:\/\/haz.hr\/en\/category\/haz-novosti\/\" rel=\"category tag\">HAZ novosti<\/a><\/span><span><a href=\"https:\/\/haz.hr\/en\/category\/haz-unizg\/\" rel=\"category tag\">HAZ UniZg novosti<\/a><\/span>\n                                    <\/span>\n                                <\/div>\n                            \n\t\t\t\t\t\t\t\t\t\t\t\t\t<\/div><!-- .elementskit-entry-header END -->\n\n\t\t\t\t\t\t<div class=\"elementskit-post-body\">\n\t\t\t\t\t\t\t\n\t\t\t\t\t\t\t\t\t\t\t\t\t\t\t\t\t\t\t\t\t\t\t\t\t\t\t\t\t\t\n\t\t\t\t\t\t\t\t\n\t\t\t\t\t\t\t\t\t\t\t\t\t\t\t\t\t\t\t\t\t<h2 class=\"entry-title\">\n\t\t\t\t\t<a href=\"https:\/\/haz.hr\/en\/2026\/08\/06\/haz-na-summer-universityju-u-varsavi-ostvario-zapazen-uspjeh\/\">\n\t\t\t\t\t\tHAZ na Summer Universityju u Var\u0161avi ostvario zapa\u017een&hellip;\t\t\t\t\t<\/a>\n\t\t\t\t<\/h2>\n\t\t\t\t\t\t\t\t\t\t\t\t\t\t\t\t\t\t\t\t\t\t\t\t\t\t\t\t\t\t\t\t\t\t\t\t\t\t\t\t\t\t<p>Hrvatska akademska zajednica ostvarila je, do sada, najve\u0107i uspjeh na europskoj sceni. Na Summer Universityju Europske demokratske studentske organizacije (EDS)&hellip;<\/p>\n\t\t\t\t\t\t\t\t\t\t\t\t\t\t\t\t\t\t\t\t\t\t                                                            <div class=\"btn-wraper\">\n                                    \n                                                                            <a class=\"elementskit-btn whitespace--normal\" id=\"\" href=\"https:\/\/haz.hr\/en\/2026\/08\/06\/haz-na-summer-universityju-u-varsavi-ostvario-zapazen-uspjeh\/\">\n                                        \t                                            Pro\u010ditaj vi\u0161e                                        <\/a>\n                                                                    <\/div>\n                                                    <\/div><!-- .elementskit-post-body END -->\n                    <\/div>\n                \n            <\/div>\n                    <div class=\"col-lg-4 col-md-6\">\n\n                                    <div class=\"elementskit-post-image-card\">\n                        <div class=\"elementskit-entry-header\">\n                                                            <a href=\"https:\/\/haz.hr\/en\/2026\/08\/06\/haz-i-ove-godine-sudjelovao-na-sipanskoj-ljetnoj-skoli-u-dubrovniku\/\" class=\"elementskit-entry-thumb\">\n                                    <img decoding=\"async\" src=\"https:\/\/haz.hr\/wp-content\/uploads\/2026\/08\/WhatsApp-Image-2026-08-06-at-15.51.06-1-2-768x378.jpeg\" alt=\"HAZ i ove godine sudjelovao na \u0160ipanskoj ljetnoj \u0161koli u Dubrovniku\">\n                                <\/a><!-- .elementskit-entry-thumb END -->\n                                                                                                    <div class=\"elementskit-meta-lists elementskit-style-tag\">\n                                        <div class=\"elementskit-single-meta triangle_left\"><span class=\"elementskit-meta-wraper\"><strong>06<\/strong>Cabbage<\/span><\/div>\n                                    <\/div>\n                                                                                            \n                                                            <div class=\"elementskit-meta-categories\">\n                                    <span class=\"elementskit-meta-wraper\">\n                                        <span><a href=\"https:\/\/haz.hr\/en\/category\/haz-novosti\/\" rel=\"category tag\">HAZ novosti<\/a><\/span><span><a href=\"https:\/\/haz.hr\/en\/category\/haz-unizg\/\" rel=\"category tag\">HAZ UniZg novosti<\/a><\/span>\n                                    <\/span>\n                                <\/div>\n                            \n\t\t\t\t\t\t\t\t\t\t\t\t\t<\/div><!-- .elementskit-entry-header END -->\n\n\t\t\t\t\t\t<div class=\"elementskit-post-body\">\n\t\t\t\t\t\t\t\n\t\t\t\t\t\t\t\t\t\t\t\t\t\t\t\t\t\t\t\t\t\t\t\t\t\t\t\t\t\t\n\t\t\t\t\t\t\t\t\n\t\t\t\t\t\t\t\t\t\t\t\t\t\t\t\t\t\t\t\t\t<h2 class=\"entry-title\">\n\t\t\t\t\t<a href=\"https:\/\/haz.hr\/en\/2026\/08\/06\/haz-i-ove-godine-sudjelovao-na-sipanskoj-ljetnoj-skoli-u-dubrovniku\/\">\n\t\t\t\t\t\tHAZ i ove godine sudjelovao na \u0160ipanskoj ljetnoj&hellip;\t\t\t\t\t<\/a>\n\t\t\t\t<\/h2>\n\t\t\t\t\t\t\t\t\t\t\t\t\t\t\t\t\t\t\t\t\t\t\t\t\t\t\t\t\t\t\t\t\t\t\t\t\t\t\t\t\t\t<p>Hrvatska akademska zajednica sudjelovala je na ovogodi\u0161njoj, 24. \u0160ipanskoj ljetnoj \u0161koli u Dubrovniku pod nazivom \u201eTrendovi pove\u0107anih izdvajanja za obranu&hellip;<\/p>\n\t\t\t\t\t\t\t\t\t\t\t\t\t\t\t\t\t\t\t\t\t\t                                                            <div class=\"btn-wraper\">\n                                    \n                                                                            <a class=\"elementskit-btn whitespace--normal\" id=\"\" href=\"https:\/\/haz.hr\/en\/2026\/08\/06\/haz-i-ove-godine-sudjelovao-na-sipanskoj-ljetnoj-skoli-u-dubrovniku\/\">\n                                        \t                                            Pro\u010ditaj vi\u0161e                                        <\/a>\n                                                                    <\/div>\n                                                    <\/div><!-- .elementskit-post-body END -->\n                    <\/div>\n                \n            <\/div>\n                    <div class=\"col-lg-4 col-md-6\">\n\n                                    <div class=\"elementskit-post-image-card\">\n                        <div class=\"elementskit-entry-header\">\n                                                            <a href=\"https:\/\/haz.hr\/en\/2026\/07\/05\/projekt-kozmetika-za-mene-uspjesno-spojio-znanost-tehnologiju-i-javno-zdravstvo\/\" class=\"elementskit-entry-thumb\">\n                                    <img decoding=\"async\" src=\"https:\/\/haz.hr\/wp-content\/uploads\/2026\/07\/slika1.png\" alt=\"Projekt \u201eKozmetika za mene\u201c uspje\u0161no spojio znanost, tehnologiju i javno zdravstvo\">\n                                <\/a><!-- .elementskit-entry-thumb END -->\n                                                                                                    <div class=\"elementskit-meta-lists elementskit-style-tag\">\n                                        <div class=\"elementskit-single-meta triangle_left\"><span class=\"elementskit-meta-wraper\"><strong>05<\/strong>SRP<\/span><\/div>\n                                    <\/div>\n                                                                                            \n                                                            <div class=\"elementskit-meta-categories\">\n                                    <span class=\"elementskit-meta-wraper\">\n                                        <span><a href=\"https:\/\/haz.hr\/en\/category\/haz-novosti\/\" rel=\"category tag\">HAZ novosti<\/a><\/span><span><a href=\"https:\/\/haz.hr\/en\/category\/haz-unizg\/\" rel=\"category tag\">HAZ UniZg novosti<\/a><\/span><span><a href=\"https:\/\/haz.hr\/en\/category\/hazpmf-novosti\/\" rel=\"category tag\">HAZpmf novosti<\/a><\/span>\n                                    <\/span>\n                                <\/div>\n                            \n\t\t\t\t\t\t\t\t\t\t\t\t\t<\/div><!-- .elementskit-entry-header END -->\n\n\t\t\t\t\t\t<div class=\"elementskit-post-body\">\n\t\t\t\t\t\t\t\n\t\t\t\t\t\t\t\t\t\t\t\t\t\t\t\t\t\t\t\t\t\t\t\t\t\t\t\t\t\t\n\t\t\t\t\t\t\t\t\n\t\t\t\t\t\t\t\t\t\t\t\t\t\t\t\t\t\t\t\t\t<h2 class=\"entry-title\">\n\t\t\t\t\t<a href=\"https:\/\/haz.hr\/en\/2026\/07\/05\/projekt-kozmetika-za-mene-uspjesno-spojio-znanost-tehnologiju-i-javno-zdravstvo\/\">\n\t\t\t\t\t\tProjekt \u201eKozmetika za mene\u201c uspje\u0161no spojio znanost, tehnologiju&hellip;\t\t\t\t\t<\/a>\n\t\t\t\t<\/h2>\n\t\t\t\t\t\t\t\t\t\t\t\t\t\t\t\t\t\t\t\t\t\t\t\t\t\t\t\t\t\t\t\t\t\t\t\t\t\t\t\t\t\t<p>Hrvatska akademska zajednica zajedno je sa Sekcijom za dermatovenerologiju Medicinskog fakulteta uspje\u0161no provela projekt \u201eKozmetika za mene: ko\u017ea pamti\u201c. Tijekom&hellip;<\/p>\n\t\t\t\t\t\t\t\t\t\t\t\t\t\t\t\t\t\t\t\t\t\t                                                            <div class=\"btn-wraper\">\n                                    \n                                                                            <a class=\"elementskit-btn whitespace--normal\" id=\"\" href=\"https:\/\/haz.hr\/en\/2026\/07\/05\/projekt-kozmetika-za-mene-uspjesno-spojio-znanost-tehnologiju-i-javno-zdravstvo\/\">\n                                        \t                                            Pro\u010ditaj vi\u0161e                                        <\/a>\n                                                                    <\/div>\n                                                    <\/div><!-- .elementskit-post-body END -->\n                    <\/div>\n                \n            <\/div>\n                    <div class=\"col-lg-4 col-md-6\">\n\n                                    <div class=\"elementskit-post-image-card\">\n                        <div class=\"elementskit-entry-header\">\n                                                            <a href=\"https:\/\/haz.hr\/en\/2026\/05\/21\/studijsko-putovanje-u-belgiju-studenti-hazunizg-a-posjetili-institucije-europske-unije-i-college-of-europe\/\" class=\"elementskit-entry-thumb\">\n                                    <img decoding=\"async\" src=\"https:\/\/haz.hr\/wp-content\/uploads\/2026\/05\/1000261478-scaled-e1779352251446-768x419.jpg\" alt=\"Studijsko putovanje u Belgiju: studenti HAZUniZg-a posjetili institucije Europske unije i College of Europe\">\n                                <\/a><!-- .elementskit-entry-thumb END -->\n                                                                                                    <div class=\"elementskit-meta-lists elementskit-style-tag\">\n                                        <div class=\"elementskit-single-meta triangle_left\"><span class=\"elementskit-meta-wraper\"><strong>21<\/strong>svi<\/span><\/div>\n                                    <\/div>\n                                                                                            \n                                                            <div class=\"elementskit-meta-categories\">\n                                    <span class=\"elementskit-meta-wraper\">\n                                        <span><a href=\"https:\/\/haz.hr\/en\/category\/haz-novosti\/\" rel=\"category tag\">HAZ novosti<\/a><\/span><span><a href=\"https:\/\/haz.hr\/en\/category\/haz-unizg\/\" rel=\"category tag\">HAZ UniZg novosti<\/a><\/span>\n                                    <\/span>\n                                <\/div>\n                            \n\t\t\t\t\t\t\t\t\t\t\t\t\t<\/div><!-- .elementskit-entry-header END -->\n\n\t\t\t\t\t\t<div class=\"elementskit-post-body\">\n\t\t\t\t\t\t\t\n\t\t\t\t\t\t\t\t\t\t\t\t\t\t\t\t\t\t\t\t\t\t\t\t\t\t\t\t\t\t\n\t\t\t\t\t\t\t\t\n\t\t\t\t\t\t\t\t\t\t\t\t\t\t\t\t\t\t\t\t\t<h2 class=\"entry-title\">\n\t\t\t\t\t<a href=\"https:\/\/haz.hr\/en\/2026\/05\/21\/studijsko-putovanje-u-belgiju-studenti-hazunizg-a-posjetili-institucije-europske-unije-i-college-of-europe\/\">\n\t\t\t\t\t\tStudijsko putovanje u Belgiju: studenti HAZUniZg-a posjetili institucije&hellip;\t\t\t\t\t<\/a>\n\t\t\t\t<\/h2>\n\t\t\t\t\t\t\t\t\t\t\t\t\t\t\t\t\t\t\t\t\t\t\t\t\t\t\t\t\t\t\t\t\t\t\t\t\t\t\t\t\t\t<p>Hrvatska akademska zajednica Sveu\u010dili\u0161ta u Zagrebu (HAZUniZg) organizirala je edukativno studijsko putovanje u Belgiju na kojem je sudjelovalo 13 studenata.&hellip;<\/p>\n\t\t\t\t\t\t\t\t\t\t\t\t\t\t\t\t\t\t\t\t\t\t                                                            <div class=\"btn-wraper\">\n                                    \n                                                                            <a class=\"elementskit-btn whitespace--normal\" id=\"\" href=\"https:\/\/haz.hr\/en\/2026\/05\/21\/studijsko-putovanje-u-belgiju-studenti-hazunizg-a-posjetili-institucije-europske-unije-i-college-of-europe\/\">\n                                        \t                                            Pro\u010ditaj vi\u0161e                                        <\/a>\n                                                                    <\/div>\n                                                    <\/div><!-- .elementskit-post-body END -->\n                    <\/div>\n                \n            <\/div>\n                    <div class=\"col-lg-4 col-md-6\">\n\n                                    <div class=\"elementskit-post-image-card\">\n                        <div class=\"elementskit-entry-header\">\n                                                            <a href=\"https:\/\/haz.hr\/en\/2026\/04\/07\/pridruzi-se-utrci-s-razlogom-moveit-race-za-rtl-pomaze-djeci\/\" class=\"elementskit-entry-thumb\">\n                                    <img decoding=\"async\" src=\"https:\/\/haz.hr\/wp-content\/uploads\/2026\/04\/WhatsApp-Image-2026-04-07-at-13.47.02-1-768x384.jpeg\" alt=\"Pridru\u017ei se utrci s razlogom: MoveIT RACE za RTL poma\u017ee djeci\">\n                                <\/a><!-- .elementskit-entry-thumb END -->\n                                                                                                    <div class=\"elementskit-meta-lists elementskit-style-tag\">\n                                        <div class=\"elementskit-single-meta triangle_left\"><span class=\"elementskit-meta-wraper\"><strong>07<\/strong>tra<\/span><\/div>\n                                    <\/div>\n                                                                                            \n                                                            <div class=\"elementskit-meta-categories\">\n                                    <span class=\"elementskit-meta-wraper\">\n                                        <span><a href=\"https:\/\/haz.hr\/en\/category\/haz-novosti\/\" rel=\"category tag\">HAZ novosti<\/a><\/span><span><a href=\"https:\/\/haz.hr\/en\/category\/haz-unizg\/\" rel=\"category tag\">HAZ UniZg novosti<\/a><\/span><span><a href=\"https:\/\/haz.hr\/en\/category\/haz-unizg\/hazef-novosti\/\" rel=\"category tag\">HAZef novosti<\/a><\/span>\n                                    <\/span>\n                                <\/div>\n                            \n\t\t\t\t\t\t\t\t\t\t\t\t\t<\/div><!-- .elementskit-entry-header END -->\n\n\t\t\t\t\t\t<div class=\"elementskit-post-body\">\n\t\t\t\t\t\t\t\n\t\t\t\t\t\t\t\t\t\t\t\t\t\t\t\t\t\t\t\t\t\t\t\t\t\t\t\t\t\t\n\t\t\t\t\t\t\t\t\n\t\t\t\t\t\t\t\t\t\t\t\t\t\t\t\t\t\t\t\t\t<h2 class=\"entry-title\">\n\t\t\t\t\t<a href=\"https:\/\/haz.hr\/en\/2026\/04\/07\/pridruzi-se-utrci-s-razlogom-moveit-race-za-rtl-pomaze-djeci\/\">\n\t\t\t\t\t\tPridru\u017ei se utrci s razlogom: MoveIT RACE za&hellip;\t\t\t\t\t<\/a>\n\t\t\t\t<\/h2>\n\t\t\t\t\t\t\t\t\t\t\t\t\t\t\t\t\t\t\t\t\t\t\t\t\t\t\t\t\t\t\t\t\t\t\t\t\t\t\t\t\t\t<p>Natjecateljski duh, dobra zabava i plemenita svrha sve to o\u010dekuje vas na MoveIT RACE donatorskoj utrci koju organizira studentska neprofitna&hellip;<\/p>\n\t\t\t\t\t\t\t\t\t\t\t\t\t\t\t\t\t\t\t\t\t\t                                                            <div class=\"btn-wraper\">\n                                    \n                                                                            <a class=\"elementskit-btn whitespace--normal\" id=\"\" href=\"https:\/\/haz.hr\/en\/2026\/04\/07\/pridruzi-se-utrci-s-razlogom-moveit-race-za-rtl-pomaze-djeci\/\">\n                                        \t                                            Pro\u010ditaj vi\u0161e                                        <\/a>\n                                                                    <\/div>\n                                                    <\/div><!-- .elementskit-post-body END -->\n                    <\/div>\n                \n            <\/div>\n                    <div class=\"col-lg-4 col-md-6\">\n\n                                    <div class=\"elementskit-post-image-card\">\n                        <div class=\"elementskit-entry-header\">\n                                                            <a href=\"https:\/\/haz.hr\/en\/2026\/03\/26\/izvjestaj-s-drugog-izdanja-new-wave-akademije\/\" class=\"elementskit-entry-thumb\">\n                                    <img decoding=\"async\" src=\"https:\/\/haz.hr\/wp-content\/uploads\/2026\/03\/IMG-20260326-WA0008-1-768x495.jpg\" alt=\"Izvje\u0161taj s drugog izdanja New Wave akademije\">\n                                <\/a><!-- .elementskit-entry-thumb END -->\n                                                                                                    <div class=\"elementskit-meta-lists elementskit-style-tag\">\n                                        <div class=\"elementskit-single-meta triangle_left\"><span class=\"elementskit-meta-wraper\"><strong>26<\/strong>o\u017eu<\/span><\/div>\n                                    <\/div>\n                                                                                            \n                                                            <div class=\"elementskit-meta-categories\">\n                                    <span class=\"elementskit-meta-wraper\">\n                                        <span><a href=\"https:\/\/haz.hr\/en\/category\/haz-novosti\/\" rel=\"category tag\">HAZ novosti<\/a><\/span><span><a href=\"https:\/\/haz.hr\/en\/category\/haz-unizg\/\" rel=\"category tag\">HAZ UniZg novosti<\/a><\/span><span><a href=\"https:\/\/haz.hr\/en\/category\/haz-unizg\/hazef-novosti\/\" rel=\"category tag\">HAZef novosti<\/a><\/span>\n                                    <\/span>\n                                <\/div>\n                            \n\t\t\t\t\t\t\t\t\t\t\t\t\t<\/div><!-- .elementskit-entry-header END -->\n\n\t\t\t\t\t\t<div class=\"elementskit-post-body\">\n\t\t\t\t\t\t\t\n\t\t\t\t\t\t\t\t\t\t\t\t\t\t\t\t\t\t\t\t\t\t\t\t\t\t\t\t\t\t\n\t\t\t\t\t\t\t\t\n\t\t\t\t\t\t\t\t\t\t\t\t\t\t\t\t\t\t\t\t\t<h2 class=\"entry-title\">\n\t\t\t\t\t<a href=\"https:\/\/haz.hr\/en\/2026\/03\/26\/izvjestaj-s-drugog-izdanja-new-wave-akademije\/\">\n\t\t\t\t\t\tIzvje\u0161taj s drugog izdanja New Wave akademije\t\t\t\t\t<\/a>\n\t\t\t\t<\/h2>\n\t\t\t\t\t\t\t\t\t\t\t\t\t\t\t\t\t\t\t\t\t\t\t\t\t\t\t\t\t\t\t\t\t\t\t\t\t\t\t\t\t\t<p>U petak, 20. o\u017eujka 2026. godine na Fakultetu prometnih znanosti u Zagrebuodr\u017eano je drugo izdanje New Wave akademije u organizaciji&hellip;<\/p>\n\t\t\t\t\t\t\t\t\t\t\t\t\t\t\t\t\t\t\t\t\t\t                                                            <div class=\"btn-wraper\">\n                                    \n                                                                            <a class=\"elementskit-btn whitespace--normal\" id=\"\" href=\"https:\/\/haz.hr\/en\/2026\/03\/26\/izvjestaj-s-drugog-izdanja-new-wave-akademije\/\">\n                                        \t                                            Pro\u010ditaj vi\u0161e                                        <\/a>\n                                                                    <\/div>\n                                                    <\/div><!-- .elementskit-post-body END -->\n                    <\/div>\n                \n            <\/div>\n                    <div class=\"col-lg-4 col-md-6\">\n\n                                    <div class=\"elementskit-post-image-card\">\n                        <div class=\"elementskit-entry-header\">\n                                                            <a href=\"https:\/\/haz.hr\/en\/2026\/03\/08\/osmokrovic-i-sprem-slozni-obrazovanje-sportasa-je-najvaznije-sebalj-u-sportuje-fotogenicnost-ponekad-vaznija-od-rezultata\/\" class=\"elementskit-entry-thumb\">\n                                    <img decoding=\"async\" src=\"https:\/\/haz.hr\/wp-content\/uploads\/2026\/03\/WhatsApp-Image-2026-03-08-at-15.53.37-768x576.jpeg\" alt=\"Osmokrovi\u0107 i \u0160prem slo\u017eni: Obrazovanje sporta\u0161a je najva\u017enije, \u0160ebalj: U sportu je fotogeni\u010dnost ponekad va\u017enija od rezultata\">\n                                <\/a><!-- .elementskit-entry-thumb END -->\n                                                                                                    <div class=\"elementskit-meta-lists elementskit-style-tag\">\n                                        <div class=\"elementskit-single-meta triangle_left\"><span class=\"elementskit-meta-wraper\"><strong>08<\/strong>o\u017eu<\/span><\/div>\n                                    <\/div>\n                                                                                            \n                                                            <div class=\"elementskit-meta-categories\">\n                                    <span class=\"elementskit-meta-wraper\">\n                                        <span><a href=\"https:\/\/haz.hr\/en\/category\/haz-novosti\/\" rel=\"category tag\">HAZ novosti<\/a><\/span><span><a href=\"https:\/\/haz.hr\/en\/category\/haz-unizg\/\" rel=\"category tag\">HAZ UniZg novosti<\/a><\/span><span><a href=\"https:\/\/haz.hr\/en\/category\/haz-unizg\/hazef-novosti\/\" rel=\"category tag\">HAZef novosti<\/a><\/span>\n                                    <\/span>\n                                <\/div>\n                            \n\t\t\t\t\t\t\t\t\t\t\t\t\t<\/div><!-- .elementskit-entry-header END -->\n\n\t\t\t\t\t\t<div class=\"elementskit-post-body\">\n\t\t\t\t\t\t\t\n\t\t\t\t\t\t\t\t\t\t\t\t\t\t\t\t\t\t\t\t\t\t\t\t\t\t\t\t\t\t\n\t\t\t\t\t\t\t\t\n\t\t\t\t\t\t\t\t\t\t\t\t\t\t\t\t\t\t\t\t\t<h2 class=\"entry-title\">\n\t\t\t\t\t<a href=\"https:\/\/haz.hr\/en\/2026\/03\/08\/osmokrovic-i-sprem-slozni-obrazovanje-sportasa-je-najvaznije-sebalj-u-sportuje-fotogenicnost-ponekad-vaznija-od-rezultata\/\">\n\t\t\t\t\t\tOsmokrovi\u0107 i \u0160prem slo\u017eni: Obrazovanje sporta\u0161a je najva\u017enije,&hellip;\t\t\t\t\t<\/a>\n\t\t\t\t<\/h2>\n\t\t\t\t\t\t\t\t\t\t\t\t\t\t\t\t\t\t\t\t\t\t\t\t\t\t\t\t\t\t\t\t\t\t\t\t\t\t\t\t\t\t<p>U \u010detvrtak, 5. o\u017eujka, u Zagrebu je odr\u017eana edukacija MoveIT Akademije u organizaciji Hrvatske akademske zajednice Ekonomskog fakulteta u Zagrebu.&hellip;<\/p>\n\t\t\t\t\t\t\t\t\t\t\t\t\t\t\t\t\t\t\t\t\t\t                                                            <div class=\"btn-wraper\">\n                                    \n                                                                            <a class=\"elementskit-btn whitespace--normal\" id=\"\" href=\"https:\/\/haz.hr\/en\/2026\/03\/08\/osmokrovic-i-sprem-slozni-obrazovanje-sportasa-je-najvaznije-sebalj-u-sportuje-fotogenicnost-ponekad-vaznija-od-rezultata\/\">\n                                        \t                                            Pro\u010ditaj vi\u0161e                                        <\/a>\n                                                                    <\/div>\n                                                    <\/div><!-- .elementskit-post-body END -->\n                    <\/div>\n                \n            <\/div>\n                    <div class=\"col-lg-4 col-md-6\">\n\n                                    <div class=\"elementskit-post-image-card\">\n                        <div class=\"elementskit-entry-header\">\n                                                            <a href=\"https:\/\/haz.hr\/en\/2026\/02\/21\/sigurnosna-arhitektura-hrvatske-u-fokusu-novog-projekta-na-fpzg-u\/\" class=\"elementskit-entry-thumb\">\n                                    <img decoding=\"async\" src=\"https:\/\/haz.hr\/wp-content\/uploads\/2026\/02\/WhatsApp-Image-2026-02-21-at-14.33.26-768x285.jpeg\" alt=\"Sigurnosna arhitektura Hrvatske u fokusu novog projekta na FPZG-u\">\n                                <\/a><!-- .elementskit-entry-thumb END -->\n                                                                                                    <div class=\"elementskit-meta-lists elementskit-style-tag\">\n                                        <div class=\"elementskit-single-meta triangle_left\"><span class=\"elementskit-meta-wraper\"><strong>21<\/strong>velj<\/span><\/div>\n                                    <\/div>\n                                                                                            \n                                                            <div class=\"elementskit-meta-categories\">\n                                    <span class=\"elementskit-meta-wraper\">\n                                        <span><a href=\"https:\/\/haz.hr\/en\/category\/haz-novosti\/\" rel=\"category tag\">HAZ novosti<\/a><\/span><span><a href=\"https:\/\/haz.hr\/en\/category\/haz-unizg\/\" rel=\"category tag\">HAZ UniZg novosti<\/a><\/span><span><a href=\"https:\/\/haz.hr\/en\/category\/hazfpzg-novosti\/\" rel=\"category tag\">HAZfpzg novosti<\/a><\/span>\n                                    <\/span>\n                                <\/div>\n                            \n\t\t\t\t\t\t\t\t\t\t\t\t\t<\/div><!-- .elementskit-entry-header END -->\n\n\t\t\t\t\t\t<div class=\"elementskit-post-body\">\n\t\t\t\t\t\t\t\n\t\t\t\t\t\t\t\t\t\t\t\t\t\t\t\t\t\t\t\t\t\t\t\t\t\t\t\t\t\t\n\t\t\t\t\t\t\t\t\n\t\t\t\t\t\t\t\t\t\t\t\t\t\t\t\t\t\t\t\t\t<h2 class=\"entry-title\">\n\t\t\t\t\t<a href=\"https:\/\/haz.hr\/en\/2026\/02\/21\/sigurnosna-arhitektura-hrvatske-u-fokusu-novog-projekta-na-fpzg-u\/\">\n\t\t\t\t\t\tSigurnosna arhitektura Hrvatske u fokusu novog projekta na&hellip;\t\t\t\t\t<\/a>\n\t\t\t\t<\/h2>\n\t\t\t\t\t\t\t\t\t\t\t\t\t\t\t\t\t\t\t\t\t\t\t\t\t\t\t\t\t\t\t\t\t\t\t\t\t\t\t\t\t\t<p>Suo\u010dena s geopoliti\u010dkim napetostima i promjenjivim sigurnosnim okru\u017eenjem, Hrvatska tra\u017ei odgovore na klju\u010dne obrambene izazove. Upravo je prelamanje izme\u0111u stabilnosti&hellip;<\/p>\n\t\t\t\t\t\t\t\t\t\t\t\t\t\t\t\t\t\t\t\t\t\t                                                            <div class=\"btn-wraper\">\n                                    \n                                                                            <a class=\"elementskit-btn whitespace--normal\" id=\"\" href=\"https:\/\/haz.hr\/en\/2026\/02\/21\/sigurnosna-arhitektura-hrvatske-u-fokusu-novog-projekta-na-fpzg-u\/\">\n                                        \t                                            Pro\u010ditaj vi\u0161e                                        <\/a>\n                                                                    <\/div>\n                                                    <\/div><!-- .elementskit-post-body END -->\n                    <\/div>\n                \n            <\/div>\n                    <div class=\"col-lg-4 col-md-6\">\n\n                                    <div class=\"elementskit-post-image-card\">\n                        <div class=\"elementskit-entry-header\">\n                                                            <a href=\"https:\/\/haz.hr\/en\/2026\/01\/24\/izvjestaj-projekta-%cb%9dpolitologija-u-praksi-diplomacija-i-consulting%cb%9d\/\" class=\"elementskit-entry-thumb\">\n                                    <img decoding=\"async\" src=\"https:\/\/haz.hr\/wp-content\/uploads\/2026\/01\/slika1-1-e1769249604157.png\" alt=\"Izvje\u0161taj projekta \u02ddPolitologija u praksi: diplomacija i consulting\u02dd\">\n                                <\/a><!-- .elementskit-entry-thumb END -->\n                                                                                                    <div class=\"elementskit-meta-lists elementskit-style-tag\">\n                                        <div class=\"elementskit-single-meta triangle_left\"><span class=\"elementskit-meta-wraper\"><strong>24<\/strong>sij<\/span><\/div>\n                                    <\/div>\n                                                                                            \n                                                            <div class=\"elementskit-meta-categories\">\n                                    <span class=\"elementskit-meta-wraper\">\n                                        <span><a href=\"https:\/\/haz.hr\/en\/category\/haz-novosti\/\" rel=\"category tag\">HAZ novosti<\/a><\/span><span><a href=\"https:\/\/haz.hr\/en\/category\/haz-unizg\/\" rel=\"category tag\">HAZ UniZg novosti<\/a><\/span><span><a href=\"https:\/\/haz.hr\/en\/category\/hazfpzg-novosti\/\" rel=\"category tag\">HAZfpzg novosti<\/a><\/span>\n                                    <\/span>\n                                <\/div>\n                            \n\t\t\t\t\t\t\t\t\t\t\t\t\t<\/div><!-- .elementskit-entry-header END -->\n\n\t\t\t\t\t\t<div class=\"elementskit-post-body\">\n\t\t\t\t\t\t\t\n\t\t\t\t\t\t\t\t\t\t\t\t\t\t\t\t\t\t\t\t\t\t\t\t\t\t\t\t\t\t\n\t\t\t\t\t\t\t\t\n\t\t\t\t\t\t\t\t\t\t\t\t\t\t\t\t\t\t\t\t\t<h2 class=\"entry-title\">\n\t\t\t\t\t<a href=\"https:\/\/haz.hr\/en\/2026\/01\/24\/izvjestaj-projekta-%cb%9dpolitologija-u-praksi-diplomacija-i-consulting%cb%9d\/\">\n\t\t\t\t\t\tIzvje\u0161taj projekta \u02ddPolitologija u praksi: diplomacija i consulting\u02dd\t\t\t\t\t<\/a>\n\t\t\t\t<\/h2>\n\t\t\t\t\t\t\t\t\t\t\t\t\t\t\t\t\t\t\t\t\t\t\t\t\t\t\t\t\t\t\t\t\t\t\t\t\t\t\t\t\t\t<p>Projekt \u02ddPolitologija u praksi: diplomacija i consulting\u02dd organizirala je i provela Hrvatska akademska zajednica Fakulteta politi\u010dkih znanosti 18. prosinca 2025.&hellip;<\/p>\n\t\t\t\t\t\t\t\t\t\t\t\t\t\t\t\t\t\t\t\t\t\t                                                            <div class=\"btn-wraper\">\n                                    \n                                                                            <a class=\"elementskit-btn whitespace--normal\" id=\"\" href=\"https:\/\/haz.hr\/en\/2026\/01\/24\/izvjestaj-projekta-%cb%9dpolitologija-u-praksi-diplomacija-i-consulting%cb%9d\/\">\n                                        \t                                            Pro\u010ditaj vi\u0161e                                        <\/a>\n                                                                    <\/div>\n                                                    <\/div><!-- .elementskit-post-body END -->\n                    <\/div>\n                \n            <\/div>\n                    <div class=\"col-lg-4 col-md-6\">\n\n                                    <div class=\"elementskit-post-image-card\">\n                        <div class=\"elementskit-entry-header\">\n                                                            <a href=\"https:\/\/haz.hr\/en\/2025\/12\/14\/hazfpzg-najavljuje-konferenciju-politologija-u-praksi-diplomacija-i-consulting\/\" class=\"elementskit-entry-thumb\">\n                                    <img decoding=\"async\" src=\"https:\/\/haz.hr\/wp-content\/uploads\/2025\/12\/polit1-1-e1765712660940.jpg\" alt=\"HAZfpzg najavljuje konferenciju \u201ePolitologija u praksi: Diplomacija i consulting\u201c\">\n                                <\/a><!-- .elementskit-entry-thumb END -->\n                                                                                                    <div class=\"elementskit-meta-lists elementskit-style-tag\">\n                                        <div class=\"elementskit-single-meta triangle_left\"><span class=\"elementskit-meta-wraper\"><strong>14<\/strong>pro<\/span><\/div>\n                                    <\/div>\n                                                                                            \n                                                            <div class=\"elementskit-meta-categories\">\n                                    <span class=\"elementskit-meta-wraper\">\n                                        <span><a href=\"https:\/\/haz.hr\/en\/category\/haz-novosti\/\" rel=\"category tag\">HAZ novosti<\/a><\/span><span><a href=\"https:\/\/haz.hr\/en\/category\/haz-unizg\/\" rel=\"category tag\">HAZ UniZg novosti<\/a><\/span><span><a href=\"https:\/\/haz.hr\/en\/category\/hazfpzg-novosti\/\" rel=\"category tag\">HAZfpzg novosti<\/a><\/span>\n                                    <\/span>\n                                <\/div>\n                            \n\t\t\t\t\t\t\t\t\t\t\t\t\t<\/div><!-- .elementskit-entry-header END -->\n\n\t\t\t\t\t\t<div class=\"elementskit-post-body\">\n\t\t\t\t\t\t\t\n\t\t\t\t\t\t\t\t\t\t\t\t\t\t\t\t\t\t\t\t\t\t\t\t\t\t\t\t\t\t\n\t\t\t\t\t\t\t\t\n\t\t\t\t\t\t\t\t\t\t\t\t\t\t\t\t\t\t\t\t\t<h2 class=\"entry-title\">\n\t\t\t\t\t<a href=\"https:\/\/haz.hr\/en\/2025\/12\/14\/hazfpzg-najavljuje-konferenciju-politologija-u-praksi-diplomacija-i-consulting\/\">\n\t\t\t\t\t\tHAZfpzg najavljuje konferenciju \u201ePolitologija u praksi: Diplomacija i&hellip;\t\t\t\t\t<\/a>\n\t\t\t\t<\/h2>\n\t\t\t\t\t\t\t\t\t\t\t\t\t\t\t\t\t\t\t\t\t\t\t\t\t\t\t\t\t\t\t\t\t\t\t\t\t\t\t\t\t\t<p>Hrvatska akademska zajednica Fakulteta politi\u010dkih znanosti (HAZfpzg) donosi uvid u svijet u kojem se donose i pokre\u0107u projekti koji transformiraju&hellip;<\/p>\n\t\t\t\t\t\t\t\t\t\t\t\t\t\t\t\t\t\t\t\t\t\t                                                            <div class=\"btn-wraper\">\n                                    \n                                                                            <a class=\"elementskit-btn whitespace--normal\" id=\"\" href=\"https:\/\/haz.hr\/en\/2025\/12\/14\/hazfpzg-najavljuje-konferenciju-politologija-u-praksi-diplomacija-i-consulting\/\">\n                                        \t                                            Pro\u010ditaj vi\u0161e                                        <\/a>\n                                                                    <\/div>\n                                                    <\/div><!-- .elementskit-post-body END -->\n                    <\/div>\n                \n            <\/div>\n                    <div class=\"col-lg-4 col-md-6\">\n\n                                    <div class=\"elementskit-post-image-card\">\n                        <div class=\"elementskit-entry-header\">\n                                                            <a href=\"https:\/\/haz.hr\/en\/2025\/12\/11\/izvjestaj-s-financijske-akademije-2025\/\" class=\"elementskit-entry-thumb\">\n                                    <img decoding=\"async\" src=\"https:\/\/haz.hr\/wp-content\/uploads\/2025\/12\/WhatsApp-Image-2025-12-11-at-10.46.03-768x513.jpeg\" alt=\"Izvje\u0161taj s Financijske akademije 2025.\">\n                                <\/a><!-- .elementskit-entry-thumb END -->\n                                                                                                    <div class=\"elementskit-meta-lists elementskit-style-tag\">\n                                        <div class=\"elementskit-single-meta triangle_left\"><span class=\"elementskit-meta-wraper\"><strong>11<\/strong>pro<\/span><\/div>\n                                    <\/div>\n                                                                                            \n                                                            <div class=\"elementskit-meta-categories\">\n                                    <span class=\"elementskit-meta-wraper\">\n                                        <span><a href=\"https:\/\/haz.hr\/en\/category\/haz-novosti\/\" rel=\"category tag\">HAZ novosti<\/a><\/span><span><a href=\"https:\/\/haz.hr\/en\/category\/haz-unizg\/\" rel=\"category tag\">HAZ UniZg novosti<\/a><\/span><span><a href=\"https:\/\/haz.hr\/en\/category\/haz-unizg\/hazef-novosti\/\" rel=\"category tag\">HAZef novosti<\/a><\/span>\n                                    <\/span>\n                                <\/div>\n                            \n\t\t\t\t\t\t\t\t\t\t\t\t\t<\/div><!-- .elementskit-entry-header END -->\n\n\t\t\t\t\t\t<div class=\"elementskit-post-body\">\n\t\t\t\t\t\t\t\n\t\t\t\t\t\t\t\t\t\t\t\t\t\t\t\t\t\t\t\t\t\t\t\t\t\t\t\t\t\t\n\t\t\t\t\t\t\t\t\n\t\t\t\t\t\t\t\t\t\t\t\t\t\t\t\t\t\t\t\t\t<h2 class=\"entry-title\">\n\t\t\t\t\t<a href=\"https:\/\/haz.hr\/en\/2025\/12\/11\/izvjestaj-s-financijske-akademije-2025\/\">\n\t\t\t\t\t\tIzvje\u0161taj s Financijske akademije 2025.\t\t\t\t\t<\/a>\n\t\t\t\t<\/h2>\n\t\t\t\t\t\t\t\t\t\t\t\t\t\t\t\t\t\t\t\t\t\t\t\t\t\t\t\t\t\t\t\t\t\t\t\t\t\t\t\t\t\t<p>U petak, 5. prosinca 2025., na Ekonomskom fakultetu u Zagrebu odr\u017eano je peto izdanje Financijske akademije u organizaciji Hrvatske akademske&hellip;<\/p>\n\t\t\t\t\t\t\t\t\t\t\t\t\t\t\t\t\t\t\t\t\t\t                                                            <div class=\"btn-wraper\">\n                                    \n                                                                            <a class=\"elementskit-btn whitespace--normal\" id=\"\" href=\"https:\/\/haz.hr\/en\/2025\/12\/11\/izvjestaj-s-financijske-akademije-2025\/\">\n                                        \t                                            Pro\u010ditaj vi\u0161e                                        <\/a>\n                                                                    <\/div>\n                                                    <\/div><!-- .elementskit-post-body END -->\n                    <\/div>\n                \n            <\/div>\n                    <div class=\"col-lg-4 col-md-6\">\n\n                                    <div class=\"elementskit-post-image-card\">\n                        <div class=\"elementskit-entry-header\">\n                                                            <a href=\"https:\/\/haz.hr\/en\/2025\/12\/04\/hrvatska-akademska-zajednica-obiljezila-35-godina-djelovanja-svecanom-proslavom-u-zagrebu\/\" class=\"elementskit-entry-thumb\">\n                                    <img decoding=\"async\" src=\"https:\/\/haz.hr\/wp-content\/uploads\/2025\/12\/fotografija-8-768x512.jpeg\" alt=\"Hrvatska akademska zajednica obilje\u017eila 35 godina djelovanja sve\u010danom proslavom u Zagrebu\">\n                                <\/a><!-- .elementskit-entry-thumb END -->\n                                                                                                    <div class=\"elementskit-meta-lists elementskit-style-tag\">\n                                        <div class=\"elementskit-single-meta triangle_left\"><span class=\"elementskit-meta-wraper\"><strong>04<\/strong>pro<\/span><\/div>\n                                    <\/div>\n                                                                                            \n                                                            <div class=\"elementskit-meta-categories\">\n                                    <span class=\"elementskit-meta-wraper\">\n                                        <span><a href=\"https:\/\/haz.hr\/en\/category\/haz-novosti\/\" rel=\"category tag\">HAZ novosti<\/a><\/span><span><a href=\"https:\/\/haz.hr\/en\/category\/haz-unizg\/\" rel=\"category tag\">HAZ UniZg novosti<\/a><\/span>\n                                    <\/span>\n                                <\/div>\n                            \n\t\t\t\t\t\t\t\t\t\t\t\t\t<\/div><!-- .elementskit-entry-header END -->\n\n\t\t\t\t\t\t<div class=\"elementskit-post-body\">\n\t\t\t\t\t\t\t\n\t\t\t\t\t\t\t\t\t\t\t\t\t\t\t\t\t\t\t\t\t\t\t\t\t\t\t\t\t\t\n\t\t\t\t\t\t\t\t\n\t\t\t\t\t\t\t\t\t\t\t\t\t\t\t\t\t\t\t\t\t<h2 class=\"entry-title\">\n\t\t\t\t\t<a href=\"https:\/\/haz.hr\/en\/2025\/12\/04\/hrvatska-akademska-zajednica-obiljezila-35-godina-djelovanja-svecanom-proslavom-u-zagrebu\/\">\n\t\t\t\t\t\tHrvatska akademska zajednica obilje\u017eila 35 godina djelovanja sve\u010danom&hellip;\t\t\t\t\t<\/a>\n\t\t\t\t<\/h2>\n\t\t\t\t\t\t\t\t\t\t\t\t\t\t\t\t\t\t\t\t\t\t\t\t\t\t\t\t\t\t\t\t\t\t\t\t\t\t\t\t\t\t<p>Dana 21. studenoga 2025. godine, povodom 35. obljetnice Hrvatske akademske zajednice, odr\u017eana je sve\u010dana ve\u010dera u Kristalnoj dvorani hotela Westin.&hellip;<\/p>\n\t\t\t\t\t\t\t\t\t\t\t\t\t\t\t\t\t\t\t\t\t\t                                                            <div class=\"btn-wraper\">\n                                    \n                                                                            <a class=\"elementskit-btn whitespace--normal\" id=\"\" href=\"https:\/\/haz.hr\/en\/2025\/12\/04\/hrvatska-akademska-zajednica-obiljezila-35-godina-djelovanja-svecanom-proslavom-u-zagrebu\/\">\n                                        \t                                            Pro\u010ditaj vi\u0161e                                        <\/a>\n                                                                    <\/div>\n                                                    <\/div><!-- .elementskit-post-body END -->\n                    <\/div>\n                \n            <\/div>\n                    <div class=\"col-lg-4 col-md-6\">\n\n                                    <div class=\"elementskit-post-image-card\">\n                        <div class=\"elementskit-entry-header\">\n                                                            <a href=\"https:\/\/haz.hr\/en\/2025\/05\/13\/hazef-najavljuje-konferenciju-poduzetnicka-akademija-kaos-pod-kontrolom\/\" class=\"elementskit-entry-thumb\">\n                                    <img decoding=\"async\" src=\"https:\/\/haz.hr\/wp-content\/uploads\/2025\/05\/Naslovnica-dogadaja-Facebook-i-LinkedIn-Poduzetnicka-akademija-2025-768x432.png\" alt=\"HAZef najavljuje konferenciju \u201ePoduzetni\u010dka akademija: Kaos pod kontrolom\u201c\">\n                                <\/a><!-- .elementskit-entry-thumb END -->\n                                                                                                    <div class=\"elementskit-meta-lists elementskit-style-tag\">\n                                        <div class=\"elementskit-single-meta triangle_left\"><span class=\"elementskit-meta-wraper\"><strong>13<\/strong>svi<\/span><\/div>\n                                    <\/div>\n                                                                                            \n                                                            <div class=\"elementskit-meta-categories\">\n                                    <span class=\"elementskit-meta-wraper\">\n                                        <span><a href=\"https:\/\/haz.hr\/en\/category\/haz-novosti\/\" rel=\"category tag\">HAZ novosti<\/a><\/span><span><a href=\"https:\/\/haz.hr\/en\/category\/haz-unizg\/\" rel=\"category tag\">HAZ UniZg novosti<\/a><\/span><span><a href=\"https:\/\/haz.hr\/en\/category\/haz-unizg\/hazef-novosti\/\" rel=\"category tag\">HAZef novosti<\/a><\/span>\n                                    <\/span>\n                                <\/div>\n                            \n\t\t\t\t\t\t\t\t\t\t\t\t\t<\/div><!-- .elementskit-entry-header END -->\n\n\t\t\t\t\t\t<div class=\"elementskit-post-body\">\n\t\t\t\t\t\t\t\n\t\t\t\t\t\t\t\t\t\t\t\t\t\t\t\t\t\t\t\t\t\t\t\t\t\t\t\t\t\t\n\t\t\t\t\t\t\t\t\n\t\t\t\t\t\t\t\t\t\t\t\t\t\t\t\t\t\t\t\t\t<h2 class=\"entry-title\">\n\t\t\t\t\t<a href=\"https:\/\/haz.hr\/en\/2025\/05\/13\/hazef-najavljuje-konferenciju-poduzetnicka-akademija-kaos-pod-kontrolom\/\">\n\t\t\t\t\t\tHAZef najavljuje konferenciju \u201ePoduzetni\u010dka akademija: Kaos pod kontrolom\u201c\t\t\t\t\t<\/a>\n\t\t\t\t<\/h2>\n\t\t\t\t\t\t\t\t\t\t\t\t\t\t\t\t\t\t\t\t\t\t\t\t\t\t\t\t\t\t\t\t\t\t\t\t\t\t\t\t\t\t<p>Hrvatska akademska zajednica Ekonomskog fakulteta u Zagrebu (HAZef) s ponosom najavljuje&nbsp;\u0161esto izdanje Poduzetni\u010dke akademije. Tema ovogodi\u0161nje konferencije je krizni menad\u017ement&hellip;<\/p>\n\t\t\t\t\t\t\t\t\t\t\t\t\t\t\t\t\t\t\t\t\t\t                                                            <div class=\"btn-wraper\">\n                                    \n                                                                            <a class=\"elementskit-btn whitespace--normal\" id=\"\" href=\"https:\/\/haz.hr\/en\/2025\/05\/13\/hazef-najavljuje-konferenciju-poduzetnicka-akademija-kaos-pod-kontrolom\/\">\n                                        \t                                            Pro\u010ditaj vi\u0161e                                        <\/a>\n                                                                    <\/div>\n                                                    <\/div><!-- .elementskit-post-body END -->\n                    <\/div>\n                \n            <\/div>\n                    <div class=\"col-lg-4 col-md-6\">\n\n                                    <div class=\"elementskit-post-image-card\">\n                        <div class=\"elementskit-entry-header\">\n                                                            <a href=\"https:\/\/haz.hr\/en\/2025\/05\/11\/hazpf-najavljuje-konferenciju-hrvatsko-pravosude-ustroj-i-izazovi\/\" class=\"elementskit-entry-thumb\">\n                                    <img decoding=\"async\" src=\"https:\/\/haz.hr\/wp-content\/uploads\/2025\/05\/IMG-20250510-WA0009-768x960.jpg\" alt=\"HAZpf najavljuje konferenciju \u201cHrvatsko pravosu\u0111e: ustroj i izazovi\u201d\">\n                                <\/a><!-- .elementskit-entry-thumb END -->\n                                                                                                    <div class=\"elementskit-meta-lists elementskit-style-tag\">\n                                        <div class=\"elementskit-single-meta triangle_left\"><span class=\"elementskit-meta-wraper\"><strong>11<\/strong>svi<\/span><\/div>\n                                    <\/div>\n                                                                                            \n                                                            <div class=\"elementskit-meta-categories\">\n                                    <span class=\"elementskit-meta-wraper\">\n                                        <span><a href=\"https:\/\/haz.hr\/en\/category\/haz-novosti\/\" rel=\"category tag\">HAZ novosti<\/a><\/span><span><a href=\"https:\/\/haz.hr\/en\/category\/haz-unizg\/\" rel=\"category tag\">HAZ UniZg novosti<\/a><\/span><span><a href=\"https:\/\/haz.hr\/en\/category\/hazfpzg-novosti\/\" rel=\"category tag\">HAZfpzg novosti<\/a><\/span>\n                                    <\/span>\n                                <\/div>\n                            \n\t\t\t\t\t\t\t\t\t\t\t\t\t<\/div><!-- .elementskit-entry-header END -->\n\n\t\t\t\t\t\t<div class=\"elementskit-post-body\">\n\t\t\t\t\t\t\t\n\t\t\t\t\t\t\t\t\t\t\t\t\t\t\t\t\t\t\t\t\t\t\t\t\t\t\t\t\t\t\n\t\t\t\t\t\t\t\t\n\t\t\t\t\t\t\t\t\t\t\t\t\t\t\t\t\t\t\t\t\t<h2 class=\"entry-title\">\n\t\t\t\t\t<a href=\"https:\/\/haz.hr\/en\/2025\/05\/11\/hazpf-najavljuje-konferenciju-hrvatsko-pravosude-ustroj-i-izazovi\/\">\n\t\t\t\t\t\tHAZpf najavljuje konferenciju \u201cHrvatsko pravosu\u0111e: ustroj i izazovi\u201d\t\t\t\t\t<\/a>\n\t\t\t\t<\/h2>\n\t\t\t\t\t\t\t\t\t\t\t\t\t\t\t\t\t\t\t\t\t\t\t\t\t\t\t\t\t\t\t\t\t\t\t\t\t\t\t\t\t\t<p>Hrvatska akademska zajednica Pravnog fakulteta u Zagrebu s ponosom predstavlja konferenciju \u201cHrvatsko pravosu\u0111e: ustroj i izazovi\u201d na kojoj \u0107e studenti&hellip;<\/p>\n\t\t\t\t\t\t\t\t\t\t\t\t\t\t\t\t\t\t\t\t\t\t                                                            <div class=\"btn-wraper\">\n                                    \n                                                                            <a class=\"elementskit-btn whitespace--normal\" id=\"\" href=\"https:\/\/haz.hr\/en\/2025\/05\/11\/hazpf-najavljuje-konferenciju-hrvatsko-pravosude-ustroj-i-izazovi\/\">\n                                        \t                                            Pro\u010ditaj vi\u0161e                                        <\/a>\n                                                                    <\/div>\n                                                    <\/div><!-- .elementskit-post-body END -->\n                    <\/div>\n                \n            <\/div>\n                    <div class=\"col-lg-4 col-md-6\">\n\n                                    <div class=\"elementskit-post-image-card\">\n                        <div class=\"elementskit-entry-header\">\n                                                            <a href=\"https:\/\/haz.hr\/en\/2025\/05\/09\/izvjestaj-s-roditeljstvo-iza-resetaka\/\" class=\"elementskit-entry-thumb\">\n                                    <img decoding=\"async\" src=\"https:\/\/haz.hr\/wp-content\/uploads\/2025\/05\/Snimka-zaslona-2025-05-09-171648-768x358.png\" alt=\"IZVJE\u0160TAJ S \u201eRODITELJSTVO IZA RE\u0160ETAKA\u201c\">\n                                <\/a><!-- .elementskit-entry-thumb END -->\n                                                                                                    <div class=\"elementskit-meta-lists elementskit-style-tag\">\n                                        <div class=\"elementskit-single-meta triangle_left\"><span class=\"elementskit-meta-wraper\"><strong>09<\/strong>svi<\/span><\/div>\n                                    <\/div>\n                                                                                            \n                                                            <div class=\"elementskit-meta-categories\">\n                                    <span class=\"elementskit-meta-wraper\">\n                                        <span><a href=\"https:\/\/haz.hr\/en\/category\/haz-novosti\/\" rel=\"category tag\">HAZ novosti<\/a><\/span><span><a href=\"https:\/\/haz.hr\/en\/category\/haz-unizg\/\" rel=\"category tag\">HAZ UniZg novosti<\/a><\/span><span><a href=\"https:\/\/haz.hr\/en\/category\/hazfpzg-novosti\/\" rel=\"category tag\">HAZfpzg novosti<\/a><\/span>\n                                    <\/span>\n                                <\/div>\n                            \n\t\t\t\t\t\t\t\t\t\t\t\t\t<\/div><!-- .elementskit-entry-header END -->\n\n\t\t\t\t\t\t<div class=\"elementskit-post-body\">\n\t\t\t\t\t\t\t\n\t\t\t\t\t\t\t\t\t\t\t\t\t\t\t\t\t\t\t\t\t\t\t\t\t\t\t\t\t\t\n\t\t\t\t\t\t\t\t\n\t\t\t\t\t\t\t\t\t\t\t\t\t\t\t\t\t\t\t\t\t<h2 class=\"entry-title\">\n\t\t\t\t\t<a href=\"https:\/\/haz.hr\/en\/2025\/05\/09\/izvjestaj-s-roditeljstvo-iza-resetaka\/\">\n\t\t\t\t\t\tIZVJE\u0160TAJ S \u201eRODITELJSTVO IZA RE\u0160ETAKA\u201c\t\t\t\t\t<\/a>\n\t\t\t\t<\/h2>\n\t\t\t\t\t\t\t\t\t\t\t\t\t\t\t\t\t\t\t\t\t\t\t\t\t\t\t\t\t\t\t\t\t\t\t\t\t\t\t\t\t\t<p>U subotu 22. o\u017eujka 2025. na Pravnom fakultetu Sveu\u010dili\u0161ta u Zagrebu, ogranak Hrvatske akademske zajednice na Pravnom fakultetu odr\u017eao je&hellip;<\/p>\n\t\t\t\t\t\t\t\t\t\t\t\t\t\t\t\t\t\t\t\t\t\t                                                            <div class=\"btn-wraper\">\n                                    \n                                                                            <a class=\"elementskit-btn whitespace--normal\" id=\"\" href=\"https:\/\/haz.hr\/en\/2025\/05\/09\/izvjestaj-s-roditeljstvo-iza-resetaka\/\">\n                                        \t                                            Pro\u010ditaj vi\u0161e                                        <\/a>\n                                                                    <\/div>\n                                                    <\/div><!-- .elementskit-post-body END -->\n                    <\/div>\n                \n            <\/div>\n                    <div class=\"col-lg-4 col-md-6\">\n\n                                    <div class=\"elementskit-post-image-card\">\n                        <div class=\"elementskit-entry-header\">\n                                                            <a href=\"https:\/\/haz.hr\/en\/2025\/05\/08\/odrzan-case-study-u-suradnji-s-mazarsom\/\" class=\"elementskit-entry-thumb\">\n                                    <img decoding=\"async\" src=\"https:\/\/haz.hr\/wp-content\/uploads\/2025\/05\/IMG_ForvisMazars-768x644.jpg\" alt=\"Odr\u017ean Case Study u suradnji s Mazarsom\">\n                                <\/a><!-- .elementskit-entry-thumb END -->\n                                                                                                    <div class=\"elementskit-meta-lists elementskit-style-tag\">\n                                        <div class=\"elementskit-single-meta triangle_left\"><span class=\"elementskit-meta-wraper\"><strong>08<\/strong>svi<\/span><\/div>\n                                    <\/div>\n                                                                                            \n                                                            <div class=\"elementskit-meta-categories\">\n                                    <span class=\"elementskit-meta-wraper\">\n                                        <span><a href=\"https:\/\/haz.hr\/en\/category\/haz-novosti\/\" rel=\"category tag\">HAZ novosti<\/a><\/span><span><a href=\"https:\/\/haz.hr\/en\/category\/haz-unizg\/\" rel=\"category tag\">HAZ UniZg novosti<\/a><\/span><span><a href=\"https:\/\/haz.hr\/en\/category\/haz-unizg\/hazef-novosti\/\" rel=\"category tag\">HAZef novosti<\/a><\/span>\n                                    <\/span>\n                                <\/div>\n                            \n\t\t\t\t\t\t\t\t\t\t\t\t\t<\/div><!-- .elementskit-entry-header END -->\n\n\t\t\t\t\t\t<div class=\"elementskit-post-body\">\n\t\t\t\t\t\t\t\n\t\t\t\t\t\t\t\t\t\t\t\t\t\t\t\t\t\t\t\t\t\t\t\t\t\t\t\t\t\t\n\t\t\t\t\t\t\t\t\n\t\t\t\t\t\t\t\t\t\t\t\t\t\t\t\t\t\t\t\t\t<h2 class=\"entry-title\">\n\t\t\t\t\t<a href=\"https:\/\/haz.hr\/en\/2025\/05\/08\/odrzan-case-study-u-suradnji-s-mazarsom\/\">\n\t\t\t\t\t\tOdr\u017ean Case Study u suradnji s Mazarsom\t\t\t\t\t<\/a>\n\t\t\t\t<\/h2>\n\t\t\t\t\t\t\t\t\t\t\t\t\t\t\t\t\t\t\t\t\t\t\t\t\t\t\t\t\t\t\t\t\t\t\t\t\t\t\t\t\t\t<p>U ponedjeljak, 28. travnja 2025., na Fakultetu elektrotehnike i ra\u010dunarstva u Zagrebuodr\u017eano je edukativno predavanje i Case Study, organiziran u&hellip;<\/p>\n\t\t\t\t\t\t\t\t\t\t\t\t\t\t\t\t\t\t\t\t\t\t                                                            <div class=\"btn-wraper\">\n                                    \n                                                                            <a class=\"elementskit-btn whitespace--normal\" id=\"\" href=\"https:\/\/haz.hr\/en\/2025\/05\/08\/odrzan-case-study-u-suradnji-s-mazarsom\/\">\n                                        \t                                            Pro\u010ditaj vi\u0161e                                        <\/a>\n                                                                    <\/div>\n                                                    <\/div><!-- .elementskit-post-body END -->\n                    <\/div>\n                \n            <\/div>\n                    <div class=\"col-lg-4 col-md-6\">\n\n                                    <div class=\"elementskit-post-image-card\">\n                        <div class=\"elementskit-entry-header\">\n                            \n                                                            <div class=\"elementskit-meta-categories\">\n                                    <span class=\"elementskit-meta-wraper\">\n                                        <span><a href=\"https:\/\/haz.hr\/en\/category\/haz-novosti\/\" rel=\"category tag\">HAZ novosti<\/a><\/span><span><a href=\"https:\/\/haz.hr\/en\/category\/hazff-novosti\/\" rel=\"category tag\">HAZff novosti<\/a><\/span>\n                                    <\/span>\n                                <\/div>\n                            \n\t\t\t\t\t\t\t\t\t\t\t\t\t<\/div><!-- .elementskit-entry-header END -->\n\n\t\t\t\t\t\t<div class=\"elementskit-post-body\">\n\t\t\t\t\t\t\t\n\t\t\t\t\t\t\t\t\t\t\t\t\t\t\t\t\t\t\t\t\t\t\t\t\t\t\t\t\t\t\n\t\t\t\t\t\t\t\t\n\t\t\t\t\t\t\t\t\t\t\t\t\t\t\t\t\t\t\t\t\t<h2 class=\"entry-title\">\n\t\t\t\t\t<a href=\"https:\/\/haz.hr\/en\/2025\/04\/30\/hazff-najavljuje-konferenciju-knjizevnu-vecer\/\">\n\t\t\t\t\t\tHAZff najavljuje konferenciju &#8220;Knji\u017eevnu ve\u010der&#8221;\t\t\t\t\t<\/a>\n\t\t\t\t<\/h2>\n\t\t\t\t\t\t\t\t\t\t\t\t\t\t\t\t\t\t\t\t\t\t\t\t\t\t\t\t\t\t\t\t\t\t\t\t\t\t\t\t\t\t<p>Hrvatska akademska zajednica Filozofskog fakulteta Sveu\u010dili\u0161ta u Zagrebu (HAZff) s osobitim zadovoljstvom najavljuje \u201eKnji\u017eevnu ve\u010der\u201c, doga\u0111anje osmi\u0161ljeno kao prostor susreta&hellip;<\/p>\n\t\t\t\t\t\t\t\t\t\t\t\t\t\t\t\t\t\t\t\t\t\t                                                            <div class=\"btn-wraper\">\n                                    \n                                                                            <a class=\"elementskit-btn whitespace--normal\" id=\"\" href=\"https:\/\/haz.hr\/en\/2025\/04\/30\/hazff-najavljuje-konferenciju-knjizevnu-vecer\/\">\n                                        \t                                            Pro\u010ditaj vi\u0161e                                        <\/a>\n                                                                    <\/div>\n                                                    <\/div><!-- .elementskit-post-body END -->\n                    <\/div>\n                \n            <\/div>\n                    <div class=\"col-lg-4 col-md-6\">\n\n                                    <div class=\"elementskit-post-image-card\">\n                        <div class=\"elementskit-entry-header\">\n                                                            <a href=\"https:\/\/haz.hr\/en\/2025\/04\/04\/hazpmf-najavljuje-konferenciju-kozmetika-za-mene-2\/\" class=\"elementskit-entry-thumb\">\n                                    <img decoding=\"async\" src=\"https:\/\/haz.hr\/wp-content\/uploads\/2025\/04\/Untitled-design-1-768x439.png\" alt=\"HAZpmf najavljuje konferenciju &#8220;Kozmetika za mene 2&#8221;\">\n                                <\/a><!-- .elementskit-entry-thumb END -->\n                                                                                                    <div class=\"elementskit-meta-lists elementskit-style-tag\">\n                                        <div class=\"elementskit-single-meta triangle_left\"><span class=\"elementskit-meta-wraper\"><strong>04<\/strong>tra<\/span><\/div>\n                                    <\/div>\n                                                                                            \n                                                            <div class=\"elementskit-meta-categories\">\n                                    <span class=\"elementskit-meta-wraper\">\n                                        <span><a href=\"https:\/\/haz.hr\/en\/category\/haz-novosti\/\" rel=\"category tag\">HAZ novosti<\/a><\/span><span><a href=\"https:\/\/haz.hr\/en\/category\/hazpmf-novosti\/\" rel=\"category tag\">HAZpmf novosti<\/a><\/span><span><a href=\"https:\/\/haz.hr\/en\/category\/uncategorized\/\" rel=\"category tag\">Uncategorized<\/a><\/span>\n                                    <\/span>\n                                <\/div>\n                            \n\t\t\t\t\t\t\t\t\t\t\t\t\t<\/div><!-- .elementskit-entry-header END -->\n\n\t\t\t\t\t\t<div class=\"elementskit-post-body\">\n\t\t\t\t\t\t\t\n\t\t\t\t\t\t\t\t\t\t\t\t\t\t\t\t\t\t\t\t\t\t\t\t\t\t\t\t\t\t\n\t\t\t\t\t\t\t\t\n\t\t\t\t\t\t\t\t\t\t\t\t\t\t\t\t\t\t\t\t\t<h2 class=\"entry-title\">\n\t\t\t\t\t<a href=\"https:\/\/haz.hr\/en\/2025\/04\/04\/hazpmf-najavljuje-konferenciju-kozmetika-za-mene-2\/\">\n\t\t\t\t\t\tHAZpmf najavljuje konferenciju &#8220;Kozmetika za mene 2&#8221;\t\t\t\t\t<\/a>\n\t\t\t\t<\/h2>\n\t\t\t\t\t\t\t\t\t\t\t\t\t\t\t\t\t\t\t\t\t\t\t\t\t\t\t\t\t\t\t\t\t\t\t\t\t\t\t\t\t\t<p>Hrvatska akademska zajednica pri Prirodoslovno-matemati\u010dkom fakultetu u Zagrebu (HAZpmf) s ponosom najavljuje projekt \u201eKozmetika za mene 2\u201c, drugo izdanje jednodnevne&hellip;<\/p>\n\t\t\t\t\t\t\t\t\t\t\t\t\t\t\t\t\t\t\t\t\t\t                                                            <div class=\"btn-wraper\">\n                                    \n                                                                            <a class=\"elementskit-btn whitespace--normal\" id=\"\" href=\"https:\/\/haz.hr\/en\/2025\/04\/04\/hazpmf-najavljuje-konferenciju-kozmetika-za-mene-2\/\">\n                                        \t                                            Pro\u010ditaj vi\u0161e                                        <\/a>\n                                                                    <\/div>\n                                                    <\/div><!-- .elementskit-post-body END -->\n                    <\/div>\n                \n            <\/div>\n                    <div class=\"col-lg-4 col-md-6\">\n\n                                    <div class=\"elementskit-post-image-card\">\n                        <div class=\"elementskit-entry-header\">\n                                                            <a href=\"https:\/\/haz.hr\/en\/2025\/03\/26\/odrzana-new-wave-akademija-korak-ispred-na-trzistu-rada\/\" class=\"elementskit-entry-thumb\">\n                                    <img decoding=\"async\" src=\"https:\/\/haz.hr\/wp-content\/uploads\/2025\/03\/new-wave-voditelji-768x512.jpg\" alt=\"Odr\u017eana New Wave akademija: Korak ispred na tr\u017ei\u0161tu rada!\">\n                                <\/a><!-- .elementskit-entry-thumb END -->\n                                                                                                    <div class=\"elementskit-meta-lists elementskit-style-tag\">\n                                        <div class=\"elementskit-single-meta triangle_left\"><span class=\"elementskit-meta-wraper\"><strong>26<\/strong>o\u017eu<\/span><\/div>\n                                    <\/div>\n                                                                                            \n                                                            <div class=\"elementskit-meta-categories\">\n                                    <span class=\"elementskit-meta-wraper\">\n                                        <span><a href=\"https:\/\/haz.hr\/en\/category\/haz-novosti\/\" rel=\"category tag\">HAZ novosti<\/a><\/span><span><a href=\"https:\/\/haz.hr\/en\/category\/haz-unizg\/\" rel=\"category tag\">HAZ UniZg novosti<\/a><\/span><span><a href=\"https:\/\/haz.hr\/en\/category\/haz-unizg\/hazef-novosti\/\" rel=\"category tag\">HAZef novosti<\/a><\/span>\n                                    <\/span>\n                                <\/div>\n                            \n\t\t\t\t\t\t\t\t\t\t\t\t\t<\/div><!-- .elementskit-entry-header END -->\n\n\t\t\t\t\t\t<div class=\"elementskit-post-body\">\n\t\t\t\t\t\t\t\n\t\t\t\t\t\t\t\t\t\t\t\t\t\t\t\t\t\t\t\t\t\t\t\t\t\t\t\t\t\t\n\t\t\t\t\t\t\t\t\n\t\t\t\t\t\t\t\t\t\t\t\t\t\t\t\t\t\t\t\t\t<h2 class=\"entry-title\">\n\t\t\t\t\t<a href=\"https:\/\/haz.hr\/en\/2025\/03\/26\/odrzana-new-wave-akademija-korak-ispred-na-trzistu-rada\/\">\n\t\t\t\t\t\tOdr\u017eana New Wave akademija: Korak ispred na tr\u017ei\u0161tu&hellip;\t\t\t\t\t<\/a>\n\t\t\t\t<\/h2>\n\t\t\t\t\t\t\t\t\t\t\t\t\t\t\t\t\t\t\t\t\t\t\t\t\t\t\t\t\t\t\t\t\t\t\t\t\t\t\t\t\t\t<p>U \u010detvrtak, 20. o\u017eujka 2025., na Fakultetu prometnih znanosti u Zagrebu odr\u017eano je prvo izdanje New Wave akademije, jednodnevne konferencije&hellip;<\/p>\n\t\t\t\t\t\t\t\t\t\t\t\t\t\t\t\t\t\t\t\t\t\t                                                            <div class=\"btn-wraper\">\n                                    \n                                                                            <a class=\"elementskit-btn whitespace--normal\" id=\"\" href=\"https:\/\/haz.hr\/en\/2025\/03\/26\/odrzana-new-wave-akademija-korak-ispred-na-trzistu-rada\/\">\n                                        \t                                            Pro\u010ditaj vi\u0161e                                        <\/a>\n                                                                    <\/div>\n                                                    <\/div><!-- .elementskit-post-body END -->\n                    <\/div>\n                \n            <\/div>\n                    <div class=\"col-lg-4 col-md-6\">\n\n                                    <div class=\"elementskit-post-image-card\">\n                        <div class=\"elementskit-entry-header\">\n                                                            <a href=\"https:\/\/haz.hr\/en\/2025\/03\/21\/hazpfzg-najavljuje-konferenciju-roditeljstvo-iza-resetaka\/\" class=\"elementskit-entry-thumb\">\n                                    <img decoding=\"async\" src=\"https:\/\/haz.hr\/wp-content\/uploads\/2025\/03\/Roditeljstvo-iza-resetaka-1080-x-1350-piksela-1_page-0001-768x960.jpg\" alt=\"HAZpfzg najavljuje konferenciju \u201eRoditeljstvo iza re\u0161etaka\u201d\">\n                                <\/a><!-- .elementskit-entry-thumb END -->\n                                                                                                    <div class=\"elementskit-meta-lists elementskit-style-tag\">\n                                        <div class=\"elementskit-single-meta triangle_left\"><span class=\"elementskit-meta-wraper\"><strong>21<\/strong>o\u017eu<\/span><\/div>\n                                    <\/div>\n                                                                                            \n                                                            <div class=\"elementskit-meta-categories\">\n                                    <span class=\"elementskit-meta-wraper\">\n                                        <span><a href=\"https:\/\/haz.hr\/en\/category\/haz-novosti\/\" rel=\"category tag\">HAZ novosti<\/a><\/span><span><a href=\"https:\/\/haz.hr\/en\/category\/haz-unizg\/\" rel=\"category tag\">HAZ UniZg novosti<\/a><\/span><span><a href=\"https:\/\/haz.hr\/en\/category\/hazfpzg-novosti\/\" rel=\"category tag\">HAZfpzg novosti<\/a><\/span>\n                                    <\/span>\n                                <\/div>\n                            \n\t\t\t\t\t\t\t\t\t\t\t\t\t<\/div><!-- .elementskit-entry-header END -->\n\n\t\t\t\t\t\t<div class=\"elementskit-post-body\">\n\t\t\t\t\t\t\t\n\t\t\t\t\t\t\t\t\t\t\t\t\t\t\t\t\t\t\t\t\t\t\t\t\t\t\t\t\t\t\n\t\t\t\t\t\t\t\t\n\t\t\t\t\t\t\t\t\t\t\t\t\t\t\t\t\t\t\t\t\t<h2 class=\"entry-title\">\n\t\t\t\t\t<a href=\"https:\/\/haz.hr\/en\/2025\/03\/21\/hazpfzg-najavljuje-konferenciju-roditeljstvo-iza-resetaka\/\">\n\t\t\t\t\t\tHAZpfzg najavljuje konferenciju \u201eRoditeljstvo iza re\u0161etaka\u201d\t\t\t\t\t<\/a>\n\t\t\t\t<\/h2>\n\t\t\t\t\t\t\t\t\t\t\t\t\t\t\t\t\t\t\t\t\t\t\t\t\t\t\t\t\t\t\t\t\t\t\t\t\t\t\t\t\t\t<p>HAZpfzg s ponosom predstavlja konferenciju \u201eRoditeljstvo iza re\u0161etaka\u201d na kojoj \u0107emo raspravljati o aktualnom zakonodavstvu, pravnim izazovima, sudskoj praksi i&hellip;<\/p>\n\t\t\t\t\t\t\t\t\t\t\t\t\t\t\t\t\t\t\t\t\t\t                                                            <div class=\"btn-wraper\">\n                                    \n                                                                            <a class=\"elementskit-btn whitespace--normal\" id=\"\" href=\"https:\/\/haz.hr\/en\/2025\/03\/21\/hazpfzg-najavljuje-konferenciju-roditeljstvo-iza-resetaka\/\">\n                                        \t                                            Pro\u010ditaj vi\u0161e                                        <\/a>\n                                                                    <\/div>\n                                                    <\/div><!-- .elementskit-post-body END -->\n                    <\/div>\n                \n            <\/div>\n                    <div class=\"col-lg-4 col-md-6\">\n\n                                    <div class=\"elementskit-post-image-card\">\n                        <div class=\"elementskit-entry-header\">\n                                                            <a href=\"https:\/\/haz.hr\/en\/2025\/03\/18\/hazef-najavljuje-konferenciju-new-wave-akademija-kljuc-uspjeha-na-trzistu-rada-buducnosti\/\" class=\"elementskit-entry-thumb\">\n                                    <img decoding=\"async\" src=\"https:\/\/haz.hr\/wp-content\/uploads\/2025\/03\/new-wavw-slika-768x432.jpg\" alt=\"HAZef najavljuje konferenciju &#8220;New Wave akademija: Klju\u010d uspjeha na tr\u017ei\u0161tu rada budu\u0107nosti&#8221;\">\n                                <\/a><!-- .elementskit-entry-thumb END -->\n                                                                                                    <div class=\"elementskit-meta-lists elementskit-style-tag\">\n                                        <div class=\"elementskit-single-meta triangle_left\"><span class=\"elementskit-meta-wraper\"><strong>18<\/strong>o\u017eu<\/span><\/div>\n                                    <\/div>\n                                                                                            \n                                                            <div class=\"elementskit-meta-categories\">\n                                    <span class=\"elementskit-meta-wraper\">\n                                        <span><a href=\"https:\/\/haz.hr\/en\/category\/haz-novosti\/\" rel=\"category tag\">HAZ novosti<\/a><\/span><span><a href=\"https:\/\/haz.hr\/en\/category\/haz-unizg\/\" rel=\"category tag\">HAZ UniZg novosti<\/a><\/span><span><a href=\"https:\/\/haz.hr\/en\/category\/haz-unizg\/hazef-novosti\/\" rel=\"category tag\">HAZef novosti<\/a><\/span>\n                                    <\/span>\n                                <\/div>\n                            \n\t\t\t\t\t\t\t\t\t\t\t\t\t<\/div><!-- .elementskit-entry-header END -->\n\n\t\t\t\t\t\t<div class=\"elementskit-post-body\">\n\t\t\t\t\t\t\t\n\t\t\t\t\t\t\t\t\t\t\t\t\t\t\t\t\t\t\t\t\t\t\t\t\t\t\t\t\t\t\n\t\t\t\t\t\t\t\t\n\t\t\t\t\t\t\t\t\t\t\t\t\t\t\t\t\t\t\t\t\t<h2 class=\"entry-title\">\n\t\t\t\t\t<a href=\"https:\/\/haz.hr\/en\/2025\/03\/18\/hazef-najavljuje-konferenciju-new-wave-akademija-kljuc-uspjeha-na-trzistu-rada-buducnosti\/\">\n\t\t\t\t\t\tHAZef najavljuje konferenciju &#8220;New Wave akademija: Klju\u010d uspjeha&hellip;\t\t\t\t\t<\/a>\n\t\t\t\t<\/h2>\n\t\t\t\t\t\t\t\t\t\t\t\t\t\t\t\t\t\t\t\t\t\t\t\t\t\t\t\t\t\t\t\t\t\t\t\t\t\t\t\t\t\t<p>Hrvatska akademska zajednica Ekonomskog fakulteta u Zagrebu (HAZef) s ponosom najavljuje New Wave akademiju, jednodnevnu konferenciju posve\u0107enu klju\u010dnim izazovima i&hellip;<\/p>\n\t\t\t\t\t\t\t\t\t\t\t\t\t\t\t\t\t\t\t\t\t\t                                                            <div class=\"btn-wraper\">\n                                    \n                                                                            <a class=\"elementskit-btn whitespace--normal\" id=\"\" href=\"https:\/\/haz.hr\/en\/2025\/03\/18\/hazef-najavljuje-konferenciju-new-wave-akademija-kljuc-uspjeha-na-trzistu-rada-buducnosti\/\">\n                                        \t                                            Pro\u010ditaj vi\u0161e                                        <\/a>\n                                                                    <\/div>\n                                                    <\/div><!-- .elementskit-post-body END -->\n                    <\/div>\n                \n            <\/div>\n                    <div class=\"col-lg-4 col-md-6\">\n\n                                    <div class=\"elementskit-post-image-card\">\n                        <div class=\"elementskit-entry-header\">\n                                                            <a href=\"https:\/\/haz.hr\/en\/2024\/12\/29\/izvjestaj-s-nijansi-novinarstva\/\" class=\"elementskit-entry-thumb\">\n                                    <img decoding=\"async\" src=\"https:\/\/haz.hr\/wp-content\/uploads\/2024\/12\/IMG-20241218-WA0019-3-768x768.jpg\" alt=\"Izvje\u0161taj s Nijansi novinarstva\">\n                                <\/a><!-- .elementskit-entry-thumb END -->\n                                                                                                    <div class=\"elementskit-meta-lists elementskit-style-tag\">\n                                        <div class=\"elementskit-single-meta triangle_left\"><span class=\"elementskit-meta-wraper\"><strong>29<\/strong>pro<\/span><\/div>\n                                    <\/div>\n                                                                                            \n                                                            <div class=\"elementskit-meta-categories\">\n                                    <span class=\"elementskit-meta-wraper\">\n                                        <span><a href=\"https:\/\/haz.hr\/en\/category\/haz-novosti\/\" rel=\"category tag\">HAZ novosti<\/a><\/span><span><a href=\"https:\/\/haz.hr\/en\/category\/haz-unizg\/\" rel=\"category tag\">HAZ UniZg novosti<\/a><\/span><span><a href=\"https:\/\/haz.hr\/en\/category\/hazfpzg-novosti\/\" rel=\"category tag\">HAZfpzg novosti<\/a><\/span>\n                                    <\/span>\n                                <\/div>\n                            \n\t\t\t\t\t\t\t\t\t\t\t\t\t<\/div><!-- .elementskit-entry-header END -->\n\n\t\t\t\t\t\t<div class=\"elementskit-post-body\">\n\t\t\t\t\t\t\t\n\t\t\t\t\t\t\t\t\t\t\t\t\t\t\t\t\t\t\t\t\t\t\t\t\t\t\t\t\t\t\n\t\t\t\t\t\t\t\t\n\t\t\t\t\t\t\t\t\t\t\t\t\t\t\t\t\t\t\t\t\t<h2 class=\"entry-title\">\n\t\t\t\t\t<a href=\"https:\/\/haz.hr\/en\/2024\/12\/29\/izvjestaj-s-nijansi-novinarstva\/\">\n\t\t\t\t\t\tIzvje\u0161taj s Nijansi novinarstva\t\t\t\t\t<\/a>\n\t\t\t\t<\/h2>\n\t\t\t\t\t\t\t\t\t\t\t\t\t\t\t\t\t\t\t\t\t\t\t\t\t\t\t\t\t\t\t\t\t\t\t\t\t\t\t\t\t\t<p>Na drugoj Nijansi novinarstva, posve\u0107enoj sportskom novinarstvu, koja je odr\u017eana u ponedjeljak, 16. prosinca, na Fakultetu politi\u010dkih znanosti, panelisti su&hellip;<\/p>\n\t\t\t\t\t\t\t\t\t\t\t\t\t\t\t\t\t\t\t\t\t\t                                                            <div class=\"btn-wraper\">\n                                    \n                                                                            <a class=\"elementskit-btn whitespace--normal\" id=\"\" href=\"https:\/\/haz.hr\/en\/2024\/12\/29\/izvjestaj-s-nijansi-novinarstva\/\">\n                                        \t                                            Pro\u010ditaj vi\u0161e                                        <\/a>\n                                                                    <\/div>\n                                                    <\/div><!-- .elementskit-post-body END -->\n                    <\/div>\n                \n            <\/div>\n                    <div class=\"col-lg-4 col-md-6\">\n\n                                    <div class=\"elementskit-post-image-card\">\n                        <div class=\"elementskit-entry-header\">\n                                                            <a href=\"https:\/\/haz.hr\/en\/2024\/12\/27\/izvjestaj-s-financijske-akademije-2\/\" class=\"elementskit-entry-thumb\">\n                                    <img decoding=\"async\" src=\"https:\/\/haz.hr\/wp-content\/uploads\/2024\/12\/WhatsApp-Slika-2024-12-17-u-13.51.20_90231d59-1-768x512.jpg\" alt=\"Izvje\u0161taj s Financijske Akademije\">\n                                <\/a><!-- .elementskit-entry-thumb END -->\n                                                                                                    <div class=\"elementskit-meta-lists elementskit-style-tag\">\n                                        <div class=\"elementskit-single-meta triangle_left\"><span class=\"elementskit-meta-wraper\"><strong>27<\/strong>pro<\/span><\/div>\n                                    <\/div>\n                                                                                            \n                                                            <div class=\"elementskit-meta-categories\">\n                                    <span class=\"elementskit-meta-wraper\">\n                                        <span><a href=\"https:\/\/haz.hr\/en\/category\/haz-novosti\/\" rel=\"category tag\">HAZ novosti<\/a><\/span><span><a href=\"https:\/\/haz.hr\/en\/category\/haz-unizg\/\" rel=\"category tag\">HAZ UniZg novosti<\/a><\/span><span><a href=\"https:\/\/haz.hr\/en\/category\/haz-unizg\/hazef-novosti\/\" rel=\"category tag\">HAZef novosti<\/a><\/span>\n                                    <\/span>\n                                <\/div>\n                            \n\t\t\t\t\t\t\t\t\t\t\t\t\t<\/div><!-- .elementskit-entry-header END -->\n\n\t\t\t\t\t\t<div class=\"elementskit-post-body\">\n\t\t\t\t\t\t\t\n\t\t\t\t\t\t\t\t\t\t\t\t\t\t\t\t\t\t\t\t\t\t\t\t\t\t\t\t\t\t\n\t\t\t\t\t\t\t\t\n\t\t\t\t\t\t\t\t\t\t\t\t\t\t\t\t\t\t\t\t\t<h2 class=\"entry-title\">\n\t\t\t\t\t<a href=\"https:\/\/haz.hr\/en\/2024\/12\/27\/izvjestaj-s-financijske-akademije-2\/\">\n\t\t\t\t\t\tIzvje\u0161taj s Financijske Akademije\t\t\t\t\t<\/a>\n\t\t\t\t<\/h2>\n\t\t\t\t\t\t\t\t\t\t\t\t\t\t\t\t\t\t\t\t\t\t\t\t\t\t\t\t\t\t\t\t\t\t\t\t\t\t\t\t\t\t<p>U petak, 13. prosinca 2024., na Ekonomskom fakultetu u Zagrebu odr\u017eano je \u010detvrto izdanje Financijske akademije u organizaciji Hrvatske akademske&hellip;<\/p>\n\t\t\t\t\t\t\t\t\t\t\t\t\t\t\t\t\t\t\t\t\t\t                                                            <div class=\"btn-wraper\">\n                                    \n                                                                            <a class=\"elementskit-btn whitespace--normal\" id=\"\" href=\"https:\/\/haz.hr\/en\/2024\/12\/27\/izvjestaj-s-financijske-akademije-2\/\">\n                                        \t                                            Pro\u010ditaj vi\u0161e                                        <\/a>\n                                                                    <\/div>\n                                                    <\/div><!-- .elementskit-post-body END -->\n                    <\/div>\n                \n            <\/div>\n                    <div class=\"col-lg-4 col-md-6\">\n\n                                    <div class=\"elementskit-post-image-card\">\n                        <div class=\"elementskit-entry-header\">\n                                                            <a href=\"https:\/\/haz.hr\/en\/2024\/12\/13\/izvjestaj-s-ljepote-u-znanosti\/\" class=\"elementskit-entry-thumb\">\n                                    <img decoding=\"async\" src=\"https:\/\/haz.hr\/wp-content\/uploads\/2024\/12\/IMG-20241212-WA0026-1-edited-768x432.jpg\" alt=\"Izvje\u0161taj s Ljepote u znanosti\">\n                                <\/a><!-- .elementskit-entry-thumb END -->\n                                                                                                    <div class=\"elementskit-meta-lists elementskit-style-tag\">\n                                        <div class=\"elementskit-single-meta triangle_left\"><span class=\"elementskit-meta-wraper\"><strong>13<\/strong>pro<\/span><\/div>\n                                    <\/div>\n                                                                                            \n                                                            <div class=\"elementskit-meta-categories\">\n                                    <span class=\"elementskit-meta-wraper\">\n                                        <span><a href=\"https:\/\/haz.hr\/en\/category\/haz-novosti\/\" rel=\"category tag\">HAZ novosti<\/a><\/span><span><a href=\"https:\/\/haz.hr\/en\/category\/haz-unizg\/\" rel=\"category tag\">HAZ UniZg novosti<\/a><\/span><span><a href=\"https:\/\/haz.hr\/en\/category\/hazpmf-novosti\/\" rel=\"category tag\">HAZpmf novosti<\/a><\/span>\n                                    <\/span>\n                                <\/div>\n                            \n\t\t\t\t\t\t\t\t\t\t\t\t\t<\/div><!-- .elementskit-entry-header END -->\n\n\t\t\t\t\t\t<div class=\"elementskit-post-body\">\n\t\t\t\t\t\t\t\n\t\t\t\t\t\t\t\t\t\t\t\t\t\t\t\t\t\t\t\t\t\t\t\t\t\t\t\t\t\t\n\t\t\t\t\t\t\t\t\n\t\t\t\t\t\t\t\t\t\t\t\t\t\t\t\t\t\t\t\t\t<h2 class=\"entry-title\">\n\t\t\t\t\t<a href=\"https:\/\/haz.hr\/en\/2024\/12\/13\/izvjestaj-s-ljepote-u-znanosti\/\">\n\t\t\t\t\t\tIzvje\u0161taj s Ljepote u znanosti\t\t\t\t\t<\/a>\n\t\t\t\t<\/h2>\n\t\t\t\t\t\t\t\t\t\t\t\t\t\t\t\t\t\t\t\t\t\t\t\t\t\t\t\t\t\t\t\t\t\t\t\t\t\t\t\t\t\t<p>Dvodnevna konferencija \u201eLjepota u znanosti: \u0161to fascinira hrvatske znanstvenike?\u201c odr\u017eala se 5. i 6. prosinca na Matemati\u010dkom odsjeku Prirodoslovno-matemati\u010dkog fakulteta,&hellip;<\/p>\n\t\t\t\t\t\t\t\t\t\t\t\t\t\t\t\t\t\t\t\t\t\t                                                            <div class=\"btn-wraper\">\n                                    \n                                                                            <a class=\"elementskit-btn whitespace--normal\" id=\"\" href=\"https:\/\/haz.hr\/en\/2024\/12\/13\/izvjestaj-s-ljepote-u-znanosti\/\">\n                                        \t                                            Pro\u010ditaj vi\u0161e                                        <\/a>\n                                                                    <\/div>\n                                                    <\/div><!-- .elementskit-post-body END -->\n                    <\/div>\n                \n            <\/div>\n                    <div class=\"col-lg-4 col-md-6\">\n\n                                    <div class=\"elementskit-post-image-card\">\n                        <div class=\"elementskit-entry-header\">\n                                                            <a href=\"https:\/\/haz.hr\/en\/2024\/12\/08\/hazef-najavljuje-4-izdanje-konferencije-financijska-akademija\/\" class=\"elementskit-entry-thumb\">\n                                    <img decoding=\"async\" src=\"https:\/\/haz.hr\/wp-content\/uploads\/2024\/12\/naslovna-za-web-FA-768x432.png\" alt=\"HAZef najavljuje 4. izdanje konferencije &#8220;Financijska akademija&#8221;\">\n                                <\/a><!-- .elementskit-entry-thumb END -->\n                                                                                                    <div class=\"elementskit-meta-lists elementskit-style-tag\">\n                                        <div class=\"elementskit-single-meta triangle_left\"><span class=\"elementskit-meta-wraper\"><strong>08<\/strong>pro<\/span><\/div>\n                                    <\/div>\n                                                                                            \n                                                            <div class=\"elementskit-meta-categories\">\n                                    <span class=\"elementskit-meta-wraper\">\n                                        <span><a href=\"https:\/\/haz.hr\/en\/category\/haz-novosti\/\" rel=\"category tag\">HAZ novosti<\/a><\/span><span><a href=\"https:\/\/haz.hr\/en\/category\/haz-unizg\/\" rel=\"category tag\">HAZ UniZg novosti<\/a><\/span><span><a href=\"https:\/\/haz.hr\/en\/category\/haz-unizg\/hazef-novosti\/\" rel=\"category tag\">HAZef novosti<\/a><\/span>\n                                    <\/span>\n                                <\/div>\n                            \n\t\t\t\t\t\t\t\t\t\t\t\t\t<\/div><!-- .elementskit-entry-header END -->\n\n\t\t\t\t\t\t<div class=\"elementskit-post-body\">\n\t\t\t\t\t\t\t\n\t\t\t\t\t\t\t\t\t\t\t\t\t\t\t\t\t\t\t\t\t\t\t\t\t\t\t\t\t\t\n\t\t\t\t\t\t\t\t\n\t\t\t\t\t\t\t\t\t\t\t\t\t\t\t\t\t\t\t\t\t<h2 class=\"entry-title\">\n\t\t\t\t\t<a href=\"https:\/\/haz.hr\/en\/2024\/12\/08\/hazef-najavljuje-4-izdanje-konferencije-financijska-akademija\/\">\n\t\t\t\t\t\tHAZef najavljuje 4. izdanje konferencije &#8220;Financijska akademija&#8221;\t\t\t\t\t<\/a>\n\t\t\t\t<\/h2>\n\t\t\t\t\t\t\t\t\t\t\t\t\t\t\t\t\t\t\t\t\t\t\t\t\t\t\t\t\t\t\t\t\t\t\t\t\t\t\t\t\t\t<p>Hrvatska akademska zajednica Ekonomskog fakulteta s ponosom najavljuje \u010detvrto izdanje Financijske akademije. Ova konferencija okuplja eminentne stru\u010dnjake iz financijskog sektora&hellip;<\/p>\n\t\t\t\t\t\t\t\t\t\t\t\t\t\t\t\t\t\t\t\t\t\t                                                            <div class=\"btn-wraper\">\n                                    \n                                                                            <a class=\"elementskit-btn whitespace--normal\" id=\"\" href=\"https:\/\/haz.hr\/en\/2024\/12\/08\/hazef-najavljuje-4-izdanje-konferencije-financijska-akademija\/\">\n                                        \t                                            Pro\u010ditaj vi\u0161e                                        <\/a>\n                                                                    <\/div>\n                                                    <\/div><!-- .elementskit-post-body END -->\n                    <\/div>\n                \n            <\/div>\n                    <div class=\"col-lg-4 col-md-6\">\n\n                                    <div class=\"elementskit-post-image-card\">\n                        <div class=\"elementskit-entry-header\">\n                                                            <a href=\"https:\/\/haz.hr\/en\/2024\/12\/07\/hazfpz-najavljuje-konferenciju-grad-po-mjeri-covjeka\/\" class=\"elementskit-entry-thumb\">\n                                    <img decoding=\"async\" src=\"https:\/\/haz.hr\/wp-content\/uploads\/2024\/12\/Cover-768x432.jpg\" alt=\"HAZfpz najavljuje konferenciju &#8220;Grad po mjeri \u010dovjeka&#8221;\">\n                                <\/a><!-- .elementskit-entry-thumb END -->\n                                                                                                    <div class=\"elementskit-meta-lists elementskit-style-tag\">\n                                        <div class=\"elementskit-single-meta triangle_left\"><span class=\"elementskit-meta-wraper\"><strong>07<\/strong>pro<\/span><\/div>\n                                    <\/div>\n                                                                                            \n                                                            <div class=\"elementskit-meta-categories\">\n                                    <span class=\"elementskit-meta-wraper\">\n                                        <span><a href=\"https:\/\/haz.hr\/en\/category\/haz-novosti\/\" rel=\"category tag\">HAZ novosti<\/a><\/span><span><a href=\"https:\/\/haz.hr\/en\/category\/haz-unizg\/\" rel=\"category tag\">HAZ UniZg novosti<\/a><\/span>\n                                    <\/span>\n                                <\/div>\n                            \n\t\t\t\t\t\t\t\t\t\t\t\t\t<\/div><!-- .elementskit-entry-header END -->\n\n\t\t\t\t\t\t<div class=\"elementskit-post-body\">\n\t\t\t\t\t\t\t\n\t\t\t\t\t\t\t\t\t\t\t\t\t\t\t\t\t\t\t\t\t\t\t\t\t\t\t\t\t\t\n\t\t\t\t\t\t\t\t\n\t\t\t\t\t\t\t\t\t\t\t\t\t\t\t\t\t\t\t\t\t<h2 class=\"entry-title\">\n\t\t\t\t\t<a href=\"https:\/\/haz.hr\/en\/2024\/12\/07\/hazfpz-najavljuje-konferenciju-grad-po-mjeri-covjeka\/\">\n\t\t\t\t\t\tHAZfpz najavljuje konferenciju &#8220;Grad po mjeri \u010dovjeka&#8221;\t\t\t\t\t<\/a>\n\t\t\t\t<\/h2>\n\t\t\t\t\t\t\t\t\t\t\t\t\t\t\t\t\t\t\t\t\t\t\t\t\t\t\t\t\t\t\t\t\t\t\t\t\t\t\t\t\t\t<p>Hrvatska akademska zajednica Fakulteta prometnih znanosti s velikim zadovoljstvom najavljuje drugo izdanje konferencije \u201cGrad po mjeri \u010dovjeka\u201d nakon uspje\u0161ne premijere&hellip;<\/p>\n\t\t\t\t\t\t\t\t\t\t\t\t\t\t\t\t\t\t\t\t\t\t                                                            <div class=\"btn-wraper\">\n                                    \n                                                                            <a class=\"elementskit-btn whitespace--normal\" id=\"\" href=\"https:\/\/haz.hr\/en\/2024\/12\/07\/hazfpz-najavljuje-konferenciju-grad-po-mjeri-covjeka\/\">\n                                        \t                                            Pro\u010ditaj vi\u0161e                                        <\/a>\n                                                                    <\/div>\n                                                    <\/div><!-- .elementskit-post-body END -->\n                    <\/div>\n                \n            <\/div>\n                    <div class=\"col-lg-4 col-md-6\">\n\n                                    <div class=\"elementskit-post-image-card\">\n                        <div class=\"elementskit-entry-header\">\n                                                            <a href=\"https:\/\/haz.hr\/en\/2024\/12\/04\/hazpmf-najavljuje-dvodnevnu-konferenciju-ljepota-u-znanosti-sto-fascinira-hrvatske-znanstvenike\/\" class=\"elementskit-entry-thumb\">\n                                    <img decoding=\"async\" src=\"https:\/\/haz.hr\/wp-content\/uploads\/2024\/12\/Dizajn-bez-naslova-4-1-e1733344232778-768x427.png\" alt=\"HAZpmf najavljuje dvodnevnu konferenciju &#8220;Ljepota u znanosti: \u0161to fascinira hrvatske znanstvenike?&#8221;\">\n                                <\/a><!-- .elementskit-entry-thumb END -->\n                                                                                                    <div class=\"elementskit-meta-lists elementskit-style-tag\">\n                                        <div class=\"elementskit-single-meta triangle_left\"><span class=\"elementskit-meta-wraper\"><strong>04<\/strong>pro<\/span><\/div>\n                                    <\/div>\n                                                                                            \n                                                            <div class=\"elementskit-meta-categories\">\n                                    <span class=\"elementskit-meta-wraper\">\n                                        <span><a href=\"https:\/\/haz.hr\/en\/category\/haz-novosti\/\" rel=\"category tag\">HAZ novosti<\/a><\/span><span><a href=\"https:\/\/haz.hr\/en\/category\/haz-unizg\/\" rel=\"category tag\">HAZ UniZg novosti<\/a><\/span><span><a href=\"https:\/\/haz.hr\/en\/category\/hazpmf-novosti\/\" rel=\"category tag\">HAZpmf novosti<\/a><\/span>\n                                    <\/span>\n                                <\/div>\n                            \n\t\t\t\t\t\t\t\t\t\t\t\t\t<\/div><!-- .elementskit-entry-header END -->\n\n\t\t\t\t\t\t<div class=\"elementskit-post-body\">\n\t\t\t\t\t\t\t\n\t\t\t\t\t\t\t\t\t\t\t\t\t\t\t\t\t\t\t\t\t\t\t\t\t\t\t\t\t\t\n\t\t\t\t\t\t\t\t\n\t\t\t\t\t\t\t\t\t\t\t\t\t\t\t\t\t\t\t\t\t<h2 class=\"entry-title\">\n\t\t\t\t\t<a href=\"https:\/\/haz.hr\/en\/2024\/12\/04\/hazpmf-najavljuje-dvodnevnu-konferenciju-ljepota-u-znanosti-sto-fascinira-hrvatske-znanstvenike\/\">\n\t\t\t\t\t\tHAZpmf najavljuje dvodnevnu konferenciju &#8220;Ljepota u znanosti: \u0161to&hellip;\t\t\t\t\t<\/a>\n\t\t\t\t<\/h2>\n\t\t\t\t\t\t\t\t\t\t\t\t\t\t\t\t\t\t\t\t\t\t\t\t\t\t\t\t\t\t\t\t\t\t\t\t\t\t\t\t\t\t<p>Veliko nam je zadovoljstvo najaviti konferenciju &#8220;Ljepota u znanosti: \u0161to fascinira hrvatske znanstvenike?&#8221;, koju organiziraju studenti Molekularne biologije i Kemije&hellip;<\/p>\n\t\t\t\t\t\t\t\t\t\t\t\t\t\t\t\t\t\t\t\t\t\t                                                            <div class=\"btn-wraper\">\n                                    \n                                                                            <a class=\"elementskit-btn whitespace--normal\" id=\"\" href=\"https:\/\/haz.hr\/en\/2024\/12\/04\/hazpmf-najavljuje-dvodnevnu-konferenciju-ljepota-u-znanosti-sto-fascinira-hrvatske-znanstvenike\/\">\n                                        \t                                            Pro\u010ditaj vi\u0161e                                        <\/a>\n                                                                    <\/div>\n                                                    <\/div><!-- .elementskit-post-body END -->\n                    <\/div>\n                \n            <\/div>\n                    <div class=\"col-lg-4 col-md-6\">\n\n                                    <div class=\"elementskit-post-image-card\">\n                        <div class=\"elementskit-entry-header\">\n                                                            <a href=\"https:\/\/haz.hr\/en\/2024\/11\/30\/hazff-najavljuje-trece-izdanje-projekta-akademska-pismenost\/\" class=\"elementskit-entry-thumb\">\n                                    <img decoding=\"async\" src=\"https:\/\/haz.hr\/wp-content\/uploads\/2024\/11\/glavni-vizual-768x432.png\" alt=\"HAZff najavljuje tre\u0107e izdanje projekta Akademska pismenost\">\n                                <\/a><!-- .elementskit-entry-thumb END -->\n                                                                                                    <div class=\"elementskit-meta-lists elementskit-style-tag\">\n                                        <div class=\"elementskit-single-meta triangle_left\"><span class=\"elementskit-meta-wraper\"><strong>30<\/strong>stu<\/span><\/div>\n                                    <\/div>\n                                                                                            \n                                                            <div class=\"elementskit-meta-categories\">\n                                    <span class=\"elementskit-meta-wraper\">\n                                        <span><a href=\"https:\/\/haz.hr\/en\/category\/haz-novosti\/\" rel=\"category tag\">HAZ novosti<\/a><\/span><span><a href=\"https:\/\/haz.hr\/en\/category\/haz-unizg\/\" rel=\"category tag\">HAZ UniZg novosti<\/a><\/span>\n                                    <\/span>\n                                <\/div>\n                            \n\t\t\t\t\t\t\t\t\t\t\t\t\t<\/div><!-- .elementskit-entry-header END -->\n\n\t\t\t\t\t\t<div class=\"elementskit-post-body\">\n\t\t\t\t\t\t\t\n\t\t\t\t\t\t\t\t\t\t\t\t\t\t\t\t\t\t\t\t\t\t\t\t\t\t\t\t\t\t\n\t\t\t\t\t\t\t\t\n\t\t\t\t\t\t\t\t\t\t\t\t\t\t\t\t\t\t\t\t\t<h2 class=\"entry-title\">\n\t\t\t\t\t<a href=\"https:\/\/haz.hr\/en\/2024\/11\/30\/hazff-najavljuje-trece-izdanje-projekta-akademska-pismenost\/\">\n\t\t\t\t\t\tHAZff najavljuje tre\u0107e izdanje projekta Akademska pismenost\t\t\t\t\t<\/a>\n\t\t\t\t<\/h2>\n\t\t\t\t\t\t\t\t\t\t\t\t\t\t\t\t\t\t\t\t\t\t\t\t\t\t\t\t\t\t\t\t\t\t\t\t\t\t\t\t\t\t<p>Hrvatska akademska zajednica Filozofskog fakulteta Sveu\u010dili\u0161ta u Zagrebu s ponosom najavljuje tre\u0107e izdanje projekta Akademska pismenost, koji i ove godine&hellip;<\/p>\n\t\t\t\t\t\t\t\t\t\t\t\t\t\t\t\t\t\t\t\t\t\t                                                            <div class=\"btn-wraper\">\n                                    \n                                                                            <a class=\"elementskit-btn whitespace--normal\" id=\"\" href=\"https:\/\/haz.hr\/en\/2024\/11\/30\/hazff-najavljuje-trece-izdanje-projekta-akademska-pismenost\/\">\n                                        \t                                            Pro\u010ditaj vi\u0161e                                        <\/a>\n                                                                    <\/div>\n                                                    <\/div><!-- .elementskit-post-body END -->\n                    <\/div>\n                \n            <\/div>\n                    <div class=\"col-lg-4 col-md-6\">\n\n                                    <div class=\"elementskit-post-image-card\">\n                        <div class=\"elementskit-entry-header\">\n                                                            <a href=\"https:\/\/haz.hr\/en\/2024\/10\/22\/erasmusdays-to-go-mladima-otvorene-nove-prilike-kroz-erasmus-program-i-panel-diskusiju-o-buducnosti-europske-unije\/\" class=\"elementskit-entry-thumb\">\n                                    <img decoding=\"async\" src=\"https:\/\/haz.hr\/wp-content\/uploads\/2024\/10\/ER-768x768.jpg\" alt=\"ErasmusDays \u2013 TO GO: Mladima otvorene nove prilike kroz Erasmus+ program i panel-diskusiju o budu\u0107nosti Europske unije\">\n                                <\/a><!-- .elementskit-entry-thumb END -->\n                                                                                                    <div class=\"elementskit-meta-lists elementskit-style-tag\">\n                                        <div class=\"elementskit-single-meta triangle_left\"><span class=\"elementskit-meta-wraper\"><strong>22<\/strong>lis<\/span><\/div>\n                                    <\/div>\n                                                                                            \n                                                            <div class=\"elementskit-meta-categories\">\n                                    <span class=\"elementskit-meta-wraper\">\n                                        <span><a href=\"https:\/\/haz.hr\/en\/category\/haz-novosti\/\" rel=\"category tag\">HAZ novosti<\/a><\/span><span><a href=\"https:\/\/haz.hr\/en\/category\/haz-unizg\/\" rel=\"category tag\">HAZ UniZg novosti<\/a><\/span><span><a href=\"https:\/\/haz.hr\/en\/category\/uncategorized\/\" rel=\"category tag\">Uncategorized<\/a><\/span>\n                                    <\/span>\n                                <\/div>\n                            \n\t\t\t\t\t\t\t\t\t\t\t\t\t<\/div><!-- .elementskit-entry-header END -->\n\n\t\t\t\t\t\t<div class=\"elementskit-post-body\">\n\t\t\t\t\t\t\t\n\t\t\t\t\t\t\t\t\t\t\t\t\t\t\t\t\t\t\t\t\t\t\t\t\t\t\t\t\t\t\n\t\t\t\t\t\t\t\t\n\t\t\t\t\t\t\t\t\t\t\t\t\t\t\t\t\t\t\t\t\t<h2 class=\"entry-title\">\n\t\t\t\t\t<a href=\"https:\/\/haz.hr\/en\/2024\/10\/22\/erasmusdays-to-go-mladima-otvorene-nove-prilike-kroz-erasmus-program-i-panel-diskusiju-o-buducnosti-europske-unije\/\">\n\t\t\t\t\t\tErasmusDays \u2013 TO GO: Mladima otvorene nove prilike&hellip;\t\t\t\t\t<\/a>\n\t\t\t\t<\/h2>\n\t\t\t\t\t\t\t\t\t\t\t\t\t\t\t\t\t\t\t\t\t\t\t\t\t\t\t\t\t\t\t\t\t\t\t\t\t\t\t\t\t\t<p>Hrvatska akademska zajednica (HAZ) uspje\u0161no je organizirala projekt pod nazivom \u201eErasmusDays \u2013 TO GO\u201c u sklopu inicijative ErasmusDays. Projekt je&hellip;<\/p>\n\t\t\t\t\t\t\t\t\t\t\t\t\t\t\t\t\t\t\t\t\t\t                                                            <div class=\"btn-wraper\">\n                                    \n                                                                            <a class=\"elementskit-btn whitespace--normal\" id=\"\" href=\"https:\/\/haz.hr\/en\/2024\/10\/22\/erasmusdays-to-go-mladima-otvorene-nove-prilike-kroz-erasmus-program-i-panel-diskusiju-o-buducnosti-europske-unije\/\">\n                                        \t                                            Pro\u010ditaj vi\u0161e                                        <\/a>\n                                                                    <\/div>\n                                                    <\/div><!-- .elementskit-post-body END -->\n                    <\/div>\n                \n            <\/div>\n                    <div class=\"col-lg-4 col-md-6\">\n\n                                    <div class=\"elementskit-post-image-card\">\n                        <div class=\"elementskit-entry-header\">\n                                                            <a href=\"https:\/\/haz.hr\/en\/2024\/02\/01\/izvjestaj-s-financijske-akademije\/\" class=\"elementskit-entry-thumb\">\n                                    <img decoding=\"async\" src=\"https:\/\/haz.hr\/wp-content\/uploads\/2024\/02\/WhatsApp-Image-2024-01-23-at-15.50.24-3-768x576.jpeg\" alt=\"Izvje\u0161taj s Financijske akademije\">\n                                <\/a><!-- .elementskit-entry-thumb END -->\n                                                                                                    <div class=\"elementskit-meta-lists elementskit-style-tag\">\n                                        <div class=\"elementskit-single-meta triangle_left\"><span class=\"elementskit-meta-wraper\"><strong>01<\/strong>velj<\/span><\/div>\n                                    <\/div>\n                                                                                            \n                                                            <div class=\"elementskit-meta-categories\">\n                                    <span class=\"elementskit-meta-wraper\">\n                                        <span><a href=\"https:\/\/haz.hr\/en\/category\/haz-novosti\/\" rel=\"category tag\">HAZ novosti<\/a><\/span><span><a href=\"https:\/\/haz.hr\/en\/category\/haz-unizg\/\" rel=\"category tag\">HAZ UniZg novosti<\/a><\/span><span><a href=\"https:\/\/haz.hr\/en\/category\/haz-unizg\/hazef-novosti\/\" rel=\"category tag\">HAZef novosti<\/a><\/span>\n                                    <\/span>\n                                <\/div>\n                            \n\t\t\t\t\t\t\t\t\t\t\t\t\t<\/div><!-- .elementskit-entry-header END -->\n\n\t\t\t\t\t\t<div class=\"elementskit-post-body\">\n\t\t\t\t\t\t\t\n\t\t\t\t\t\t\t\t\t\t\t\t\t\t\t\t\t\t\t\t\t\t\t\t\t\t\t\t\t\t\n\t\t\t\t\t\t\t\t\n\t\t\t\t\t\t\t\t\t\t\t\t\t\t\t\t\t\t\t\t\t<h2 class=\"entry-title\">\n\t\t\t\t\t<a href=\"https:\/\/haz.hr\/en\/2024\/02\/01\/izvjestaj-s-financijske-akademije\/\">\n\t\t\t\t\t\tIzvje\u0161taj s Financijske akademije\t\t\t\t\t<\/a>\n\t\t\t\t<\/h2>\n\t\t\t\t\t\t\t\t\t\t\t\t\t\t\t\t\t\t\t\t\t\t\t\t\t\t\t\t\t\t\t\t\t\t\t\t\t\t\t\t\t\t<p>U \u010detvrtak,&nbsp;11. sije\u010dnja 2024. na Ekonomskom fakultetu u Zagrebu, ogranak Hrvatske akademske zajednice na Ekonomskom fakultetu&nbsp;odr\u017eao je&nbsp;tre\u0107e izdanje&nbsp;projekta&nbsp;Financijska akademija. Cilj&hellip;<\/p>\n\t\t\t\t\t\t\t\t\t\t\t\t\t\t\t\t\t\t\t\t\t\t                                                            <div class=\"btn-wraper\">\n                                    \n                                                                            <a class=\"elementskit-btn whitespace--normal\" id=\"\" href=\"https:\/\/haz.hr\/en\/2024\/02\/01\/izvjestaj-s-financijske-akademije\/\">\n                                        \t                                            Pro\u010ditaj vi\u0161e                                        <\/a>\n                                                                    <\/div>\n                                                    <\/div><!-- .elementskit-post-body END -->\n                    <\/div>\n                \n            <\/div>\n                    <div class=\"col-lg-4 col-md-6\">\n\n                                    <div class=\"elementskit-post-image-card\">\n                        <div class=\"elementskit-entry-header\">\n                                                            <a href=\"https:\/\/haz.hr\/en\/2024\/01\/08\/vjestine-buducnosti-sto-poslodavci-danasnjice-traze-u-zaposlenicima-sutrasnjice\/\" class=\"elementskit-entry-thumb\">\n                                    <img decoding=\"async\" src=\"https:\/\/haz.hr\/wp-content\/uploads\/2024\/01\/Mazars-2-768x512.jpg\" alt=\"Vje\u0161tine budu\u0107nosti: \u0161to poslodavci dana\u0161njice tra\u017ee u zaposlenicima sutra\u0161njice\">\n                                <\/a><!-- .elementskit-entry-thumb END -->\n                                                                                                    <div class=\"elementskit-meta-lists elementskit-style-tag\">\n                                        <div class=\"elementskit-single-meta triangle_left\"><span class=\"elementskit-meta-wraper\"><strong>08<\/strong>sij<\/span><\/div>\n                                    <\/div>\n                                                                                            \n                                                            <div class=\"elementskit-meta-categories\">\n                                    <span class=\"elementskit-meta-wraper\">\n                                        <span><a href=\"https:\/\/haz.hr\/en\/category\/haz-novosti\/\" rel=\"category tag\">HAZ novosti<\/a><\/span><span><a href=\"https:\/\/haz.hr\/en\/category\/haz-unizg\/\" rel=\"category tag\">HAZ UniZg novosti<\/a><\/span><span><a href=\"https:\/\/haz.hr\/en\/category\/haz-unizg\/hazef-novosti\/\" rel=\"category tag\">HAZef novosti<\/a><\/span>\n                                    <\/span>\n                                <\/div>\n                            \n\t\t\t\t\t\t\t\t\t\t\t\t\t<\/div><!-- .elementskit-entry-header END -->\n\n\t\t\t\t\t\t<div class=\"elementskit-post-body\">\n\t\t\t\t\t\t\t\n\t\t\t\t\t\t\t\t\t\t\t\t\t\t\t\t\t\t\t\t\t\t\t\t\t\t\t\t\t\t\n\t\t\t\t\t\t\t\t\n\t\t\t\t\t\t\t\t\t\t\t\t\t\t\t\t\t\t\t\t\t<h2 class=\"entry-title\">\n\t\t\t\t\t<a href=\"https:\/\/haz.hr\/en\/2024\/01\/08\/vjestine-buducnosti-sto-poslodavci-danasnjice-traze-u-zaposlenicima-sutrasnjice\/\">\n\t\t\t\t\t\tVje\u0161tine budu\u0107nosti: \u0161to poslodavci dana\u0161njice tra\u017ee u zaposlenicima&hellip;\t\t\t\t\t<\/a>\n\t\t\t\t<\/h2>\n\t\t\t\t\t\t\t\t\t\t\t\t\t\t\t\t\t\t\t\t\t\t\t\t\t\t\t\t\t\t\t\t\t\t\t\t\t\t\t\t\t\t<p>Ana Talaji\u0107, menad\u017eerica u HR odjelu Mazarsa s nama je podijelila \u0161to to razlikuje najbolje kandidate i kako su se&hellip;<\/p>\n\t\t\t\t\t\t\t\t\t\t\t\t\t\t\t\t\t\t\t\t\t\t                                                            <div class=\"btn-wraper\">\n                                    \n                                                                            <a class=\"elementskit-btn whitespace--normal\" id=\"\" href=\"https:\/\/haz.hr\/en\/2024\/01\/08\/vjestine-buducnosti-sto-poslodavci-danasnjice-traze-u-zaposlenicima-sutrasnjice\/\">\n                                        \t                                            Pro\u010ditaj vi\u0161e                                        <\/a>\n                                                                    <\/div>\n                                                    <\/div><!-- .elementskit-post-body END -->\n                    <\/div>\n                \n            <\/div>\n                    <div class=\"col-lg-4 col-md-6\">\n\n                                    <div class=\"elementskit-post-image-card\">\n                        <div class=\"elementskit-entry-header\">\n                                                            <a href=\"https:\/\/haz.hr\/en\/2024\/01\/08\/povratak-financijske-akademije\/\" class=\"elementskit-entry-thumb\">\n                                    <img decoding=\"async\" src=\"https:\/\/haz.hr\/wp-content\/uploads\/2024\/01\/WhatsApp-Image-2024-01-08-at-01.07.57-768x768.jpeg\" alt=\"Povratak Financijske akademije!\">\n                                <\/a><!-- .elementskit-entry-thumb END -->\n                                                                                                    <div class=\"elementskit-meta-lists elementskit-style-tag\">\n                                        <div class=\"elementskit-single-meta triangle_left\"><span class=\"elementskit-meta-wraper\"><strong>08<\/strong>sij<\/span><\/div>\n                                    <\/div>\n                                                                                            \n                                                            <div class=\"elementskit-meta-categories\">\n                                    <span class=\"elementskit-meta-wraper\">\n                                        <span><a href=\"https:\/\/haz.hr\/en\/category\/haz-novosti\/\" rel=\"category tag\">HAZ novosti<\/a><\/span><span><a href=\"https:\/\/haz.hr\/en\/category\/haz-unizg\/\" rel=\"category tag\">HAZ UniZg novosti<\/a><\/span><span><a href=\"https:\/\/haz.hr\/en\/category\/haz-unizg\/hazef-novosti\/\" rel=\"category tag\">HAZef novosti<\/a><\/span>\n                                    <\/span>\n                                <\/div>\n                            \n\t\t\t\t\t\t\t\t\t\t\t\t\t<\/div><!-- .elementskit-entry-header END -->\n\n\t\t\t\t\t\t<div class=\"elementskit-post-body\">\n\t\t\t\t\t\t\t\n\t\t\t\t\t\t\t\t\t\t\t\t\t\t\t\t\t\t\t\t\t\t\t\t\t\t\t\t\t\t\n\t\t\t\t\t\t\t\t\n\t\t\t\t\t\t\t\t\t\t\t\t\t\t\t\t\t\t\t\t\t<h2 class=\"entry-title\">\n\t\t\t\t\t<a href=\"https:\/\/haz.hr\/en\/2024\/01\/08\/povratak-financijske-akademije\/\">\n\t\t\t\t\t\tPovratak Financijske akademije!\t\t\t\t\t<\/a>\n\t\t\t\t<\/h2>\n\t\t\t\t\t\t\t\t\t\t\t\t\t\t\t\t\t\t\t\t\t\t\t\t\t\t\t\t\t\t\t\t\t\t\t\t\t\t\t\t\t\t<p>Hrvatska akademska zajednica\u00a0Ekonomskog fakulteta najavljuje tre\u0107e izdanje\u00a0Financijske akademije,\u00a0te donosi\u00a0visoko kvalificirane predava\u010de iz raznih sektora bankarskog svijeta, fintecha i financijskih institucija&hellip;<\/p>\n\t\t\t\t\t\t\t\t\t\t\t\t\t\t\t\t\t\t\t\t\t\t                                                            <div class=\"btn-wraper\">\n                                    \n                                                                            <a class=\"elementskit-btn whitespace--normal\" id=\"\" href=\"https:\/\/haz.hr\/en\/2024\/01\/08\/povratak-financijske-akademije\/\">\n                                        \t                                            Pro\u010ditaj vi\u0161e                                        <\/a>\n                                                                    <\/div>\n                                                    <\/div><!-- .elementskit-post-body END -->\n                    <\/div>\n                \n            <\/div>\n                    <div class=\"col-lg-4 col-md-6\">\n\n                                    <div class=\"elementskit-post-image-card\">\n                        <div class=\"elementskit-entry-header\">\n                                                            <a href=\"https:\/\/haz.hr\/en\/2024\/01\/03\/izvjestaj-s-investicijske-akademije\/\" class=\"elementskit-entry-thumb\">\n                                    <img decoding=\"async\" src=\"https:\/\/haz.hr\/wp-content\/uploads\/2024\/01\/4e91ab49-e48d-4fe9-a4d0-ba8db644b32c-768x576.jpg\" alt=\"Izvje\u0161taj s Investicijske akademije\">\n                                <\/a><!-- .elementskit-entry-thumb END -->\n                                                                                                    <div class=\"elementskit-meta-lists elementskit-style-tag\">\n                                        <div class=\"elementskit-single-meta triangle_left\"><span class=\"elementskit-meta-wraper\"><strong>03<\/strong>sij<\/span><\/div>\n                                    <\/div>\n                                                                                            \n                                                            <div class=\"elementskit-meta-categories\">\n                                    <span class=\"elementskit-meta-wraper\">\n                                        <span><a href=\"https:\/\/haz.hr\/en\/category\/haz-novosti\/\" rel=\"category tag\">HAZ novosti<\/a><\/span><span><a href=\"https:\/\/haz.hr\/en\/category\/haz-unizg\/hazef-novosti\/\" rel=\"category tag\">HAZef novosti<\/a><\/span>\n                                    <\/span>\n                                <\/div>\n                            \n\t\t\t\t\t\t\t\t\t\t\t\t\t<\/div><!-- .elementskit-entry-header END -->\n\n\t\t\t\t\t\t<div class=\"elementskit-post-body\">\n\t\t\t\t\t\t\t\n\t\t\t\t\t\t\t\t\t\t\t\t\t\t\t\t\t\t\t\t\t\t\t\t\t\t\t\t\t\t\n\t\t\t\t\t\t\t\t\n\t\t\t\t\t\t\t\t\t\t\t\t\t\t\t\t\t\t\t\t\t<h2 class=\"entry-title\">\n\t\t\t\t\t<a href=\"https:\/\/haz.hr\/en\/2024\/01\/03\/izvjestaj-s-investicijske-akademije\/\">\n\t\t\t\t\t\tIzvje\u0161taj s Investicijske akademije\t\t\t\t\t<\/a>\n\t\t\t\t<\/h2>\n\t\t\t\t\t\t\t\t\t\t\t\t\t\t\t\t\t\t\t\t\t\t\t\t\t\t\t\t\t\t\t\t\t\t\t\t\t\t\t\t\t\t<p>U \u010detvrtak,\u00a014. prosinca 2023. na Ekonomskom fakultetu u Zagrebu,\u00a0ogranak Hrvatske akademske zajednice na Ekonomskom fakultetu\u00a0odr\u017eao je\u00a0drugo po redu izdanje projekta\u00a0Investicijska&hellip;<\/p>\n\t\t\t\t\t\t\t\t\t\t\t\t\t\t\t\t\t\t\t\t\t\t                                                            <div class=\"btn-wraper\">\n                                    \n                                                                            <a class=\"elementskit-btn whitespace--normal\" id=\"\" href=\"https:\/\/haz.hr\/en\/2024\/01\/03\/izvjestaj-s-investicijske-akademije\/\">\n                                        \t                                            Pro\u010ditaj vi\u0161e                                        <\/a>\n                                                                    <\/div>\n                                                    <\/div><!-- .elementskit-post-body END -->\n                    <\/div>\n                \n            <\/div>\n                    <div class=\"col-lg-4 col-md-6\">\n\n                                    <div class=\"elementskit-post-image-card\">\n                        <div class=\"elementskit-entry-header\">\n                                                            <a href=\"https:\/\/haz.hr\/en\/2023\/12\/12\/vrijeme-je-za-investicijsku-akademiju\/\" class=\"elementskit-entry-thumb\">\n                                    <img decoding=\"async\" src=\"https:\/\/haz.hr\/wp-content\/uploads\/2023\/12\/investicijska-akademija-najavni-vizual-za-online-768x432.png\" alt=\"Vrijeme je za Investicijsku akademiju !\">\n                                <\/a><!-- .elementskit-entry-thumb END -->\n                                                                                                    <div class=\"elementskit-meta-lists elementskit-style-tag\">\n                                        <div class=\"elementskit-single-meta triangle_left\"><span class=\"elementskit-meta-wraper\"><strong>12<\/strong>pro<\/span><\/div>\n                                    <\/div>\n                                                                                            \n                                                            <div class=\"elementskit-meta-categories\">\n                                    <span class=\"elementskit-meta-wraper\">\n                                        <span><a href=\"https:\/\/haz.hr\/en\/category\/haz-novosti\/\" rel=\"category tag\">HAZ novosti<\/a><\/span><span><a href=\"https:\/\/haz.hr\/en\/category\/haz-unizg\/\" rel=\"category tag\">HAZ UniZg novosti<\/a><\/span><span><a href=\"https:\/\/haz.hr\/en\/category\/haz-unizg\/hazef-novosti\/\" rel=\"category tag\">HAZef novosti<\/a><\/span>\n                                    <\/span>\n                                <\/div>\n                            \n\t\t\t\t\t\t\t\t\t\t\t\t\t<\/div><!-- .elementskit-entry-header END -->\n\n\t\t\t\t\t\t<div class=\"elementskit-post-body\">\n\t\t\t\t\t\t\t\n\t\t\t\t\t\t\t\t\t\t\t\t\t\t\t\t\t\t\t\t\t\t\t\t\t\t\t\t\t\t\n\t\t\t\t\t\t\t\t\n\t\t\t\t\t\t\t\t\t\t\t\t\t\t\t\t\t\t\t\t\t<h2 class=\"entry-title\">\n\t\t\t\t\t<a href=\"https:\/\/haz.hr\/en\/2023\/12\/12\/vrijeme-je-za-investicijsku-akademiju\/\">\n\t\t\t\t\t\tVrijeme je za Investicijsku akademiju !\t\t\t\t\t<\/a>\n\t\t\t\t<\/h2>\n\t\t\t\t\t\t\t\t\t\t\t\t\t\t\t\t\t\t\t\t\t\t\t\t\t\t\t\t\t\t\t\t\t\t\t\t\t\t\t\t\t\t<p>Hrvatska akademska zajednica\u00a0Ekonomskog fakulteta s ponosom najavljuje novo izdanje\u00a0Investicijske akademije\u00a0koja pru\u017ea priliku u potpuno novi pogled na ulaganja, tr\u017ei\u0161te nekretnina,&hellip;<\/p>\n\t\t\t\t\t\t\t\t\t\t\t\t\t\t\t\t\t\t\t\t\t\t                                                            <div class=\"btn-wraper\">\n                                    \n                                                                            <a class=\"elementskit-btn whitespace--normal\" id=\"\" href=\"https:\/\/haz.hr\/en\/2023\/12\/12\/vrijeme-je-za-investicijsku-akademiju\/\">\n                                        \t                                            Pro\u010ditaj vi\u0161e                                        <\/a>\n                                                                    <\/div>\n                                                    <\/div><!-- .elementskit-post-body END -->\n                    <\/div>\n                \n            <\/div>\n                    <div class=\"col-lg-4 col-md-6\">\n\n                                    <div class=\"elementskit-post-image-card\">\n                        <div class=\"elementskit-entry-header\">\n                                                            <a href=\"https:\/\/haz.hr\/en\/2023\/05\/16\/odlicna-atmosfera-na-poduzetnickoj-akademiji\/\" class=\"elementskit-entry-thumb\">\n                                    <img decoding=\"async\" src=\"https:\/\/haz.hr\/wp-content\/uploads\/2023\/05\/1-37-768x512.jpg\" alt=\"Odli\u010dna atmosfera na Poduzetni\u010dkoj akademiji\">\n                                <\/a><!-- .elementskit-entry-thumb END -->\n                                                                                                    <div class=\"elementskit-meta-lists elementskit-style-tag\">\n                                        <div class=\"elementskit-single-meta triangle_left\"><span class=\"elementskit-meta-wraper\"><strong>16<\/strong>svi<\/span><\/div>\n                                    <\/div>\n                                                                                            \n                                                            <div class=\"elementskit-meta-categories\">\n                                    <span class=\"elementskit-meta-wraper\">\n                                        <span><a href=\"https:\/\/haz.hr\/en\/category\/haz-novosti\/\" rel=\"category tag\">HAZ novosti<\/a><\/span><span><a href=\"https:\/\/haz.hr\/en\/category\/haz-unizg\/hazef-novosti\/\" rel=\"category tag\">HAZef novosti<\/a><\/span>\n                                    <\/span>\n                                <\/div>\n                            \n\t\t\t\t\t\t\t\t\t\t\t\t\t<\/div><!-- .elementskit-entry-header END -->\n\n\t\t\t\t\t\t<div class=\"elementskit-post-body\">\n\t\t\t\t\t\t\t\n\t\t\t\t\t\t\t\t\t\t\t\t\t\t\t\t\t\t\t\t\t\t\t\t\t\t\t\t\t\t\n\t\t\t\t\t\t\t\t\n\t\t\t\t\t\t\t\t\t\t\t\t\t\t\t\t\t\t\t\t\t<h2 class=\"entry-title\">\n\t\t\t\t\t<a href=\"https:\/\/haz.hr\/en\/2023\/05\/16\/odlicna-atmosfera-na-poduzetnickoj-akademiji\/\">\n\t\t\t\t\t\tOdli\u010dna atmosfera na Poduzetni\u010dkoj akademiji\t\t\t\t\t<\/a>\n\t\t\t\t<\/h2>\n\t\t\t\t\t\t\t\t\t\t\t\t\t\t\t\t\t\t\t\t\t\t\t\t\t\t\t\t\t\t\t\t\t\t\t\t\t\t\t\t\t\t<p>U petak, 12. svibnja 2023. na Ekonomskom fakultetu u Zagrebu, ogranak Hrvatske akademske zajednice na Ekonomskom fakultetu odr\u017eao je posljednju&hellip;<\/p>\n\t\t\t\t\t\t\t\t\t\t\t\t\t\t\t\t\t\t\t\t\t\t                                                            <div class=\"btn-wraper\">\n                                    \n                                                                            <a class=\"elementskit-btn whitespace--normal\" id=\"\" href=\"https:\/\/haz.hr\/en\/2023\/05\/16\/odlicna-atmosfera-na-poduzetnickoj-akademiji\/\">\n                                        \t                                            Pro\u010ditaj vi\u0161e                                        <\/a>\n                                                                    <\/div>\n                                                    <\/div><!-- .elementskit-post-body END -->\n                    <\/div>\n                \n            <\/div>\n                    <div class=\"col-lg-4 col-md-6\">\n\n                                    <div class=\"elementskit-post-image-card\">\n                        <div class=\"elementskit-entry-header\">\n                                                            <a href=\"https:\/\/haz.hr\/en\/2023\/05\/11\/projekt-haz-unizg-uspjeh-u-fokusu\/\" class=\"elementskit-entry-thumb\">\n                                    <img decoding=\"async\" src=\"https:\/\/haz.hr\/wp-content\/uploads\/2023\/05\/WhatsApp-Image-2023-05-11-at-11.13.00-768x768.jpeg\" alt=\"Projekt HAZ UniZg: Uspjeh u fokusu\">\n                                <\/a><!-- .elementskit-entry-thumb END -->\n                                                                                                    <div class=\"elementskit-meta-lists elementskit-style-tag\">\n                                        <div class=\"elementskit-single-meta triangle_left\"><span class=\"elementskit-meta-wraper\"><strong>11<\/strong>svi<\/span><\/div>\n                                    <\/div>\n                                                                                            \n                                                            <div class=\"elementskit-meta-categories\">\n                                    <span class=\"elementskit-meta-wraper\">\n                                        <span><a href=\"https:\/\/haz.hr\/en\/category\/haz-novosti\/\" rel=\"category tag\">HAZ novosti<\/a><\/span><span><a href=\"https:\/\/haz.hr\/en\/category\/haz-unizg\/\" rel=\"category tag\">HAZ UniZg novosti<\/a><\/span>\n                                    <\/span>\n                                <\/div>\n                            \n\t\t\t\t\t\t\t\t\t\t\t\t\t<\/div><!-- .elementskit-entry-header END -->\n\n\t\t\t\t\t\t<div class=\"elementskit-post-body\">\n\t\t\t\t\t\t\t\n\t\t\t\t\t\t\t\t\t\t\t\t\t\t\t\t\t\t\t\t\t\t\t\t\t\t\t\t\t\t\n\t\t\t\t\t\t\t\t\n\t\t\t\t\t\t\t\t\t\t\t\t\t\t\t\t\t\t\t\t\t<h2 class=\"entry-title\">\n\t\t\t\t\t<a href=\"https:\/\/haz.hr\/en\/2023\/05\/11\/projekt-haz-unizg-uspjeh-u-fokusu\/\">\n\t\t\t\t\t\tProjekt HAZ UniZg: Uspjeh u fokusu\t\t\t\t\t<\/a>\n\t\t\t\t<\/h2>\n\t\t\t\t\t\t\t\t\t\t\t\t\t\t\t\t\t\t\t\t\t\t\t\t\t\t\t\t\t\t\t\t\t\t\t\t\t\t\t\t\t\t<p>Hrvatska akademska zajednica Sveu\u010dili\u0161ta u Zagrebu priprema zanimljivu konferenciju Uspjeh u fokusu te donosi informacije i savjete o tome kako&hellip;<\/p>\n\t\t\t\t\t\t\t\t\t\t\t\t\t\t\t\t\t\t\t\t\t\t                                                            <div class=\"btn-wraper\">\n                                    \n                                                                            <a class=\"elementskit-btn whitespace--normal\" id=\"\" href=\"https:\/\/haz.hr\/en\/2023\/05\/11\/projekt-haz-unizg-uspjeh-u-fokusu\/\">\n                                        \t                                            Pro\u010ditaj vi\u0161e                                        <\/a>\n                                                                    <\/div>\n                                                    <\/div><!-- .elementskit-post-body END -->\n                    <\/div>\n                \n            <\/div>\n                    <div class=\"col-lg-4 col-md-6\">\n\n                                    <div class=\"elementskit-post-image-card\">\n                        <div class=\"elementskit-entry-header\">\n                                                            <a href=\"https:\/\/haz.hr\/en\/2023\/04\/26\/odrzan-projekt-hazef-x-mazars-e-s-i-g-od-teorije-do-prakse\/\" class=\"elementskit-entry-thumb\">\n                                    <img decoding=\"async\" src=\"https:\/\/haz.hr\/wp-content\/uploads\/2023\/04\/e3a92e3d-422b-4259-856f-fc788c703291-768x576.jpg\" alt=\"Odr\u017ean projekt HAZef X Mazars &#8211; \u201eE, S I G: Od teorije do prakse\u201c\">\n                                <\/a><!-- .elementskit-entry-thumb END -->\n                                                                                                    <div class=\"elementskit-meta-lists elementskit-style-tag\">\n                                        <div class=\"elementskit-single-meta triangle_left\"><span class=\"elementskit-meta-wraper\"><strong>26<\/strong>tra<\/span><\/div>\n                                    <\/div>\n                                                                                            \n                                                            <div class=\"elementskit-meta-categories\">\n                                    <span class=\"elementskit-meta-wraper\">\n                                        <span><a href=\"https:\/\/haz.hr\/en\/category\/haz-novosti\/\" rel=\"category tag\">HAZ novosti<\/a><\/span><span><a href=\"https:\/\/haz.hr\/en\/category\/haz-unizg\/hazef-novosti\/\" rel=\"category tag\">HAZef novosti<\/a><\/span>\n                                    <\/span>\n                                <\/div>\n                            \n\t\t\t\t\t\t\t\t\t\t\t\t\t<\/div><!-- .elementskit-entry-header END -->\n\n\t\t\t\t\t\t<div class=\"elementskit-post-body\">\n\t\t\t\t\t\t\t\n\t\t\t\t\t\t\t\t\t\t\t\t\t\t\t\t\t\t\t\t\t\t\t\t\t\t\t\t\t\t\n\t\t\t\t\t\t\t\t\n\t\t\t\t\t\t\t\t\t\t\t\t\t\t\t\t\t\t\t\t\t<h2 class=\"entry-title\">\n\t\t\t\t\t<a href=\"https:\/\/haz.hr\/en\/2023\/04\/26\/odrzan-projekt-hazef-x-mazars-e-s-i-g-od-teorije-do-prakse\/\">\n\t\t\t\t\t\tOdr\u017ean projekt HAZef X Mazars &#8211; \u201eE, S&hellip;\t\t\t\t\t<\/a>\n\t\t\t\t<\/h2>\n\t\t\t\t\t\t\t\t\t\t\t\t\t\t\t\t\t\t\t\t\t\t\t\t\t\t\t\t\t\t\t\t\t\t\t\t\t\t\t\t\t\t<p>U sklopu Hrvatske akademske zajednice na Ekonomskom fakultetu u Zagrebu (HAZef) i tvrtke Mazars, 20. travnja 2023. godine organiziran je&nbsp;jednodnevni&hellip;<\/p>\n\t\t\t\t\t\t\t\t\t\t\t\t\t\t\t\t\t\t\t\t\t\t                                                            <div class=\"btn-wraper\">\n                                    \n                                                                            <a class=\"elementskit-btn whitespace--normal\" id=\"\" href=\"https:\/\/haz.hr\/en\/2023\/04\/26\/odrzan-projekt-hazef-x-mazars-e-s-i-g-od-teorije-do-prakse\/\">\n                                        \t                                            Pro\u010ditaj vi\u0161e                                        <\/a>\n                                                                    <\/div>\n                                                    <\/div><!-- .elementskit-post-body END -->\n                    <\/div>\n                \n            <\/div>\n                    <div class=\"col-lg-4 col-md-6\">\n\n                                    <div class=\"elementskit-post-image-card\">\n                        <div class=\"elementskit-entry-header\">\n                                                            <a href=\"https:\/\/haz.hr\/en\/2023\/03\/05\/odrzan-xiii-sabor-hrvatske-akademske-zajednice\/\" class=\"elementskit-entry-thumb\">\n                                    <img decoding=\"async\" src=\"https:\/\/haz.hr\/wp-content\/uploads\/2023\/03\/Grupna-fotografija-izaslanika-Sabora-Hrvatske-akademske-zajednice-768x471.jpg\" alt=\"Odr\u017ean XIII. Sabor Hrvatske akademske zajednice\">\n                                <\/a><!-- .elementskit-entry-thumb END -->\n                                                                                                    <div class=\"elementskit-meta-lists elementskit-style-tag\">\n                                        <div class=\"elementskit-single-meta triangle_left\"><span class=\"elementskit-meta-wraper\"><strong>05<\/strong>o\u017eu<\/span><\/div>\n                                    <\/div>\n                                                                                            \n                                                            <div class=\"elementskit-meta-categories\">\n                                    <span class=\"elementskit-meta-wraper\">\n                                        <span><a href=\"https:\/\/haz.hr\/en\/category\/haz-novosti\/\" rel=\"category tag\">HAZ novosti<\/a><\/span><span><a href=\"https:\/\/haz.hr\/en\/category\/uncategorized\/\" rel=\"category tag\">Uncategorized<\/a><\/span>\n                                    <\/span>\n                                <\/div>\n                            \n\t\t\t\t\t\t\t\t\t\t\t\t\t<\/div><!-- .elementskit-entry-header END -->\n\n\t\t\t\t\t\t<div class=\"elementskit-post-body\">\n\t\t\t\t\t\t\t\n\t\t\t\t\t\t\t\t\t\t\t\t\t\t\t\t\t\t\t\t\t\t\t\t\t\t\t\t\t\t\n\t\t\t\t\t\t\t\t\n\t\t\t\t\t\t\t\t\t\t\t\t\t\t\t\t\t\t\t\t\t<h2 class=\"entry-title\">\n\t\t\t\t\t<a href=\"https:\/\/haz.hr\/en\/2023\/03\/05\/odrzan-xiii-sabor-hrvatske-akademske-zajednice\/\">\n\t\t\t\t\t\tOdr\u017ean XIII. Sabor Hrvatske akademske zajednice\t\t\t\t\t<\/a>\n\t\t\t\t<\/h2>\n\t\t\t\t\t\t\t\t\t\t\t\t\t\t\t\t\t\t\t\t\t\t\t\t\t\t\t\t\t\t\t\t\t\t\t\t\t\t\t\t\t\t<p>Hrvatska akademska zajednica odr\u017eala je XIII. Sabor na Ekonomskom fakultetu Sveu\u010dili\u0161ta u Zagrebu, mjestu gdje je ova zajednica i osnovana&hellip;<\/p>\n\t\t\t\t\t\t\t\t\t\t\t\t\t\t\t\t\t\t\t\t\t\t                                                            <div class=\"btn-wraper\">\n                                    \n                                                                            <a class=\"elementskit-btn whitespace--normal\" id=\"\" href=\"https:\/\/haz.hr\/en\/2023\/03\/05\/odrzan-xiii-sabor-hrvatske-akademske-zajednice\/\">\n                                        \t                                            Pro\u010ditaj vi\u0161e                                        <\/a>\n                                                                    <\/div>\n                                                    <\/div><!-- .elementskit-post-body END -->\n                    <\/div>\n                \n            <\/div>\n                    <div class=\"col-lg-4 col-md-6\">\n\n                                    <div class=\"elementskit-post-image-card\">\n                        <div class=\"elementskit-entry-header\">\n                                                            <a href=\"https:\/\/haz.hr\/en\/2022\/10\/11\/haz-hss-akademija-2022-the-position-of-youth-in-the-future-eu-labor-market-split-30-rujan-2-listopad-2022\/\" class=\"elementskit-entry-thumb\">\n                                    <img decoding=\"async\" src=\"https:\/\/haz.hr\/wp-content\/uploads\/2022\/10\/IMG-20220930-WA0018-300x169-1.jpg\" alt=\"HAZ &#038; HSS Akademija 2022. The position of youth in the future EU labor market Split, 30. rujan \u2013 2. listopad 2022.\">\n                                <\/a><!-- .elementskit-entry-thumb END -->\n                                                                                                    <div class=\"elementskit-meta-lists elementskit-style-tag\">\n                                        <div class=\"elementskit-single-meta triangle_left\"><span class=\"elementskit-meta-wraper\"><strong>11<\/strong>lis<\/span><\/div>\n                                    <\/div>\n                                                                                            \n                                                            <div class=\"elementskit-meta-categories\">\n                                    <span class=\"elementskit-meta-wraper\">\n                                        <span><a href=\"https:\/\/haz.hr\/en\/category\/haz-novosti\/\" rel=\"category tag\">HAZ novosti<\/a><\/span>\n                                    <\/span>\n                                <\/div>\n                            \n\t\t\t\t\t\t\t\t\t\t\t\t\t<\/div><!-- .elementskit-entry-header END -->\n\n\t\t\t\t\t\t<div class=\"elementskit-post-body\">\n\t\t\t\t\t\t\t\n\t\t\t\t\t\t\t\t\t\t\t\t\t\t\t\t\t\t\t\t\t\t\t\t\t\t\t\t\t\t\n\t\t\t\t\t\t\t\t\n\t\t\t\t\t\t\t\t\t\t\t\t\t\t\t\t\t\t\t\t\t<h2 class=\"entry-title\">\n\t\t\t\t\t<a href=\"https:\/\/haz.hr\/en\/2022\/10\/11\/haz-hss-akademija-2022-the-position-of-youth-in-the-future-eu-labor-market-split-30-rujan-2-listopad-2022\/\">\n\t\t\t\t\t\tHAZ &#038; HSS Akademija 2022. The position of&hellip;\t\t\t\t\t<\/a>\n\t\t\t\t<\/h2>\n\t\t\t\t\t\t\t\t\t\t\t\t\t\t\t\t\t\t\t\t\t\t\t\t\t\t\t\t\t\t\t\t\t\t\t\t\t\t\t\t\t\t<p>Hrvatska akademska zajednica i Ured Zaklade Hanns Seidel Stiftung u Hrvatskoj organizirali su, sada ve\u0107 tradicionalnu, Akademiju u Splitu i&hellip;<\/p>\n\t\t\t\t\t\t\t\t\t\t\t\t\t\t\t\t\t\t\t\t\t\t                                                            <div class=\"btn-wraper\">\n                                    \n                                                                            <a class=\"elementskit-btn whitespace--normal\" id=\"\" href=\"https:\/\/haz.hr\/en\/2022\/10\/11\/haz-hss-akademija-2022-the-position-of-youth-in-the-future-eu-labor-market-split-30-rujan-2-listopad-2022\/\">\n                                        \t                                            Pro\u010ditaj vi\u0161e                                        <\/a>\n                                                                    <\/div>\n                                                    <\/div><!-- .elementskit-post-body END -->\n                    <\/div>\n                \n            <\/div>\n                    <div class=\"col-lg-4 col-md-6\">\n\n                                    <div class=\"elementskit-post-image-card\">\n                        <div class=\"elementskit-entry-header\">\n                                                            <a href=\"https:\/\/haz.hr\/en\/2022\/07\/18\/haz-osuduje-verbalne-napade-na-djelatnike-u-obrazovnom-sustavu-rh\/\" class=\"elementskit-entry-thumb\">\n                                    <img decoding=\"async\" src=\"https:\/\/haz.hr\/wp-content\/uploads\/2022\/07\/Dizajn-bez-naslova1-300x251-1.png\" alt=\"HAZ OSU\u0110UJE VERBALNE NAPADE NA DJELATNIKE U OBRAZOVNOM SUSTAVU RH\">\n                                <\/a><!-- .elementskit-entry-thumb END -->\n                                                                                                    <div class=\"elementskit-meta-lists elementskit-style-tag\">\n                                        <div class=\"elementskit-single-meta triangle_left\"><span class=\"elementskit-meta-wraper\"><strong>18<\/strong>SRP<\/span><\/div>\n                                    <\/div>\n                                                                                            \n                                                            <div class=\"elementskit-meta-categories\">\n                                    <span class=\"elementskit-meta-wraper\">\n                                        <span><a href=\"https:\/\/haz.hr\/en\/category\/haz-novosti\/\" rel=\"category tag\">HAZ novosti<\/a><\/span><span><a href=\"https:\/\/haz.hr\/en\/category\/haz-unizg\/\" rel=\"category tag\">HAZ UniZg novosti<\/a><\/span>\n                                    <\/span>\n                                <\/div>\n                            \n\t\t\t\t\t\t\t\t\t\t\t\t\t<\/div><!-- .elementskit-entry-header END -->\n\n\t\t\t\t\t\t<div class=\"elementskit-post-body\">\n\t\t\t\t\t\t\t\n\t\t\t\t\t\t\t\t\t\t\t\t\t\t\t\t\t\t\t\t\t\t\t\t\t\t\t\t\t\t\n\t\t\t\t\t\t\t\t\n\t\t\t\t\t\t\t\t\t\t\t\t\t\t\t\t\t\t\t\t\t<h2 class=\"entry-title\">\n\t\t\t\t\t<a href=\"https:\/\/haz.hr\/en\/2022\/07\/18\/haz-osuduje-verbalne-napade-na-djelatnike-u-obrazovnom-sustavu-rh\/\">\n\t\t\t\t\t\tHAZ OSU\u0110UJE VERBALNE NAPADE NA DJELATNIKE U OBRAZOVNOM&hellip;\t\t\t\t\t<\/a>\n\t\t\t\t<\/h2>\n\t\t\t\t\t\t\t\t\t\t\t\t\t\t\t\t\t\t\t\t\t\t\t\t\t\t\t\t\t\t\t\t\t\t\t\t\t\t\t\t\t\t<p>Zorane Milanovi\u0107u, ocjena iz \u201evladanja\u201c &#8211; NEDOVOLJAN HAZ osu\u0111uje pro\u0161lotjednu izjavu predsjednika Republike Hrvatske, Zorana Milanovi\u0107a, u kojoj otvoreno i&hellip;<\/p>\n\t\t\t\t\t\t\t\t\t\t\t\t\t\t\t\t\t\t\t\t\t\t                                                            <div class=\"btn-wraper\">\n                                    \n                                                                            <a class=\"elementskit-btn whitespace--normal\" id=\"\" href=\"https:\/\/haz.hr\/en\/2022\/07\/18\/haz-osuduje-verbalne-napade-na-djelatnike-u-obrazovnom-sustavu-rh\/\">\n                                        \t                                            Pro\u010ditaj vi\u0161e                                        <\/a>\n                                                                    <\/div>\n                                                    <\/div><!-- .elementskit-post-body END -->\n                    <\/div>\n                \n            <\/div>\n                    <div class=\"col-lg-4 col-md-6\">\n\n                                    <div class=\"elementskit-post-image-card\">\n                        <div class=\"elementskit-entry-header\">\n                                                            <a href=\"https:\/\/haz.hr\/en\/2022\/06\/12\/odrzano-prvo-izdanje-edukativne-konferencije-cool-tura-na-filozofskom-fakultetu-sveucilista-u-zagrebu\/\" class=\"elementskit-entry-thumb\">\n                                    <img decoding=\"async\" src=\"https:\/\/haz.hr\/wp-content\/uploads\/2023\/01\/HAZ_blog3-768x432.jpg\" alt=\"\ufeffOdr\u017eano prvo izdanje edukativne konferencije Cool tura na Filozofskom fakultetu Sveu\u010dili\u0161ta u Zagrebu\">\n                                <\/a><!-- .elementskit-entry-thumb END -->\n                                                                                                    <div class=\"elementskit-meta-lists elementskit-style-tag\">\n                                        <div class=\"elementskit-single-meta triangle_left\"><span class=\"elementskit-meta-wraper\"><strong>12<\/strong>lip<\/span><\/div>\n                                    <\/div>\n                                                                                            \n                                                            <div class=\"elementskit-meta-categories\">\n                                    <span class=\"elementskit-meta-wraper\">\n                                        <span><a href=\"https:\/\/haz.hr\/en\/category\/haz-novosti\/\" rel=\"category tag\">HAZ novosti<\/a><\/span>\n                                    <\/span>\n                                <\/div>\n                            \n\t\t\t\t\t\t\t\t\t\t\t\t\t<\/div><!-- .elementskit-entry-header END -->\n\n\t\t\t\t\t\t<div class=\"elementskit-post-body\">\n\t\t\t\t\t\t\t\n\t\t\t\t\t\t\t\t\t\t\t\t\t\t\t\t\t\t\t\t\t\t\t\t\t\t\t\t\t\t\n\t\t\t\t\t\t\t\t\n\t\t\t\t\t\t\t\t\t\t\t\t\t\t\t\t\t\t\t\t\t<h2 class=\"entry-title\">\n\t\t\t\t\t<a href=\"https:\/\/haz.hr\/en\/2022\/06\/12\/odrzano-prvo-izdanje-edukativne-konferencije-cool-tura-na-filozofskom-fakultetu-sveucilista-u-zagrebu\/\">\n\t\t\t\t\t\t\ufeffOdr\u017eano prvo izdanje edukativne konferencije Cool tura na&hellip;\t\t\t\t\t<\/a>\n\t\t\t\t<\/h2>\n\t\t\t\t\t\t\t\t\t\t\t\t\t\t\t\t\t\t\t\t\t\t\t\t\t\t\t\t\t\t\t\t\t\t\t\t\t\t\t\t\t\t<p>Zagreb, 10. lipnja 2022. \u2013 Na Filozofskom fakultetu Sveu\u010dili\u0161ta u Zagrebu, u organizaciji Hrvatske akademske zajednice pri Filozofskom i Ekonomskom&hellip;<\/p>\n\t\t\t\t\t\t\t\t\t\t\t\t\t\t\t\t\t\t\t\t\t\t                                                            <div class=\"btn-wraper\">\n                                    \n                                                                            <a class=\"elementskit-btn whitespace--normal\" id=\"\" href=\"https:\/\/haz.hr\/en\/2022\/06\/12\/odrzano-prvo-izdanje-edukativne-konferencije-cool-tura-na-filozofskom-fakultetu-sveucilista-u-zagrebu\/\">\n                                        \t                                            Pro\u010ditaj vi\u0161e                                        <\/a>\n                                                                    <\/div>\n                                                    <\/div><!-- .elementskit-post-body END -->\n                    <\/div>\n                \n            <\/div>\n                    <div class=\"col-lg-4 col-md-6\">\n\n                                    <div class=\"elementskit-post-image-card\">\n                        <div class=\"elementskit-entry-header\">\n                                                            <a href=\"https:\/\/haz.hr\/en\/2022\/06\/06\/hrvatska-akademska-zajednica-podrzava-novi-zakon-o-visokom-obrazovanju-i-znanstvenoj-djelatnosti\/\" class=\"elementskit-entry-thumb\">\n                                    <img decoding=\"async\" src=\"https:\/\/haz.hr\/wp-content\/uploads\/2022\/06\/WhatsApp-Image-2022-06-06-at-1.22.16-PM-300x200-1.jpeg\" alt=\"HRVATSKA AKADEMSKA ZAJEDNICA PODR\u017dAVA NOVI ZAKON O VISOKOM OBRAZOVANJU I ZNANSTVENOJ DJELATNOSTI\">\n                                <\/a><!-- .elementskit-entry-thumb END -->\n                                                                                                    <div class=\"elementskit-meta-lists elementskit-style-tag\">\n                                        <div class=\"elementskit-single-meta triangle_left\"><span class=\"elementskit-meta-wraper\"><strong>06<\/strong>lip<\/span><\/div>\n                                    <\/div>\n                                                                                            \n                                                            <div class=\"elementskit-meta-categories\">\n                                    <span class=\"elementskit-meta-wraper\">\n                                        <span><a href=\"https:\/\/haz.hr\/en\/category\/haz-novosti\/\" rel=\"category tag\">HAZ novosti<\/a><\/span><span><a href=\"https:\/\/haz.hr\/en\/category\/haz-unizg\/hazef-novosti\/\" rel=\"category tag\">HAZef novosti<\/a><\/span>\n                                    <\/span>\n                                <\/div>\n                            \n\t\t\t\t\t\t\t\t\t\t\t\t\t<\/div><!-- .elementskit-entry-header END -->\n\n\t\t\t\t\t\t<div class=\"elementskit-post-body\">\n\t\t\t\t\t\t\t\n\t\t\t\t\t\t\t\t\t\t\t\t\t\t\t\t\t\t\t\t\t\t\t\t\t\t\t\t\t\t\n\t\t\t\t\t\t\t\t\n\t\t\t\t\t\t\t\t\t\t\t\t\t\t\t\t\t\t\t\t\t<h2 class=\"entry-title\">\n\t\t\t\t\t<a href=\"https:\/\/haz.hr\/en\/2022\/06\/06\/hrvatska-akademska-zajednica-podrzava-novi-zakon-o-visokom-obrazovanju-i-znanstvenoj-djelatnosti\/\">\n\t\t\t\t\t\tHRVATSKA AKADEMSKA ZAJEDNICA PODR\u017dAVA NOVI ZAKON O VISOKOM&hellip;\t\t\t\t\t<\/a>\n\t\t\t\t<\/h2>\n\t\t\t\t\t\t\t\t\t\t\t\t\t\t\t\t\t\t\t\t\t\t\t\t\t\t\t\t\t\t\t\t\t\t\t\t\t\t\t\t\t\t<p>Zagreb, 6. lipnja 2022. \u2013 Najstarija i najve\u0107a studentska i alumni organizacija, Hrvatska akademska zajednica, u potpunosti podr\u017eava prijedlog novog&hellip;<\/p>\n\t\t\t\t\t\t\t\t\t\t\t\t\t\t\t\t\t\t\t\t\t\t                                                            <div class=\"btn-wraper\">\n                                    \n                                                                            <a class=\"elementskit-btn whitespace--normal\" id=\"\" href=\"https:\/\/haz.hr\/en\/2022\/06\/06\/hrvatska-akademska-zajednica-podrzava-novi-zakon-o-visokom-obrazovanju-i-znanstvenoj-djelatnosti\/\">\n                                        \t                                            Pro\u010ditaj vi\u0161e                                        <\/a>\n                                                                    <\/div>\n                                                    <\/div><!-- .elementskit-post-body END -->\n                    <\/div>\n                \n            <\/div>\n                    <div class=\"col-lg-4 col-md-6\">\n\n                                    <div class=\"elementskit-post-image-card\">\n                        <div class=\"elementskit-entry-header\">\n                                                            <a href=\"https:\/\/haz.hr\/en\/2022\/05\/02\/katastrofa-je-sto-grad-zagreb-zrtvuje-mlade-za-jeftine-politicke-poene-mlade-treba-poticati-a-ne-ih-sputavati\/\" class=\"elementskit-entry-thumb\">\n                                    <img decoding=\"async\" src=\"https:\/\/haz.hr\/wp-content\/uploads\/2021\/05\/Ucenje_na_daljinu_HAZ-768x512.png\" alt=\"Grad Zagreb poru\u010duje mladima da njihov anga\u017eman nije dobrodo\u0161ao!\">\n                                <\/a><!-- .elementskit-entry-thumb END -->\n                                                                                                    <div class=\"elementskit-meta-lists elementskit-style-tag\">\n                                        <div class=\"elementskit-single-meta triangle_left\"><span class=\"elementskit-meta-wraper\"><strong>02<\/strong>svi<\/span><\/div>\n                                    <\/div>\n                                                                                            \n                                                            <div class=\"elementskit-meta-categories\">\n                                    <span class=\"elementskit-meta-wraper\">\n                                        <span><a href=\"https:\/\/haz.hr\/en\/category\/haz-novosti\/\" rel=\"category tag\">HAZ novosti<\/a><\/span>\n                                    <\/span>\n                                <\/div>\n                            \n\t\t\t\t\t\t\t\t\t\t\t\t\t<\/div><!-- .elementskit-entry-header END -->\n\n\t\t\t\t\t\t<div class=\"elementskit-post-body\">\n\t\t\t\t\t\t\t\n\t\t\t\t\t\t\t\t\t\t\t\t\t\t\t\t\t\t\t\t\t\t\t\t\t\t\t\t\t\t\n\t\t\t\t\t\t\t\t\n\t\t\t\t\t\t\t\t\t\t\t\t\t\t\t\t\t\t\t\t\t<h2 class=\"entry-title\">\n\t\t\t\t\t<a href=\"https:\/\/haz.hr\/en\/2022\/05\/02\/katastrofa-je-sto-grad-zagreb-zrtvuje-mlade-za-jeftine-politicke-poene-mlade-treba-poticati-a-ne-ih-sputavati\/\">\n\t\t\t\t\t\tGrad Zagreb poru\u010duje mladima da njihov anga\u017eman nije&hellip;\t\t\t\t\t<\/a>\n\t\t\t\t<\/h2>\n\t\t\t\t\t\t\t\t\t\t\t\t\t\t\t\t\t\t\t\t\t\t\t\t\t\t\t\t\t\t\t\t\t\t\t\t\t\t\t\t\t\t<p>Na 11. sjednici Gradske skup\u0161tine Grada Zagreba zastupnici vladaju\u0107e koalicije odbili prihvatiti Izvje\u0161taj o radu Savjeta za 2021. godinu. Sramotno&hellip;<\/p>\n\t\t\t\t\t\t\t\t\t\t\t\t\t\t\t\t\t\t\t\t\t\t                                                            <div class=\"btn-wraper\">\n                                    \n                                                                            <a class=\"elementskit-btn whitespace--normal\" id=\"\" href=\"https:\/\/haz.hr\/en\/2022\/05\/02\/katastrofa-je-sto-grad-zagreb-zrtvuje-mlade-za-jeftine-politicke-poene-mlade-treba-poticati-a-ne-ih-sputavati\/\">\n                                        \t                                            Pro\u010ditaj vi\u0161e                                        <\/a>\n                                                                    <\/div>\n                                                    <\/div><!-- .elementskit-post-body END -->\n                    <\/div>\n                \n            <\/div>\n                    <div class=\"col-lg-4 col-md-6\">\n\n                                    <div class=\"elementskit-post-image-card\">\n                        <div class=\"elementskit-entry-header\">\n                                                            <a href=\"https:\/\/haz.hr\/en\/2022\/01\/23\/najstarija-studentska-i-alumni-organizacija-u-hrvatskoj-izabrala-novo-vodstvo\/\" class=\"elementskit-entry-thumb\">\n                                    <img decoding=\"async\" src=\"https:\/\/haz.hr\/wp-content\/uploads\/2022\/01\/Novo_vodstvo_HAZ_XII_Sabor.jpeg\" alt=\"Najve\u0107a studentska i alumni organizacija u Hrvatskoj izabrala novo vodstvo\">\n                                <\/a><!-- .elementskit-entry-thumb END -->\n                                                                                                    <div class=\"elementskit-meta-lists elementskit-style-tag\">\n                                        <div class=\"elementskit-single-meta triangle_left\"><span class=\"elementskit-meta-wraper\"><strong>23<\/strong>sij<\/span><\/div>\n                                    <\/div>\n                                                                                            \n                                                            <div class=\"elementskit-meta-categories\">\n                                    <span class=\"elementskit-meta-wraper\">\n                                        <span><a href=\"https:\/\/haz.hr\/en\/category\/haz-novosti\/\" rel=\"category tag\">HAZ novosti<\/a><\/span>\n                                    <\/span>\n                                <\/div>\n                            \n\t\t\t\t\t\t\t\t\t\t\t\t\t<\/div><!-- .elementskit-entry-header END -->\n\n\t\t\t\t\t\t<div class=\"elementskit-post-body\">\n\t\t\t\t\t\t\t\n\t\t\t\t\t\t\t\t\t\t\t\t\t\t\t\t\t\t\t\t\t\t\t\t\t\t\t\t\t\t\n\t\t\t\t\t\t\t\t\n\t\t\t\t\t\t\t\t\t\t\t\t\t\t\t\t\t\t\t\t\t<h2 class=\"entry-title\">\n\t\t\t\t\t<a href=\"https:\/\/haz.hr\/en\/2022\/01\/23\/najstarija-studentska-i-alumni-organizacija-u-hrvatskoj-izabrala-novo-vodstvo\/\">\n\t\t\t\t\t\tNajve\u0107a studentska i alumni organizacija u Hrvatskoj izabrala&hellip;\t\t\t\t\t<\/a>\n\t\t\t\t<\/h2>\n\t\t\t\t\t\t\t\t\t\t\t\t\t\t\t\t\t\t\t\t\t\t\t\t\t\t\t\t\t\t\t\t\t\t\t\t\t\t\t\t\t\t<p>Hrvatska akademska zajednica (HAZ) je na XII. Saboru izabrala novog nacionalnog predsjednika, zamjenicu predsjednika te tri nacionalna dopredsjednika iz redova&hellip;<\/p>\n\t\t\t\t\t\t\t\t\t\t\t\t\t\t\t\t\t\t\t\t\t\t                                                            <div class=\"btn-wraper\">\n                                    \n                                                                            <a class=\"elementskit-btn whitespace--normal\" id=\"\" href=\"https:\/\/haz.hr\/en\/2022\/01\/23\/najstarija-studentska-i-alumni-organizacija-u-hrvatskoj-izabrala-novo-vodstvo\/\">\n                                        \t                                            Pro\u010ditaj vi\u0161e                                        <\/a>\n                                                                    <\/div>\n                                                    <\/div><!-- .elementskit-post-body END -->\n                    <\/div>\n                \n            <\/div>\n                    <div class=\"col-lg-4 col-md-6\">\n\n                                    <div class=\"elementskit-post-image-card\">\n                        <div class=\"elementskit-entry-header\">\n                                                            <a href=\"https:\/\/haz.hr\/en\/2021\/05\/21\/stajaliste-haz-a-o-ucenju-i-provjeri-znanja-na-daljinu-iskustva-u-hrvatskoj-obrazovnoj-vertikali\/\" class=\"elementskit-entry-thumb\">\n                                    <img decoding=\"async\" src=\"https:\/\/haz.hr\/wp-content\/uploads\/2021\/05\/Ucenje_na_daljinu_HAZ-768x512.png\" alt=\"Stajali\u0161te HAZ-a i Akademskog vije\u0107a o u\u010denju i provjeri znanja na daljinu &#8211; iskustva u hrvatskoj obrazovnoj vertikali\">\n                                <\/a><!-- .elementskit-entry-thumb END -->\n                                                                                                    <div class=\"elementskit-meta-lists elementskit-style-tag\">\n                                        <div class=\"elementskit-single-meta triangle_left\"><span class=\"elementskit-meta-wraper\"><strong>21<\/strong>svi<\/span><\/div>\n                                    <\/div>\n                                                                                            \n                                                            <div class=\"elementskit-meta-categories\">\n                                    <span class=\"elementskit-meta-wraper\">\n                                        <span><a href=\"https:\/\/haz.hr\/en\/category\/haz-novosti\/\" rel=\"category tag\">HAZ novosti<\/a><\/span>\n                                    <\/span>\n                                <\/div>\n                            \n\t\t\t\t\t\t\t\t\t\t\t\t\t<\/div><!-- .elementskit-entry-header END -->\n\n\t\t\t\t\t\t<div class=\"elementskit-post-body\">\n\t\t\t\t\t\t\t\n\t\t\t\t\t\t\t\t\t\t\t\t\t\t\t\t\t\t\t\t\t\t\t\t\t\t\t\t\t\t\n\t\t\t\t\t\t\t\t\n\t\t\t\t\t\t\t\t\t\t\t\t\t\t\t\t\t\t\t\t\t<h2 class=\"entry-title\">\n\t\t\t\t\t<a href=\"https:\/\/haz.hr\/en\/2021\/05\/21\/stajaliste-haz-a-o-ucenju-i-provjeri-znanja-na-daljinu-iskustva-u-hrvatskoj-obrazovnoj-vertikali\/\">\n\t\t\t\t\t\tStajali\u0161te HAZ-a i Akademskog vije\u0107a o u\u010denju i&hellip;\t\t\t\t\t<\/a>\n\t\t\t\t<\/h2>\n\t\t\t\t\t\t\t\t\t\t\t\t\t\t\t\t\t\t\t\t\t\t\t\t\t\t\t\t\t\t\t\t\t\t\t\t\t\t\t\t\t\t<p>Hrvatska akademska zajednica (HAZ) i Akademsko vije\u0107e HAZ-a, organiziralo je u o\u017eujku 2021. godine panel-raspravu: &#8220;U\u010denje i provjera znanja na&hellip;<\/p>\n\t\t\t\t\t\t\t\t\t\t\t\t\t\t\t\t\t\t\t\t\t\t                                                            <div class=\"btn-wraper\">\n                                    \n                                                                            <a class=\"elementskit-btn whitespace--normal\" id=\"\" href=\"https:\/\/haz.hr\/en\/2021\/05\/21\/stajaliste-haz-a-o-ucenju-i-provjeri-znanja-na-daljinu-iskustva-u-hrvatskoj-obrazovnoj-vertikali\/\">\n                                        \t                                            Pro\u010ditaj vi\u0161e                                        <\/a>\n                                                                    <\/div>\n                                                    <\/div><!-- .elementskit-post-body END -->\n                    <\/div>\n                \n            <\/div>\n                    <div class=\"col-lg-4 col-md-6\">\n\n                                    <div class=\"elementskit-post-image-card\">\n                        <div class=\"elementskit-entry-header\">\n                                                            <a href=\"https:\/\/haz.hr\/en\/2021\/03\/25\/panel-rasprava-ucenje-i-provjera-znanja-na-daljinu-iskustva-u-hrvatskoj-obrazovnoj-vertikali\/\" class=\"elementskit-entry-thumb\">\n                                    <img decoding=\"async\" src=\"https:\/\/haz.hr\/wp-content\/uploads\/2021\/03\/60fd3be1ce2d65ccf11eb36909c3f28b3893_icon.jpg\" alt=\"Panel rasprava: U\u010denje i provjera znanja na daljinu &#8211; iskustva u hrvatskoj obrazovnoj vertikali\">\n                                <\/a><!-- .elementskit-entry-thumb END -->\n                                                                                                    <div class=\"elementskit-meta-lists elementskit-style-tag\">\n                                        <div class=\"elementskit-single-meta triangle_left\"><span class=\"elementskit-meta-wraper\"><strong>25<\/strong>o\u017eu<\/span><\/div>\n                                    <\/div>\n                                                                                            \n                                                            <div class=\"elementskit-meta-categories\">\n                                    <span class=\"elementskit-meta-wraper\">\n                                        <span><a href=\"https:\/\/haz.hr\/en\/category\/haz-novosti\/\" rel=\"category tag\">HAZ novosti<\/a><\/span>\n                                    <\/span>\n                                <\/div>\n                            \n\t\t\t\t\t\t\t\t\t\t\t\t\t<\/div><!-- .elementskit-entry-header END -->\n\n\t\t\t\t\t\t<div class=\"elementskit-post-body\">\n\t\t\t\t\t\t\t\n\t\t\t\t\t\t\t\t\t\t\t\t\t\t\t\t\t\t\t\t\t\t\t\t\t\t\t\t\t\t\n\t\t\t\t\t\t\t\t\n\t\t\t\t\t\t\t\t\t\t\t\t\t\t\t\t\t\t\t\t\t<h2 class=\"entry-title\">\n\t\t\t\t\t<a href=\"https:\/\/haz.hr\/en\/2021\/03\/25\/panel-rasprava-ucenje-i-provjera-znanja-na-daljinu-iskustva-u-hrvatskoj-obrazovnoj-vertikali\/\">\n\t\t\t\t\t\tPanel rasprava: U\u010denje i provjera znanja na daljinu&hellip;\t\t\t\t\t<\/a>\n\t\t\t\t<\/h2>\n\t\t\t\t\t\t\t\t\t\t\t\t\t\t\t\t\t\t\t\t\t\t\t\t\t\t\t\t\t\t\t\t\t\t\t\t\t\t\t\t\t\t<p>Pozivamo vas na panel-raspravu u organizaciji Akademskog vije\u0107a Hrvatske akademske zajednice (HAZ): &#8220;U\u010denje i provjera znanja na daljinu &#8211; iskustva&hellip;<\/p>\n\t\t\t\t\t\t\t\t\t\t\t\t\t\t\t\t\t\t\t\t\t\t                                                            <div class=\"btn-wraper\">\n                                    \n                                                                            <a class=\"elementskit-btn whitespace--normal\" id=\"\" href=\"https:\/\/haz.hr\/en\/2021\/03\/25\/panel-rasprava-ucenje-i-provjera-znanja-na-daljinu-iskustva-u-hrvatskoj-obrazovnoj-vertikali\/\">\n                                        \t                                            Pro\u010ditaj vi\u0161e                                        <\/a>\n                                                                    <\/div>\n                                                    <\/div><!-- .elementskit-post-body END -->\n                    <\/div>\n                \n            <\/div>\n                    <div class=\"col-lg-4 col-md-6\">\n\n                                    <div class=\"elementskit-post-image-card\">\n                        <div class=\"elementskit-entry-header\">\n                                                            <a href=\"https:\/\/haz.hr\/en\/2020\/12\/24\/formirano-novo-akademsko-vijece-hrvatske-akademske-zajednice\/\" class=\"elementskit-entry-thumb\">\n                                    <img decoding=\"async\" src=\"https:\/\/haz.hr\/wp-content\/uploads\/2020\/12\/AV_HAZ-2-768x512.png\" alt=\"Formirano novo Akademsko vije\u0107e Hrvatske akademske zajednice\">\n                                <\/a><!-- .elementskit-entry-thumb END -->\n                                                                                                    <div class=\"elementskit-meta-lists elementskit-style-tag\">\n                                        <div class=\"elementskit-single-meta triangle_left\"><span class=\"elementskit-meta-wraper\"><strong>24<\/strong>pro<\/span><\/div>\n                                    <\/div>\n                                                                                            \n                                                            <div class=\"elementskit-meta-categories\">\n                                    <span class=\"elementskit-meta-wraper\">\n                                        <span><a href=\"https:\/\/haz.hr\/en\/category\/haz-novosti\/\" rel=\"category tag\">HAZ novosti<\/a><\/span>\n                                    <\/span>\n                                <\/div>\n                            \n\t\t\t\t\t\t\t\t\t\t\t\t\t<\/div><!-- .elementskit-entry-header END -->\n\n\t\t\t\t\t\t<div class=\"elementskit-post-body\">\n\t\t\t\t\t\t\t\n\t\t\t\t\t\t\t\t\t\t\t\t\t\t\t\t\t\t\t\t\t\t\t\t\t\t\t\t\t\t\n\t\t\t\t\t\t\t\t\n\t\t\t\t\t\t\t\t\t\t\t\t\t\t\t\t\t\t\t\t\t<h2 class=\"entry-title\">\n\t\t\t\t\t<a href=\"https:\/\/haz.hr\/en\/2020\/12\/24\/formirano-novo-akademsko-vijece-hrvatske-akademske-zajednice\/\">\n\t\t\t\t\t\tFormirano novo Akademsko vije\u0107e Hrvatske akademske zajednice\t\t\t\t\t<\/a>\n\t\t\t\t<\/h2>\n\t\t\t\t\t\t\t\t\t\t\t\t\t\t\t\t\t\t\t\t\t\t\t\t\t\t\t\t\t\t\t\t\t\t\t\t\t\t\t\t\t\t<p>Izmjenama Statuta Hrvatske akademske zajednice (HAZ), formirano je novo Akademsko vije\u0107e HAZ-a, \u010dije \u0107e djelovanje biti usmjereno prema davanju mi\u0161ljenja&hellip;<\/p>\n\t\t\t\t\t\t\t\t\t\t\t\t\t\t\t\t\t\t\t\t\t\t                                                            <div class=\"btn-wraper\">\n                                    \n                                                                            <a class=\"elementskit-btn whitespace--normal\" id=\"\" href=\"https:\/\/haz.hr\/en\/2020\/12\/24\/formirano-novo-akademsko-vijece-hrvatske-akademske-zajednice\/\">\n                                        \t                                            Pro\u010ditaj vi\u0161e                                        <\/a>\n                                                                    <\/div>\n                                                    <\/div><!-- .elementskit-post-body END -->\n                    <\/div>\n                \n            <\/div>\n                    <div class=\"col-lg-4 col-md-6\">\n\n                                    <div class=\"elementskit-post-image-card\">\n                        <div class=\"elementskit-entry-header\">\n                                                            <a href=\"https:\/\/haz.hr\/en\/2020\/12\/23\/novo-vodstvo-alumni-zajednice-haz-a-i-novi-sastav-alumni-vijeca-haz-a\/\" class=\"elementskit-entry-thumb\">\n                                    <img decoding=\"async\" src=\"https:\/\/haz.hr\/wp-content\/uploads\/2020\/12\/Glavni-odbor_HAZ-4-768x512.png\" alt=\"Novo vodstvo Alumni zajednice HAZ-a i novi sastav Alumni vije\u0107a HAZ-a\">\n                                <\/a><!-- .elementskit-entry-thumb END -->\n                                                                                                    <div class=\"elementskit-meta-lists elementskit-style-tag\">\n                                        <div class=\"elementskit-single-meta triangle_left\"><span class=\"elementskit-meta-wraper\"><strong>23<\/strong>pro<\/span><\/div>\n                                    <\/div>\n                                                                                            \n                                                            <div class=\"elementskit-meta-categories\">\n                                    <span class=\"elementskit-meta-wraper\">\n                                        <span><a href=\"https:\/\/haz.hr\/en\/category\/haz-novosti\/\" rel=\"category tag\">HAZ novosti<\/a><\/span>\n                                    <\/span>\n                                <\/div>\n                            \n\t\t\t\t\t\t\t\t\t\t\t\t\t<\/div><!-- .elementskit-entry-header END -->\n\n\t\t\t\t\t\t<div class=\"elementskit-post-body\">\n\t\t\t\t\t\t\t\n\t\t\t\t\t\t\t\t\t\t\t\t\t\t\t\t\t\t\t\t\t\t\t\t\t\t\t\t\t\t\n\t\t\t\t\t\t\t\t\n\t\t\t\t\t\t\t\t\t\t\t\t\t\t\t\t\t\t\t\t\t<h2 class=\"entry-title\">\n\t\t\t\t\t<a href=\"https:\/\/haz.hr\/en\/2020\/12\/23\/novo-vodstvo-alumni-zajednice-haz-a-i-novi-sastav-alumni-vijeca-haz-a\/\">\n\t\t\t\t\t\tNovo vodstvo Alumni zajednice HAZ-a i novi sastav&hellip;\t\t\t\t\t<\/a>\n\t\t\t\t<\/h2>\n\t\t\t\t\t\t\t\t\t\t\t\t\t\t\t\t\t\t\t\t\t\t\t\t\t\t\t\t\t\t\t\t\t\t\t\t\t\t\t\t\t\t<p>U sklopu Hrvatske akademske zajednice (HAZ) djeluje i Alumni zajednica koja ima ulogu pomagati studentskom dijelu Udruge svojim iskustvom, dru\u0161tvenim&hellip;<\/p>\n\t\t\t\t\t\t\t\t\t\t\t\t\t\t\t\t\t\t\t\t\t\t                                                            <div class=\"btn-wraper\">\n                                    \n                                                                            <a class=\"elementskit-btn whitespace--normal\" id=\"\" href=\"https:\/\/haz.hr\/en\/2020\/12\/23\/novo-vodstvo-alumni-zajednice-haz-a-i-novi-sastav-alumni-vijeca-haz-a\/\">\n                                        \t                                            Pro\u010ditaj vi\u0161e                                        <\/a>\n                                                                    <\/div>\n                                                    <\/div><!-- .elementskit-post-body END -->\n                    <\/div>\n                \n            <\/div>\n                    <div class=\"col-lg-4 col-md-6\">\n\n                                    <div class=\"elementskit-post-image-card\">\n                        <div class=\"elementskit-entry-header\">\n                                                            <a href=\"https:\/\/haz.hr\/en\/2020\/12\/23\/odrzana-konstituirajuca-sjednica-glavnog-odbora-haz-a\/\" class=\"elementskit-entry-thumb\">\n                                    <img decoding=\"async\" src=\"https:\/\/haz.hr\/wp-content\/uploads\/2020\/12\/Glavni-odbor_HAZ-2-768x512.png\" alt=\"Odr\u017eana konstituiraju\u0107a sjednica Glavnog odbora Hrvatske akademske zajednice\">\n                                <\/a><!-- .elementskit-entry-thumb END -->\n                                                                                                    <div class=\"elementskit-meta-lists elementskit-style-tag\">\n                                        <div class=\"elementskit-single-meta triangle_left\"><span class=\"elementskit-meta-wraper\"><strong>23<\/strong>pro<\/span><\/div>\n                                    <\/div>\n                                                                                            \n                                                            <div class=\"elementskit-meta-categories\">\n                                    <span class=\"elementskit-meta-wraper\">\n                                        <span><a href=\"https:\/\/haz.hr\/en\/category\/haz-novosti\/\" rel=\"category tag\">HAZ novosti<\/a><\/span>\n                                    <\/span>\n                                <\/div>\n                            \n\t\t\t\t\t\t\t\t\t\t\t\t\t<\/div><!-- .elementskit-entry-header END -->\n\n\t\t\t\t\t\t<div class=\"elementskit-post-body\">\n\t\t\t\t\t\t\t\n\t\t\t\t\t\t\t\t\t\t\t\t\t\t\t\t\t\t\t\t\t\t\t\t\t\t\t\t\t\t\n\t\t\t\t\t\t\t\t\n\t\t\t\t\t\t\t\t\t\t\t\t\t\t\t\t\t\t\t\t\t<h2 class=\"entry-title\">\n\t\t\t\t\t<a href=\"https:\/\/haz.hr\/en\/2020\/12\/23\/odrzana-konstituirajuca-sjednica-glavnog-odbora-haz-a\/\">\n\t\t\t\t\t\tOdr\u017eana konstituiraju\u0107a sjednica Glavnog odbora Hrvatske akademske zajednice\t\t\t\t\t<\/a>\n\t\t\t\t<\/h2>\n\t\t\t\t\t\t\t\t\t\t\t\t\t\t\t\t\t\t\t\t\t\t\t\t\t\t\t\t\t\t\t\t\t\t\t\t\t\t\t\t\t\t<p>Hrvatska akademska zajednica (HAZ), u okviru svog XI. Sabora, odr\u017eanog u online obliku 17. prosinca 2020. godine, tajnim je glasovanjem&hellip;<\/p>\n\t\t\t\t\t\t\t\t\t\t\t\t\t\t\t\t\t\t\t\t\t\t                                                            <div class=\"btn-wraper\">\n                                    \n                                                                            <a class=\"elementskit-btn whitespace--normal\" id=\"\" href=\"https:\/\/haz.hr\/en\/2020\/12\/23\/odrzana-konstituirajuca-sjednica-glavnog-odbora-haz-a\/\">\n                                        \t                                            Pro\u010ditaj vi\u0161e                                        <\/a>\n                                                                    <\/div>\n                                                    <\/div><!-- .elementskit-post-body END -->\n                    <\/div>\n                \n            <\/div>\n                    <div class=\"col-lg-4 col-md-6\">\n\n                                    <div class=\"elementskit-post-image-card\">\n                        <div class=\"elementskit-entry-header\">\n                                                            <a href=\"https:\/\/haz.hr\/en\/2020\/12\/22\/izabrana-tri-nacionalna-dopredsjednika-haz-a-iz-redova-studenata\/\" class=\"elementskit-entry-thumb\">\n                                    <img decoding=\"async\" src=\"https:\/\/haz.hr\/wp-content\/uploads\/2020\/12\/Ivan_Hrvoje_Mihovil-768x512.png\" alt=\"Izabrana tri nacionalna dopredsjednika HAZ-a iz redova studenata\">\n                                <\/a><!-- .elementskit-entry-thumb END -->\n                                                                                                    <div class=\"elementskit-meta-lists elementskit-style-tag\">\n                                        <div class=\"elementskit-single-meta triangle_left\"><span class=\"elementskit-meta-wraper\"><strong>22<\/strong>pro<\/span><\/div>\n                                    <\/div>\n                                                                                            \n                                                            <div class=\"elementskit-meta-categories\">\n                                    <span class=\"elementskit-meta-wraper\">\n                                        <span><a href=\"https:\/\/haz.hr\/en\/category\/haz-novosti\/\" rel=\"category tag\">HAZ novosti<\/a><\/span>\n                                    <\/span>\n                                <\/div>\n                            \n\t\t\t\t\t\t\t\t\t\t\t\t\t<\/div><!-- .elementskit-entry-header END -->\n\n\t\t\t\t\t\t<div class=\"elementskit-post-body\">\n\t\t\t\t\t\t\t\n\t\t\t\t\t\t\t\t\t\t\t\t\t\t\t\t\t\t\t\t\t\t\t\t\t\t\t\t\t\t\n\t\t\t\t\t\t\t\t\n\t\t\t\t\t\t\t\t\t\t\t\t\t\t\t\t\t\t\t\t\t<h2 class=\"entry-title\">\n\t\t\t\t\t<a href=\"https:\/\/haz.hr\/en\/2020\/12\/22\/izabrana-tri-nacionalna-dopredsjednika-haz-a-iz-redova-studenata\/\">\n\t\t\t\t\t\tIzabrana tri nacionalna dopredsjednika HAZ-a iz redova studenata\t\t\t\t\t<\/a>\n\t\t\t\t<\/h2>\n\t\t\t\t\t\t\t\t\t\t\t\t\t\t\t\t\t\t\t\t\t\t\t\t\t\t\t\t\t\t\t\t\t\t\t\t\t\t\t\t\t\t<p>Hrvatska akademska zajednica (HAZ) na svom XI. Saboru, odr\u017eanom u online obliku 17. prosinca 2020. godine, tajnim je glasovanjem 119&hellip;<\/p>\n\t\t\t\t\t\t\t\t\t\t\t\t\t\t\t\t\t\t\t\t\t\t                                                            <div class=\"btn-wraper\">\n                                    \n                                                                            <a class=\"elementskit-btn whitespace--normal\" id=\"\" href=\"https:\/\/haz.hr\/en\/2020\/12\/22\/izabrana-tri-nacionalna-dopredsjednika-haz-a-iz-redova-studenata\/\">\n                                        \t                                            Pro\u010ditaj vi\u0161e                                        <\/a>\n                                                                    <\/div>\n                                                    <\/div><!-- .elementskit-post-body END -->\n                    <\/div>\n                \n            <\/div>\n                    <div class=\"col-lg-4 col-md-6\">\n\n                                    <div class=\"elementskit-post-image-card\">\n                        <div class=\"elementskit-entry-header\">\n                                                            <a href=\"https:\/\/haz.hr\/en\/2020\/12\/21\/izabran-alumni-predsjednik-zamjenik-alumni-predsjednika-i-predsjednik-akademskog-vijeca-haz-a\/\" class=\"elementskit-entry-thumb\">\n                                    <img decoding=\"async\" src=\"https:\/\/haz.hr\/wp-content\/uploads\/2020\/12\/Ante_Antonio_Mislav-768x512.png\" alt=\"Izabran alumni predsjednik, zamjenik alumni predsjednika i predsjednik Akademskog vije\u0107a HAZ-a\">\n                                <\/a><!-- .elementskit-entry-thumb END -->\n                                                                                                    <div class=\"elementskit-meta-lists elementskit-style-tag\">\n                                        <div class=\"elementskit-single-meta triangle_left\"><span class=\"elementskit-meta-wraper\"><strong>21<\/strong>pro<\/span><\/div>\n                                    <\/div>\n                                                                                            \n                                                            <div class=\"elementskit-meta-categories\">\n                                    <span class=\"elementskit-meta-wraper\">\n                                        <span><a href=\"https:\/\/haz.hr\/en\/category\/haz-novosti\/\" rel=\"category tag\">HAZ novosti<\/a><\/span>\n                                    <\/span>\n                                <\/div>\n                            \n\t\t\t\t\t\t\t\t\t\t\t\t\t<\/div><!-- .elementskit-entry-header END -->\n\n\t\t\t\t\t\t<div class=\"elementskit-post-body\">\n\t\t\t\t\t\t\t\n\t\t\t\t\t\t\t\t\t\t\t\t\t\t\t\t\t\t\t\t\t\t\t\t\t\t\t\t\t\t\n\t\t\t\t\t\t\t\t\n\t\t\t\t\t\t\t\t\t\t\t\t\t\t\t\t\t\t\t\t\t<h2 class=\"entry-title\">\n\t\t\t\t\t<a href=\"https:\/\/haz.hr\/en\/2020\/12\/21\/izabran-alumni-predsjednik-zamjenik-alumni-predsjednika-i-predsjednik-akademskog-vijeca-haz-a\/\">\n\t\t\t\t\t\tIzabran alumni predsjednik, zamjenik alumni predsjednika i predsjednik&hellip;\t\t\t\t\t<\/a>\n\t\t\t\t<\/h2>\n\t\t\t\t\t\t\t\t\t\t\t\t\t\t\t\t\t\t\t\t\t\t\t\t\t\t\t\t\t\t\t\t\t\t\t\t\t\t\t\t\t\t<p>Hrvatska akademska zajednica (HAZ) na svom XI. Saboru, odr\u017eanom u online obliku 17. prosinca 2020. godine, tajnim je glasovanjem 119&hellip;<\/p>\n\t\t\t\t\t\t\t\t\t\t\t\t\t\t\t\t\t\t\t\t\t\t                                                            <div class=\"btn-wraper\">\n                                    \n                                                                            <a class=\"elementskit-btn whitespace--normal\" id=\"\" href=\"https:\/\/haz.hr\/en\/2020\/12\/21\/izabran-alumni-predsjednik-zamjenik-alumni-predsjednika-i-predsjednik-akademskog-vijeca-haz-a\/\">\n                                        \t                                            Pro\u010ditaj vi\u0161e                                        <\/a>\n                                                                    <\/div>\n                                                    <\/div><!-- .elementskit-post-body END -->\n                    <\/div>\n                \n            <\/div>\n                    <div class=\"col-lg-4 col-md-6\">\n\n                                    <div class=\"elementskit-post-image-card\">\n                        <div class=\"elementskit-entry-header\">\n                                                            <a href=\"https:\/\/haz.hr\/en\/2020\/12\/20\/izabran-nacionalni-predsjednik-i-zamjenik-nacionalnog-predsjednika-haz-a\/\" class=\"elementskit-entry-thumb\">\n                                    <img decoding=\"async\" src=\"https:\/\/haz.hr\/wp-content\/uploads\/2020\/12\/Zdeslav_Karlo-2-768x512.png\" alt=\"Izabran nacionalni predsjednik i zamjenik nacionalnog predsjednika HAZ-a\">\n                                <\/a><!-- .elementskit-entry-thumb END -->\n                                                                                                    <div class=\"elementskit-meta-lists elementskit-style-tag\">\n                                        <div class=\"elementskit-single-meta triangle_left\"><span class=\"elementskit-meta-wraper\"><strong>20<\/strong>pro<\/span><\/div>\n                                    <\/div>\n                                                                                            \n                                                            <div class=\"elementskit-meta-categories\">\n                                    <span class=\"elementskit-meta-wraper\">\n                                        <span><a href=\"https:\/\/haz.hr\/en\/category\/haz-novosti\/\" rel=\"category tag\">HAZ novosti<\/a><\/span>\n                                    <\/span>\n                                <\/div>\n                            \n\t\t\t\t\t\t\t\t\t\t\t\t\t<\/div><!-- .elementskit-entry-header END -->\n\n\t\t\t\t\t\t<div class=\"elementskit-post-body\">\n\t\t\t\t\t\t\t\n\t\t\t\t\t\t\t\t\t\t\t\t\t\t\t\t\t\t\t\t\t\t\t\t\t\t\t\t\t\t\n\t\t\t\t\t\t\t\t\n\t\t\t\t\t\t\t\t\t\t\t\t\t\t\t\t\t\t\t\t\t<h2 class=\"entry-title\">\n\t\t\t\t\t<a href=\"https:\/\/haz.hr\/en\/2020\/12\/20\/izabran-nacionalni-predsjednik-i-zamjenik-nacionalnog-predsjednika-haz-a\/\">\n\t\t\t\t\t\tIzabran nacionalni predsjednik i zamjenik nacionalnog predsjednika HAZ-a\t\t\t\t\t<\/a>\n\t\t\t\t<\/h2>\n\t\t\t\t\t\t\t\t\t\t\t\t\t\t\t\t\t\t\t\t\t\t\t\t\t\t\t\t\t\t\t\t\t\t\t\t\t\t\t\t\t\t<p>Hrvatska akademska zajednica (HAZ) na svom XI. Saboru, odr\u017eanom u online obliku 17. prosinca 2020. godine, tajnim je glasovanjem 119&hellip;<\/p>\n\t\t\t\t\t\t\t\t\t\t\t\t\t\t\t\t\t\t\t\t\t\t                                                            <div class=\"btn-wraper\">\n                                    \n                                                                            <a class=\"elementskit-btn whitespace--normal\" id=\"\" href=\"https:\/\/haz.hr\/en\/2020\/12\/20\/izabran-nacionalni-predsjednik-i-zamjenik-nacionalnog-predsjednika-haz-a\/\">\n                                        \t                                            Pro\u010ditaj vi\u0161e                                        <\/a>\n                                                                    <\/div>\n                                                    <\/div><!-- .elementskit-post-body END -->\n                    <\/div>\n                \n            <\/div>\n                    <div class=\"col-lg-4 col-md-6\">\n\n                                    <div class=\"elementskit-post-image-card\">\n                        <div class=\"elementskit-entry-header\">\n                                                            <a href=\"https:\/\/haz.hr\/en\/2020\/12\/18\/xi-sabor-i-izbori-hrvatske-akademske-zajednice-u-virtualnom-izdanju\/\" class=\"elementskit-entry-thumb\">\n                                    <img decoding=\"async\" src=\"https:\/\/haz.hr\/wp-content\/uploads\/2020\/12\/Upute_izborna_platforma_XI_sabor-HAZ-768x432.jpg\" alt=\"XI. Sabor i Izbori Hrvatske akademske zajednice u virtualnom izdanju\">\n                                <\/a><!-- .elementskit-entry-thumb END -->\n                                                                                                    <div class=\"elementskit-meta-lists elementskit-style-tag\">\n                                        <div class=\"elementskit-single-meta triangle_left\"><span class=\"elementskit-meta-wraper\"><strong>18<\/strong>pro<\/span><\/div>\n                                    <\/div>\n                                                                                            \n                                                            <div class=\"elementskit-meta-categories\">\n                                    <span class=\"elementskit-meta-wraper\">\n                                        <span><a href=\"https:\/\/haz.hr\/en\/category\/haz-novosti\/\" rel=\"category tag\">HAZ novosti<\/a><\/span>\n                                    <\/span>\n                                <\/div>\n                            \n\t\t\t\t\t\t\t\t\t\t\t\t\t<\/div><!-- .elementskit-entry-header END -->\n\n\t\t\t\t\t\t<div class=\"elementskit-post-body\">\n\t\t\t\t\t\t\t\n\t\t\t\t\t\t\t\t\t\t\t\t\t\t\t\t\t\t\t\t\t\t\t\t\t\t\t\t\t\t\n\t\t\t\t\t\t\t\t\n\t\t\t\t\t\t\t\t\t\t\t\t\t\t\t\t\t\t\t\t\t<h2 class=\"entry-title\">\n\t\t\t\t\t<a href=\"https:\/\/haz.hr\/en\/2020\/12\/18\/xi-sabor-i-izbori-hrvatske-akademske-zajednice-u-virtualnom-izdanju\/\">\n\t\t\t\t\t\tXI. Sabor i Izbori Hrvatske akademske zajednice u&hellip;\t\t\t\t\t<\/a>\n\t\t\t\t<\/h2>\n\t\t\t\t\t\t\t\t\t\t\t\t\t\t\t\t\t\t\t\t\t\t\t\t\t\t\t\t\t\t\t\t\t\t\t\t\t\t\t\t\t\t<p>XI. Sabor Hrvatske akademske zajednice odr\u017ean je u virtualnom okru\u017eenju u \u010detvrtak, 17. prosinca 2020. s po\u010detkom u 18.00 sati,&hellip;<\/p>\n\t\t\t\t\t\t\t\t\t\t\t\t\t\t\t\t\t\t\t\t\t\t                                                            <div class=\"btn-wraper\">\n                                    \n                                                                            <a class=\"elementskit-btn whitespace--normal\" id=\"\" href=\"https:\/\/haz.hr\/en\/2020\/12\/18\/xi-sabor-i-izbori-hrvatske-akademske-zajednice-u-virtualnom-izdanju\/\">\n                                        \t                                            Pro\u010ditaj vi\u0161e                                        <\/a>\n                                                                    <\/div>\n                                                    <\/div><!-- .elementskit-post-body END -->\n                    <\/div>\n                \n            <\/div>\n                    <div class=\"col-lg-4 col-md-6\">\n\n                                    <div class=\"elementskit-post-image-card\">\n                        <div class=\"elementskit-entry-header\">\n                                                            <a href=\"https:\/\/haz.hr\/en\/2020\/11\/16\/izborna-skupstina-hrvatske-akademske-zajednice-zagreb\/\" class=\"elementskit-entry-thumb\">\n                                    <img decoding=\"async\" src=\"https:\/\/haz.hr\/wp-content\/uploads\/2020\/11\/Obama_Bernays_Biosic_Miketek_final-768x432.png\" alt=\"Izborna skup\u0161tina Hrvatske akademske zajednice Zagreb\">\n                                <\/a><!-- .elementskit-entry-thumb END -->\n                                                                                                    <div class=\"elementskit-meta-lists elementskit-style-tag\">\n                                        <div class=\"elementskit-single-meta triangle_left\"><span class=\"elementskit-meta-wraper\"><strong>16<\/strong>stu<\/span><\/div>\n                                    <\/div>\n                                                                                            \n                                                            <div class=\"elementskit-meta-categories\">\n                                    <span class=\"elementskit-meta-wraper\">\n                                        <span><a href=\"https:\/\/haz.hr\/en\/category\/haz-novosti\/\" rel=\"category tag\">HAZ novosti<\/a><\/span>\n                                    <\/span>\n                                <\/div>\n                            \n\t\t\t\t\t\t\t\t\t\t\t\t\t<\/div><!-- .elementskit-entry-header END -->\n\n\t\t\t\t\t\t<div class=\"elementskit-post-body\">\n\t\t\t\t\t\t\t\n\t\t\t\t\t\t\t\t\t\t\t\t\t\t\t\t\t\t\t\t\t\t\t\t\t\t\t\t\t\t\n\t\t\t\t\t\t\t\t\n\t\t\t\t\t\t\t\t\t\t\t\t\t\t\t\t\t\t\t\t\t<h2 class=\"entry-title\">\n\t\t\t\t\t<a href=\"https:\/\/haz.hr\/en\/2020\/11\/16\/izborna-skupstina-hrvatske-akademske-zajednice-zagreb\/\">\n\t\t\t\t\t\tIzborna skup\u0161tina Hrvatske akademske zajednice Zagreb\t\t\t\t\t<\/a>\n\t\t\t\t<\/h2>\n\t\t\t\t\t\t\t\t\t\t\t\t\t\t\t\t\t\t\t\t\t\t\t\t\t\t\t\t\t\t\t\t\t\t\t\t\t\t\t\t\t\t<p>Izabrano je novo vodstvo Hrvatske akademske zajednice Zagreb, a sukladno epidemiolo\u0161kim mjerama danas je odr\u017eana online izborna skup\u0161tina na kojoj&hellip;<\/p>\n\t\t\t\t\t\t\t\t\t\t\t\t\t\t\t\t\t\t\t\t\t\t                                                            <div class=\"btn-wraper\">\n                                    \n                                                                            <a class=\"elementskit-btn whitespace--normal\" id=\"\" href=\"https:\/\/haz.hr\/en\/2020\/11\/16\/izborna-skupstina-hrvatske-akademske-zajednice-zagreb\/\">\n                                        \t                                            Pro\u010ditaj vi\u0161e                                        <\/a>\n                                                                    <\/div>\n                                                    <\/div><!-- .elementskit-post-body END -->\n                    <\/div>\n                \n            <\/div>\n                    <div class=\"col-lg-4 col-md-6\">\n\n                                    <div class=\"elementskit-post-image-card\">\n                        <div class=\"elementskit-entry-header\">\n                                                            <a href=\"https:\/\/haz.hr\/en\/2019\/12\/17\/konferencija-haz-a-odrzivi-razvoj-turizma-i-podizanje-svijesti-o-vaznosti-drustveno-odgovornog-poslovanja-na-primjeru-nacionalnog-parka-plitvicka-jezera\/\" class=\"elementskit-entry-thumb\">\n                                    <img decoding=\"async\" src=\"https:\/\/haz.hr\/wp-content\/uploads\/2019\/01\/haz_sredina.png\" alt=\"Konferencija HAZ-a: Odr\u017eivi razvoj turizma i podizanje svijesti o va\u017enosti dru\u0161tveno odgovornog poslovanja na primjeru Nacionalnog parka Plitvi\u010dka jezera\">\n                                <\/a><!-- .elementskit-entry-thumb END -->\n                                                                                                    <div class=\"elementskit-meta-lists elementskit-style-tag\">\n                                        <div class=\"elementskit-single-meta triangle_left\"><span class=\"elementskit-meta-wraper\"><strong>17<\/strong>pro<\/span><\/div>\n                                    <\/div>\n                                                                                            \n                                                            <div class=\"elementskit-meta-categories\">\n                                    <span class=\"elementskit-meta-wraper\">\n                                        <span><a href=\"https:\/\/haz.hr\/en\/category\/haz-novosti\/\" rel=\"category tag\">HAZ novosti<\/a><\/span>\n                                    <\/span>\n                                <\/div>\n                            \n\t\t\t\t\t\t\t\t\t\t\t\t\t<\/div><!-- .elementskit-entry-header END -->\n\n\t\t\t\t\t\t<div class=\"elementskit-post-body\">\n\t\t\t\t\t\t\t\n\t\t\t\t\t\t\t\t\t\t\t\t\t\t\t\t\t\t\t\t\t\t\t\t\t\t\t\t\t\t\n\t\t\t\t\t\t\t\t\n\t\t\t\t\t\t\t\t\t\t\t\t\t\t\t\t\t\t\t\t\t<h2 class=\"entry-title\">\n\t\t\t\t\t<a href=\"https:\/\/haz.hr\/en\/2019\/12\/17\/konferencija-haz-a-odrzivi-razvoj-turizma-i-podizanje-svijesti-o-vaznosti-drustveno-odgovornog-poslovanja-na-primjeru-nacionalnog-parka-plitvicka-jezera\/\">\n\t\t\t\t\t\tKonferencija HAZ-a: Odr\u017eivi razvoj turizma i podizanje svijesti&hellip;\t\t\t\t\t<\/a>\n\t\t\t\t<\/h2>\n\t\t\t\t\t\t\t\t\t\t\t\t\t\t\t\t\t\t\t\t\t\t\t\t\t\t\t\t\t\t\t\t\t\t\t\t\t\t\t\t\t\t<p>Konferencija \u201cOdr\u017eivi razvoj turizma i podizanje svijesti o va\u017enosti dru\u0161tveno odgovornog poslovanja na primjeru Nacionalnog parka Plitvi\u010dka jezera\u201d odr\u017eala se&hellip;<\/p>\n\t\t\t\t\t\t\t\t\t\t\t\t\t\t\t\t\t\t\t\t\t\t                                                            <div class=\"btn-wraper\">\n                                    \n                                                                            <a class=\"elementskit-btn whitespace--normal\" id=\"\" href=\"https:\/\/haz.hr\/en\/2019\/12\/17\/konferencija-haz-a-odrzivi-razvoj-turizma-i-podizanje-svijesti-o-vaznosti-drustveno-odgovornog-poslovanja-na-primjeru-nacionalnog-parka-plitvicka-jezera\/\">\n                                        \t                                            Pro\u010ditaj vi\u0161e                                        <\/a>\n                                                                    <\/div>\n                                                    <\/div><!-- .elementskit-post-body END -->\n                    <\/div>\n                \n            <\/div>\n                    <div class=\"col-lg-4 col-md-6\">\n\n                                    <div class=\"elementskit-post-image-card\">\n                        <div class=\"elementskit-entry-header\">\n                                                            <a href=\"https:\/\/haz.hr\/en\/2019\/04\/14\/panel-rasprava-eu-izbori-2019\/\" class=\"elementskit-entry-thumb\">\n                                    <img decoding=\"async\" src=\"https:\/\/haz.hr\/wp-content\/uploads\/2019\/04\/haz_pr_design-768x427.png\" alt=\"Panel rasprava #ZaKogaGlasam? povodom izbora za parlament Europske unije\">\n                                <\/a><!-- .elementskit-entry-thumb END -->\n                                                                                                    <div class=\"elementskit-meta-lists elementskit-style-tag\">\n                                        <div class=\"elementskit-single-meta triangle_left\"><span class=\"elementskit-meta-wraper\"><strong>14<\/strong>tra<\/span><\/div>\n                                    <\/div>\n                                                                                            \n                                                            <div class=\"elementskit-meta-categories\">\n                                    <span class=\"elementskit-meta-wraper\">\n                                        <span><a href=\"https:\/\/haz.hr\/en\/category\/haz-novosti\/\" rel=\"category tag\">HAZ novosti<\/a><\/span>\n                                    <\/span>\n                                <\/div>\n                            \n\t\t\t\t\t\t\t\t\t\t\t\t\t<\/div><!-- .elementskit-entry-header END -->\n\n\t\t\t\t\t\t<div class=\"elementskit-post-body\">\n\t\t\t\t\t\t\t\n\t\t\t\t\t\t\t\t\t\t\t\t\t\t\t\t\t\t\t\t\t\t\t\t\t\t\t\t\t\t\n\t\t\t\t\t\t\t\t\n\t\t\t\t\t\t\t\t\t\t\t\t\t\t\t\t\t\t\t\t\t<h2 class=\"entry-title\">\n\t\t\t\t\t<a href=\"https:\/\/haz.hr\/en\/2019\/04\/14\/panel-rasprava-eu-izbori-2019\/\">\n\t\t\t\t\t\tPanel rasprava #ZaKogaGlasam? povodom izbora za parlament Europske&hellip;\t\t\t\t\t<\/a>\n\t\t\t\t<\/h2>\n\t\t\t\t\t\t\t\t\t\t\t\t\t\t\t\t\t\t\t\t\t\t\t\t\t\t\t\t\t\t\t\t\t\t\t\t\t\t\t\t\t\t<p>Studentska organizacija Hrvatske akademske zajednice Zagreb organizira panel raspravu #ZaKogaGlasam? povodom izbora za parlament Europske unije, koja \u0107e se odr\u017eati&hellip;<\/p>\n\t\t\t\t\t\t\t\t\t\t\t\t\t\t\t\t\t\t\t\t\t\t                                                            <div class=\"btn-wraper\">\n                                    \n                                                                            <a class=\"elementskit-btn whitespace--normal\" id=\"\" href=\"https:\/\/haz.hr\/en\/2019\/04\/14\/panel-rasprava-eu-izbori-2019\/\">\n                                        \t                                            Pro\u010ditaj vi\u0161e                                        <\/a>\n                                                                    <\/div>\n                                                    <\/div><!-- .elementskit-post-body END -->\n                    <\/div>\n                \n            <\/div>\n                    <div class=\"col-lg-4 col-md-6\">\n\n                                    <div class=\"elementskit-post-image-card\">\n                        <div class=\"elementskit-entry-header\">\n                                                            <a href=\"https:\/\/haz.hr\/en\/2019\/03\/23\/izbori-za-studentski-zbor-sveucilista-u-zagrebu\/\" class=\"elementskit-entry-thumb\">\n                                    <img decoding=\"async\" src=\"https:\/\/haz.hr\/wp-content\/uploads\/2019\/03\/54394379_2278141745790963_4922144804546019328_n-1-768x292.jpg\" alt=\"Izbori za Studentski zbor Sveu\u010dili\u0161ta u Zagrebu\">\n                                <\/a><!-- .elementskit-entry-thumb END -->\n                                                                                                    <div class=\"elementskit-meta-lists elementskit-style-tag\">\n                                        <div class=\"elementskit-single-meta triangle_left\"><span class=\"elementskit-meta-wraper\"><strong>23<\/strong>o\u017eu<\/span><\/div>\n                                    <\/div>\n                                                                                            \n                                                            <div class=\"elementskit-meta-categories\">\n                                    <span class=\"elementskit-meta-wraper\">\n                                        <span><a href=\"https:\/\/haz.hr\/en\/category\/haz-novosti\/\" rel=\"category tag\">HAZ novosti<\/a><\/span>\n                                    <\/span>\n                                <\/div>\n                            \n\t\t\t\t\t\t\t\t\t\t\t\t\t<\/div><!-- .elementskit-entry-header END -->\n\n\t\t\t\t\t\t<div class=\"elementskit-post-body\">\n\t\t\t\t\t\t\t\n\t\t\t\t\t\t\t\t\t\t\t\t\t\t\t\t\t\t\t\t\t\t\t\t\t\t\t\t\t\t\n\t\t\t\t\t\t\t\t\n\t\t\t\t\t\t\t\t\t\t\t\t\t\t\t\t\t\t\t\t\t<h2 class=\"entry-title\">\n\t\t\t\t\t<a href=\"https:\/\/haz.hr\/en\/2019\/03\/23\/izbori-za-studentski-zbor-sveucilista-u-zagrebu\/\">\n\t\t\t\t\t\tIzbori za Studentski zbor Sveu\u010dili\u0161ta u Zagrebu\t\t\t\t\t<\/a>\n\t\t\t\t<\/h2>\n\t\t\t\t\t\t\t\t\t\t\t\t\t\t\t\t\t\t\t\t\t\t\t\t\t\t\t\t\t\t\t\t\t\t\t\t\t\t\t\t\t\t<p>Izbori za Zbor \u0107e se odr\u017eati ovaj utorak i srijedu, 26. i 27. o\u017eujka, gdje \u0107e na\u0161 predsjednik Hrvatske akademske&hellip;<\/p>\n\t\t\t\t\t\t\t\t\t\t\t\t\t\t\t\t\t\t\t\t\t\t                                                            <div class=\"btn-wraper\">\n                                    \n                                                                            <a class=\"elementskit-btn whitespace--normal\" id=\"\" href=\"https:\/\/haz.hr\/en\/2019\/03\/23\/izbori-za-studentski-zbor-sveucilista-u-zagrebu\/\">\n                                        \t                                            Pro\u010ditaj vi\u0161e                                        <\/a>\n                                                                    <\/div>\n                                                    <\/div><!-- .elementskit-post-body END -->\n                    <\/div>\n                \n            <\/div>\n                    <div class=\"col-lg-4 col-md-6\">\n\n                                    <div class=\"elementskit-post-image-card\">\n                        <div class=\"elementskit-entry-header\">\n                                                            <a href=\"https:\/\/haz.hr\/en\/2019\/03\/21\/mihovil-miokovic-obnavljanjem-hazef-a-okupljamo-buduce-poduzetnike-i-menadzere\/\" class=\"elementskit-entry-thumb\">\n                                    <img decoding=\"async\" src=\"https:\/\/haz.hr\/wp-content\/uploads\/2019\/03\/WhatsApp-Image-2019-03-21-at-23.44.12-1-768x576.jpeg\" alt=\"Mihovil Miokovi\u0107: \u201eObnavljanjem HAZEF-a okupljamo budu\u0107e poduzetnike i menad\u017eere\u201c\">\n                                <\/a><!-- .elementskit-entry-thumb END -->\n                                                                                                    <div class=\"elementskit-meta-lists elementskit-style-tag\">\n                                        <div class=\"elementskit-single-meta triangle_left\"><span class=\"elementskit-meta-wraper\"><strong>21<\/strong>o\u017eu<\/span><\/div>\n                                    <\/div>\n                                                                                            \n                                                            <div class=\"elementskit-meta-categories\">\n                                    <span class=\"elementskit-meta-wraper\">\n                                        <span><a href=\"https:\/\/haz.hr\/en\/category\/haz-novosti\/\" rel=\"category tag\">HAZ novosti<\/a><\/span>\n                                    <\/span>\n                                <\/div>\n                            \n\t\t\t\t\t\t\t\t\t\t\t\t\t<\/div><!-- .elementskit-entry-header END -->\n\n\t\t\t\t\t\t<div class=\"elementskit-post-body\">\n\t\t\t\t\t\t\t\n\t\t\t\t\t\t\t\t\t\t\t\t\t\t\t\t\t\t\t\t\t\t\t\t\t\t\t\t\t\t\n\t\t\t\t\t\t\t\t\n\t\t\t\t\t\t\t\t\t\t\t\t\t\t\t\t\t\t\t\t\t<h2 class=\"entry-title\">\n\t\t\t\t\t<a href=\"https:\/\/haz.hr\/en\/2019\/03\/21\/mihovil-miokovic-obnavljanjem-hazef-a-okupljamo-buduce-poduzetnike-i-menadzere\/\">\n\t\t\t\t\t\tMihovil Miokovi\u0107: \u201eObnavljanjem HAZEF-a okupljamo budu\u0107e poduzetnike i&hellip;\t\t\t\t\t<\/a>\n\t\t\t\t<\/h2>\n\t\t\t\t\t\t\t\t\t\t\t\t\t\t\t\t\t\t\t\t\t\t\t\t\t\t\t\t\t\t\t\t\t\t\t\t\t\t\t\t\t\t<p>U srijedu, 20. o\u017eujka odr\u017eana je Obnoviteljska skup\u0161tina HAZEF-a, studentske organizacije Hrvatske akademske zajednice Ekonomskog fakulteta Sveu\u010dili\u0161ta u Zagrebu u&hellip;<\/p>\n\t\t\t\t\t\t\t\t\t\t\t\t\t\t\t\t\t\t\t\t\t\t                                                            <div class=\"btn-wraper\">\n                                    \n                                                                            <a class=\"elementskit-btn whitespace--normal\" id=\"\" href=\"https:\/\/haz.hr\/en\/2019\/03\/21\/mihovil-miokovic-obnavljanjem-hazef-a-okupljamo-buduce-poduzetnike-i-menadzere\/\">\n                                        \t                                            Pro\u010ditaj vi\u0161e                                        <\/a>\n                                                                    <\/div>\n                                                    <\/div><!-- .elementskit-post-body END -->\n                    <\/div>\n                \n            <\/div>\n                    <div class=\"col-lg-4 col-md-6\">\n\n                                    <div class=\"elementskit-post-image-card\">\n                        <div class=\"elementskit-entry-header\">\n                                                            <a href=\"https:\/\/haz.hr\/en\/2019\/03\/18\/intervju-s-marijom-rajicem-voditeljom-projekta-sudjelovanja-haz-a-na-wings-for-life-u-2019\/\" class=\"elementskit-entry-thumb\">\n                                    <img decoding=\"async\" src=\"https:\/\/haz.hr\/wp-content\/uploads\/2019\/03\/WhatsApp-Image-2019-03-18-at-19.23.45-768x575.jpeg\" alt=\"Intervju s Marijom Raji\u010dem, voditeljom projekta sudjelovanja HAZ-a na Wings for Life-u 2019.\">\n                                <\/a><!-- .elementskit-entry-thumb END -->\n                                                                                                    <div class=\"elementskit-meta-lists elementskit-style-tag\">\n                                        <div class=\"elementskit-single-meta triangle_left\"><span class=\"elementskit-meta-wraper\"><strong>18<\/strong>o\u017eu<\/span><\/div>\n                                    <\/div>\n                                                                                            \n                                                            <div class=\"elementskit-meta-categories\">\n                                    <span class=\"elementskit-meta-wraper\">\n                                        <span><a href=\"https:\/\/haz.hr\/en\/category\/haz-novosti\/\" rel=\"category tag\">HAZ novosti<\/a><\/span>\n                                    <\/span>\n                                <\/div>\n                            \n\t\t\t\t\t\t\t\t\t\t\t\t\t<\/div><!-- .elementskit-entry-header END -->\n\n\t\t\t\t\t\t<div class=\"elementskit-post-body\">\n\t\t\t\t\t\t\t\n\t\t\t\t\t\t\t\t\t\t\t\t\t\t\t\t\t\t\t\t\t\t\t\t\t\t\t\t\t\t\n\t\t\t\t\t\t\t\t\n\t\t\t\t\t\t\t\t\t\t\t\t\t\t\t\t\t\t\t\t\t<h2 class=\"entry-title\">\n\t\t\t\t\t<a href=\"https:\/\/haz.hr\/en\/2019\/03\/18\/intervju-s-marijom-rajicem-voditeljom-projekta-sudjelovanja-haz-a-na-wings-for-life-u-2019\/\">\n\t\t\t\t\t\tIntervju s Marijom Raji\u010dem, voditeljom projekta sudjelovanja HAZ-a&hellip;\t\t\t\t\t<\/a>\n\t\t\t\t<\/h2>\n\t\t\t\t\t\t\t\t\t\t\t\t\t\t\t\t\t\t\t\t\t\t\t\t\t\t\t\t\t\t\t\t\t\t\t\t\t\t\t\t\t\t<p>Za\u0161to si se odlu\u010dio organizirati HAZ tim ba\u0161 za nadolaze\u0107i Wings for Life u Zadru? M: Organizacija doga\u0111aja dinami\u010dna je&hellip;<\/p>\n\t\t\t\t\t\t\t\t\t\t\t\t\t\t\t\t\t\t\t\t\t\t                                                            <div class=\"btn-wraper\">\n                                    \n                                                                            <a class=\"elementskit-btn whitespace--normal\" id=\"\" href=\"https:\/\/haz.hr\/en\/2019\/03\/18\/intervju-s-marijom-rajicem-voditeljom-projekta-sudjelovanja-haz-a-na-wings-for-life-u-2019\/\">\n                                        \t                                            Pro\u010ditaj vi\u0161e                                        <\/a>\n                                                                    <\/div>\n                                                    <\/div><!-- .elementskit-post-body END -->\n                    <\/div>\n                \n            <\/div>\n                    <div class=\"col-lg-4 col-md-6\">\n\n                                    <div class=\"elementskit-post-image-card\">\n                        <div class=\"elementskit-entry-header\">\n                                                            <a href=\"https:\/\/haz.hr\/en\/2019\/02\/10\/hrvatska-akademska-zajednica-ponovno-u-punopravnom-clanstvu-europskih-demokratskih-studenata\/\" class=\"elementskit-entry-thumb\">\n                                    <img decoding=\"async\" src=\"https:\/\/haz.hr\/wp-content\/uploads\/2019\/02\/image001-768x512.jpg\" alt=\"HRVATSKA AKADEMSKA ZAJEDNICA PONOVNO U PUNOPRAVNOM \u010cLANSTVU EUROPSKIH DEMOKRATSKIH STUDENATA\">\n                                <\/a><!-- .elementskit-entry-thumb END -->\n                                                                                                    <div class=\"elementskit-meta-lists elementskit-style-tag\">\n                                        <div class=\"elementskit-single-meta triangle_left\"><span class=\"elementskit-meta-wraper\"><strong>10<\/strong>velj<\/span><\/div>\n                                    <\/div>\n                                                                                            \n                                                            <div class=\"elementskit-meta-categories\">\n                                    <span class=\"elementskit-meta-wraper\">\n                                        <span><a href=\"https:\/\/haz.hr\/en\/category\/haz-novosti\/\" rel=\"category tag\">HAZ novosti<\/a><\/span>\n                                    <\/span>\n                                <\/div>\n                            \n\t\t\t\t\t\t\t\t\t\t\t\t\t<\/div><!-- .elementskit-entry-header END -->\n\n\t\t\t\t\t\t<div class=\"elementskit-post-body\">\n\t\t\t\t\t\t\t\n\t\t\t\t\t\t\t\t\t\t\t\t\t\t\t\t\t\t\t\t\t\t\t\t\t\t\t\t\t\t\n\t\t\t\t\t\t\t\t\n\t\t\t\t\t\t\t\t\t\t\t\t\t\t\t\t\t\t\t\t\t<h2 class=\"entry-title\">\n\t\t\t\t\t<a href=\"https:\/\/haz.hr\/en\/2019\/02\/10\/hrvatska-akademska-zajednica-ponovno-u-punopravnom-clanstvu-europskih-demokratskih-studenata\/\">\n\t\t\t\t\t\tHRVATSKA AKADEMSKA ZAJEDNICA PONOVNO U PUNOPRAVNOM \u010cLANSTVU EUROPSKIH&hellip;\t\t\t\t\t<\/a>\n\t\t\t\t<\/h2>\n\t\t\t\t\t\t\t\t\t\t\t\t\t\t\t\t\t\t\t\t\t\t\t\t\t\t\t\t\t\t\t\t\t\t\t\t\t\t\t\t\t\t<p>Barcelona, 7. &#8211; 10. velja\u010de 2019. U \u0160panjolskoj, u glavnom gradu Katalonije, odr\u017ean je Winter University Europskih demokratskih studenata (EDS)&hellip;<\/p>\n\t\t\t\t\t\t\t\t\t\t\t\t\t\t\t\t\t\t\t\t\t\t                                                            <div class=\"btn-wraper\">\n                                    \n                                                                            <a class=\"elementskit-btn whitespace--normal\" id=\"\" href=\"https:\/\/haz.hr\/en\/2019\/02\/10\/hrvatska-akademska-zajednica-ponovno-u-punopravnom-clanstvu-europskih-demokratskih-studenata\/\">\n                                        \t                                            Pro\u010ditaj vi\u0161e                                        <\/a>\n                                                                    <\/div>\n                                                    <\/div><!-- .elementskit-post-body END -->\n                    <\/div>\n                \n            <\/div>\n                    <div class=\"col-lg-4 col-md-6\">\n\n                                    <div class=\"elementskit-post-image-card\">\n                        <div class=\"elementskit-entry-header\">\n                                                            <a href=\"https:\/\/haz.hr\/en\/2018\/12\/16\/pod-geslom-vjerujemo-u-hrvatsku-odrzan-sabor-hrvatske-akademske-zajednice\/\" class=\"elementskit-entry-thumb\">\n                                    <img decoding=\"async\" src=\"https:\/\/haz.hr\/wp-content\/uploads\/2019\/01\/IMG_5177-768x512.jpg\" alt=\"Sabor Hrvatske akademske zajednice: Vjerujemo u Hrvatsku!\">\n                                <\/a><!-- .elementskit-entry-thumb END -->\n                                                                                                    <div class=\"elementskit-meta-lists elementskit-style-tag\">\n                                        <div class=\"elementskit-single-meta triangle_left\"><span class=\"elementskit-meta-wraper\"><strong>16<\/strong>pro<\/span><\/div>\n                                    <\/div>\n                                                                                            \n                                                            <div class=\"elementskit-meta-categories\">\n                                    <span class=\"elementskit-meta-wraper\">\n                                        <span><a href=\"https:\/\/haz.hr\/en\/category\/haz-novosti\/\" rel=\"category tag\">HAZ novosti<\/a><\/span>\n                                    <\/span>\n                                <\/div>\n                            \n\t\t\t\t\t\t\t\t\t\t\t\t\t<\/div><!-- .elementskit-entry-header END -->\n\n\t\t\t\t\t\t<div class=\"elementskit-post-body\">\n\t\t\t\t\t\t\t\n\t\t\t\t\t\t\t\t\t\t\t\t\t\t\t\t\t\t\t\t\t\t\t\t\t\t\t\t\t\t\n\t\t\t\t\t\t\t\t\n\t\t\t\t\t\t\t\t\t\t\t\t\t\t\t\t\t\t\t\t\t<h2 class=\"entry-title\">\n\t\t\t\t\t<a href=\"https:\/\/haz.hr\/en\/2018\/12\/16\/pod-geslom-vjerujemo-u-hrvatsku-odrzan-sabor-hrvatske-akademske-zajednice\/\">\n\t\t\t\t\t\tSabor Hrvatske akademske zajednice: Vjerujemo u Hrvatsku!\t\t\t\t\t<\/a>\n\t\t\t\t<\/h2>\n\t\t\t\t\t\t\t\t\t\t\t\t\t\t\t\t\t\t\t\t\t\t\t\t\t\t\t\t\t\t\t\t\t\t\t\t\t\t\t\t\t\t<p>U subotu. 15. prosinca, odr\u017ean je, u Preporodnoj dvorani pala\u010de Narodnog doma u Zagrebu, 9. Sabor Hrvatske akademske zajednice (HAZ),&hellip;<\/p>\n\t\t\t\t\t\t\t\t\t\t\t\t\t\t\t\t\t\t\t\t\t\t                                                            <div class=\"btn-wraper\">\n                                    \n                                                                            <a class=\"elementskit-btn whitespace--normal\" id=\"\" href=\"https:\/\/haz.hr\/en\/2018\/12\/16\/pod-geslom-vjerujemo-u-hrvatsku-odrzan-sabor-hrvatske-akademske-zajednice\/\">\n                                        \t                                            Pro\u010ditaj vi\u0161e                                        <\/a>\n                                                                    <\/div>\n                                                    <\/div><!-- .elementskit-post-body END -->\n                    <\/div>\n                \n            <\/div>\n                    <div class=\"col-lg-4 col-md-6\">\n\n                                    <div class=\"elementskit-post-image-card\">\n                        <div class=\"elementskit-entry-header\">\n                                                            <a href=\"https:\/\/haz.hr\/en\/2018\/08\/01\/karlo-kolesar-izabran-za-co-chaira-stalne-radne-skupine-european-democrat-students-za-visoko-obrazovanje-i-istrazivanje\/\" class=\"elementskit-entry-thumb\">\n                                    <img decoding=\"async\" src=\"https:\/\/haz.hr\/wp-content\/uploads\/2019\/01\/WhatsApp-Image-2019-01-06-at-21.32.18-768x512.jpeg\" alt=\"Karlo Kolesar izabran za Co-Chaira stalne radne skupine European Democrat Students za visoko obrazovanje i istra\u017eivanje.\">\n                                <\/a><!-- .elementskit-entry-thumb END -->\n                                                                                                    <div class=\"elementskit-meta-lists elementskit-style-tag\">\n                                        <div class=\"elementskit-single-meta triangle_left\"><span class=\"elementskit-meta-wraper\"><strong>01<\/strong>Cabbage<\/span><\/div>\n                                    <\/div>\n                                                                                            \n                                                            <div class=\"elementskit-meta-categories\">\n                                    <span class=\"elementskit-meta-wraper\">\n                                        <span><a href=\"https:\/\/haz.hr\/en\/category\/haz-novosti\/\" rel=\"category tag\">HAZ novosti<\/a><\/span>\n                                    <\/span>\n                                <\/div>\n                            \n\t\t\t\t\t\t\t\t\t\t\t\t\t<\/div><!-- .elementskit-entry-header END -->\n\n\t\t\t\t\t\t<div class=\"elementskit-post-body\">\n\t\t\t\t\t\t\t\n\t\t\t\t\t\t\t\t\t\t\t\t\t\t\t\t\t\t\t\t\t\t\t\t\t\t\t\t\t\t\n\t\t\t\t\t\t\t\t\n\t\t\t\t\t\t\t\t\t\t\t\t\t\t\t\t\t\t\t\t\t<h2 class=\"entry-title\">\n\t\t\t\t\t<a href=\"https:\/\/haz.hr\/en\/2018\/08\/01\/karlo-kolesar-izabran-za-co-chaira-stalne-radne-skupine-european-democrat-students-za-visoko-obrazovanje-i-istrazivanje\/\">\n\t\t\t\t\t\tKarlo Kolesar izabran za Co-Chaira stalne radne skupine&hellip;\t\t\t\t\t<\/a>\n\t\t\t\t<\/h2>\n\t\t\t\t\t\t\t\t\t\t\t\t\t\t\t\t\t\t\t\t\t\t\t\t\t\t\t\t\t\t\t\t\t\t\t\t\t\t\t\t\t\t<p>Ponosno objavljujemo da \u0107e na\u0161 nacionalni dopredsjednik HAZ-a i donedavni predsjednik Vije\u0107a studenata veleu\u010dili\u0161ta i visokih \u0161kola RH u ulozi&hellip;<\/p>\n\t\t\t\t\t\t\t\t\t\t\t\t\t\t\t\t\t\t\t\t\t\t                                                            <div class=\"btn-wraper\">\n                                    \n                                                                            <a class=\"elementskit-btn whitespace--normal\" id=\"\" href=\"https:\/\/haz.hr\/en\/2018\/08\/01\/karlo-kolesar-izabran-za-co-chaira-stalne-radne-skupine-european-democrat-students-za-visoko-obrazovanje-i-istrazivanje\/\">\n                                        \t                                            Pro\u010ditaj vi\u0161e                                        <\/a>\n                                                                    <\/div>\n                                                    <\/div><!-- .elementskit-post-body END -->\n                    <\/div>\n                \n            <\/div>\n                    <div class=\"col-lg-4 col-md-6\">\n\n                                    <div class=\"elementskit-post-image-card\">\n                        <div class=\"elementskit-entry-header\">\n                                                            <a href=\"https:\/\/haz.hr\/en\/2018\/06\/16\/878-2\/\" class=\"elementskit-entry-thumb\">\n                                    <img decoding=\"async\" src=\"https:\/\/haz.hr\/wp-content\/uploads\/2019\/01\/WhatsApp-Image-2019-01-06-at-20.36.26-768x512.jpeg\" alt=\"Centre Right Academy in Zagreb 2018\">\n                                <\/a><!-- .elementskit-entry-thumb END -->\n                                                                                                    <div class=\"elementskit-meta-lists elementskit-style-tag\">\n                                        <div class=\"elementskit-single-meta triangle_left\"><span class=\"elementskit-meta-wraper\"><strong>16<\/strong>lip<\/span><\/div>\n                                    <\/div>\n                                                                                            \n                                                            <div class=\"elementskit-meta-categories\">\n                                    <span class=\"elementskit-meta-wraper\">\n                                        <span><a href=\"https:\/\/haz.hr\/en\/category\/haz-novosti\/\" rel=\"category tag\">HAZ novosti<\/a><\/span>\n                                    <\/span>\n                                <\/div>\n                            \n\t\t\t\t\t\t\t\t\t\t\t\t\t<\/div><!-- .elementskit-entry-header END -->\n\n\t\t\t\t\t\t<div class=\"elementskit-post-body\">\n\t\t\t\t\t\t\t\n\t\t\t\t\t\t\t\t\t\t\t\t\t\t\t\t\t\t\t\t\t\t\t\t\t\t\t\t\t\t\n\t\t\t\t\t\t\t\t\n\t\t\t\t\t\t\t\t\t\t\t\t\t\t\t\t\t\t\t\t\t<h2 class=\"entry-title\">\n\t\t\t\t\t<a href=\"https:\/\/haz.hr\/en\/2018\/06\/16\/878-2\/\">\n\t\t\t\t\t\tCentre Right Academy in Zagreb 2018\t\t\t\t\t<\/a>\n\t\t\t\t<\/h2>\n\t\t\t\t\t\t\t\t\t\t\t\t\t\t\t\t\t\t\t\t\t\t\t\t\t\t\t\t\t\t\t\t\t\t\t\t\t\t\t\t\t\t<p>For the third consecutive year, EDS, together with the Hanns Seidel foundation and Croatian Academic Union (HAZ) organized the Centre&hellip;<\/p>\n\t\t\t\t\t\t\t\t\t\t\t\t\t\t\t\t\t\t\t\t\t\t                                                            <div class=\"btn-wraper\">\n                                    \n                                                                            <a class=\"elementskit-btn whitespace--normal\" id=\"\" href=\"https:\/\/haz.hr\/en\/2018\/06\/16\/878-2\/\">\n                                        \t                                            Pro\u010ditaj vi\u0161e                                        <\/a>\n                                                                    <\/div>\n                                                    <\/div><!-- .elementskit-post-body END -->\n                    <\/div>\n                \n            <\/div>\n                    <div class=\"col-lg-4 col-md-6\">\n\n                                    <div class=\"elementskit-post-image-card\">\n                        <div class=\"elementskit-entry-header\">\n                                                            <a href=\"https:\/\/haz.hr\/en\/2018\/04\/09\/kratka-povijest-medunarodnih-odnosa-haz-a-u-eds-u-1994-2013\/\" class=\"elementskit-entry-thumb\">\n                                    <img decoding=\"async\" src=\"https:\/\/haz.hr\/wp-content\/uploads\/2022\/12\/HAZ_obrazovanje_i_poduzetnistvo_naslovna-768x512.jpg\" alt=\"Kratka povijest me\u0111unarodnih odnosa HAZ-a u EDS-u (1994. \u2013 2013.)\">\n                                <\/a><!-- .elementskit-entry-thumb END -->\n                                                                                                    <div class=\"elementskit-meta-lists elementskit-style-tag\">\n                                        <div class=\"elementskit-single-meta triangle_left\"><span class=\"elementskit-meta-wraper\"><strong>09<\/strong>tra<\/span><\/div>\n                                    <\/div>\n                                                                                            \n                                                            <div class=\"elementskit-meta-categories\">\n                                    <span class=\"elementskit-meta-wraper\">\n                                        <span><a href=\"https:\/\/haz.hr\/en\/category\/haz-novosti\/\" rel=\"category tag\">HAZ novosti<\/a><\/span>\n                                    <\/span>\n                                <\/div>\n                            \n\t\t\t\t\t\t\t\t\t\t\t\t\t<\/div><!-- .elementskit-entry-header END -->\n\n\t\t\t\t\t\t<div class=\"elementskit-post-body\">\n\t\t\t\t\t\t\t\n\t\t\t\t\t\t\t\t\t\t\t\t\t\t\t\t\t\t\t\t\t\t\t\t\t\t\t\t\t\t\n\t\t\t\t\t\t\t\t\n\t\t\t\t\t\t\t\t\t\t\t\t\t\t\t\t\t\t\t\t\t<h2 class=\"entry-title\">\n\t\t\t\t\t<a href=\"https:\/\/haz.hr\/en\/2018\/04\/09\/kratka-povijest-medunarodnih-odnosa-haz-a-u-eds-u-1994-2013\/\">\n\t\t\t\t\t\tKratka povijest me\u0111unarodnih odnosa HAZ-a u EDS-u (1994.&hellip;\t\t\t\t\t<\/a>\n\t\t\t\t<\/h2>\n\t\t\t\t\t\t\t\t\t\t\t\t\t\t\t\t\t\t\t\t\t\t\t\t\t\t\t\t\t\t\t\t\t\t\t\t\t\t\t\t\t\t<p>Zagreb, 9.4.2018. &#8211; Hrvatska akademska zajednica osnovana je u listopadu 1990. kao prva nekomunisti\u010dka studentska organizacija nakon sloma Hrvatskog prolje\u0107a&hellip;<\/p>\n\t\t\t\t\t\t\t\t\t\t\t\t\t\t\t\t\t\t\t\t\t\t                                                            <div class=\"btn-wraper\">\n                                    \n                                                                            <a class=\"elementskit-btn whitespace--normal\" id=\"\" href=\"https:\/\/haz.hr\/en\/2018\/04\/09\/kratka-povijest-medunarodnih-odnosa-haz-a-u-eds-u-1994-2013\/\">\n                                        \t                                            Pro\u010ditaj vi\u0161e                                        <\/a>\n                                                                    <\/div>\n                                                    <\/div><!-- .elementskit-post-body END -->\n                    <\/div>\n                \n            <\/div>\n                    <div class=\"col-lg-4 col-md-6\">\n\n                                    <div class=\"elementskit-post-image-card\">\n                        <div class=\"elementskit-entry-header\">\n                                                            <a href=\"https:\/\/haz.hr\/en\/2018\/04\/01\/sretan-uskrs\/\" class=\"elementskit-entry-thumb\">\n                                    <img decoding=\"async\" src=\"https:\/\/haz.hr\/wp-content\/uploads\/2018\/04\/uskrs_HAZ.jpg\" alt=\"SRETAN USKRS!\">\n                                <\/a><!-- .elementskit-entry-thumb END -->\n                                                                                                    <div class=\"elementskit-meta-lists elementskit-style-tag\">\n                                        <div class=\"elementskit-single-meta triangle_left\"><span class=\"elementskit-meta-wraper\"><strong>01<\/strong>tra<\/span><\/div>\n                                    <\/div>\n                                                                                            \n                                                            <div class=\"elementskit-meta-categories\">\n                                    <span class=\"elementskit-meta-wraper\">\n                                        <span><a href=\"https:\/\/haz.hr\/en\/category\/haz-novosti\/\" rel=\"category tag\">HAZ novosti<\/a><\/span>\n                                    <\/span>\n                                <\/div>\n                            \n\t\t\t\t\t\t\t\t\t\t\t\t\t<\/div><!-- .elementskit-entry-header END -->\n\n\t\t\t\t\t\t<div class=\"elementskit-post-body\">\n\t\t\t\t\t\t\t\n\t\t\t\t\t\t\t\t\t\t\t\t\t\t\t\t\t\t\t\t\t\t\t\t\t\t\t\t\t\t\n\t\t\t\t\t\t\t\t\n\t\t\t\t\t\t\t\t\t\t\t\t\t\t\t\t\t\t\t\t\t<h2 class=\"entry-title\">\n\t\t\t\t\t<a href=\"https:\/\/haz.hr\/en\/2018\/04\/01\/sretan-uskrs\/\">\n\t\t\t\t\t\tSRETAN USKRS!\t\t\t\t\t<\/a>\n\t\t\t\t<\/h2>\n\t\t\t\t\t\t\t\t\t\t\t\t\t\t\t\t\t\t\t\t\t\t\t\t\t\t\t\t\t\t\t\t\t\t\t\t\t\t\t\t\t\t<p>&#8220;Ostani s nama jer zamalo \u0107e ve\u010der i dan je na izmaku. I uni\u0111e da ostane s njima.\u201c Lk 24,29&hellip;<\/p>\n\t\t\t\t\t\t\t\t\t\t\t\t\t\t\t\t\t\t\t\t\t\t                                                            <div class=\"btn-wraper\">\n                                    \n                                                                            <a class=\"elementskit-btn whitespace--normal\" id=\"\" href=\"https:\/\/haz.hr\/en\/2018\/04\/01\/sretan-uskrs\/\">\n                                        \t                                            Pro\u010ditaj vi\u0161e                                        <\/a>\n                                                                    <\/div>\n                                                    <\/div><!-- .elementskit-post-body END -->\n                    <\/div>\n                \n            <\/div>\n                    <div class=\"col-lg-4 col-md-6\">\n\n                                    <div class=\"elementskit-post-image-card\">\n                        <div class=\"elementskit-entry-header\">\n                                                            <a href=\"https:\/\/haz.hr\/en\/2018\/03\/26\/podrska-zakonu-o-obavljanju-studentskih-poslova\/\" class=\"elementskit-entry-thumb\">\n                                    <img decoding=\"async\" src=\"https:\/\/haz.hr\/wp-content\/uploads\/2018\/04\/zakon_HAZ.jpg\" alt=\"Podr\u0161ka Zakonu o obavljanju studentskih poslova\">\n                                <\/a><!-- .elementskit-entry-thumb END -->\n                                                                                                    <div class=\"elementskit-meta-lists elementskit-style-tag\">\n                                        <div class=\"elementskit-single-meta triangle_left\"><span class=\"elementskit-meta-wraper\"><strong>26<\/strong>o\u017eu<\/span><\/div>\n                                    <\/div>\n                                                                                            \n                                                            <div class=\"elementskit-meta-categories\">\n                                    <span class=\"elementskit-meta-wraper\">\n                                        <span><a href=\"https:\/\/haz.hr\/en\/category\/haz-novosti\/\" rel=\"category tag\">HAZ novosti<\/a><\/span>\n                                    <\/span>\n                                <\/div>\n                            \n\t\t\t\t\t\t\t\t\t\t\t\t\t<\/div><!-- .elementskit-entry-header END -->\n\n\t\t\t\t\t\t<div class=\"elementskit-post-body\">\n\t\t\t\t\t\t\t\n\t\t\t\t\t\t\t\t\t\t\t\t\t\t\t\t\t\t\t\t\t\t\t\t\t\t\t\t\t\t\n\t\t\t\t\t\t\t\t\n\t\t\t\t\t\t\t\t\t\t\t\t\t\t\t\t\t\t\t\t\t<h2 class=\"entry-title\">\n\t\t\t\t\t<a href=\"https:\/\/haz.hr\/en\/2018\/03\/26\/podrska-zakonu-o-obavljanju-studentskih-poslova\/\">\n\t\t\t\t\t\tPodr\u0161ka Zakonu o obavljanju studentskih poslova\t\t\t\t\t<\/a>\n\t\t\t\t<\/h2>\n\t\t\t\t\t\t\t\t\t\t\t\t\t\t\t\t\t\t\t\t\t\t\t\t\t\t\t\t\t\t\t\t\t\t\t\t\t\t\t\t\t\t<p>Zagreb, 26.3.2018. &#8211; U proceduri je usvajanje Zakona o obavljanju studentskih poslova koji omogu\u0107uje studentima koji nisu u radnom odnosu&hellip;<\/p>\n\t\t\t\t\t\t\t\t\t\t\t\t\t\t\t\t\t\t\t\t\t\t                                                            <div class=\"btn-wraper\">\n                                    \n                                                                            <a class=\"elementskit-btn whitespace--normal\" id=\"\" href=\"https:\/\/haz.hr\/en\/2018\/03\/26\/podrska-zakonu-o-obavljanju-studentskih-poslova\/\">\n                                        \t                                            Pro\u010ditaj vi\u0161e                                        <\/a>\n                                                                    <\/div>\n                                                    <\/div><!-- .elementskit-post-body END -->\n                    <\/div>\n                \n            <\/div>\n                    <div class=\"col-lg-4 col-md-6\">\n\n                                    <div class=\"elementskit-post-image-card\">\n                        <div class=\"elementskit-entry-header\">\n                                                            <a href=\"https:\/\/haz.hr\/en\/2018\/03\/14\/karlo-kolesar-imenovan-medunarodnim-tajnikom-a-drazen-opalic-riznicarom-haz-a\/\" class=\"elementskit-entry-thumb\">\n                                    <img decoding=\"async\" src=\"https:\/\/haz.hr\/wp-content\/uploads\/2018\/04\/glavni_HAZ.jpg\" alt=\"Karlo Kolesar imenovan me\u0111unarodnim tajnikom, a Dra\u017een Opali\u0107 rizni\u010darom HAZ-a\">\n                                <\/a><!-- .elementskit-entry-thumb END -->\n                                                                                                    <div class=\"elementskit-meta-lists elementskit-style-tag\">\n                                        <div class=\"elementskit-single-meta triangle_left\"><span class=\"elementskit-meta-wraper\"><strong>14<\/strong>o\u017eu<\/span><\/div>\n                                    <\/div>\n                                                                                            \n                                                            <div class=\"elementskit-meta-categories\">\n                                    <span class=\"elementskit-meta-wraper\">\n                                        <span><a href=\"https:\/\/haz.hr\/en\/category\/haz-novosti\/\" rel=\"category tag\">HAZ novosti<\/a><\/span>\n                                    <\/span>\n                                <\/div>\n                            \n\t\t\t\t\t\t\t\t\t\t\t\t\t<\/div><!-- .elementskit-entry-header END -->\n\n\t\t\t\t\t\t<div class=\"elementskit-post-body\">\n\t\t\t\t\t\t\t\n\t\t\t\t\t\t\t\t\t\t\t\t\t\t\t\t\t\t\t\t\t\t\t\t\t\t\t\t\t\t\n\t\t\t\t\t\t\t\t\n\t\t\t\t\t\t\t\t\t\t\t\t\t\t\t\t\t\t\t\t\t<h2 class=\"entry-title\">\n\t\t\t\t\t<a href=\"https:\/\/haz.hr\/en\/2018\/03\/14\/karlo-kolesar-imenovan-medunarodnim-tajnikom-a-drazen-opalic-riznicarom-haz-a\/\">\n\t\t\t\t\t\tKarlo Kolesar imenovan me\u0111unarodnim tajnikom, a Dra\u017een Opali\u0107&hellip;\t\t\t\t\t<\/a>\n\t\t\t\t<\/h2>\n\t\t\t\t\t\t\t\t\t\t\t\t\t\t\t\t\t\t\t\t\t\t\t\t\t\t\t\t\t\t\t\t\t\t\t\t\t\t\t\t\t\t<p>Zagreb, 14.3.2018. &#8211; Na sjednici Glavnog odbora Hrvatske akademske zajednice prihva\u0107eno je izvje\u0161\u0107e o radu za godinu 2017.&nbsp; Glavni tajnik&hellip;<\/p>\n\t\t\t\t\t\t\t\t\t\t\t\t\t\t\t\t\t\t\t\t\t\t                                                            <div class=\"btn-wraper\">\n                                    \n                                                                            <a class=\"elementskit-btn whitespace--normal\" id=\"\" href=\"https:\/\/haz.hr\/en\/2018\/03\/14\/karlo-kolesar-imenovan-medunarodnim-tajnikom-a-drazen-opalic-riznicarom-haz-a\/\">\n                                        \t                                            Pro\u010ditaj vi\u0161e                                        <\/a>\n                                                                    <\/div>\n                                                    <\/div><!-- .elementskit-post-body END -->\n                    <\/div>\n                \n            <\/div>\n                    <div class=\"col-lg-4 col-md-6\">\n\n                                    <div class=\"elementskit-post-image-card\">\n                        <div class=\"elementskit-entry-header\">\n                                                            <a href=\"https:\/\/haz.hr\/en\/2018\/02\/24\/we-are-back-haz-is-again-a-part-of-eds-family\/\" class=\"elementskit-entry-thumb\">\n                                    <img decoding=\"async\" src=\"https:\/\/haz.hr\/wp-content\/uploads\/2018\/04\/haz_eds.jpg\" alt=\"We are back! HAZ is again a part of EDS family\">\n                                <\/a><!-- .elementskit-entry-thumb END -->\n                                                                                                    <div class=\"elementskit-meta-lists elementskit-style-tag\">\n                                        <div class=\"elementskit-single-meta triangle_left\"><span class=\"elementskit-meta-wraper\"><strong>24<\/strong>velj<\/span><\/div>\n                                    <\/div>\n                                                                                            \n                                                            <div class=\"elementskit-meta-categories\">\n                                    <span class=\"elementskit-meta-wraper\">\n                                        <span><a href=\"https:\/\/haz.hr\/en\/category\/haz-novosti\/\" rel=\"category tag\">HAZ novosti<\/a><\/span>\n                                    <\/span>\n                                <\/div>\n                            \n\t\t\t\t\t\t\t\t\t\t\t\t\t<\/div><!-- .elementskit-entry-header END -->\n\n\t\t\t\t\t\t<div class=\"elementskit-post-body\">\n\t\t\t\t\t\t\t\n\t\t\t\t\t\t\t\t\t\t\t\t\t\t\t\t\t\t\t\t\t\t\t\t\t\t\t\t\t\t\n\t\t\t\t\t\t\t\t\n\t\t\t\t\t\t\t\t\t\t\t\t\t\t\t\t\t\t\t\t\t<h2 class=\"entry-title\">\n\t\t\t\t\t<a href=\"https:\/\/haz.hr\/en\/2018\/02\/24\/we-are-back-haz-is-again-a-part-of-eds-family\/\">\n\t\t\t\t\t\tWe are back! HAZ is again a part&hellip;\t\t\t\t\t<\/a>\n\t\t\t\t<\/h2>\n\t\t\t\t\t\t\t\t\t\t\t\t\t\t\t\t\t\t\t\t\t\t\t\t\t\t\t\t\t\t\t\t\t\t\t\t\t\t\t\t\t\t<p>Krak\u00f3w, 24.2.2018. We are proud to announce that today the European Democrat Students Council in Krak\u00f3w voted in favour of&hellip;<\/p>\n\t\t\t\t\t\t\t\t\t\t\t\t\t\t\t\t\t\t\t\t\t\t                                                            <div class=\"btn-wraper\">\n                                    \n                                                                            <a class=\"elementskit-btn whitespace--normal\" id=\"\" href=\"https:\/\/haz.hr\/en\/2018\/02\/24\/we-are-back-haz-is-again-a-part-of-eds-family\/\">\n                                        \t                                            Pro\u010ditaj vi\u0161e                                        <\/a>\n                                                                    <\/div>\n                                                    <\/div><!-- .elementskit-post-body END -->\n                    <\/div>\n                \n            <\/div>\n                    <div class=\"col-lg-4 col-md-6\">\n\n                                    <div class=\"elementskit-post-image-card\">\n                        <div class=\"elementskit-entry-header\">\n                                                            <a href=\"https:\/\/haz.hr\/en\/2018\/02\/16\/imenovani-studentski-povjerenici-haz-a-na-ekonomskom-i-pravnom-fakultetu-u-splitu\/\" class=\"elementskit-entry-thumb\">\n                                    <img decoding=\"async\" src=\"https:\/\/haz.hr\/wp-content\/uploads\/2018\/02\/povjerenici_split-768x606.jpg\" alt=\"Imenovani studentski povjerenici HAZ-a na Ekonomskom i Pravnom fakultetu u Splitu\">\n                                <\/a><!-- .elementskit-entry-thumb END -->\n                                                                                                    <div class=\"elementskit-meta-lists elementskit-style-tag\">\n                                        <div class=\"elementskit-single-meta triangle_left\"><span class=\"elementskit-meta-wraper\"><strong>16<\/strong>velj<\/span><\/div>\n                                    <\/div>\n                                                                                            \n                                                            <div class=\"elementskit-meta-categories\">\n                                    <span class=\"elementskit-meta-wraper\">\n                                        <span><a href=\"https:\/\/haz.hr\/en\/category\/haz-novosti\/\" rel=\"category tag\">HAZ novosti<\/a><\/span>\n                                    <\/span>\n                                <\/div>\n                            \n\t\t\t\t\t\t\t\t\t\t\t\t\t<\/div><!-- .elementskit-entry-header END -->\n\n\t\t\t\t\t\t<div class=\"elementskit-post-body\">\n\t\t\t\t\t\t\t\n\t\t\t\t\t\t\t\t\t\t\t\t\t\t\t\t\t\t\t\t\t\t\t\t\t\t\t\t\t\t\n\t\t\t\t\t\t\t\t\n\t\t\t\t\t\t\t\t\t\t\t\t\t\t\t\t\t\t\t\t\t<h2 class=\"entry-title\">\n\t\t\t\t\t<a href=\"https:\/\/haz.hr\/en\/2018\/02\/16\/imenovani-studentski-povjerenici-haz-a-na-ekonomskom-i-pravnom-fakultetu-u-splitu\/\">\n\t\t\t\t\t\tImenovani studentski povjerenici HAZ-a na Ekonomskom i Pravnom&hellip;\t\t\t\t\t<\/a>\n\t\t\t\t<\/h2>\n\t\t\t\t\t\t\t\t\t\t\t\t\t\t\t\t\t\t\t\t\t\t\t\t\t\t\t\t\t\t\t\t\t\t\t\t\t\t\t\t\t\t<p>Split, 16.2.2018. &#8211; Hrvatska akademska zajednica po\u010dela je okrupnjavatistudentsku jezgru na Sveu\u010dili\u0161tu u Splitu. Predsjedni\u0161tvo HAZ-a na prijedlogAlumni zajednice HAZ-a&hellip;<\/p>\n\t\t\t\t\t\t\t\t\t\t\t\t\t\t\t\t\t\t\t\t\t\t                                                            <div class=\"btn-wraper\">\n                                    \n                                                                            <a class=\"elementskit-btn whitespace--normal\" id=\"\" href=\"https:\/\/haz.hr\/en\/2018\/02\/16\/imenovani-studentski-povjerenici-haz-a-na-ekonomskom-i-pravnom-fakultetu-u-splitu\/\">\n                                        \t                                            Pro\u010ditaj vi\u0161e                                        <\/a>\n                                                                    <\/div>\n                                                    <\/div><!-- .elementskit-post-body END -->\n                    <\/div>\n                \n            <\/div>\n                    <div class=\"col-lg-4 col-md-6\">\n\n                                    <div class=\"elementskit-post-image-card\">\n                        <div class=\"elementskit-entry-header\">\n                                                            <a href=\"https:\/\/haz.hr\/en\/2018\/02\/09\/youth-declaration-on-the-future-of-europe\/\" class=\"elementskit-entry-thumb\">\n                                    <img decoding=\"async\" src=\"https:\/\/haz.hr\/wp-content\/uploads\/2001\/01\/youth4-768x432.jpg\" alt=\"Youth Declaration on the Future of Europe\">\n                                <\/a><!-- .elementskit-entry-thumb END -->\n                                                                                                    <div class=\"elementskit-meta-lists elementskit-style-tag\">\n                                        <div class=\"elementskit-single-meta triangle_left\"><span class=\"elementskit-meta-wraper\"><strong>09<\/strong>velj<\/span><\/div>\n                                    <\/div>\n                                                                                            \n                                                            <div class=\"elementskit-meta-categories\">\n                                    <span class=\"elementskit-meta-wraper\">\n                                        <span><a href=\"https:\/\/haz.hr\/en\/category\/haz-novosti\/\" rel=\"category tag\">HAZ novosti<\/a><\/span>\n                                    <\/span>\n                                <\/div>\n                            \n\t\t\t\t\t\t\t\t\t\t\t\t\t<\/div><!-- .elementskit-entry-header END -->\n\n\t\t\t\t\t\t<div class=\"elementskit-post-body\">\n\t\t\t\t\t\t\t\n\t\t\t\t\t\t\t\t\t\t\t\t\t\t\t\t\t\t\t\t\t\t\t\t\t\t\t\t\t\t\n\t\t\t\t\t\t\t\t\n\t\t\t\t\t\t\t\t\t\t\t\t\t\t\t\t\t\t\t\t\t<h2 class=\"entry-title\">\n\t\t\t\t\t<a href=\"https:\/\/haz.hr\/en\/2018\/02\/09\/youth-declaration-on-the-future-of-europe\/\">\n\t\t\t\t\t\tYouth Declaration on the Future of Europe\t\t\t\t\t<\/a>\n\t\t\t\t<\/h2>\n\t\t\t\t\t\t\t\t\t\t\t\t\t\t\t\t\t\t\t\t\t\t\t\t\t\t\t\t\t\t\t\t\t\t\t\t\t\t\t\t\t\t<p>Zagreb, 8. i 9.2.2018. &#8211; U organizaciji Hanns Seidel Stiftung Zagreb i pod pokroviteljstvom Ministarstva vanjskih i europskih poslova odr\u017eana&hellip;<\/p>\n\t\t\t\t\t\t\t\t\t\t\t\t\t\t\t\t\t\t\t\t\t\t                                                            <div class=\"btn-wraper\">\n                                    \n                                                                            <a class=\"elementskit-btn whitespace--normal\" id=\"\" href=\"https:\/\/haz.hr\/en\/2018\/02\/09\/youth-declaration-on-the-future-of-europe\/\">\n                                        \t                                            Pro\u010ditaj vi\u0161e                                        <\/a>\n                                                                    <\/div>\n                                                    <\/div><!-- .elementskit-post-body END -->\n                    <\/div>\n                \n            <\/div>\n                    <div class=\"col-lg-4 col-md-6\">\n\n                                    <div class=\"elementskit-post-image-card\">\n                        <div class=\"elementskit-entry-header\">\n                                                            <a href=\"https:\/\/haz.hr\/en\/2018\/01\/29\/objavljen-natjecaj-za-dodjelu-stipendija-za-hrvate-izvan-rh-za-akademsku-godinu-2017-2018\/\" class=\"elementskit-entry-thumb\">\n                                    <img decoding=\"async\" src=\"https:\/\/haz.hr\/wp-content\/uploads\/2018\/02\/knjiga.jpg\" alt=\"Objavljen Natje\u010daj za dodjelu stipendija za Hrvate izvan RH za akademsku godinu 2017.\/2018.\">\n                                <\/a><!-- .elementskit-entry-thumb END -->\n                                                                                                    <div class=\"elementskit-meta-lists elementskit-style-tag\">\n                                        <div class=\"elementskit-single-meta triangle_left\"><span class=\"elementskit-meta-wraper\"><strong>29<\/strong>sij<\/span><\/div>\n                                    <\/div>\n                                                                                            \n                                                            <div class=\"elementskit-meta-categories\">\n                                    <span class=\"elementskit-meta-wraper\">\n                                        <span><a href=\"https:\/\/haz.hr\/en\/category\/haz-novosti\/\" rel=\"category tag\">HAZ novosti<\/a><\/span>\n                                    <\/span>\n                                <\/div>\n                            \n\t\t\t\t\t\t\t\t\t\t\t\t\t<\/div><!-- .elementskit-entry-header END -->\n\n\t\t\t\t\t\t<div class=\"elementskit-post-body\">\n\t\t\t\t\t\t\t\n\t\t\t\t\t\t\t\t\t\t\t\t\t\t\t\t\t\t\t\t\t\t\t\t\t\t\t\t\t\t\n\t\t\t\t\t\t\t\t\n\t\t\t\t\t\t\t\t\t\t\t\t\t\t\t\t\t\t\t\t\t<h2 class=\"entry-title\">\n\t\t\t\t\t<a href=\"https:\/\/haz.hr\/en\/2018\/01\/29\/objavljen-natjecaj-za-dodjelu-stipendija-za-hrvate-izvan-rh-za-akademsku-godinu-2017-2018\/\">\n\t\t\t\t\t\tObjavljen Natje\u010daj za dodjelu stipendija za Hrvate izvan&hellip;\t\t\t\t\t<\/a>\n\t\t\t\t<\/h2>\n\t\t\t\t\t\t\t\t\t\t\t\t\t\t\t\t\t\t\t\t\t\t\t\t\t\t\t\t\t\t\t\t\t\t\t\t\t\t\t\t\t\t<p>Zagreb, 29.1.2018. &#8211; Sredi\u0161nji dr\u017eavni ured za Hrvate izvan RH dodijelit \u0107e studentima, pripadnicima hrvatskog naroda izvan Republike Hrvatske 500&hellip;<\/p>\n\t\t\t\t\t\t\t\t\t\t\t\t\t\t\t\t\t\t\t\t\t\t                                                            <div class=\"btn-wraper\">\n                                    \n                                                                            <a class=\"elementskit-btn whitespace--normal\" id=\"\" href=\"https:\/\/haz.hr\/en\/2018\/01\/29\/objavljen-natjecaj-za-dodjelu-stipendija-za-hrvate-izvan-rh-za-akademsku-godinu-2017-2018\/\">\n                                        \t                                            Pro\u010ditaj vi\u0161e                                        <\/a>\n                                                                    <\/div>\n                                                    <\/div><!-- .elementskit-post-body END -->\n                    <\/div>\n                \n            <\/div>\n                    <div class=\"col-lg-4 col-md-6\">\n\n                                    <div class=\"elementskit-post-image-card\">\n                        <div class=\"elementskit-entry-header\">\n                                                            <a href=\"https:\/\/haz.hr\/en\/2018\/01\/26\/dora-miketek-o-binarnom-sustavu-obrazovanja\/\" class=\"elementskit-entry-thumb\">\n                                    <img decoding=\"async\" src=\"https:\/\/haz.hr\/wp-content\/uploads\/2018\/01\/doramiketek-768x806.jpg\" alt=\"Dora Miketek o binarnom sustavu obrazovanja\">\n                                <\/a><!-- .elementskit-entry-thumb END -->\n                                                                                                    <div class=\"elementskit-meta-lists elementskit-style-tag\">\n                                        <div class=\"elementskit-single-meta triangle_left\"><span class=\"elementskit-meta-wraper\"><strong>26<\/strong>sij<\/span><\/div>\n                                    <\/div>\n                                                                                            \n                                                            <div class=\"elementskit-meta-categories\">\n                                    <span class=\"elementskit-meta-wraper\">\n                                        <span><a href=\"https:\/\/haz.hr\/en\/category\/haz-novosti\/\" rel=\"category tag\">HAZ novosti<\/a><\/span>\n                                    <\/span>\n                                <\/div>\n                            \n\t\t\t\t\t\t\t\t\t\t\t\t\t<\/div><!-- .elementskit-entry-header END -->\n\n\t\t\t\t\t\t<div class=\"elementskit-post-body\">\n\t\t\t\t\t\t\t\n\t\t\t\t\t\t\t\t\t\t\t\t\t\t\t\t\t\t\t\t\t\t\t\t\t\t\t\t\t\t\n\t\t\t\t\t\t\t\t\n\t\t\t\t\t\t\t\t\t\t\t\t\t\t\t\t\t\t\t\t\t<h2 class=\"entry-title\">\n\t\t\t\t\t<a href=\"https:\/\/haz.hr\/en\/2018\/01\/26\/dora-miketek-o-binarnom-sustavu-obrazovanja\/\">\n\t\t\t\t\t\tDora Miketek o binarnom sustavu obrazovanja\t\t\t\t\t<\/a>\n\t\t\t\t<\/h2>\n\t\t\t\t\t\t\t\t\t\t\t\t\t\t\t\t\t\t\t\t\t\t\t\t\t\t\t\t\t\t\t\t\t\t\t\t\t\t\t\t\t\t<p>Zagreb, 26.1.2018. &#8211; Na\u0161a dopredsjednica zagreba\u010dkih hazovaca, Dora Miketek, ujedno i predsjednica Vije\u0107a studenata veleu\u010dili\u0161ta i visokih \u0161kola Republike Hrvatske.&hellip;<\/p>\n\t\t\t\t\t\t\t\t\t\t\t\t\t\t\t\t\t\t\t\t\t\t                                                            <div class=\"btn-wraper\">\n                                    \n                                                                            <a class=\"elementskit-btn whitespace--normal\" id=\"\" href=\"https:\/\/haz.hr\/en\/2018\/01\/26\/dora-miketek-o-binarnom-sustavu-obrazovanja\/\">\n                                        \t                                            Pro\u010ditaj vi\u0161e                                        <\/a>\n                                                                    <\/div>\n                                                    <\/div><!-- .elementskit-post-body END -->\n                    <\/div>\n                \n            <\/div>\n                    <div class=\"col-lg-4 col-md-6\">\n\n                                    <div class=\"elementskit-post-image-card\">\n                        <div class=\"elementskit-entry-header\">\n                                                            <a href=\"https:\/\/haz.hr\/en\/2018\/01\/01\/prof-dr-sc-zoran-tomic-preuzimanje-predsjedanja-rektorskog-zbora-bosne-i-hercegovine\/\" class=\"elementskit-entry-thumb\">\n                                    <img decoding=\"async\" src=\"https:\/\/haz.hr\/wp-content\/uploads\/2001\/01\/rektorski_zbor1-768x311.jpg\" alt=\"Prof. dr. sc. Zoran Tomi\u0107 preuzimanje predsjedanja Rektorskog zbora Bosne i Hercegovine\">\n                                <\/a><!-- .elementskit-entry-thumb END -->\n                                                                                                    <div class=\"elementskit-meta-lists elementskit-style-tag\">\n                                        <div class=\"elementskit-single-meta triangle_left\"><span class=\"elementskit-meta-wraper\"><strong>01<\/strong>sij<\/span><\/div>\n                                    <\/div>\n                                                                                            \n                                                            <div class=\"elementskit-meta-categories\">\n                                    <span class=\"elementskit-meta-wraper\">\n                                        <span><a href=\"https:\/\/haz.hr\/en\/category\/haz-novosti\/\" rel=\"category tag\">HAZ novosti<\/a><\/span>\n                                    <\/span>\n                                <\/div>\n                            \n\t\t\t\t\t\t\t\t\t\t\t\t\t<\/div><!-- .elementskit-entry-header END -->\n\n\t\t\t\t\t\t<div class=\"elementskit-post-body\">\n\t\t\t\t\t\t\t\n\t\t\t\t\t\t\t\t\t\t\t\t\t\t\t\t\t\t\t\t\t\t\t\t\t\t\t\t\t\t\n\t\t\t\t\t\t\t\t\n\t\t\t\t\t\t\t\t\t\t\t\t\t\t\t\t\t\t\t\t\t<h2 class=\"entry-title\">\n\t\t\t\t\t<a href=\"https:\/\/haz.hr\/en\/2018\/01\/01\/prof-dr-sc-zoran-tomic-preuzimanje-predsjedanja-rektorskog-zbora-bosne-i-hercegovine\/\">\n\t\t\t\t\t\tProf. dr. sc. Zoran Tomi\u0107 preuzimanje predsjedanja Rektorskog&hellip;\t\t\t\t\t<\/a>\n\t\t\t\t<\/h2>\n\t\t\t\t\t\t\t\t\t\t\t\t\t\t\t\t\t\t\t\t\t\t\t\t\t\t\t\t\t\t\t\t\t\t\t\t\t\t\t\t\t\t<p>Mostar, 1.1.2018. \u2013 S dana\u0161njim danom rektor Sveu\u010dili\u0161ta u Mostaru prof. dr. sc. Zoran Tomi\u0107 preuzima predsjedanje Rektorskog zbora Bosne&hellip;<\/p>\n\t\t\t\t\t\t\t\t\t\t\t\t\t\t\t\t\t\t\t\t\t\t                                                            <div class=\"btn-wraper\">\n                                    \n                                                                            <a class=\"elementskit-btn whitespace--normal\" id=\"\" href=\"https:\/\/haz.hr\/en\/2018\/01\/01\/prof-dr-sc-zoran-tomic-preuzimanje-predsjedanja-rektorskog-zbora-bosne-i-hercegovine\/\">\n                                        \t                                            Pro\u010ditaj vi\u0161e                                        <\/a>\n                                                                    <\/div>\n                                                    <\/div><!-- .elementskit-post-body END -->\n                    <\/div>\n                \n            <\/div>\n                    <div class=\"col-lg-4 col-md-6\">\n\n                                    <div class=\"elementskit-post-image-card\">\n                        <div class=\"elementskit-entry-header\">\n                                                            <a href=\"https:\/\/haz.hr\/en\/2017\/12\/30\/karlo-kolesar-u-eds-casopisu-bullseye-o-digitalizaciji-u-visokom-obrazovanju\/\" class=\"elementskit-entry-thumb\">\n                                    <img decoding=\"async\" src=\"https:\/\/haz.hr\/wp-content\/uploads\/2018\/02\/karlonovine-768x540.jpg\" alt=\"Karlo Kolesar u EDS \u010dasopisu BullsEye o digitalizaciji u visokom obrazovanju\">\n                                <\/a><!-- .elementskit-entry-thumb END -->\n                                                                                                    <div class=\"elementskit-meta-lists elementskit-style-tag\">\n                                        <div class=\"elementskit-single-meta triangle_left\"><span class=\"elementskit-meta-wraper\"><strong>30<\/strong>pro<\/span><\/div>\n                                    <\/div>\n                                                                                            \n                                                            <div class=\"elementskit-meta-categories\">\n                                    <span class=\"elementskit-meta-wraper\">\n                                        <span><a href=\"https:\/\/haz.hr\/en\/category\/haz-novosti\/\" rel=\"category tag\">HAZ novosti<\/a><\/span>\n                                    <\/span>\n                                <\/div>\n                            \n\t\t\t\t\t\t\t\t\t\t\t\t\t<\/div><!-- .elementskit-entry-header END -->\n\n\t\t\t\t\t\t<div class=\"elementskit-post-body\">\n\t\t\t\t\t\t\t\n\t\t\t\t\t\t\t\t\t\t\t\t\t\t\t\t\t\t\t\t\t\t\t\t\t\t\t\t\t\t\n\t\t\t\t\t\t\t\t\n\t\t\t\t\t\t\t\t\t\t\t\t\t\t\t\t\t\t\t\t\t<h2 class=\"entry-title\">\n\t\t\t\t\t<a href=\"https:\/\/haz.hr\/en\/2017\/12\/30\/karlo-kolesar-u-eds-casopisu-bullseye-o-digitalizaciji-u-visokom-obrazovanju\/\">\n\t\t\t\t\t\tKarlo Kolesar u EDS \u010dasopisu BullsEye o digitalizaciji&hellip;\t\t\t\t\t<\/a>\n\t\t\t\t<\/h2>\n\t\t\t\t\t\t\t\t\t\t\t\t\t\t\t\t\t\t\t\t\t\t\t\t\t\t\t\t\t\t\t\t\t\t\t\t\t\t\t\t\t\t<p>Bruxelles, 30.12.2017. Nacionalni dopredsjednik HAZ-a Karlo Kolesar napisao je \u010dlanak u europskom studentskom \u010dasopisu BullsEye pod temom \u201eThe Future of&hellip;<\/p>\n\t\t\t\t\t\t\t\t\t\t\t\t\t\t\t\t\t\t\t\t\t\t                                                            <div class=\"btn-wraper\">\n                                    \n                                                                            <a class=\"elementskit-btn whitespace--normal\" id=\"\" href=\"https:\/\/haz.hr\/en\/2017\/12\/30\/karlo-kolesar-u-eds-casopisu-bullseye-o-digitalizaciji-u-visokom-obrazovanju\/\">\n                                        \t                                            Pro\u010ditaj vi\u0161e                                        <\/a>\n                                                                    <\/div>\n                                                    <\/div><!-- .elementskit-post-body END -->\n                    <\/div>\n                \n            <\/div>\n                    <div class=\"col-lg-4 col-md-6\">\n\n                                    <div class=\"elementskit-post-image-card\">\n                        <div class=\"elementskit-entry-header\">\n                                                            <a href=\"https:\/\/haz.hr\/en\/2017\/12\/30\/domace-je-domace\/\" class=\"elementskit-entry-thumb\">\n                                    <img decoding=\"async\" src=\"https:\/\/haz.hr\/wp-content\/uploads\/2001\/01\/zdeihans.jpg\" alt=\"DOMA\u0106E JE DOMA\u0106E!\">\n                                <\/a><!-- .elementskit-entry-thumb END -->\n                                                                                                    <div class=\"elementskit-meta-lists elementskit-style-tag\">\n                                        <div class=\"elementskit-single-meta triangle_left\"><span class=\"elementskit-meta-wraper\"><strong>30<\/strong>pro<\/span><\/div>\n                                    <\/div>\n                                                                                            \n                                                            <div class=\"elementskit-meta-categories\">\n                                    <span class=\"elementskit-meta-wraper\">\n                                        <span><a href=\"https:\/\/haz.hr\/en\/category\/haz-novosti\/\" rel=\"category tag\">HAZ novosti<\/a><\/span>\n                                    <\/span>\n                                <\/div>\n                            \n\t\t\t\t\t\t\t\t\t\t\t\t\t<\/div><!-- .elementskit-entry-header END -->\n\n\t\t\t\t\t\t<div class=\"elementskit-post-body\">\n\t\t\t\t\t\t\t\n\t\t\t\t\t\t\t\t\t\t\t\t\t\t\t\t\t\t\t\t\t\t\t\t\t\t\t\t\t\t\n\t\t\t\t\t\t\t\t\n\t\t\t\t\t\t\t\t\t\t\t\t\t\t\t\t\t\t\t\t\t<h2 class=\"entry-title\">\n\t\t\t\t\t<a href=\"https:\/\/haz.hr\/en\/2017\/12\/30\/domace-je-domace\/\">\n\t\t\t\t\t\tDOMA\u0106E JE DOMA\u0106E!\t\t\t\t\t<\/a>\n\t\t\t\t<\/h2>\n\t\t\t\t\t\t\t\t\t\t\t\t\t\t\t\t\t\t\t\t\t\t\t\t\t\t\t\t\t\t\t\t\t\t\t\t\t\t\t\t\t\t<p>Zagreb, 30.12.2017.&nbsp; &#8211; Danas su na\u0161i nacionalni predsjednik i zamjenik predsjednika HAZ-a Zdeslav Milas i Gordan Han\u017eek posjetili Advent Zagreba\u010dkih&hellip;<\/p>\n\t\t\t\t\t\t\t\t\t\t\t\t\t\t\t\t\t\t\t\t\t\t                                                            <div class=\"btn-wraper\">\n                                    \n                                                                            <a class=\"elementskit-btn whitespace--normal\" id=\"\" href=\"https:\/\/haz.hr\/en\/2017\/12\/30\/domace-je-domace\/\">\n                                        \t                                            Pro\u010ditaj vi\u0161e                                        <\/a>\n                                                                    <\/div>\n                                                    <\/div><!-- .elementskit-post-body END -->\n                    <\/div>\n                \n            <\/div>\n                    <div class=\"col-lg-4 col-md-6\">\n\n                                    <div class=\"elementskit-post-image-card\">\n                        <div class=\"elementskit-entry-header\">\n                                                            <a href=\"https:\/\/haz.hr\/en\/2017\/12\/25\/cestit-i-blagoslovljen-bozic-zeli-vam-hrvatska-akademska-zajednica\/\" class=\"elementskit-entry-thumb\">\n                                    <img decoding=\"async\" src=\"https:\/\/haz.hr\/wp-content\/uploads\/2022\/12\/HAZ_nacela-1.jpg\" alt=\"\u010cestit i blagoslovljen Bo\u017ei\u0107 \u017eeli Vam Hrvatska akademska zajednica!\">\n                                <\/a><!-- .elementskit-entry-thumb END -->\n                                                                                                    <div class=\"elementskit-meta-lists elementskit-style-tag\">\n                                        <div class=\"elementskit-single-meta triangle_left\"><span class=\"elementskit-meta-wraper\"><strong>25<\/strong>pro<\/span><\/div>\n                                    <\/div>\n                                                                                            \n                                                            <div class=\"elementskit-meta-categories\">\n                                    <span class=\"elementskit-meta-wraper\">\n                                        <span><a href=\"https:\/\/haz.hr\/en\/category\/haz-novosti\/\" rel=\"category tag\">HAZ novosti<\/a><\/span>\n                                    <\/span>\n                                <\/div>\n                            \n\t\t\t\t\t\t\t\t\t\t\t\t\t<\/div><!-- .elementskit-entry-header END -->\n\n\t\t\t\t\t\t<div class=\"elementskit-post-body\">\n\t\t\t\t\t\t\t\n\t\t\t\t\t\t\t\t\t\t\t\t\t\t\t\t\t\t\t\t\t\t\t\t\t\t\t\t\t\t\n\t\t\t\t\t\t\t\t\n\t\t\t\t\t\t\t\t\t\t\t\t\t\t\t\t\t\t\t\t\t<h2 class=\"entry-title\">\n\t\t\t\t\t<a href=\"https:\/\/haz.hr\/en\/2017\/12\/25\/cestit-i-blagoslovljen-bozic-zeli-vam-hrvatska-akademska-zajednica\/\">\n\t\t\t\t\t\t\u010cestit i blagoslovljen Bo\u017ei\u0107 \u017eeli Vam Hrvatska akademska&hellip;\t\t\t\t\t<\/a>\n\t\t\t\t<\/h2>\n\t\t\t\t\t\t\t\t\t\t\t\t\t\t\t\t\t\t\t\t\t\t\t\t\t\t\t\t\t\t\t\t\t\t\t\t\t\t\t\t\t\t<p><\/p>\n\t\t\t\t\t\t\t\t\t\t\t\t\t\t\t\t\t\t\t\t\t\t                                                            <div class=\"btn-wraper\">\n                                    \n                                                                            <a class=\"elementskit-btn whitespace--normal\" id=\"\" href=\"https:\/\/haz.hr\/en\/2017\/12\/25\/cestit-i-blagoslovljen-bozic-zeli-vam-hrvatska-akademska-zajednica\/\">\n                                        \t                                            Pro\u010ditaj vi\u0161e                                        <\/a>\n                                                                    <\/div>\n                                                    <\/div><!-- .elementskit-post-body END -->\n                    <\/div>\n                \n            <\/div>\n                    <div class=\"col-lg-4 col-md-6\">\n\n                                    <div class=\"elementskit-post-image-card\">\n                        <div class=\"elementskit-entry-header\">\n                                                            <a href=\"https:\/\/haz.hr\/en\/2017\/12\/22\/hazovac-bernard-markusic-na-un-komisiji-za-medunarodno-trgovacko-pravo-o-stvaranju-novog-model-law\/\" class=\"elementskit-entry-thumb\">\n                                    <img decoding=\"async\" src=\"https:\/\/haz.hr\/wp-content\/uploads\/2018\/02\/bmarkusic.jpg\" alt=\"Hazovac Bernard Marku\u0161i\u0107 na UN Komisiji za Me\u0111unarodno trgova\u010dko pravo o stvaranju novog &#8220;Model Law&#8221;\">\n                                <\/a><!-- .elementskit-entry-thumb END -->\n                                                                                                    <div class=\"elementskit-meta-lists elementskit-style-tag\">\n                                        <div class=\"elementskit-single-meta triangle_left\"><span class=\"elementskit-meta-wraper\"><strong>22<\/strong>pro<\/span><\/div>\n                                    <\/div>\n                                                                                            \n                                                            <div class=\"elementskit-meta-categories\">\n                                    <span class=\"elementskit-meta-wraper\">\n                                        <span><a href=\"https:\/\/haz.hr\/en\/category\/haz-novosti\/\" rel=\"category tag\">HAZ novosti<\/a><\/span>\n                                    <\/span>\n                                <\/div>\n                            \n\t\t\t\t\t\t\t\t\t\t\t\t\t<\/div><!-- .elementskit-entry-header END -->\n\n\t\t\t\t\t\t<div class=\"elementskit-post-body\">\n\t\t\t\t\t\t\t\n\t\t\t\t\t\t\t\t\t\t\t\t\t\t\t\t\t\t\t\t\t\t\t\t\t\t\t\t\t\t\n\t\t\t\t\t\t\t\t\n\t\t\t\t\t\t\t\t\t\t\t\t\t\t\t\t\t\t\t\t\t<h2 class=\"entry-title\">\n\t\t\t\t\t<a href=\"https:\/\/haz.hr\/en\/2017\/12\/22\/hazovac-bernard-markusic-na-un-komisiji-za-medunarodno-trgovacko-pravo-o-stvaranju-novog-model-law\/\">\n\t\t\t\t\t\tHazovac Bernard Marku\u0161i\u0107 na UN Komisiji za Me\u0111unarodno&hellip;\t\t\t\t\t<\/a>\n\t\t\t\t<\/h2>\n\t\t\t\t\t\t\t\t\t\t\t\t\t\t\t\t\t\t\t\t\t\t\t\t\t\t\t\t\t\t\t\t\t\t\t\t\t\t\t\t\t\t<p>Be\u010d, 18. \u2013 22.12.2017. Na\u0161 hazovac Bernard Marku\u0161i\u0107 s Pravnog fakulteta Sveu\u010dili\u0161ta u Zagrebu, u svojstvu izaslanika ELSA International sudjelovao&hellip;<\/p>\n\t\t\t\t\t\t\t\t\t\t\t\t\t\t\t\t\t\t\t\t\t\t                                                            <div class=\"btn-wraper\">\n                                    \n                                                                            <a class=\"elementskit-btn whitespace--normal\" id=\"\" href=\"https:\/\/haz.hr\/en\/2017\/12\/22\/hazovac-bernard-markusic-na-un-komisiji-za-medunarodno-trgovacko-pravo-o-stvaranju-novog-model-law\/\">\n                                        \t                                            Pro\u010ditaj vi\u0161e                                        <\/a>\n                                                                    <\/div>\n                                                    <\/div><!-- .elementskit-post-body END -->\n                    <\/div>\n                \n            <\/div>\n                    <div class=\"col-lg-4 col-md-6\">\n\n                                    <div class=\"elementskit-post-image-card\">\n                        <div class=\"elementskit-entry-header\">\n                                                            <a href=\"https:\/\/haz.hr\/en\/2017\/12\/19\/podrska-zagrebackoj-platformi-za-udruge-mladih\/\" class=\"elementskit-entry-thumb\">\n                                    <img decoding=\"async\" src=\"https:\/\/haz.hr\/wp-content\/uploads\/2022\/12\/HAZ_nacela_naslovna-768x512.jpg\" alt=\"Podr\u0161ka Zagreba\u010dkoj platformi za udruge mladih\">\n                                <\/a><!-- .elementskit-entry-thumb END -->\n                                                                                                    <div class=\"elementskit-meta-lists elementskit-style-tag\">\n                                        <div class=\"elementskit-single-meta triangle_left\"><span class=\"elementskit-meta-wraper\"><strong>19<\/strong>pro<\/span><\/div>\n                                    <\/div>\n                                                                                            \n                                                            <div class=\"elementskit-meta-categories\">\n                                    <span class=\"elementskit-meta-wraper\">\n                                        <span><a href=\"https:\/\/haz.hr\/en\/category\/haz-novosti\/\" rel=\"category tag\">HAZ novosti<\/a><\/span>\n                                    <\/span>\n                                <\/div>\n                            \n\t\t\t\t\t\t\t\t\t\t\t\t\t<\/div><!-- .elementskit-entry-header END -->\n\n\t\t\t\t\t\t<div class=\"elementskit-post-body\">\n\t\t\t\t\t\t\t\n\t\t\t\t\t\t\t\t\t\t\t\t\t\t\t\t\t\t\t\t\t\t\t\t\t\t\t\t\t\t\n\t\t\t\t\t\t\t\t\n\t\t\t\t\t\t\t\t\t\t\t\t\t\t\t\t\t\t\t\t\t<h2 class=\"entry-title\">\n\t\t\t\t\t<a href=\"https:\/\/haz.hr\/en\/2017\/12\/19\/podrska-zagrebackoj-platformi-za-udruge-mladih\/\">\n\t\t\t\t\t\tPodr\u0161ka Zagreba\u010dkoj platformi za udruge mladih\t\t\t\t\t<\/a>\n\t\t\t\t<\/h2>\n\t\t\t\t\t\t\t\t\t\t\t\t\t\t\t\t\t\t\t\t\t\t\t\t\t\t\t\t\t\t\t\t\t\t\t\t\t\t\t\t\t\t<p>Zagreb, 19.12.2017. &#8211; Danas su na tribini &#8220;Mi mladi&#8221; u organizaciji Savjet Mladih Grada Zagreba sudjelovali predsjednica i dopredsjednica zagreba\u010dke&hellip;<\/p>\n\t\t\t\t\t\t\t\t\t\t\t\t\t\t\t\t\t\t\t\t\t\t                                                            <div class=\"btn-wraper\">\n                                    \n                                                                            <a class=\"elementskit-btn whitespace--normal\" id=\"\" href=\"https:\/\/haz.hr\/en\/2017\/12\/19\/podrska-zagrebackoj-platformi-za-udruge-mladih\/\">\n                                        \t                                            Pro\u010ditaj vi\u0161e                                        <\/a>\n                                                                    <\/div>\n                                                    <\/div><!-- .elementskit-post-body END -->\n                    <\/div>\n                \n            <\/div>\n                    <div class=\"col-lg-4 col-md-6\">\n\n                                    <div class=\"elementskit-post-image-card\">\n                        <div class=\"elementskit-entry-header\">\n                                                            <a href=\"https:\/\/haz.hr\/en\/2017\/12\/16\/haz-na-eds-council-meeting-u-skopju\/\" class=\"elementskit-entry-thumb\">\n                                    <img decoding=\"async\" src=\"https:\/\/haz.hr\/wp-content\/uploads\/2017\/12\/karlolukamakedonci-768x768.jpg\" alt=\"HAZ na EDS Council Meeting u Skopju\">\n                                <\/a><!-- .elementskit-entry-thumb END -->\n                                                                                                    <div class=\"elementskit-meta-lists elementskit-style-tag\">\n                                        <div class=\"elementskit-single-meta triangle_left\"><span class=\"elementskit-meta-wraper\"><strong>16<\/strong>pro<\/span><\/div>\n                                    <\/div>\n                                                                                            \n                                                            <div class=\"elementskit-meta-categories\">\n                                    <span class=\"elementskit-meta-wraper\">\n                                        <span><a href=\"https:\/\/haz.hr\/en\/category\/haz-novosti\/\" rel=\"category tag\">HAZ novosti<\/a><\/span>\n                                    <\/span>\n                                <\/div>\n                            \n\t\t\t\t\t\t\t\t\t\t\t\t\t<\/div><!-- .elementskit-entry-header END -->\n\n\t\t\t\t\t\t<div class=\"elementskit-post-body\">\n\t\t\t\t\t\t\t\n\t\t\t\t\t\t\t\t\t\t\t\t\t\t\t\t\t\t\t\t\t\t\t\t\t\t\t\t\t\t\n\t\t\t\t\t\t\t\t\n\t\t\t\t\t\t\t\t\t\t\t\t\t\t\t\t\t\t\t\t\t<h2 class=\"entry-title\">\n\t\t\t\t\t<a href=\"https:\/\/haz.hr\/en\/2017\/12\/16\/haz-na-eds-council-meeting-u-skopju\/\">\n\t\t\t\t\t\tHAZ na EDS Council Meeting u Skopju\t\t\t\t\t<\/a>\n\t\t\t\t<\/h2>\n\t\t\t\t\t\t\t\t\t\t\t\t\t\t\t\t\t\t\t\t\t\t\t\t\t\t\t\t\t\t\t\t\t\t\t\t\t\t\t\t\t\t<p>Skopje, 14. \u2013 16.12.2017. Nacionalni dopredsjednik Karlo Kolesar i glavni tajnik Luka Radi\u0107 sudjeluju na EDS Young Leaders Academy. Tema&hellip;<\/p>\n\t\t\t\t\t\t\t\t\t\t\t\t\t\t\t\t\t\t\t\t\t\t                                                            <div class=\"btn-wraper\">\n                                    \n                                                                            <a class=\"elementskit-btn whitespace--normal\" id=\"\" href=\"https:\/\/haz.hr\/en\/2017\/12\/16\/haz-na-eds-council-meeting-u-skopju\/\">\n                                        \t                                            Pro\u010ditaj vi\u0161e                                        <\/a>\n                                                                    <\/div>\n                                                    <\/div><!-- .elementskit-post-body END -->\n                    <\/div>\n                \n            <\/div>\n                    <div class=\"col-lg-4 col-md-6\">\n\n                                    <div class=\"elementskit-post-image-card\">\n                        <div class=\"elementskit-entry-header\">\n                                                            <a href=\"https:\/\/haz.hr\/en\/2017\/12\/12\/panel-haz-a-studentski-aktivizam-zelim-mogu-hocu\/\" class=\"elementskit-entry-thumb\">\n                                    <img decoding=\"async\" src=\"https:\/\/haz.hr\/wp-content\/uploads\/2001\/01\/panel2-768x370.jpg\" alt=\"PANEL HAZ-a: Studentski aktivizam \u2013 \u017eelim, mogu, ho\u0107u!\">\n                                <\/a><!-- .elementskit-entry-thumb END -->\n                                                                                                    <div class=\"elementskit-meta-lists elementskit-style-tag\">\n                                        <div class=\"elementskit-single-meta triangle_left\"><span class=\"elementskit-meta-wraper\"><strong>12<\/strong>pro<\/span><\/div>\n                                    <\/div>\n                                                                                            \n                                                            <div class=\"elementskit-meta-categories\">\n                                    <span class=\"elementskit-meta-wraper\">\n                                        <span><a href=\"https:\/\/haz.hr\/en\/category\/haz-novosti\/\" rel=\"category tag\">HAZ novosti<\/a><\/span>\n                                    <\/span>\n                                <\/div>\n                            \n\t\t\t\t\t\t\t\t\t\t\t\t\t<\/div><!-- .elementskit-entry-header END -->\n\n\t\t\t\t\t\t<div class=\"elementskit-post-body\">\n\t\t\t\t\t\t\t\n\t\t\t\t\t\t\t\t\t\t\t\t\t\t\t\t\t\t\t\t\t\t\t\t\t\t\t\t\t\t\n\t\t\t\t\t\t\t\t\n\t\t\t\t\t\t\t\t\t\t\t\t\t\t\t\t\t\t\t\t\t<h2 class=\"entry-title\">\n\t\t\t\t\t<a href=\"https:\/\/haz.hr\/en\/2017\/12\/12\/panel-haz-a-studentski-aktivizam-zelim-mogu-hocu\/\">\n\t\t\t\t\t\tPANEL HAZ-a: Studentski aktivizam \u2013 \u017eelim, mogu, ho\u0107u!\t\t\t\t\t<\/a>\n\t\t\t\t<\/h2>\n\t\t\t\t\t\t\t\t\t\t\t\t\t\t\t\t\t\t\t\t\t\t\t\t\t\t\t\t\t\t\t\t\t\t\t\t\t\t\t\t\t\t<p>Zagreb, 1.12.2017. \u2013 Na\u0161a zagreba\u010dka studentska organizacija odr\u017eala je okrugli stol o studentskom aktivizmu. Raspravljali smo kako poticati anga\u017eman studentske&hellip;<\/p>\n\t\t\t\t\t\t\t\t\t\t\t\t\t\t\t\t\t\t\t\t\t\t                                                            <div class=\"btn-wraper\">\n                                    \n                                                                            <a class=\"elementskit-btn whitespace--normal\" id=\"\" href=\"https:\/\/haz.hr\/en\/2017\/12\/12\/panel-haz-a-studentski-aktivizam-zelim-mogu-hocu\/\">\n                                        \t                                            Pro\u010ditaj vi\u0161e                                        <\/a>\n                                                                    <\/div>\n                                                    <\/div><!-- .elementskit-post-body END -->\n                    <\/div>\n                \n            <\/div>\n                    <div class=\"col-lg-4 col-md-6\">\n\n                                    <div class=\"elementskit-post-image-card\">\n                        <div class=\"elementskit-entry-header\">\n                                                            <a href=\"https:\/\/haz.hr\/en\/2017\/11\/21\/americki-kongresnik-chris-smith-rep-o-ljudskim-pravima-i-zastiti-najranjivijih-skupina\/\" class=\"elementskit-entry-thumb\">\n                                    <img decoding=\"async\" src=\"https:\/\/haz.hr\/wp-content\/uploads\/2001\/01\/hazchris-768x493.jpg\" alt=\"Ameri\u010dki kongresnik Chris Smith (Rep) o ljudskim pravima i za\u0161titi najranjivijih skupina\">\n                                <\/a><!-- .elementskit-entry-thumb END -->\n                                                                                                    <div class=\"elementskit-meta-lists elementskit-style-tag\">\n                                        <div class=\"elementskit-single-meta triangle_left\"><span class=\"elementskit-meta-wraper\"><strong>21<\/strong>stu<\/span><\/div>\n                                    <\/div>\n                                                                                            \n                                                            <div class=\"elementskit-meta-categories\">\n                                    <span class=\"elementskit-meta-wraper\">\n                                        <span><a href=\"https:\/\/haz.hr\/en\/category\/haz-novosti\/\" rel=\"category tag\">HAZ novosti<\/a><\/span>\n                                    <\/span>\n                                <\/div>\n                            \n\t\t\t\t\t\t\t\t\t\t\t\t\t<\/div><!-- .elementskit-entry-header END -->\n\n\t\t\t\t\t\t<div class=\"elementskit-post-body\">\n\t\t\t\t\t\t\t\n\t\t\t\t\t\t\t\t\t\t\t\t\t\t\t\t\t\t\t\t\t\t\t\t\t\t\t\t\t\t\n\t\t\t\t\t\t\t\t\n\t\t\t\t\t\t\t\t\t\t\t\t\t\t\t\t\t\t\t\t\t<h2 class=\"entry-title\">\n\t\t\t\t\t<a href=\"https:\/\/haz.hr\/en\/2017\/11\/21\/americki-kongresnik-chris-smith-rep-o-ljudskim-pravima-i-zastiti-najranjivijih-skupina\/\">\n\t\t\t\t\t\tAmeri\u010dki kongresnik Chris Smith (Rep) o ljudskim pravima&hellip;\t\t\t\t\t<\/a>\n\t\t\t\t<\/h2>\n\t\t\t\t\t\t\t\t\t\t\t\t\t\t\t\t\t\t\t\t\t\t\t\t\t\t\t\t\t\t\t\t\t\t\t\t\t\t\t\t\t\t<p>Zagreb, 21.11.2017. U suorganizaciji Hrvatske akademske zajednice i Edward Bernays University College odr\u017eano je MasterClass predavanje republikanskog kongresnika Chris Smitha.&hellip;<\/p>\n\t\t\t\t\t\t\t\t\t\t\t\t\t\t\t\t\t\t\t\t\t\t                                                            <div class=\"btn-wraper\">\n                                    \n                                                                            <a class=\"elementskit-btn whitespace--normal\" id=\"\" href=\"https:\/\/haz.hr\/en\/2017\/11\/21\/americki-kongresnik-chris-smith-rep-o-ljudskim-pravima-i-zastiti-najranjivijih-skupina\/\">\n                                        \t                                            Pro\u010ditaj vi\u0161e                                        <\/a>\n                                                                    <\/div>\n                                                    <\/div><!-- .elementskit-post-body END -->\n                    <\/div>\n                \n            <\/div>\n                    <div class=\"col-lg-4 col-md-6\">\n\n                                    <div class=\"elementskit-post-image-card\">\n                        <div class=\"elementskit-entry-header\">\n                                                            <a href=\"https:\/\/haz.hr\/en\/2017\/11\/18\/26-godisnjica-stradanja-skabrnje-i-herojskog-grada-vukovara\/\" class=\"elementskit-entry-thumb\">\n                                    <img decoding=\"async\" src=\"https:\/\/haz.hr\/wp-content\/uploads\/2018\/02\/hazskabrnja-768x580.jpg\" alt=\"26. godi\u0161njica stradanja \u0160kabrnje i herojskog grada Vukovara\">\n                                <\/a><!-- .elementskit-entry-thumb END -->\n                                                                                                    <div class=\"elementskit-meta-lists elementskit-style-tag\">\n                                        <div class=\"elementskit-single-meta triangle_left\"><span class=\"elementskit-meta-wraper\"><strong>18<\/strong>stu<\/span><\/div>\n                                    <\/div>\n                                                                                            \n                                                            <div class=\"elementskit-meta-categories\">\n                                    <span class=\"elementskit-meta-wraper\">\n                                        <span><a href=\"https:\/\/haz.hr\/en\/category\/haz-novosti\/\" rel=\"category tag\">HAZ novosti<\/a><\/span>\n                                    <\/span>\n                                <\/div>\n                            \n\t\t\t\t\t\t\t\t\t\t\t\t\t<\/div><!-- .elementskit-entry-header END -->\n\n\t\t\t\t\t\t<div class=\"elementskit-post-body\">\n\t\t\t\t\t\t\t\n\t\t\t\t\t\t\t\t\t\t\t\t\t\t\t\t\t\t\t\t\t\t\t\t\t\t\t\t\t\t\n\t\t\t\t\t\t\t\t\n\t\t\t\t\t\t\t\t\t\t\t\t\t\t\t\t\t\t\t\t\t<h2 class=\"entry-title\">\n\t\t\t\t\t<a href=\"https:\/\/haz.hr\/en\/2017\/11\/18\/26-godisnjica-stradanja-skabrnje-i-herojskog-grada-vukovara\/\">\n\t\t\t\t\t\t26. godi\u0161njica stradanja \u0160kabrnje i herojskog grada Vukovara\t\t\t\t\t<\/a>\n\t\t\t\t<\/h2>\n\t\t\t\t\t\t\t\t\t\t\t\t\t\t\t\t\t\t\t\t\t\t\t\t\t\t\t\t\t\t\t\t\t\t\t\t\t\t\t\t\t\t<p>\u0160kabrnja, Vukovar, 18.11.2017. Izaslanstvo Hrvatske akademske zajednice koju \u010dine pedesetak sudionika, studentskih i alumni \u010dlanova, sudjelovalo je danas u Koloni&hellip;<\/p>\n\t\t\t\t\t\t\t\t\t\t\t\t\t\t\t\t\t\t\t\t\t\t                                                            <div class=\"btn-wraper\">\n                                    \n                                                                            <a class=\"elementskit-btn whitespace--normal\" id=\"\" href=\"https:\/\/haz.hr\/en\/2017\/11\/18\/26-godisnjica-stradanja-skabrnje-i-herojskog-grada-vukovara\/\">\n                                        \t                                            Pro\u010ditaj vi\u0161e                                        <\/a>\n                                                                    <\/div>\n                                                    <\/div><!-- .elementskit-post-body END -->\n                    <\/div>\n                \n            <\/div>\n                    <div class=\"col-lg-4 col-md-6\">\n\n                                    <div class=\"elementskit-post-image-card\">\n                        <div class=\"elementskit-entry-header\">\n                                                            <a href=\"https:\/\/haz.hr\/en\/2017\/09\/26\/obnovljeno-studentsko-krilo-zagrebackog-haz-a\/\" class=\"elementskit-entry-thumb\">\n                                    <img decoding=\"async\" src=\"https:\/\/haz.hr\/wp-content\/uploads\/2017\/09\/IMG_0528-768x576.jpg\" alt=\"Obnovljeno studentsko krilo Zagreba\u010dkog HAZ-a\">\n                                <\/a><!-- .elementskit-entry-thumb END -->\n                                                                                                    <div class=\"elementskit-meta-lists elementskit-style-tag\">\n                                        <div class=\"elementskit-single-meta triangle_left\"><span class=\"elementskit-meta-wraper\"><strong>26<\/strong>ruj<\/span><\/div>\n                                    <\/div>\n                                                                                            \n                                                            <div class=\"elementskit-meta-categories\">\n                                    <span class=\"elementskit-meta-wraper\">\n                                        <span><a href=\"https:\/\/haz.hr\/en\/category\/haz-novosti\/\" rel=\"category tag\">HAZ novosti<\/a><\/span>\n                                    <\/span>\n                                <\/div>\n                            \n\t\t\t\t\t\t\t\t\t\t\t\t\t<\/div><!-- .elementskit-entry-header END -->\n\n\t\t\t\t\t\t<div class=\"elementskit-post-body\">\n\t\t\t\t\t\t\t\n\t\t\t\t\t\t\t\t\t\t\t\t\t\t\t\t\t\t\t\t\t\t\t\t\t\t\t\t\t\t\n\t\t\t\t\t\t\t\t\n\t\t\t\t\t\t\t\t\t\t\t\t\t\t\t\t\t\t\t\t\t<h2 class=\"entry-title\">\n\t\t\t\t\t<a href=\"https:\/\/haz.hr\/en\/2017\/09\/26\/obnovljeno-studentsko-krilo-zagrebackog-haz-a\/\">\n\t\t\t\t\t\tObnovljeno studentsko krilo Zagreba\u010dkog HAZ-a\t\t\t\t\t<\/a>\n\t\t\t\t<\/h2>\n\t\t\t\t\t\t\t\t\t\t\t\t\t\t\t\t\t\t\t\t\t\t\t\t\t\t\t\t\t\t\t\t\t\t\t\t\t\t\t\t\t\t<p>Inicijativni krug za obnavljanje rada Hrvatske akademske zajednice Zagreb (HAZZG) izabrao je svoje vodstvo \u010dime je ustrojena organizacija HAZ-a za&hellip;<\/p>\n\t\t\t\t\t\t\t\t\t\t\t\t\t\t\t\t\t\t\t\t\t\t                                                            <div class=\"btn-wraper\">\n                                    \n                                                                            <a class=\"elementskit-btn whitespace--normal\" id=\"\" href=\"https:\/\/haz.hr\/en\/2017\/09\/26\/obnovljeno-studentsko-krilo-zagrebackog-haz-a\/\">\n                                        \t                                            Pro\u010ditaj vi\u0161e                                        <\/a>\n                                                                    <\/div>\n                                                    <\/div><!-- .elementskit-post-body END -->\n                    <\/div>\n                \n            <\/div>\n                    <div class=\"col-lg-4 col-md-6\">\n\n                                    <div class=\"elementskit-post-image-card\">\n                        <div class=\"elementskit-entry-header\">\n                                                            <a href=\"https:\/\/haz.hr\/en\/2017\/09\/22\/dopredsjednik-karlo-kolesar-sudjelovao-na-radnim-sastancima-eurashe-a\/\" class=\"elementskit-entry-thumb\">\n                                    <img decoding=\"async\" src=\"https:\/\/haz.hr\/wp-content\/uploads\/2022\/12\/pretty-woman-using-computer-PA46RK6.jpg\" alt=\"Dopredsjednik Karlo Kolesar sudjelovao na radnim sastancima EURASHE-a\">\n                                <\/a><!-- .elementskit-entry-thumb END -->\n                                                                                                    <div class=\"elementskit-meta-lists elementskit-style-tag\">\n                                        <div class=\"elementskit-single-meta triangle_left\"><span class=\"elementskit-meta-wraper\"><strong>22<\/strong>ruj<\/span><\/div>\n                                    <\/div>\n                                                                                            \n                                                            <div class=\"elementskit-meta-categories\">\n                                    <span class=\"elementskit-meta-wraper\">\n                                        <span><a href=\"https:\/\/haz.hr\/en\/category\/haz-novosti\/\" rel=\"category tag\">HAZ novosti<\/a><\/span>\n                                    <\/span>\n                                <\/div>\n                            \n\t\t\t\t\t\t\t\t\t\t\t\t\t<\/div><!-- .elementskit-entry-header END -->\n\n\t\t\t\t\t\t<div class=\"elementskit-post-body\">\n\t\t\t\t\t\t\t\n\t\t\t\t\t\t\t\t\t\t\t\t\t\t\t\t\t\t\t\t\t\t\t\t\t\t\t\t\t\t\n\t\t\t\t\t\t\t\t\n\t\t\t\t\t\t\t\t\t\t\t\t\t\t\t\t\t\t\t\t\t<h2 class=\"entry-title\">\n\t\t\t\t\t<a href=\"https:\/\/haz.hr\/en\/2017\/09\/22\/dopredsjednik-karlo-kolesar-sudjelovao-na-radnim-sastancima-eurashe-a\/\">\n\t\t\t\t\t\tDopredsjednik Karlo Kolesar sudjelovao na radnim sastancima EURASHE-a\t\t\t\t\t<\/a>\n\t\t\t\t<\/h2>\n\t\t\t\t\t\t\t\t\t\t\t\t\t\t\t\t\t\t\t\t\t\t\t\t\t\t\t\t\t\t\t\t\t\t\t\t\t\t\t\t\t\t<p>Na\u0161 dopredsjednik Karlo Kolesar je ovoga tjedna kao \u010dlan strate\u0161kog odbora za savjetovanje EURASHE sudjelovao na radnim sastancima u Brusselu.&hellip;<\/p>\n\t\t\t\t\t\t\t\t\t\t\t\t\t\t\t\t\t\t\t\t\t\t                                                            <div class=\"btn-wraper\">\n                                    \n                                                                            <a class=\"elementskit-btn whitespace--normal\" id=\"\" href=\"https:\/\/haz.hr\/en\/2017\/09\/22\/dopredsjednik-karlo-kolesar-sudjelovao-na-radnim-sastancima-eurashe-a\/\">\n                                        \t                                            Pro\u010ditaj vi\u0161e                                        <\/a>\n                                                                    <\/div>\n                                                    <\/div><!-- .elementskit-post-body END -->\n                    <\/div>\n                \n            <\/div>\n                    <div class=\"col-lg-4 col-md-6\">\n\n                                    <div class=\"elementskit-post-image-card\">\n                        <div class=\"elementskit-entry-header\">\n                                                            <a href=\"https:\/\/haz.hr\/en\/2017\/09\/19\/cestitamo-ivani-siroki\/\" class=\"elementskit-entry-thumb\">\n                                    <img decoding=\"async\" src=\"https:\/\/haz.hr\/wp-content\/uploads\/2017\/09\/21558656_511106345890914_5621024458414956355_n.jpg\" alt=\"\u010cestitamo Ivani \u0160iroki\">\n                                <\/a><!-- .elementskit-entry-thumb END -->\n                                                                                                    <div class=\"elementskit-meta-lists elementskit-style-tag\">\n                                        <div class=\"elementskit-single-meta triangle_left\"><span class=\"elementskit-meta-wraper\"><strong>19<\/strong>ruj<\/span><\/div>\n                                    <\/div>\n                                                                                            \n                                                            <div class=\"elementskit-meta-categories\">\n                                    <span class=\"elementskit-meta-wraper\">\n                                        <span><a href=\"https:\/\/haz.hr\/en\/category\/haz-novosti\/\" rel=\"category tag\">HAZ novosti<\/a><\/span>\n                                    <\/span>\n                                <\/div>\n                            \n\t\t\t\t\t\t\t\t\t\t\t\t\t<\/div><!-- .elementskit-entry-header END -->\n\n\t\t\t\t\t\t<div class=\"elementskit-post-body\">\n\t\t\t\t\t\t\t\n\t\t\t\t\t\t\t\t\t\t\t\t\t\t\t\t\t\t\t\t\t\t\t\t\t\t\t\t\t\t\n\t\t\t\t\t\t\t\t\n\t\t\t\t\t\t\t\t\t\t\t\t\t\t\t\t\t\t\t\t\t<h2 class=\"entry-title\">\n\t\t\t\t\t<a href=\"https:\/\/haz.hr\/en\/2017\/09\/19\/cestitamo-ivani-siroki\/\">\n\t\t\t\t\t\t\u010cestitamo Ivani \u0160iroki\t\t\t\t\t<\/a>\n\t\t\t\t<\/h2>\n\t\t\t\t\t\t\t\t\t\t\t\t\t\t\t\t\t\t\t\t\t\t\t\t\t\t\t\t\t\t\t\t\t\t\t\t\t\t\t\t\t\t<p>BRAVO Ivana \u0160iroki! Ivana \u0160iroki, me\u0111u prvim studentskim \u010dlanicama, povjerenica HAZ-a i predsjednica Studentskog zbora Hrvatskih studija obranila je danas&hellip;<\/p>\n\t\t\t\t\t\t\t\t\t\t\t\t\t\t\t\t\t\t\t\t\t\t                                                            <div class=\"btn-wraper\">\n                                    \n                                                                            <a class=\"elementskit-btn whitespace--normal\" id=\"\" href=\"https:\/\/haz.hr\/en\/2017\/09\/19\/cestitamo-ivani-siroki\/\">\n                                        \t                                            Pro\u010ditaj vi\u0161e                                        <\/a>\n                                                                    <\/div>\n                                                    <\/div><!-- .elementskit-post-body END -->\n                    <\/div>\n                \n            <\/div>\n                    <div class=\"col-lg-4 col-md-6\">\n\n                                    <div class=\"elementskit-post-image-card\">\n                        <div class=\"elementskit-entry-header\">\n                                                            <a href=\"https:\/\/haz.hr\/en\/2017\/09\/08\/domagoj-bozic-iz-karlovca-imenovan-povjerenikom-haz-a-na-fer-u\/\" class=\"elementskit-entry-thumb\">\n                                    <img decoding=\"async\" src=\"https:\/\/haz.hr\/wp-content\/uploads\/2017\/09\/domagojbozic.jpg\" alt=\"Domagoj Bo\u017ei\u0107 iz Karlovca imenovan povjerenikom HAZ-a na FER-u\">\n                                <\/a><!-- .elementskit-entry-thumb END -->\n                                                                                                    <div class=\"elementskit-meta-lists elementskit-style-tag\">\n                                        <div class=\"elementskit-single-meta triangle_left\"><span class=\"elementskit-meta-wraper\"><strong>08<\/strong>ruj<\/span><\/div>\n                                    <\/div>\n                                                                                            \n                                                            <div class=\"elementskit-meta-categories\">\n                                    <span class=\"elementskit-meta-wraper\">\n                                        <span><a href=\"https:\/\/haz.hr\/en\/category\/haz-novosti\/\" rel=\"category tag\">HAZ novosti<\/a><\/span>\n                                    <\/span>\n                                <\/div>\n                            \n\t\t\t\t\t\t\t\t\t\t\t\t\t<\/div><!-- .elementskit-entry-header END -->\n\n\t\t\t\t\t\t<div class=\"elementskit-post-body\">\n\t\t\t\t\t\t\t\n\t\t\t\t\t\t\t\t\t\t\t\t\t\t\t\t\t\t\t\t\t\t\t\t\t\t\t\t\t\t\n\t\t\t\t\t\t\t\t\n\t\t\t\t\t\t\t\t\t\t\t\t\t\t\t\t\t\t\t\t\t<h2 class=\"entry-title\">\n\t\t\t\t\t<a href=\"https:\/\/haz.hr\/en\/2017\/09\/08\/domagoj-bozic-iz-karlovca-imenovan-povjerenikom-haz-a-na-fer-u\/\">\n\t\t\t\t\t\tDomagoj Bo\u017ei\u0107 iz Karlovca imenovan povjerenikom HAZ-a na&hellip;\t\t\t\t\t<\/a>\n\t\t\t\t<\/h2>\n\t\t\t\t\t\t\t\t\t\t\t\t\t\t\t\t\t\t\t\t\t\t\t\t\t\t\t\t\t\t\t\t\t\t\t\t\t\t\t\t\t\t<p>Domagoj Bo\u017ei\u0107 (20) iz Karlovca imenovan je povjerenikom Hrvatske akademske zajednice na Fakultet Elektrotehnike i Ra\u010dunarstva Sveu\u010dili\u0161ta u Zagrebu. Domagoj&hellip;<\/p>\n\t\t\t\t\t\t\t\t\t\t\t\t\t\t\t\t\t\t\t\t\t\t                                                            <div class=\"btn-wraper\">\n                                    \n                                                                            <a class=\"elementskit-btn whitespace--normal\" id=\"\" href=\"https:\/\/haz.hr\/en\/2017\/09\/08\/domagoj-bozic-iz-karlovca-imenovan-povjerenikom-haz-a-na-fer-u\/\">\n                                        \t                                            Pro\u010ditaj vi\u0161e                                        <\/a>\n                                                                    <\/div>\n                                                    <\/div><!-- .elementskit-post-body END -->\n                    <\/div>\n                \n            <\/div>\n                    <div class=\"col-lg-4 col-md-6\">\n\n                                    <div class=\"elementskit-post-image-card\">\n                        <div class=\"elementskit-entry-header\">\n                                                            <a href=\"https:\/\/haz.hr\/en\/2017\/09\/05\/kristijan-drinkovic-imenovan-povjerenikom-haz-a-na-veleucilistu-u-slavonskom-brodu\/\" class=\"elementskit-entry-thumb\">\n                                    <img decoding=\"async\" src=\"https:\/\/haz.hr\/wp-content\/uploads\/2017\/09\/kristijandrinkovic.jpg\" alt=\"Kristijan Drinkovi\u0107 imenovan povjerenikom HAZ-a na Veleu\u010dili\u0161tu u Slavonskom Brodu\">\n                                <\/a><!-- .elementskit-entry-thumb END -->\n                                                                                                    <div class=\"elementskit-meta-lists elementskit-style-tag\">\n                                        <div class=\"elementskit-single-meta triangle_left\"><span class=\"elementskit-meta-wraper\"><strong>05<\/strong>ruj<\/span><\/div>\n                                    <\/div>\n                                                                                            \n                                                            <div class=\"elementskit-meta-categories\">\n                                    <span class=\"elementskit-meta-wraper\">\n                                        <span><a href=\"https:\/\/haz.hr\/en\/category\/haz-novosti\/\" rel=\"category tag\">HAZ novosti<\/a><\/span>\n                                    <\/span>\n                                <\/div>\n                            \n\t\t\t\t\t\t\t\t\t\t\t\t\t<\/div><!-- .elementskit-entry-header END -->\n\n\t\t\t\t\t\t<div class=\"elementskit-post-body\">\n\t\t\t\t\t\t\t\n\t\t\t\t\t\t\t\t\t\t\t\t\t\t\t\t\t\t\t\t\t\t\t\t\t\t\t\t\t\t\n\t\t\t\t\t\t\t\t\n\t\t\t\t\t\t\t\t\t\t\t\t\t\t\t\t\t\t\t\t\t<h2 class=\"entry-title\">\n\t\t\t\t\t<a href=\"https:\/\/haz.hr\/en\/2017\/09\/05\/kristijan-drinkovic-imenovan-povjerenikom-haz-a-na-veleucilistu-u-slavonskom-brodu\/\">\n\t\t\t\t\t\tKristijan Drinkovi\u0107 imenovan povjerenikom HAZ-a na Veleu\u010dili\u0161tu u&hellip;\t\t\t\t\t<\/a>\n\t\t\t\t<\/h2>\n\t\t\t\t\t\t\t\t\t\t\t\t\t\t\t\t\t\t\t\t\t\t\t\t\t\t\t\t\t\t\t\t\t\t\t\t\t\t\t\t\t\t<p>Kristijan Drinkovi\u0107 (21) imenovan je povjerenikom Hrvatske akademske zajednice na Veleu\u010dili\u0161tu u Slavonskom Brodu. Ovaj vedar momak ne daje se&hellip;<\/p>\n\t\t\t\t\t\t\t\t\t\t\t\t\t\t\t\t\t\t\t\t\t\t                                                            <div class=\"btn-wraper\">\n                                    \n                                                                            <a class=\"elementskit-btn whitespace--normal\" id=\"\" href=\"https:\/\/haz.hr\/en\/2017\/09\/05\/kristijan-drinkovic-imenovan-povjerenikom-haz-a-na-veleucilistu-u-slavonskom-brodu\/\">\n                                        \t                                            Pro\u010ditaj vi\u0161e                                        <\/a>\n                                                                    <\/div>\n                                                    <\/div><!-- .elementskit-post-body END -->\n                    <\/div>\n                \n            <\/div>\n                    <div class=\"col-lg-4 col-md-6\">\n\n                                    <div class=\"elementskit-post-image-card\">\n                        <div class=\"elementskit-entry-header\">\n                                                            <a href=\"https:\/\/haz.hr\/en\/2017\/09\/02\/knjiga-o-mari-matocec\/\" class=\"elementskit-entry-thumb\">\n                                    <img decoding=\"async\" src=\"https:\/\/haz.hr\/wp-content\/uploads\/2017\/09\/maramatocec.jpg\" alt=\"Knjiga o Mari Mato\u010dec\">\n                                <\/a><!-- .elementskit-entry-thumb END -->\n                                                                                                    <div class=\"elementskit-meta-lists elementskit-style-tag\">\n                                        <div class=\"elementskit-single-meta triangle_left\"><span class=\"elementskit-meta-wraper\"><strong>02<\/strong>ruj<\/span><\/div>\n                                    <\/div>\n                                                                                            \n                                                            <div class=\"elementskit-meta-categories\">\n                                    <span class=\"elementskit-meta-wraper\">\n                                        <span><a href=\"https:\/\/haz.hr\/en\/category\/haz-novosti\/\" rel=\"category tag\">HAZ novosti<\/a><\/span>\n                                    <\/span>\n                                <\/div>\n                            \n\t\t\t\t\t\t\t\t\t\t\t\t\t<\/div><!-- .elementskit-entry-header END -->\n\n\t\t\t\t\t\t<div class=\"elementskit-post-body\">\n\t\t\t\t\t\t\t\n\t\t\t\t\t\t\t\t\t\t\t\t\t\t\t\t\t\t\t\t\t\t\t\t\t\t\t\t\t\t\n\t\t\t\t\t\t\t\t\n\t\t\t\t\t\t\t\t\t\t\t\t\t\t\t\t\t\t\t\t\t<h2 class=\"entry-title\">\n\t\t\t\t\t<a href=\"https:\/\/haz.hr\/en\/2017\/09\/02\/knjiga-o-mari-matocec\/\">\n\t\t\t\t\t\tKnjiga o Mari Mato\u010dec\t\t\t\t\t<\/a>\n\t\t\t\t<\/h2>\n\t\t\t\t\t\t\t\t\t\t\t\t\t\t\t\t\t\t\t\t\t\t\t\t\t\t\t\t\t\t\t\t\t\t\t\t\t\t\t\t\t\t<p>\u010cestitka na knjizi o Mari Mato\u010dec.Na\u0161 HAZ-ovac Vlatko Smiljani\u0107 s Hrvatskih studija Sveu\u010dili\u0161ta u Zagrebu je uredio i pripremio knjigu&hellip;<\/p>\n\t\t\t\t\t\t\t\t\t\t\t\t\t\t\t\t\t\t\t\t\t\t                                                            <div class=\"btn-wraper\">\n                                    \n                                                                            <a class=\"elementskit-btn whitespace--normal\" id=\"\" href=\"https:\/\/haz.hr\/en\/2017\/09\/02\/knjiga-o-mari-matocec\/\">\n                                        \t                                            Pro\u010ditaj vi\u0161e                                        <\/a>\n                                                                    <\/div>\n                                                    <\/div><!-- .elementskit-post-body END -->\n                    <\/div>\n                \n            <\/div>\n                    <div class=\"col-lg-4 col-md-6\">\n\n                                    <div class=\"elementskit-post-image-card\">\n                        <div class=\"elementskit-entry-header\">\n                                                            <a href=\"https:\/\/haz.hr\/en\/2017\/08\/25\/povremeni-i-sezonski-studentski-rad-koristan-je-za-studente-i-za-poslodavce\/\" class=\"elementskit-entry-thumb\">\n                                    <img decoding=\"async\" src=\"https:\/\/haz.hr\/wp-content\/uploads\/2017\/09\/zdeslav-768x513.jpg\" alt=\"Povremeni i sezonski studentski rad koristan je za studente i za poslodavce\">\n                                <\/a><!-- .elementskit-entry-thumb END -->\n                                                                                                    <div class=\"elementskit-meta-lists elementskit-style-tag\">\n                                        <div class=\"elementskit-single-meta triangle_left\"><span class=\"elementskit-meta-wraper\"><strong>25<\/strong>Cabbage<\/span><\/div>\n                                    <\/div>\n                                                                                            \n                                                            <div class=\"elementskit-meta-categories\">\n                                    <span class=\"elementskit-meta-wraper\">\n                                        <span><a href=\"https:\/\/haz.hr\/en\/category\/haz-novosti\/\" rel=\"category tag\">HAZ novosti<\/a><\/span>\n                                    <\/span>\n                                <\/div>\n                            \n\t\t\t\t\t\t\t\t\t\t\t\t\t<\/div><!-- .elementskit-entry-header END -->\n\n\t\t\t\t\t\t<div class=\"elementskit-post-body\">\n\t\t\t\t\t\t\t\n\t\t\t\t\t\t\t\t\t\t\t\t\t\t\t\t\t\t\t\t\t\t\t\t\t\t\t\t\t\t\n\t\t\t\t\t\t\t\t\n\t\t\t\t\t\t\t\t\t\t\t\t\t\t\t\t\t\t\t\t\t<h2 class=\"entry-title\">\n\t\t\t\t\t<a href=\"https:\/\/haz.hr\/en\/2017\/08\/25\/povremeni-i-sezonski-studentski-rad-koristan-je-za-studente-i-za-poslodavce\/\">\n\t\t\t\t\t\tPovremeni i sezonski studentski rad koristan je za&hellip;\t\t\t\t\t<\/a>\n\t\t\t\t<\/h2>\n\t\t\t\t\t\t\t\t\t\t\t\t\t\t\t\t\t\t\t\t\t\t\t\t\t\t\t\t\t\t\t\t\t\t\t\t\t\t\t\t\t\t<p>Nacionalni predsjednik Hrvatske akademske zajednice i dopredsjednik Udruge poslodavaca u obrazovanju HUP-a mr. sc. Zdeslav Milas dao je danas za&hellip;<\/p>\n\t\t\t\t\t\t\t\t\t\t\t\t\t\t\t\t\t\t\t\t\t\t                                                            <div class=\"btn-wraper\">\n                                    \n                                                                            <a class=\"elementskit-btn whitespace--normal\" id=\"\" href=\"https:\/\/haz.hr\/en\/2017\/08\/25\/povremeni-i-sezonski-studentski-rad-koristan-je-za-studente-i-za-poslodavce\/\">\n                                        \t                                            Pro\u010ditaj vi\u0161e                                        <\/a>\n                                                                    <\/div>\n                                                    <\/div><!-- .elementskit-post-body END -->\n                    <\/div>\n                \n            <\/div>\n                    <div class=\"col-lg-4 col-md-6\">\n\n                                    <div class=\"elementskit-post-image-card\">\n                        <div class=\"elementskit-entry-header\">\n                                                            <a href=\"https:\/\/haz.hr\/en\/2017\/08\/24\/congrats-to-mate-curic-for-the-winning-proposal\/\" class=\"elementskit-entry-thumb\">\n                                    <img decoding=\"async\" src=\"https:\/\/haz.hr\/wp-content\/uploads\/2017\/09\/matecuric-768x512.jpg\" alt=\"Congrats to Mate \u0106uri\u0107 for the winning proposal\">\n                                <\/a><!-- .elementskit-entry-thumb END -->\n                                                                                                    <div class=\"elementskit-meta-lists elementskit-style-tag\">\n                                        <div class=\"elementskit-single-meta triangle_left\"><span class=\"elementskit-meta-wraper\"><strong>24<\/strong>Cabbage<\/span><\/div>\n                                    <\/div>\n                                                                                            \n                                                            <div class=\"elementskit-meta-categories\">\n                                    <span class=\"elementskit-meta-wraper\">\n                                        <span><a href=\"https:\/\/haz.hr\/en\/category\/haz-novosti\/\" rel=\"category tag\">HAZ novosti<\/a><\/span>\n                                    <\/span>\n                                <\/div>\n                            \n\t\t\t\t\t\t\t\t\t\t\t\t\t<\/div><!-- .elementskit-entry-header END -->\n\n\t\t\t\t\t\t<div class=\"elementskit-post-body\">\n\t\t\t\t\t\t\t\n\t\t\t\t\t\t\t\t\t\t\t\t\t\t\t\t\t\t\t\t\t\t\t\t\t\t\t\t\t\t\n\t\t\t\t\t\t\t\t\n\t\t\t\t\t\t\t\t\t\t\t\t\t\t\t\t\t\t\t\t\t<h2 class=\"entry-title\">\n\t\t\t\t\t<a href=\"https:\/\/haz.hr\/en\/2017\/08\/24\/congrats-to-mate-curic-for-the-winning-proposal\/\">\n\t\t\t\t\t\tCongrats to Mate \u0106uri\u0107 for the winning proposal\t\t\t\t\t<\/a>\n\t\t\t\t<\/h2>\n\t\t\t\t\t\t\t\t\t\t\t\t\t\t\t\t\t\t\t\t\t\t\t\t\t\t\t\t\t\t\t\t\t\t\t\t\t\t\t\t\t\t<p>Congrats to our member&nbsp;Mate \u0106uri\u0107&nbsp;for writing the winning proposal at a contest organised by the political foundation&nbsp;Wilfried Martens Centre for&hellip;<\/p>\n\t\t\t\t\t\t\t\t\t\t\t\t\t\t\t\t\t\t\t\t\t\t                                                            <div class=\"btn-wraper\">\n                                    \n                                                                            <a class=\"elementskit-btn whitespace--normal\" id=\"\" href=\"https:\/\/haz.hr\/en\/2017\/08\/24\/congrats-to-mate-curic-for-the-winning-proposal\/\">\n                                        \t                                            Pro\u010ditaj vi\u0161e                                        <\/a>\n                                                                    <\/div>\n                                                    <\/div><!-- .elementskit-post-body END -->\n                    <\/div>\n                \n            <\/div>\n                    <div class=\"col-lg-4 col-md-6\">\n\n                                    <div class=\"elementskit-post-image-card\">\n                        <div class=\"elementskit-entry-header\">\n                                                            <a href=\"https:\/\/haz.hr\/en\/2017\/08\/23\/bernard-markusic-sudjelovao-na-international-presidensts-meeting-zagreb-2017\/\" class=\"elementskit-entry-thumb\">\n                                    <img decoding=\"async\" src=\"https:\/\/haz.hr\/wp-content\/uploads\/2017\/09\/bernardmarkusic.jpg\" alt=\"Bernard Marku\u0161i\u0107 sudjelovao na International Presidensts&#8217; Meeting Zagreb 2017\">\n                                <\/a><!-- .elementskit-entry-thumb END -->\n                                                                                                    <div class=\"elementskit-meta-lists elementskit-style-tag\">\n                                        <div class=\"elementskit-single-meta triangle_left\"><span class=\"elementskit-meta-wraper\"><strong>23<\/strong>Cabbage<\/span><\/div>\n                                    <\/div>\n                                                                                            \n                                                            <div class=\"elementskit-meta-categories\">\n                                    <span class=\"elementskit-meta-wraper\">\n                                        <span><a href=\"https:\/\/haz.hr\/en\/category\/haz-novosti\/\" rel=\"category tag\">HAZ novosti<\/a><\/span>\n                                    <\/span>\n                                <\/div>\n                            \n\t\t\t\t\t\t\t\t\t\t\t\t\t<\/div><!-- .elementskit-entry-header END -->\n\n\t\t\t\t\t\t<div class=\"elementskit-post-body\">\n\t\t\t\t\t\t\t\n\t\t\t\t\t\t\t\t\t\t\t\t\t\t\t\t\t\t\t\t\t\t\t\t\t\t\t\t\t\t\n\t\t\t\t\t\t\t\t\n\t\t\t\t\t\t\t\t\t\t\t\t\t\t\t\t\t\t\t\t\t<h2 class=\"entry-title\">\n\t\t\t\t\t<a href=\"https:\/\/haz.hr\/en\/2017\/08\/23\/bernard-markusic-sudjelovao-na-international-presidensts-meeting-zagreb-2017\/\">\n\t\t\t\t\t\tBernard Marku\u0161i\u0107 sudjelovao na International Presidensts&#8217; Meeting Zagreb&hellip;\t\t\t\t\t<\/a>\n\t\t\t\t<\/h2>\n\t\t\t\t\t\t\t\t\t\t\t\t\t\t\t\t\t\t\t\t\t\t\t\t\t\t\t\t\t\t\t\t\t\t\t\t\t\t\t\t\t\t<p>Na\u0161 HAZ-ovac i predsjednik ELSA Zagreba Bernard Marku\u0161i\u0107 sudjelovao je na International Presidents\u2019 Meeting Zagreb 2017 na kojoj je bio&hellip;<\/p>\n\t\t\t\t\t\t\t\t\t\t\t\t\t\t\t\t\t\t\t\t\t\t                                                            <div class=\"btn-wraper\">\n                                    \n                                                                            <a class=\"elementskit-btn whitespace--normal\" id=\"\" href=\"https:\/\/haz.hr\/en\/2017\/08\/23\/bernard-markusic-sudjelovao-na-international-presidensts-meeting-zagreb-2017\/\">\n                                        \t                                            Pro\u010ditaj vi\u0161e                                        <\/a>\n                                                                    <\/div>\n                                                    <\/div><!-- .elementskit-post-body END -->\n                    <\/div>\n                \n            <\/div>\n                    <div class=\"col-lg-4 col-md-6\">\n\n                                    <div class=\"elementskit-post-image-card\">\n                        <div class=\"elementskit-entry-header\">\n                                                            <a href=\"https:\/\/haz.hr\/en\/2017\/08\/15\/cestitamo-dan-velike-gospe\/\" class=\"elementskit-entry-thumb\">\n                                    <img decoding=\"async\" src=\"https:\/\/haz.hr\/wp-content\/uploads\/2017\/09\/gospa.jpg\" alt=\"\u010cestitamo dan Velike Gospe\">\n                                <\/a><!-- .elementskit-entry-thumb END -->\n                                                                                                    <div class=\"elementskit-meta-lists elementskit-style-tag\">\n                                        <div class=\"elementskit-single-meta triangle_left\"><span class=\"elementskit-meta-wraper\"><strong>15<\/strong>Cabbage<\/span><\/div>\n                                    <\/div>\n                                                                                            \n                                                            <div class=\"elementskit-meta-categories\">\n                                    <span class=\"elementskit-meta-wraper\">\n                                        <span><a href=\"https:\/\/haz.hr\/en\/category\/haz-novosti\/\" rel=\"category tag\">HAZ novosti<\/a><\/span>\n                                    <\/span>\n                                <\/div>\n                            \n\t\t\t\t\t\t\t\t\t\t\t\t\t<\/div><!-- .elementskit-entry-header END -->\n\n\t\t\t\t\t\t<div class=\"elementskit-post-body\">\n\t\t\t\t\t\t\t\n\t\t\t\t\t\t\t\t\t\t\t\t\t\t\t\t\t\t\t\t\t\t\t\t\t\t\t\t\t\t\n\t\t\t\t\t\t\t\t\n\t\t\t\t\t\t\t\t\t\t\t\t\t\t\t\t\t\t\t\t\t<h2 class=\"entry-title\">\n\t\t\t\t\t<a href=\"https:\/\/haz.hr\/en\/2017\/08\/15\/cestitamo-dan-velike-gospe\/\">\n\t\t\t\t\t\t\u010cestitamo dan Velike Gospe\t\t\t\t\t<\/a>\n\t\t\t\t<\/h2>\n\t\t\t\t\t\t\t\t\t\t\t\t\t\t\t\t\t\t\t\t\t\t\t\t\t\t\t\t\t\t\t\t\t\t\t\t\t\t\t\t\t\t<p>Molimo Te Gospodine pomozi nam ljubiti i slu\u017eiti kao Marija da Hrvatska postane ono za \u0161to si je stvorio: mali,&hellip;<\/p>\n\t\t\t\t\t\t\t\t\t\t\t\t\t\t\t\t\t\t\t\t\t\t                                                            <div class=\"btn-wraper\">\n                                    \n                                                                            <a class=\"elementskit-btn whitespace--normal\" id=\"\" href=\"https:\/\/haz.hr\/en\/2017\/08\/15\/cestitamo-dan-velike-gospe\/\">\n                                        \t                                            Pro\u010ditaj vi\u0161e                                        <\/a>\n                                                                    <\/div>\n                                                    <\/div><!-- .elementskit-post-body END -->\n                    <\/div>\n                \n            <\/div>\n                    <div class=\"col-lg-4 col-md-6\">\n\n                                    <div class=\"elementskit-post-image-card\">\n                        <div class=\"elementskit-entry-header\">\n                                                            <a href=\"https:\/\/haz.hr\/en\/2017\/08\/05\/cestitamo-dan-domovinske-zahvalnosti-i-dan-pobjede\/\" class=\"elementskit-entry-thumb\">\n                                    <img decoding=\"async\" src=\"https:\/\/haz.hr\/wp-content\/uploads\/2022\/12\/HAZ_novosti-768x432.jpg\" alt=\"\u010cestitamo Dan domovinske zahvalnosti i Dan pobjede!\">\n                                <\/a><!-- .elementskit-entry-thumb END -->\n                                                                                                    <div class=\"elementskit-meta-lists elementskit-style-tag\">\n                                        <div class=\"elementskit-single-meta triangle_left\"><span class=\"elementskit-meta-wraper\"><strong>05<\/strong>Cabbage<\/span><\/div>\n                                    <\/div>\n                                                                                            \n                                                            <div class=\"elementskit-meta-categories\">\n                                    <span class=\"elementskit-meta-wraper\">\n                                        <span><a href=\"https:\/\/haz.hr\/en\/category\/haz-novosti\/\" rel=\"category tag\">HAZ novosti<\/a><\/span>\n                                    <\/span>\n                                <\/div>\n                            \n\t\t\t\t\t\t\t\t\t\t\t\t\t<\/div><!-- .elementskit-entry-header END -->\n\n\t\t\t\t\t\t<div class=\"elementskit-post-body\">\n\t\t\t\t\t\t\t\n\t\t\t\t\t\t\t\t\t\t\t\t\t\t\t\t\t\t\t\t\t\t\t\t\t\t\t\t\t\t\n\t\t\t\t\t\t\t\t\n\t\t\t\t\t\t\t\t\t\t\t\t\t\t\t\t\t\t\t\t\t<h2 class=\"entry-title\">\n\t\t\t\t\t<a href=\"https:\/\/haz.hr\/en\/2017\/08\/05\/cestitamo-dan-domovinske-zahvalnosti-i-dan-pobjede\/\">\n\t\t\t\t\t\t\u010cestitamo Dan domovinske zahvalnosti i Dan pobjede!\t\t\t\t\t<\/a>\n\t\t\t\t<\/h2>\n\t\t\t\t\t\t\t\t\t\t\t\t\t\t\t\t\t\t\t\t\t\t\t\t\t\t\t\t\t\t\t\t\t\t\t\t\t\t\t\t\t\t<p>Dan je svih hrvatskih pobjeda, ali i dan kada se trebamo podsjetiti puta koji je hrvatski narod prevalio od Zvonimirova&hellip;<\/p>\n\t\t\t\t\t\t\t\t\t\t\t\t\t\t\t\t\t\t\t\t\t\t                                                            <div class=\"btn-wraper\">\n                                    \n                                                                            <a class=\"elementskit-btn whitespace--normal\" id=\"\" href=\"https:\/\/haz.hr\/en\/2017\/08\/05\/cestitamo-dan-domovinske-zahvalnosti-i-dan-pobjede\/\">\n                                        \t                                            Pro\u010ditaj vi\u0161e                                        <\/a>\n                                                                    <\/div>\n                                                    <\/div><!-- .elementskit-post-body END -->\n                    <\/div>\n                \n            <\/div>\n                    <div class=\"col-lg-4 col-md-6\">\n\n                                    <div class=\"elementskit-post-image-card\">\n                        <div class=\"elementskit-entry-header\">\n                                                            <a href=\"https:\/\/haz.hr\/en\/2017\/07\/15\/pozdrav-domovini\/\" class=\"elementskit-entry-thumb\">\n                                    <img decoding=\"async\" src=\"https:\/\/haz.hr\/wp-content\/uploads\/2017\/09\/storic.jpg\" alt=\"Pozdrav domovini\">\n                                <\/a><!-- .elementskit-entry-thumb END -->\n                                                                                                    <div class=\"elementskit-meta-lists elementskit-style-tag\">\n                                        <div class=\"elementskit-single-meta triangle_left\"><span class=\"elementskit-meta-wraper\"><strong>15<\/strong>SRP<\/span><\/div>\n                                    <\/div>\n                                                                                            \n                                                            <div class=\"elementskit-meta-categories\">\n                                    <span class=\"elementskit-meta-wraper\">\n                                        <span><a href=\"https:\/\/haz.hr\/en\/category\/haz-novosti\/\" rel=\"category tag\">HAZ novosti<\/a><\/span>\n                                    <\/span>\n                                <\/div>\n                            \n\t\t\t\t\t\t\t\t\t\t\t\t\t<\/div><!-- .elementskit-entry-header END -->\n\n\t\t\t\t\t\t<div class=\"elementskit-post-body\">\n\t\t\t\t\t\t\t\n\t\t\t\t\t\t\t\t\t\t\t\t\t\t\t\t\t\t\t\t\t\t\t\t\t\t\t\t\t\t\n\t\t\t\t\t\t\t\t\n\t\t\t\t\t\t\t\t\t\t\t\t\t\t\t\t\t\t\t\t\t<h2 class=\"entry-title\">\n\t\t\t\t\t<a href=\"https:\/\/haz.hr\/en\/2017\/07\/15\/pozdrav-domovini\/\">\n\t\t\t\t\t\tPozdrav domovini\t\t\t\t\t<\/a>\n\t\t\t\t<\/h2>\n\t\t\t\t\t\t\t\t\t\t\t\t\t\t\t\t\t\t\t\t\t\t\t\t\t\t\t\t\t\t\t\t\t\t\t\t\t\t\t\t\t\t<p>Dok traje ljetni raspust cjelokupne akademske zajednice, dok se jedan dio studenata sun\u010da i kupa na moru, a drugi dio&hellip;<\/p>\n\t\t\t\t\t\t\t\t\t\t\t\t\t\t\t\t\t\t\t\t\t\t                                                            <div class=\"btn-wraper\">\n                                    \n                                                                            <a class=\"elementskit-btn whitespace--normal\" id=\"\" href=\"https:\/\/haz.hr\/en\/2017\/07\/15\/pozdrav-domovini\/\">\n                                        \t                                            Pro\u010ditaj vi\u0161e                                        <\/a>\n                                                                    <\/div>\n                                                    <\/div><!-- .elementskit-post-body END -->\n                    <\/div>\n                \n            <\/div>\n                    <div class=\"col-lg-4 col-md-6\">\n\n                                    <div class=\"elementskit-post-image-card\">\n                        <div class=\"elementskit-entry-header\">\n                                                            <a href=\"https:\/\/haz.hr\/en\/2017\/07\/08\/64-2\/\" class=\"elementskit-entry-thumb\">\n                                    <img decoding=\"async\" src=\"https:\/\/haz.hr\/wp-content\/uploads\/2017\/08\/alumni_STzupanija-768x710.jpg\" alt=\"Osnovana Alumni zajednica HAZ-a za dalmatinske \u017eupanije\">\n                                <\/a><!-- .elementskit-entry-thumb END -->\n                                                                                                    <div class=\"elementskit-meta-lists elementskit-style-tag\">\n                                        <div class=\"elementskit-single-meta triangle_left\"><span class=\"elementskit-meta-wraper\"><strong>08<\/strong>SRP<\/span><\/div>\n                                    <\/div>\n                                                                                            \n                                                            <div class=\"elementskit-meta-categories\">\n                                    <span class=\"elementskit-meta-wraper\">\n                                        <span><a href=\"https:\/\/haz.hr\/en\/category\/haz-novosti\/\" rel=\"category tag\">HAZ novosti<\/a><\/span>\n                                    <\/span>\n                                <\/div>\n                            \n\t\t\t\t\t\t\t\t\t\t\t\t\t<\/div><!-- .elementskit-entry-header END -->\n\n\t\t\t\t\t\t<div class=\"elementskit-post-body\">\n\t\t\t\t\t\t\t\n\t\t\t\t\t\t\t\t\t\t\t\t\t\t\t\t\t\t\t\t\t\t\t\t\t\t\t\t\t\t\n\t\t\t\t\t\t\t\t\n\t\t\t\t\t\t\t\t\t\t\t\t\t\t\t\t\t\t\t\t\t<h2 class=\"entry-title\">\n\t\t\t\t\t<a href=\"https:\/\/haz.hr\/en\/2017\/07\/08\/64-2\/\">\n\t\t\t\t\t\tOsnovana Alumni zajednica HAZ-a za dalmatinske \u017eupanije\t\t\t\t\t<\/a>\n\t\t\t\t<\/h2>\n\t\t\t\t\t\t\t\t\t\t\t\t\t\t\t\t\t\t\t\t\t\t\t\t\t\t\t\t\t\t\t\t\t\t\t\t\t\t\t\t\t\t<p>Danas smo u Solinu osnovali \u017eupanijsku organizaciju HAZ-a za Ju\u017enu Hrvatsku. Za predsjednika je izabran Dr\u017eislav Br\u010di\u0107 iz Splita, a&hellip;<\/p>\n\t\t\t\t\t\t\t\t\t\t\t\t\t\t\t\t\t\t\t\t\t\t                                                            <div class=\"btn-wraper\">\n                                    \n                                                                            <a class=\"elementskit-btn whitespace--normal\" id=\"\" href=\"https:\/\/haz.hr\/en\/2017\/07\/08\/64-2\/\">\n                                        \t                                            Pro\u010ditaj vi\u0161e                                        <\/a>\n                                                                    <\/div>\n                                                    <\/div><!-- .elementskit-post-body END -->\n                    <\/div>\n                \n            <\/div>\n                    <div class=\"col-lg-4 col-md-6\">\n\n                                    <div class=\"elementskit-post-image-card\">\n                        <div class=\"elementskit-entry-header\">\n                                                            <a href=\"https:\/\/haz.hr\/en\/2017\/06\/30\/cestitamo-prof-dr-sc-zoranu-tomicu-na-izboru-za-rektora-sveucilista-u-mostaru\/\" class=\"elementskit-entry-thumb\">\n                                    <img decoding=\"async\" src=\"https:\/\/haz.hr\/wp-content\/uploads\/2017\/08\/drsc_zoran-tomic-768x515.jpg\" alt=\"\u010cestitamo prof.dr.sc. Zoranu Tomi\u0107u na izboru za rektora Sveu\u010dili\u0161ta u Mostaru!\">\n                                <\/a><!-- .elementskit-entry-thumb END -->\n                                                                                                    <div class=\"elementskit-meta-lists elementskit-style-tag\">\n                                        <div class=\"elementskit-single-meta triangle_left\"><span class=\"elementskit-meta-wraper\"><strong>30<\/strong>lip<\/span><\/div>\n                                    <\/div>\n                                                                                            \n                                                            <div class=\"elementskit-meta-categories\">\n                                    <span class=\"elementskit-meta-wraper\">\n                                        <span><a href=\"https:\/\/haz.hr\/en\/category\/haz-novosti\/\" rel=\"category tag\">HAZ novosti<\/a><\/span>\n                                    <\/span>\n                                <\/div>\n                            \n\t\t\t\t\t\t\t\t\t\t\t\t\t<\/div><!-- .elementskit-entry-header END -->\n\n\t\t\t\t\t\t<div class=\"elementskit-post-body\">\n\t\t\t\t\t\t\t\n\t\t\t\t\t\t\t\t\t\t\t\t\t\t\t\t\t\t\t\t\t\t\t\t\t\t\t\t\t\t\n\t\t\t\t\t\t\t\t\n\t\t\t\t\t\t\t\t\t\t\t\t\t\t\t\t\t\t\t\t\t<h2 class=\"entry-title\">\n\t\t\t\t\t<a href=\"https:\/\/haz.hr\/en\/2017\/06\/30\/cestitamo-prof-dr-sc-zoranu-tomicu-na-izboru-za-rektora-sveucilista-u-mostaru\/\">\n\t\t\t\t\t\t\u010cestitamo prof.dr.sc. Zoranu Tomi\u0107u na izboru za rektora&hellip;\t\t\t\t\t<\/a>\n\t\t\t\t<\/h2>\n\t\t\t\t\t\t\t\t\t\t\t\t\t\t\t\t\t\t\t\t\t\t\t\t\t\t\t\t\t\t\t\t\t\t\t\t\t\t\t\t\t\t<p>Tomi\u0107 je 1995. osnovao Hrvatsku akademsku zajednicu BiH. Zoran Tomi\u0107, redoviti je Sveu\u010dili\u0161ni profesor i aktualni dekan Filozofskog fakulteta u&hellip;<\/p>\n\t\t\t\t\t\t\t\t\t\t\t\t\t\t\t\t\t\t\t\t\t\t                                                            <div class=\"btn-wraper\">\n                                    \n                                                                            <a class=\"elementskit-btn whitespace--normal\" id=\"\" href=\"https:\/\/haz.hr\/en\/2017\/06\/30\/cestitamo-prof-dr-sc-zoranu-tomicu-na-izboru-za-rektora-sveucilista-u-mostaru\/\">\n                                        \t                                            Pro\u010ditaj vi\u0161e                                        <\/a>\n                                                                    <\/div>\n                                                    <\/div><!-- .elementskit-post-body END -->\n                    <\/div>\n                \n            <\/div>\n                    <div class=\"col-lg-4 col-md-6\">\n\n                                    <div class=\"elementskit-post-image-card\">\n                        <div class=\"elementskit-entry-header\">\n                                                            <a href=\"https:\/\/haz.hr\/en\/2017\/06\/20\/ivana-serdarusic-na-10-konferenciji-isabs-u-dubrovniku\/\" class=\"elementskit-entry-thumb\">\n                                    <img decoding=\"async\" src=\"https:\/\/haz.hr\/wp-content\/uploads\/2017\/08\/isabs_ivana.jpg\" alt=\"Ivana Serdaru\u0161i\u0107 na 10. konferenciji ISABS u Dubrovniku\">\n                                <\/a><!-- .elementskit-entry-thumb END -->\n                                                                                                    <div class=\"elementskit-meta-lists elementskit-style-tag\">\n                                        <div class=\"elementskit-single-meta triangle_left\"><span class=\"elementskit-meta-wraper\"><strong>20<\/strong>lip<\/span><\/div>\n                                    <\/div>\n                                                                                            \n                                                            <div class=\"elementskit-meta-categories\">\n                                    <span class=\"elementskit-meta-wraper\">\n                                        <span><a href=\"https:\/\/haz.hr\/en\/category\/haz-novosti\/\" rel=\"category tag\">HAZ novosti<\/a><\/span>\n                                    <\/span>\n                                <\/div>\n                            \n\t\t\t\t\t\t\t\t\t\t\t\t\t<\/div><!-- .elementskit-entry-header END -->\n\n\t\t\t\t\t\t<div class=\"elementskit-post-body\">\n\t\t\t\t\t\t\t\n\t\t\t\t\t\t\t\t\t\t\t\t\t\t\t\t\t\t\t\t\t\t\t\t\t\t\t\t\t\t\n\t\t\t\t\t\t\t\t\n\t\t\t\t\t\t\t\t\t\t\t\t\t\t\t\t\t\t\t\t\t<h2 class=\"entry-title\">\n\t\t\t\t\t<a href=\"https:\/\/haz.hr\/en\/2017\/06\/20\/ivana-serdarusic-na-10-konferenciji-isabs-u-dubrovniku\/\">\n\t\t\t\t\t\tIvana Serdaru\u0161i\u0107 na 10. konferenciji ISABS u Dubrovniku\t\t\t\t\t<\/a>\n\t\t\t\t<\/h2>\n\t\t\t\t\t\t\t\t\t\t\t\t\t\t\t\t\t\t\t\t\t\t\t\t\t\t\t\t\t\t\t\t\t\t\t\t\t\t\t\t\t\t<p>Na\u0161a \u010dlanica Predsjedni\u0161tva i povjerenica HAZ-a za Osijek&nbsp;Ivana Serdaru\u0161i\u0107&nbsp;upravo nam je poslala nekoliko slika s ugledne me\u0111unarodne konferencije \u201eThe Tenth&hellip;<\/p>\n\t\t\t\t\t\t\t\t\t\t\t\t\t\t\t\t\t\t\t\t\t\t                                                            <div class=\"btn-wraper\">\n                                    \n                                                                            <a class=\"elementskit-btn whitespace--normal\" id=\"\" href=\"https:\/\/haz.hr\/en\/2017\/06\/20\/ivana-serdarusic-na-10-konferenciji-isabs-u-dubrovniku\/\">\n                                        \t                                            Pro\u010ditaj vi\u0161e                                        <\/a>\n                                                                    <\/div>\n                                                    <\/div><!-- .elementskit-post-body END -->\n                    <\/div>\n                \n            <\/div>\n                    <div class=\"col-lg-4 col-md-6\">\n\n                                    <div class=\"elementskit-post-image-card\">\n                        <div class=\"elementskit-entry-header\">\n                                                            <a href=\"https:\/\/haz.hr\/en\/2017\/06\/12\/karlo-kolesar-appointed-as-member-of-eurashe-committee-for-strategic-advice\/\" class=\"elementskit-entry-thumb\">\n                                    <img decoding=\"async\" src=\"https:\/\/haz.hr\/wp-content\/uploads\/2017\/06\/WhatsApp-Image-2017-08-23-at-12.53.32.jpeg\" alt=\"KARLO KOLESAR appointed as member of EURASHE Committee for Strategic Advice\">\n                                <\/a><!-- .elementskit-entry-thumb END -->\n                                                                                                    <div class=\"elementskit-meta-lists elementskit-style-tag\">\n                                        <div class=\"elementskit-single-meta triangle_left\"><span class=\"elementskit-meta-wraper\"><strong>12<\/strong>lip<\/span><\/div>\n                                    <\/div>\n                                                                                            \n                                                            <div class=\"elementskit-meta-categories\">\n                                    <span class=\"elementskit-meta-wraper\">\n                                        <span><a href=\"https:\/\/haz.hr\/en\/category\/haz-novosti\/\" rel=\"category tag\">HAZ novosti<\/a><\/span>\n                                    <\/span>\n                                <\/div>\n                            \n\t\t\t\t\t\t\t\t\t\t\t\t\t<\/div><!-- .elementskit-entry-header END -->\n\n\t\t\t\t\t\t<div class=\"elementskit-post-body\">\n\t\t\t\t\t\t\t\n\t\t\t\t\t\t\t\t\t\t\t\t\t\t\t\t\t\t\t\t\t\t\t\t\t\t\t\t\t\t\n\t\t\t\t\t\t\t\t\n\t\t\t\t\t\t\t\t\t\t\t\t\t\t\t\t\t\t\t\t\t<h2 class=\"entry-title\">\n\t\t\t\t\t<a href=\"https:\/\/haz.hr\/en\/2017\/06\/12\/karlo-kolesar-appointed-as-member-of-eurashe-committee-for-strategic-advice\/\">\n\t\t\t\t\t\tKARLO KOLESAR appointed as member of EURASHE Committee&hellip;\t\t\t\t\t<\/a>\n\t\t\t\t<\/h2>\n\t\t\t\t\t\t\t\t\t\t\t\t\t\t\t\t\t\t\t\t\t\t\t\t\t\t\t\t\t\t\t\t\t\t\t\t\t\t\t\t\t\t<p>We are pleased to announce the appointment of our HAZ National Vice-Chairman Karlo Kolesar as a new member of the&hellip;<\/p>\n\t\t\t\t\t\t\t\t\t\t\t\t\t\t\t\t\t\t\t\t\t\t                                                            <div class=\"btn-wraper\">\n                                    \n                                                                            <a class=\"elementskit-btn whitespace--normal\" id=\"\" href=\"https:\/\/haz.hr\/en\/2017\/06\/12\/karlo-kolesar-appointed-as-member-of-eurashe-committee-for-strategic-advice\/\">\n                                        \t                                            Pro\u010ditaj vi\u0161e                                        <\/a>\n                                                                    <\/div>\n                                                    <\/div><!-- .elementskit-post-body END -->\n                    <\/div>\n                \n            <\/div>\n                    <div class=\"col-lg-4 col-md-6\">\n\n                                    <div class=\"elementskit-post-image-card\">\n                        <div class=\"elementskit-entry-header\">\n                                                            <a href=\"https:\/\/haz.hr\/en\/2017\/06\/05\/cestitamo-andri-na-izboru-za-gradonacelnika-dalmatinske-metropole\/\" class=\"elementskit-entry-thumb\">\n                                    <img decoding=\"async\" src=\"https:\/\/haz.hr\/wp-content\/uploads\/2017\/08\/andro-768x768.jpg\" alt=\"\u010cestitamo Andri na izboru za gradona\u010delnika dalmatinske metropole!\">\n                                <\/a><!-- .elementskit-entry-thumb END -->\n                                                                                                    <div class=\"elementskit-meta-lists elementskit-style-tag\">\n                                        <div class=\"elementskit-single-meta triangle_left\"><span class=\"elementskit-meta-wraper\"><strong>05<\/strong>lip<\/span><\/div>\n                                    <\/div>\n                                                                                            \n                                                            <div class=\"elementskit-meta-categories\">\n                                    <span class=\"elementskit-meta-wraper\">\n                                        <span><a href=\"https:\/\/haz.hr\/en\/category\/haz-novosti\/\" rel=\"category tag\">HAZ novosti<\/a><\/span>\n                                    <\/span>\n                                <\/div>\n                            \n\t\t\t\t\t\t\t\t\t\t\t\t\t<\/div><!-- .elementskit-entry-header END -->\n\n\t\t\t\t\t\t<div class=\"elementskit-post-body\">\n\t\t\t\t\t\t\t\n\t\t\t\t\t\t\t\t\t\t\t\t\t\t\t\t\t\t\t\t\t\t\t\t\t\t\t\t\t\t\n\t\t\t\t\t\t\t\t\n\t\t\t\t\t\t\t\t\t\t\t\t\t\t\t\t\t\t\t\t\t<h2 class=\"entry-title\">\n\t\t\t\t\t<a href=\"https:\/\/haz.hr\/en\/2017\/06\/05\/cestitamo-andri-na-izboru-za-gradonacelnika-dalmatinske-metropole\/\">\n\t\t\t\t\t\t\u010cestitamo Andri na izboru za gradona\u010delnika dalmatinske metropole!\t\t\t\t\t<\/a>\n\t\t\t\t<\/h2>\n\t\t\t\t\t\t\t\t\t\t\t\t\t\t\t\t\t\t\t\t\t\t\t\t\t\t\t\t\t\t\t\t\t\t\t\t\t\t\t\t\t\t<p>\u010cestitamo na\u0161em \u010dlanu i osniva\u010du Hrvatske akademske zajednice Andro Krstulovi\u0107 Opara na izboru za gradona\u010delnika grada Splita i \u017eelimo njemu&hellip;<\/p>\n\t\t\t\t\t\t\t\t\t\t\t\t\t\t\t\t\t\t\t\t\t\t                                                            <div class=\"btn-wraper\">\n                                    \n                                                                            <a class=\"elementskit-btn whitespace--normal\" id=\"\" href=\"https:\/\/haz.hr\/en\/2017\/06\/05\/cestitamo-andri-na-izboru-za-gradonacelnika-dalmatinske-metropole\/\">\n                                        \t                                            Pro\u010ditaj vi\u0161e                                        <\/a>\n                                                                    <\/div>\n                                                    <\/div><!-- .elementskit-post-body END -->\n                    <\/div>\n                \n            <\/div>\n                    <div class=\"col-lg-4 col-md-6\">\n\n                                    <div class=\"elementskit-post-image-card\">\n                        <div class=\"elementskit-entry-header\">\n                                                            <a href=\"https:\/\/haz.hr\/en\/2017\/05\/15\/marin-culjak-prvi-je-clan-koji-je-pristupio-hrvatskoj-akademskoj-zajednici-u-bosni-i-hercegovini\/\" class=\"elementskit-entry-thumb\">\n                                    <img decoding=\"async\" src=\"https:\/\/haz.hr\/wp-content\/uploads\/2017\/08\/marinculjak.jpg\" alt=\"Marin \u010culjak prvi je \u010dlan koji je pristupio Hrvatskoj akademskoj zajednici u Bosni i Hercegovini.\">\n                                <\/a><!-- .elementskit-entry-thumb END -->\n                                                                                                    <div class=\"elementskit-meta-lists elementskit-style-tag\">\n                                        <div class=\"elementskit-single-meta triangle_left\"><span class=\"elementskit-meta-wraper\"><strong>15<\/strong>svi<\/span><\/div>\n                                    <\/div>\n                                                                                            \n                                                            <div class=\"elementskit-meta-categories\">\n                                    <span class=\"elementskit-meta-wraper\">\n                                        <span><a href=\"https:\/\/haz.hr\/en\/category\/haz-novosti\/\" rel=\"category tag\">HAZ novosti<\/a><\/span>\n                                    <\/span>\n                                <\/div>\n                            \n\t\t\t\t\t\t\t\t\t\t\t\t\t<\/div><!-- .elementskit-entry-header END -->\n\n\t\t\t\t\t\t<div class=\"elementskit-post-body\">\n\t\t\t\t\t\t\t\n\t\t\t\t\t\t\t\t\t\t\t\t\t\t\t\t\t\t\t\t\t\t\t\t\t\t\t\t\t\t\n\t\t\t\t\t\t\t\t\n\t\t\t\t\t\t\t\t\t\t\t\t\t\t\t\t\t\t\t\t\t<h2 class=\"entry-title\">\n\t\t\t\t\t<a href=\"https:\/\/haz.hr\/en\/2017\/05\/15\/marin-culjak-prvi-je-clan-koji-je-pristupio-hrvatskoj-akademskoj-zajednici-u-bosni-i-hercegovini\/\">\n\t\t\t\t\t\tMarin \u010culjak prvi je \u010dlan koji je pristupio&hellip;\t\t\t\t\t<\/a>\n\t\t\t\t<\/h2>\n\t\t\t\t\t\t\t\t\t\t\t\t\t\t\t\t\t\t\t\t\t\t\t\t\t\t\t\t\t\t\t\t\t\t\t\t\t\t\t\t\t\t<p>Marin je pro\u0161le godine magistrirao politologiju na Filozofskom fakultetu Sveu\u010dili\u0161ta u Mostaru, u studentskim danima bio je tamo\u0161nji predsjednik Studentskog&hellip;<\/p>\n\t\t\t\t\t\t\t\t\t\t\t\t\t\t\t\t\t\t\t\t\t\t                                                            <div class=\"btn-wraper\">\n                                    \n                                                                            <a class=\"elementskit-btn whitespace--normal\" id=\"\" href=\"https:\/\/haz.hr\/en\/2017\/05\/15\/marin-culjak-prvi-je-clan-koji-je-pristupio-hrvatskoj-akademskoj-zajednici-u-bosni-i-hercegovini\/\">\n                                        \t                                            Pro\u010ditaj vi\u0161e                                        <\/a>\n                                                                    <\/div>\n                                                    <\/div><!-- .elementskit-post-body END -->\n                    <\/div>\n                \n            <\/div>\n                <\/div>\n       <\/div>\t\t\t\t<\/div>\n\t\t\t\t<\/div>\n\t\t\t\t\t<\/div>\n\t\t<\/div>\n\t\t\t\t\t<\/div>\n\t\t<\/section>\n\t\t\t\t<section class=\"elementor-section elementor-top-section elementor-element elementor-element-739ef7c elementor-section-boxed elementor-section-height-default elementor-section-height-default\" data-id=\"739ef7c\" data-element_type=\"section\" data-e-type=\"section\">\n\t\t\t\t\t\t<div class=\"elementor-container elementor-column-gap-default\">\n\t\t\t\t\t<div class=\"elementor-column elementor-col-100 elementor-top-column elementor-element elementor-element-4ee7e61\" data-id=\"4ee7e61\" data-element_type=\"column\" data-e-type=\"column\">\n\t\t\t<div class=\"elementor-widget-wrap elementor-element-populated\">\n\t\t\t\t\t\t<section class=\"elementor-section elementor-inner-section elementor-element elementor-element-3127751 elementor-section-boxed elementor-section-height-default elementor-section-height-default\" data-id=\"3127751\" data-element_type=\"section\" data-e-type=\"section\">\n\t\t\t\t\t\t<div class=\"elementor-container elementor-column-gap-default\">\n\t\t\t\t\t<div class=\"elementor-column elementor-col-50 elementor-inner-column elementor-element elementor-element-93cb04a\" data-id=\"93cb04a\" data-element_type=\"column\" data-e-type=\"column\">\n\t\t\t<div class=\"elementor-widget-wrap\">\n\t\t\t\t\t\t\t<\/div>\n\t\t<\/div>\n\t\t\t\t<div class=\"elementor-column elementor-col-50 elementor-inner-column elementor-element elementor-element-4e4addc\" data-id=\"4e4addc\" data-element_type=\"column\" data-e-type=\"column\">\n\t\t\t<div class=\"elementor-widget-wrap\">\n\t\t\t\t\t\t\t<\/div>\n\t\t<\/div>\n\t\t\t\t\t<\/div>\n\t\t<\/section>\n\t\t\t\t\t<\/div>\n\t\t<\/div>\n\t\t\t\t\t<\/div>\n\t\t<\/section>\n\t\t\t\t<section class=\"elementor-section elementor-top-section elementor-element elementor-element-10fb81f elementor-section-boxed elementor-section-height-default elementor-section-height-default\" data-id=\"10fb81f\" data-element_type=\"section\" data-e-type=\"section\">\n\t\t\t\t\t\t<div class=\"elementor-container elementor-column-gap-default\">\n\t\t\t\t\t<div class=\"elementor-column elementor-col-100 elementor-top-column elementor-element elementor-element-aa07b6f\" data-id=\"aa07b6f\" data-element_type=\"column\" data-e-type=\"column\">\n\t\t\t<div class=\"elementor-widget-wrap elementor-element-populated\">\n\t\t\t\t\t\t<div class=\"elementor-element elementor-element-0370a72 elementor-widget elementor-widget-heading\" data-id=\"0370a72\" data-element_type=\"widget\" data-e-type=\"widget\" data-widget_type=\"heading.default\">\n\t\t\t\t<div class=\"elementor-widget-container\">\n\t\t\t\t\t<h2 class=\"elementor-heading-title elementor-size-default\">Ovdje dodajte tekst naslova<\/h2>\t\t\t\t<\/div>\n\t\t\t\t<\/div>\n\t\t\t\t\t<\/div>\n\t\t<\/div>\n\t\t\t\t\t<\/div>\n\t\t<\/section>\n\t\t\t\t<section class=\"elementor-section elementor-top-section elementor-element elementor-element-1c181c0 elementor-section-boxed elementor-section-height-default elementor-section-height-default\" data-id=\"1c181c0\" data-element_type=\"section\" data-e-type=\"section\">\n\t\t\t\t\t\t<div class=\"elementor-container elementor-column-gap-default\">\n\t\t\t\t\t<div class=\"elementor-column elementor-col-100 elementor-top-column elementor-element elementor-element-786ea23\" data-id=\"786ea23\" data-element_type=\"column\" data-e-type=\"column\">\n\t\t\t<div class=\"elementor-widget-wrap\">\n\t\t\t\t\t\t\t<\/div>\n\t\t<\/div>\n\t\t\t\t\t<\/div>\n\t\t<\/section>\n\t\t\t\t<section class=\"elementor-section elementor-top-section elementor-element elementor-element-b9fe128 elementor-section-boxed elementor-section-height-default elementor-section-height-default\" data-id=\"b9fe128\" data-element_type=\"section\" data-e-type=\"section\">\n\t\t\t\t\t\t<div class=\"elementor-container elementor-column-gap-default\">\n\t\t\t\t\t<div class=\"elementor-column elementor-col-100 elementor-top-column elementor-element elementor-element-809a8eb\" data-id=\"809a8eb\" data-element_type=\"column\" data-e-type=\"column\">\n\t\t\t<div class=\"elementor-widget-wrap elementor-element-populated\">\n\t\t\t\t\t\t<div class=\"elementor-element elementor-element-068e8fb elementor-widget elementor-widget-text-editor\" data-id=\"068e8fb\" data-element_type=\"widget\" data-e-type=\"widget\" data-widget_type=\"text-editor.default\">\n\t\t\t\t<div class=\"elementor-widget-container\">\n\t\t\t\t\t\t\t\t\t<p>Lorem ipsum dolor sit amet, consectetur adipiscing elit. Ut elit tellus, luctus nec ullamcorper mattis, pulvinar dapibus leo.<\/p>\t\t\t\t\t\t\t\t<\/div>\n\t\t\t\t<\/div>\n\t\t\t\t\t<\/div>\n\t\t<\/div>\n\t\t\t\t\t<\/div>\n\t\t<\/section>\n\t\t\t\t<\/div>","protected":false},"excerpt":{"rendered":"<p>Novosti 06kol HAZ novostiHAZ UniZg novosti HAZ na Summer Universityju u Var\u0161avi ostvario zapa\u017een&hellip; Hrvatska akademska zajednica ostvarila je, do sada, najve\u0107i uspjeh na europskoj sceni. Na Summer Universityju Europske [&hellip;]<\/p>\n","protected":false},"author":1,"featured_media":0,"parent":0,"menu_order":0,"comment_status":"closed","ping_status":"closed","template":"","meta":{"footnotes":""},"class_list":["post-81","page","type-page","status-publish","hentry"],"yoast_head":"<!-- This site is optimized with the Yoast SEO plugin v23.7 - https:\/\/yoast.com\/wordpress\/plugins\/seo\/ -->\n<title>Novosti - HAZ<\/title>\n<meta name=\"robots\" content=\"index, follow, max-snippet:-1, max-image-preview:large, max-video-preview:-1\" \/>\n<link rel=\"canonical\" href=\"https:\/\/haz.hr\/en\/novosti\/\" \/>\n<meta property=\"og:locale\" content=\"en_GB\" \/>\n<meta property=\"og:type\" content=\"article\" \/>\n<meta property=\"og:title\" content=\"Novosti - HAZ\" \/>\n<meta property=\"og:description\" content=\"Novosti 06kol HAZ novostiHAZ UniZg novosti HAZ na Summer Universityju u Var\u0161avi ostvario zapa\u017een&hellip; Hrvatska akademska zajednica ostvarila je, do sada, najve\u0107i uspjeh na europskoj sceni. Na Summer Universityju Europske [&hellip;]\" \/>\n<meta property=\"og:url\" content=\"https:\/\/haz.hr\/en\/novosti\/\" \/>\n<meta property=\"og:site_name\" content=\"HAZ\" \/>\n<meta property=\"article:modified_time\" content=\"2026-08-06T15:30:29+00:00\" \/>\n<meta property=\"og:image\" content=\"https:\/\/haz.hr\/wp-content\/uploads\/2026\/08\/WhatsApp-Image-2026-08-06-at-15.52.00-1-e1786029823344-768x525.jpeg\" \/>\n<meta name=\"twitter:card\" content=\"summary_large_image\" \/>\n<meta name=\"twitter:label1\" content=\"Est. reading time\" \/>\n\t<meta name=\"twitter:data1\" content=\"39 minutes\" \/>\n<script type=\"application\/ld+json\" class=\"yoast-schema-graph\">{\"@context\":\"https:\/\/schema.org\",\"@graph\":[{\"@type\":\"WebPage\",\"@id\":\"https:\/\/haz.hr\/novosti\/\",\"url\":\"https:\/\/haz.hr\/novosti\/\",\"name\":\"Novosti - HAZ\",\"isPartOf\":{\"@id\":\"https:\/\/haz.hr\/#website\"},\"primaryImageOfPage\":{\"@id\":\"https:\/\/haz.hr\/novosti\/#primaryimage\"},\"image\":{\"@id\":\"https:\/\/haz.hr\/novosti\/#primaryimage\"},\"thumbnailUrl\":\"https:\/\/haz.hr\/wp-content\/uploads\/2026\/08\/WhatsApp-Image-2026-08-06-at-15.52.00-1-e1786029823344-768x525.jpeg\",\"datePublished\":\"2022-12-29T10:16:54+00:00\",\"dateModified\":\"2026-08-06T15:30:29+00:00\",\"breadcrumb\":{\"@id\":\"https:\/\/haz.hr\/novosti\/#breadcrumb\"},\"inLanguage\":\"en-GB\",\"potentialAction\":[{\"@type\":\"ReadAction\",\"target\":[\"https:\/\/haz.hr\/novosti\/\"]}]},{\"@type\":\"ImageObject\",\"inLanguage\":\"en-GB\",\"@id\":\"https:\/\/haz.hr\/novosti\/#primaryimage\",\"url\":\"https:\/\/haz.hr\/wp-content\/uploads\/2026\/08\/WhatsApp-Image-2026-08-06-at-15.52.00-1-e1786029823344-768x525.jpeg\",\"contentUrl\":\"https:\/\/haz.hr\/wp-content\/uploads\/2026\/08\/WhatsApp-Image-2026-08-06-at-15.52.00-1-e1786029823344-768x525.jpeg\"},{\"@type\":\"BreadcrumbList\",\"@id\":\"https:\/\/haz.hr\/novosti\/#breadcrumb\",\"itemListElement\":[{\"@type\":\"ListItem\",\"position\":1,\"name\":\"Home\",\"item\":\"https:\/\/haz.hr\/\"},{\"@type\":\"ListItem\",\"position\":2,\"name\":\"Novosti\"}]},{\"@type\":\"WebSite\",\"@id\":\"https:\/\/haz.hr\/#website\",\"url\":\"https:\/\/haz.hr\/\",\"name\":\"HAZ\",\"description\":\"Hrvatska akademska zajednica\",\"publisher\":{\"@id\":\"https:\/\/haz.hr\/#organization\"},\"potentialAction\":[{\"@type\":\"SearchAction\",\"target\":{\"@type\":\"EntryPoint\",\"urlTemplate\":\"https:\/\/haz.hr\/?s={search_term_string}\"},\"query-input\":{\"@type\":\"PropertyValueSpecification\",\"valueRequired\":true,\"valueName\":\"search_term_string\"}}],\"inLanguage\":\"en-GB\"},{\"@type\":\"Organization\",\"@id\":\"https:\/\/haz.hr\/#organization\",\"name\":\"HAZ\",\"url\":\"https:\/\/haz.hr\/\",\"logo\":{\"@type\":\"ImageObject\",\"inLanguage\":\"en-GB\",\"@id\":\"https:\/\/haz.hr\/#\/schema\/logo\/image\/\",\"url\":\"https:\/\/haz.hr\/wp-content\/uploads\/2022\/12\/cropped-HAZ_logo.png\",\"contentUrl\":\"https:\/\/haz.hr\/wp-content\/uploads\/2022\/12\/cropped-HAZ_logo.png\",\"width\":125,\"height\":76,\"caption\":\"HAZ\"},\"image\":{\"@id\":\"https:\/\/haz.hr\/#\/schema\/logo\/image\/\"}}]}<\/script>\n<!-- \/ Yoast SEO plugin. -->","yoast_head_json":{"title":"Novosti - HAZ","robots":{"index":"index","follow":"follow","max-snippet":"max-snippet:-1","max-image-preview":"max-image-preview:large","max-video-preview":"max-video-preview:-1"},"canonical":"https:\/\/haz.hr\/en\/novosti\/","og_locale":"en_GB","og_type":"article","og_title":"Novosti - HAZ","og_description":"Novosti 06kol HAZ novostiHAZ UniZg novosti HAZ na Summer Universityju u Var\u0161avi ostvario zapa\u017een&hellip; Hrvatska akademska zajednica ostvarila je, do sada, najve\u0107i uspjeh na europskoj sceni. Na Summer Universityju Europske [&hellip;]","og_url":"https:\/\/haz.hr\/en\/novosti\/","og_site_name":"HAZ","article_modified_time":"2026-08-06T15:30:29+00:00","og_image":[{"url":"https:\/\/haz.hr\/wp-content\/uploads\/2026\/08\/WhatsApp-Image-2026-08-06-at-15.52.00-1-e1786029823344-768x525.jpeg"}],"twitter_card":"summary_large_image","twitter_misc":{"Est. reading time":"39 minutes"},"schema":{"@context":"https:\/\/schema.org","@graph":[{"@type":"WebPage","@id":"https:\/\/haz.hr\/novosti\/","url":"https:\/\/haz.hr\/novosti\/","name":"Novosti - HAZ","isPartOf":{"@id":"https:\/\/haz.hr\/#website"},"primaryImageOfPage":{"@id":"https:\/\/haz.hr\/novosti\/#primaryimage"},"image":{"@id":"https:\/\/haz.hr\/novosti\/#primaryimage"},"thumbnailUrl":"https:\/\/haz.hr\/wp-content\/uploads\/2026\/08\/WhatsApp-Image-2026-08-06-at-15.52.00-1-e1786029823344-768x525.jpeg","datePublished":"2022-12-29T10:16:54+00:00","dateModified":"2026-08-06T15:30:29+00:00","breadcrumb":{"@id":"https:\/\/haz.hr\/novosti\/#breadcrumb"},"inLanguage":"en-GB","potentialAction":[{"@type":"ReadAction","target":["https:\/\/haz.hr\/novosti\/"]}]},{"@type":"ImageObject","inLanguage":"en-GB","@id":"https:\/\/haz.hr\/novosti\/#primaryimage","url":"https:\/\/haz.hr\/wp-content\/uploads\/2026\/08\/WhatsApp-Image-2026-08-06-at-15.52.00-1-e1786029823344-768x525.jpeg","contentUrl":"https:\/\/haz.hr\/wp-content\/uploads\/2026\/08\/WhatsApp-Image-2026-08-06-at-15.52.00-1-e1786029823344-768x525.jpeg"},{"@type":"BreadcrumbList","@id":"https:\/\/haz.hr\/novosti\/#breadcrumb","itemListElement":[{"@type":"ListItem","position":1,"name":"Home","item":"https:\/\/haz.hr\/"},{"@type":"ListItem","position":2,"name":"Novosti"}]},{"@type":"WebSite","@id":"https:\/\/haz.hr\/#website","url":"https:\/\/haz.hr\/","name":"HAZ","description":"Croatian Academic Community","publisher":{"@id":"https:\/\/haz.hr\/#organization"},"potentialAction":[{"@type":"SearchAction","target":{"@type":"EntryPoint","urlTemplate":"https:\/\/haz.hr\/?s={search_term_string}"},"query-input":{"@type":"PropertyValueSpecification","valueRequired":true,"valueName":"search_term_string"}}],"inLanguage":"en-GB"},{"@type":"Organization","@id":"https:\/\/haz.hr\/#organization","name":"HAZ","url":"https:\/\/haz.hr\/","logo":{"@type":"ImageObject","inLanguage":"en-GB","@id":"https:\/\/haz.hr\/#\/schema\/logo\/image\/","url":"https:\/\/haz.hr\/wp-content\/uploads\/2022\/12\/cropped-HAZ_logo.png","contentUrl":"https:\/\/haz.hr\/wp-content\/uploads\/2022\/12\/cropped-HAZ_logo.png","width":125,"height":76,"caption":"HAZ"},"image":{"@id":"https:\/\/haz.hr\/#\/schema\/logo\/image\/"}}]}},"_links":{"self":[{"href":"https:\/\/haz.hr\/en\/wp-json\/wp\/v2\/pages\/81","targetHints":{"allow":["GET"]}}],"collection":[{"href":"https:\/\/haz.hr\/en\/wp-json\/wp\/v2\/pages"}],"about":[{"href":"https:\/\/haz.hr\/en\/wp-json\/wp\/v2\/types\/page"}],"author":[{"embeddable":true,"href":"https:\/\/haz.hr\/en\/wp-json\/wp\/v2\/users\/1"}],"replies":[{"embeddable":true,"href":"https:\/\/haz.hr\/en\/wp-json\/wp\/v2\/comments?post=81"}],"version-history":[{"count":124,"href":"https:\/\/haz.hr\/en\/wp-json\/wp\/v2\/pages\/81\/revisions"}],"predecessor-version":[{"id":3899,"href":"https:\/\/haz.hr\/en\/wp-json\/wp\/v2\/pages\/81\/revisions\/3899"}],"wp:attachment":[{"href":"https:\/\/haz.hr\/en\/wp-json\/wp\/v2\/media?parent=81"}],"curies":[{"name":"wp","href":"https:\/\/api.w.org\/{rel}","templated":true}]}}